{"id":41,"date":"2026-02-18T17:13:49","date_gmt":"2026-02-18T16:13:49","guid":{"rendered":"https:\/\/jmc-caravanes.com\/?page_id=41"},"modified":"2026-03-19T18:11:35","modified_gmt":"2026-03-19T17:11:35","slug":"caravanes-neuves","status":"publish","type":"page","link":"https:\/\/jmc-caravanes.com\/index.php\/caravanes-neuves\/","title":{"rendered":"Caravanes Neuves"},"content":{"rendered":"<div class=\"et_pb_section_0 et_pb_section et_section_regular et_flex_section\"><span class=\"et_pb_background_mask\"><\/span>\n<div class=\"et_pb_row_0 et_pb_row et_flex_row\">\n<div class=\"et_pb_column_0 et_pb_column et-last-child et_flex_column et_pb_css_mix_blend_mode_passthrough et_flex_column_24_24 et_flex_column_24_24_tablet et_flex_column_24_24_phone et_flex_column_24_24_phoneWide et_flex_column_24_24_tabletWide\">\n<div class=\"et_pb_text_0 et_pb_text et_pb_bg_layout_light et_pb_module et_flex_module\"><div class=\"et_pb_text_inner\"><p><span dir=\"auto\" style=\"vertical-align: inherit;\"><span dir=\"auto\" style=\"vertical-align: inherit;\">CARAVANES NEUVES<\/span><\/span><\/p>\n<\/div><\/div>\n<\/div>\n<\/div>\n\n<div class=\"et_pb_row_1 et_pb_row et_flex_row\">\n<div class=\"et_pb_column_1 et_pb_column et_flex_column et_pb_css_mix_blend_mode_passthrough et_flex_column_8_24 et_flex_column_8_24_tablet et_flex_column_24_24_phone et_flex_column_24_24_phoneWide et_flex_column_8_24_tabletWide\">\n<div class=\"et_pb_blurb_0 et_pb_blurb et_pb_bg_layout_light et_pb_blurb_position_top et_clickable et_pb_module et_flex_module\"><div class=\"et_pb_blurb_content et_flex_module\"><div class=\"et_pb_main_blurb_image\"><span class=\"et_pb_image_wrap et_pb_only_image_mode_wrap\"><img loading=\"lazy\" decoding=\"async\" src=\"https:\/\/jmc-caravanes.com\/wp-content\/uploads\/2026\/02\/INTERIEUR-4-PLACES_107.jpg\" alt=\"elddis avante 554\" width=\"640\" height=\"215\" srcset=\"https:\/\/jmc-caravanes.com\/wp-content\/uploads\/2026\/02\/INTERIEUR-4-PLACES_107.jpg 640w, https:\/\/jmc-caravanes.com\/wp-content\/uploads\/2026\/02\/INTERIEUR-4-PLACES_107-480x161.jpg 480w\" sizes=\"(min-width: 0px) and (max-width: 480px) 480px, (min-width: 481px) 640px, 100vw\" class=\"wp-image-148\" title=\"INTERIEUR-4-elddis avante 554\" \/><\/span><\/div><div class=\"et_pb_blurb_container\"><h4 class=\"et_pb_module_header\">Elddis Avant\u00e9 554<\/h4><div class=\"et_pb_blurb_description\"><p><span dir=\"auto\" style=\"vertical-align: inherit;\"><span dir=\"auto\" style=\"vertical-align: inherit;\"><span dir=\"auto\" style=\"vertical-align: inherit;\"><span dir=\"auto\" style=\"vertical-align: inherit;\"><span dir=\"auto\" style=\"vertical-align: inherit;\"><span dir=\"auto\" style=\"vertical-align: inherit;\"><span dir=\"auto\" style=\"vertical-align: inherit;\"><span dir=\"auto\" style=\"vertical-align: inherit;\"><span dir=\"auto\" style=\"vertical-align: inherit;\">Prix \u200b\u200b\u200b\u200b\u200b\u200b\u200b\u200b\u200b\u200b\u200b\u200b: 38950 \u20ac <\/span><\/span><\/span><\/span><\/span><\/span><\/span><\/span><span style=\"font-size: medium;\"><strong><span style=\"color: #f72d22;\"><span dir=\"auto\" style=\"vertical-align: inherit;\"><span dir=\"auto\" style=\"vertical-align: inherit;\"><span dir=\"auto\" style=\"vertical-align: inherit;\"><span dir=\"auto\" style=\"vertical-align: inherit;\"><span dir=\"auto\" style=\"vertical-align: inherit;\"><span dir=\"auto\" style=\"vertical-align: inherit;\"><span dir=\"auto\" style=\"vertical-align: inherit;\"><span dir=\"auto\" style=\"vertical-align: inherit;\">remise \u00e0 36950 \u20ac<\/span><\/span><\/span><\/span><\/span><\/span><\/span><\/span><\/span><\/strong><\/span><\/span><\/p>\n<div class=\"vehicle-spec\">\n<div class=\"vehicle-spec__icon\"><span dir=\"auto\" style=\"vertical-align: inherit;\"><span dir=\"auto\" style=\"vertical-align: inherit;\"><span dir=\"auto\" style=\"vertical-align: inherit;\"><span dir=\"auto\" style=\"vertical-align: inherit;\"><span dir=\"auto\" style=\"vertical-align: inherit;\"><span dir=\"auto\" style=\"vertical-align: inherit;\"><span dir=\"auto\" style=\"vertical-align: inherit;\"><span dir=\"auto\" style=\"vertical-align: inherit;\"><span dir=\"auto\" style=\"vertical-align: inherit;\">Ann\u00e9e : 2024 (invendue)<\/span><\/span><\/span><\/span><\/span><\/span><\/span><\/span><\/span><\/div>\n<\/div>\n<div class=\"vehicle-spec\">\n<div class=\"vehicle-spec__icon\"><img loading=\"lazy\" decoding=\"async\" src=\"https:\/\/s3-eu-west-1.amazonaws.com\/files.autopromotor\/datasheetimages\/Berth.svg\" width=\"28\" height=\"28\" \/> \u00a0<span dir=\"auto\"><span dir=\"auto\" style=\"vertical-align: inherit;\"><span dir=\"auto\" style=\"vertical-align: inherit;\"><span dir=\"auto\" style=\"vertical-align: inherit;\"><span dir=\"auto\" style=\"vertical-align: inherit;\"><span dir=\"auto\" style=\"vertical-align: inherit;\"><span dir=\"auto\" style=\"vertical-align: inherit;\"><span dir=\"auto\" style=\"vertical-align: inherit;\"><span dir=\"auto\" style=\"vertical-align: inherit;\">Couchette : <\/span><\/span><\/span><\/span><\/span><\/span><\/span><\/span><\/span><span dir=\"auto\"><span dir=\"auto\" style=\"vertical-align: inherit;\"><span dir=\"auto\" style=\"vertical-align: inherit;\"><span dir=\"auto\" style=\"vertical-align: inherit;\"><span dir=\"auto\" style=\"vertical-align: inherit;\"><span dir=\"auto\" style=\"vertical-align: inherit;\"><span dir=\"auto\" style=\"vertical-align: inherit;\"><span dir=\"auto\" style=\"vertical-align: inherit;\"><span dir=\"auto\" style=\"vertical-align: inherit;\">4<\/span><\/span><\/span><\/span><\/span><\/span><\/span><\/span><\/span><\/div>\n<\/div>\n<div class=\"vehicle-spec\">\n<div class=\"vehicle-spec__icon\"><img decoding=\"async\" src=\"https:\/\/s3-eu-west-1.amazonaws.com\/files.autopromotor\/datasheetimages\/MTPLM.svg\" \/>\u00a0\u00a0<span dir=\"auto\"><span dir=\"auto\" style=\"vertical-align: inherit;\"><span dir=\"auto\" style=\"vertical-align: inherit;\"><span dir=\"auto\" style=\"vertical-align: inherit;\"><span dir=\"auto\" style=\"vertical-align: inherit;\"><span dir=\"auto\" style=\"vertical-align: inherit;\"><span dir=\"auto\" style=\"vertical-align: inherit;\"><span dir=\"auto\" style=\"vertical-align: inherit;\"><span dir=\"auto\" style=\"vertical-align: inherit;\">PTAC :\u00a0\u00a0 <\/span><\/span><\/span><\/span><\/span><\/span><\/span><\/span><\/span><span dir=\"auto\"><span dir=\"auto\" style=\"vertical-align: inherit;\"><span dir=\"auto\" style=\"vertical-align: inherit;\"><span dir=\"auto\" style=\"vertical-align: inherit;\"><span dir=\"auto\" style=\"vertical-align: inherit;\"><span dir=\"auto\" style=\"vertical-align: inherit;\"><span dir=\"auto\" style=\"vertical-align: inherit;\"><span dir=\"auto\" style=\"vertical-align: inherit;\"><span dir=\"auto\" style=\"vertical-align: inherit;\">1500 kg<\/span><\/span><\/span><\/span><\/span><\/span><\/span><\/span><\/span><\/div>\n<div class=\"vehicle-spec__icon\"><img decoding=\"async\" src=\"https:\/\/s3-eu-west-1.amazonaws.com\/files.autopromotor\/datasheetimages\/Weight.svg\" \/>\u00a0\u00a0<span dir=\"auto\"><span dir=\"auto\" style=\"vertical-align: inherit;\"><span dir=\"auto\" style=\"vertical-align: inherit;\"><span dir=\"auto\" style=\"vertical-align: inherit;\"><span dir=\"auto\" style=\"vertical-align: inherit;\"><span dir=\"auto\" style=\"vertical-align: inherit;\"><span dir=\"auto\" style=\"vertical-align: inherit;\"><span dir=\"auto\" style=\"vertical-align: inherit;\"><span dir=\"auto\" style=\"vertical-align: inherit;\">Poids \u00e0 vide :\u00a0 <\/span><\/span><\/span><\/span><\/span><\/span><\/span><\/span><\/span><span dir=\"auto\"><span dir=\"auto\" style=\"vertical-align: inherit;\"><span dir=\"auto\" style=\"vertical-align: inherit;\"><span dir=\"auto\" style=\"vertical-align: inherit;\"><span dir=\"auto\" style=\"vertical-align: inherit;\"><span dir=\"auto\" style=\"vertical-align: inherit;\"><span dir=\"auto\" style=\"vertical-align: inherit;\"><span dir=\"auto\" style=\"vertical-align: inherit;\"><span dir=\"auto\" style=\"vertical-align: inherit;\">1245 kg<\/span><\/span><\/span><\/span><\/span><\/span><\/span><\/span><\/span><\/div>\n<\/div>\n<div class=\"vehicle-spec\">\n<div class=\"vehicle-spec__icon\"><img decoding=\"async\" src=\"https:\/\/s3-eu-west-1.amazonaws.com\/files.autopromotor\/datasheetimages\/CaravanLength.svg\" \/><span dir=\"auto\" style=\"vertical-align: inherit;\"><span dir=\"auto\" style=\"vertical-align: inherit;\"><span dir=\"auto\" style=\"vertical-align: inherit;\"><span dir=\"auto\" style=\"vertical-align: inherit;\"><span dir=\"auto\" style=\"vertical-align: inherit;\"><span dir=\"auto\" style=\"vertical-align: inherit;\"><span dir=\"auto\" style=\"vertical-align: inherit;\"><span dir=\"auto\" style=\"vertical-align: inherit;\">\u00a0 Longueur <\/span><\/span><\/span><\/span><\/span><\/span><\/span><\/span><span dir=\"auto\"><span dir=\"auto\" style=\"vertical-align: inherit;\"><span dir=\"auto\" style=\"vertical-align: inherit;\"><span dir=\"auto\" style=\"vertical-align: inherit;\"><span dir=\"auto\" style=\"vertical-align: inherit;\"><span dir=\"auto\" style=\"vertical-align: inherit;\"><span dir=\"auto\" style=\"vertical-align: inherit;\"><span dir=\"auto\" style=\"vertical-align: inherit;\"><span dir=\"auto\" style=\"vertical-align: inherit;\">: <\/span><\/span><\/span><\/span><\/span><\/span><\/span><\/span><\/span><span dir=\"auto\"><span dir=\"auto\" style=\"vertical-align: inherit;\"><span dir=\"auto\" style=\"vertical-align: inherit;\"><span dir=\"auto\" style=\"vertical-align: inherit;\"><span dir=\"auto\" style=\"vertical-align: inherit;\"><span dir=\"auto\" style=\"vertical-align: inherit;\"><span dir=\"auto\" style=\"vertical-align: inherit;\"><span dir=\"auto\" style=\"vertical-align: inherit;\"><span dir=\"auto\" style=\"vertical-align: inherit;\">7480 mm<\/span><\/span><\/span><\/span><\/span><\/span><\/span><\/span><\/span><\/div>\n<\/div>\n<div class=\"vehicle-spec\">\n<div class=\"vehicle-spec__icon\"><img decoding=\"async\" src=\"https:\/\/s3-eu-west-1.amazonaws.com\/files.autopromotor\/datasheetimages\/CaravanWidth.svg\" \/> \u00a0<span dir=\"auto\"><span dir=\"auto\" style=\"vertical-align: inherit;\"><span dir=\"auto\" style=\"vertical-align: inherit;\"><span dir=\"auto\" style=\"vertical-align: inherit;\"><span dir=\"auto\" style=\"vertical-align: inherit;\"><span dir=\"auto\" style=\"vertical-align: inherit;\"><span dir=\"auto\" style=\"vertical-align: inherit;\"><span dir=\"auto\" style=\"vertical-align: inherit;\"><span dir=\"auto\" style=\"vertical-align: inherit;\">Largeur : <\/span><\/span><\/span><\/span><\/span><\/span><\/span><\/span><\/span><span dir=\"auto\"><span dir=\"auto\" style=\"vertical-align: inherit;\"><span dir=\"auto\" style=\"vertical-align: inherit;\"><span dir=\"auto\" style=\"vertical-align: inherit;\"><span dir=\"auto\" style=\"vertical-align: inherit;\"><span dir=\"auto\" style=\"vertical-align: inherit;\"><span dir=\"auto\" style=\"vertical-align: inherit;\"><span dir=\"auto\" style=\"vertical-align: inherit;\"><span dir=\"auto\" style=\"vertical-align: inherit;\">2259 mm<\/span><\/span><\/span><\/span><\/span><\/span><\/span><\/span><\/span><\/div>\n<\/div>\n<div class=\"vehicle-spec\">\n<div class=\"vehicle-spec__icon\"><span dir=\"auto\"><\/span><\/div>\n<\/div>\n<\/div><\/div>\n<div class=\"et_pb_module et_pb_button_module_wrapper et_pb_button_0_wrapper\"><a class=\"et_pb_button_0 et_pb_button et_pb_bg_layout_light et_pb_module et_flex_module\" href=\"https:\/\/jmc-caravanes.com\/index.php\/elddis-avante-554\/\">En voir plus<\/a><\/div>\n<\/div><\/div>\n<\/div>\n\n<div class=\"et_pb_column_2 et_pb_column et_flex_column et_pb_css_mix_blend_mode_passthrough et_flex_column_8_24 et_flex_column_8_24_tablet et_flex_column_24_24_phone et_flex_column_24_24_phoneWide et_flex_column_8_24_tabletWide\">\n<div class=\"et_pb_blurb_1 et_pb_blurb et_pb_bg_layout_light et_pb_blurb_position_top et_clickable et_pb_module et_flex_module\"><div class=\"et_pb_blurb_content et_flex_module\"><div class=\"et_pb_main_blurb_image\"><span class=\"et_pb_image_wrap et_pb_only_image_mode_wrap\"><img loading=\"lazy\" decoding=\"async\" src=\"https:\/\/jmc-caravanes.com\/wp-content\/uploads\/2026\/02\/INTERIEUR-4-PLACES_100.jpg\" alt=\"elddis avante 550 2024\" width=\"640\" height=\"215\" srcset=\"https:\/\/jmc-caravanes.com\/wp-content\/uploads\/2026\/02\/INTERIEUR-4-PLACES_100.jpg 640w, https:\/\/jmc-caravanes.com\/wp-content\/uploads\/2026\/02\/INTERIEUR-4-PLACES_100-480x161.jpg 480w\" sizes=\"(min-width: 0px) and (max-width: 480px) 480px, (min-width: 481px) 640px, 100vw\" class=\"wp-image-149\" title=\"elddis avante 550 2024\" \/><\/span><\/div><div class=\"et_pb_blurb_container\"><h4 class=\"et_pb_module_header\">Elddis Avant\u00e9 550<\/h4><div class=\"et_pb_blurb_description\"><p><span dir=\"auto\" style=\"vertical-align: inherit;\"><span dir=\"auto\" style=\"vertical-align: inherit;\"><span dir=\"auto\" style=\"vertical-align: inherit;\"><span dir=\"auto\" style=\"vertical-align: inherit;\"><span dir=\"auto\" style=\"vertical-align: inherit;\"><span dir=\"auto\" style=\"vertical-align: inherit;\"><span dir=\"auto\" style=\"vertical-align: inherit;\"><span dir=\"auto\" style=\"vertical-align: inherit;\"><span dir=\"auto\" style=\"vertical-align: inherit;\"><span dir=\"auto\" style=\"vertical-align: inherit;\"><span dir=\"auto\" style=\"vertical-align: inherit;\"><span dir=\"auto\" style=\"vertical-align: inherit;\">Prix \u200b\u200b\u200b\u200b\u200b\u200b\u200b\u200b\u200b\u200b\u200b\u200b: 38950 \u20ac <\/span><\/span><\/span><\/span><\/span><\/span><\/span><\/span><\/span><\/span><span style=\"font-size: large;\"><strong><span style=\"color: #f72d22;\"><span dir=\"auto\" style=\"vertical-align: inherit;\"><span dir=\"auto\" style=\"vertical-align: inherit;\"><span dir=\"auto\" style=\"vertical-align: inherit;\"><span dir=\"auto\" style=\"vertical-align: inherit;\"><span dir=\"auto\" style=\"vertical-align: inherit;\"><span dir=\"auto\" style=\"vertical-align: inherit;\"><span dir=\"auto\" style=\"vertical-align: inherit;\"><span dir=\"auto\" style=\"vertical-align: inherit;\"><span dir=\"auto\" style=\"vertical-align: inherit;\"><span dir=\"auto\" style=\"vertical-align: inherit;\">remise \u00e0 36950 \u20ac<\/span><\/span><\/span><\/span><\/span><\/span><\/span><\/span><\/span><\/span><\/span><\/strong><\/span><\/span><\/span><\/p>\n<div class=\"vehicle-spec\">\n<div class=\"vehicle-spec__icon\"><span dir=\"auto\" style=\"vertical-align: inherit;\"><span dir=\"auto\" style=\"vertical-align: inherit;\"><span dir=\"auto\" style=\"vertical-align: inherit;\"><span dir=\"auto\" style=\"vertical-align: inherit;\"><span dir=\"auto\" style=\"vertical-align: inherit;\"><span dir=\"auto\" style=\"vertical-align: inherit;\"><span dir=\"auto\" style=\"vertical-align: inherit;\"><span dir=\"auto\" style=\"vertical-align: inherit;\"><span dir=\"auto\" style=\"vertical-align: inherit;\"><span dir=\"auto\" style=\"vertical-align: inherit;\"><span dir=\"auto\" style=\"vertical-align: inherit;\"><span dir=\"auto\" style=\"vertical-align: inherit;\">Ann\u00e9e : 2024 (invendue)<\/span><\/span><\/span><\/span><\/span><\/span><\/span><\/span><\/span><\/span><\/span><\/span><\/div>\n<div class=\"vehicle-spec__icon\"><img loading=\"lazy\" decoding=\"async\" src=\"https:\/\/s3-eu-west-1.amazonaws.com\/files.autopromotor\/datasheetimages\/Berth.svg\" width=\"28\" height=\"28\" \/> \u00a0<span dir=\"auto\"><span dir=\"auto\" style=\"vertical-align: inherit;\"><span dir=\"auto\" style=\"vertical-align: inherit;\"><span dir=\"auto\" style=\"vertical-align: inherit;\"><span dir=\"auto\" style=\"vertical-align: inherit;\"><span dir=\"auto\" style=\"vertical-align: inherit;\"><span dir=\"auto\" style=\"vertical-align: inherit;\"><span dir=\"auto\" style=\"vertical-align: inherit;\"><span dir=\"auto\" style=\"vertical-align: inherit;\"><span dir=\"auto\" style=\"vertical-align: inherit;\"><span dir=\"auto\" style=\"vertical-align: inherit;\"><span dir=\"auto\" style=\"vertical-align: inherit;\"><span dir=\"auto\" style=\"vertical-align: inherit;\">Couchette : <\/span><\/span><\/span><\/span><\/span><\/span><\/span><\/span><\/span><\/span><\/span><\/span><\/span><span dir=\"auto\"><span dir=\"auto\" style=\"vertical-align: inherit;\"><span dir=\"auto\" style=\"vertical-align: inherit;\"><span dir=\"auto\" style=\"vertical-align: inherit;\"><span dir=\"auto\" style=\"vertical-align: inherit;\"><span dir=\"auto\" style=\"vertical-align: inherit;\"><span dir=\"auto\" style=\"vertical-align: inherit;\"><span dir=\"auto\" style=\"vertical-align: inherit;\"><span dir=\"auto\" style=\"vertical-align: inherit;\"><span dir=\"auto\" style=\"vertical-align: inherit;\"><span dir=\"auto\" style=\"vertical-align: inherit;\"><span dir=\"auto\" style=\"vertical-align: inherit;\"><span dir=\"auto\" style=\"vertical-align: inherit;\">4<\/span><\/span><\/span><\/span><\/span><\/span><\/span><\/span><\/span><\/span><\/span><\/span><\/span><\/div>\n<\/div>\n<div class=\"vehicle-spec\">\n<div class=\"vehicle-spec__icon\"><img decoding=\"async\" src=\"https:\/\/s3-eu-west-1.amazonaws.com\/files.autopromotor\/datasheetimages\/MTPLM.svg\" \/> \u00a0<span dir=\"auto\"><span dir=\"auto\" style=\"vertical-align: inherit;\"><span dir=\"auto\" style=\"vertical-align: inherit;\"><span dir=\"auto\" style=\"vertical-align: inherit;\"><span dir=\"auto\" style=\"vertical-align: inherit;\"><span dir=\"auto\" style=\"vertical-align: inherit;\"><span dir=\"auto\" style=\"vertical-align: inherit;\"><span dir=\"auto\" style=\"vertical-align: inherit;\"><span dir=\"auto\" style=\"vertical-align: inherit;\"><span dir=\"auto\" style=\"vertical-align: inherit;\"><span dir=\"auto\" style=\"vertical-align: inherit;\"><span dir=\"auto\" style=\"vertical-align: inherit;\"><span dir=\"auto\" style=\"vertical-align: inherit;\">PTAC :\u00a0 <\/span><\/span><\/span><\/span><\/span><\/span><\/span><\/span><\/span><\/span><\/span><\/span><\/span><span dir=\"auto\"><span dir=\"auto\" style=\"vertical-align: inherit;\"><span dir=\"auto\" style=\"vertical-align: inherit;\"><span dir=\"auto\" style=\"vertical-align: inherit;\"><span dir=\"auto\" style=\"vertical-align: inherit;\"><span dir=\"auto\" style=\"vertical-align: inherit;\"><span dir=\"auto\" style=\"vertical-align: inherit;\"><span dir=\"auto\" style=\"vertical-align: inherit;\"><span dir=\"auto\" style=\"vertical-align: inherit;\"><span dir=\"auto\" style=\"vertical-align: inherit;\"><span dir=\"auto\" style=\"vertical-align: inherit;\"><span dir=\"auto\" style=\"vertical-align: inherit;\"><span dir=\"auto\" style=\"vertical-align: inherit;\">1500 kg<\/span><\/span><\/span><\/span><\/span><\/span><\/span><\/span><\/span><\/span><\/span><\/span><\/span><\/div>\n<div class=\"vehicle-spec__icon\"><img decoding=\"async\" src=\"https:\/\/s3-eu-west-1.amazonaws.com\/files.autopromotor\/datasheetimages\/Weight.svg\" \/>\u00a0\u00a0<span dir=\"auto\"><span dir=\"auto\" style=\"vertical-align: inherit;\"><span dir=\"auto\" style=\"vertical-align: inherit;\"><span dir=\"auto\" style=\"vertical-align: inherit;\"><span dir=\"auto\" style=\"vertical-align: inherit;\"><span dir=\"auto\" style=\"vertical-align: inherit;\"><span dir=\"auto\" style=\"vertical-align: inherit;\"><span dir=\"auto\" style=\"vertical-align: inherit;\"><span dir=\"auto\" style=\"vertical-align: inherit;\"><span dir=\"auto\" style=\"vertical-align: inherit;\"><span dir=\"auto\" style=\"vertical-align: inherit;\"><span dir=\"auto\" style=\"vertical-align: inherit;\"><span dir=\"auto\" style=\"vertical-align: inherit;\">Poids \u00e0 vide :\u00a0 <\/span><\/span><\/span><\/span><\/span><\/span><\/span><\/span><\/span><\/span><\/span><\/span><\/span><span dir=\"auto\"><span dir=\"auto\" style=\"vertical-align: inherit;\"><span dir=\"auto\" style=\"vertical-align: inherit;\"><span dir=\"auto\" style=\"vertical-align: inherit;\"><span dir=\"auto\" style=\"vertical-align: inherit;\"><span dir=\"auto\" style=\"vertical-align: inherit;\"><span dir=\"auto\" style=\"vertical-align: inherit;\"><span dir=\"auto\" style=\"vertical-align: inherit;\"><span dir=\"auto\" style=\"vertical-align: inherit;\"><span dir=\"auto\" style=\"vertical-align: inherit;\"><span dir=\"auto\" style=\"vertical-align: inherit;\"><span dir=\"auto\" style=\"vertical-align: inherit;\"><span dir=\"auto\" style=\"vertical-align: inherit;\">1225 kg<\/span><\/span><\/span><\/span><\/span><\/span><\/span><\/span><\/span><\/span><\/span><\/span><\/span><\/div>\n<\/div>\n<div class=\"vehicle-spec\">\n<div class=\"vehicle-spec__icon\"><img decoding=\"async\" src=\"https:\/\/s3-eu-west-1.amazonaws.com\/files.autopromotor\/datasheetimages\/CaravanLength.svg\" \/><span dir=\"auto\" style=\"vertical-align: inherit;\"><span dir=\"auto\" style=\"vertical-align: inherit;\"><span dir=\"auto\" style=\"vertical-align: inherit;\"><span dir=\"auto\" style=\"vertical-align: inherit;\"><span dir=\"auto\" style=\"vertical-align: inherit;\"><span dir=\"auto\" style=\"vertical-align: inherit;\"><span dir=\"auto\" style=\"vertical-align: inherit;\"><span dir=\"auto\" style=\"vertical-align: inherit;\"><span dir=\"auto\" style=\"vertical-align: inherit;\"><span dir=\"auto\" style=\"vertical-align: inherit;\"><span dir=\"auto\" style=\"vertical-align: inherit;\"><span dir=\"auto\" style=\"vertical-align: inherit;\">\u00a0 Longueur <\/span><\/span><\/span><\/span><\/span><\/span><\/span><\/span><\/span><\/span><\/span><\/span><span dir=\"auto\"><span dir=\"auto\" style=\"vertical-align: inherit;\"><span dir=\"auto\" style=\"vertical-align: inherit;\"><span dir=\"auto\" style=\"vertical-align: inherit;\"><span dir=\"auto\" style=\"vertical-align: inherit;\"><span dir=\"auto\" style=\"vertical-align: inherit;\"><span dir=\"auto\" style=\"vertical-align: inherit;\"><span dir=\"auto\" style=\"vertical-align: inherit;\"><span dir=\"auto\" style=\"vertical-align: inherit;\"><span dir=\"auto\" style=\"vertical-align: inherit;\"><span dir=\"auto\" style=\"vertical-align: inherit;\"><span dir=\"auto\" style=\"vertical-align: inherit;\"><span dir=\"auto\" style=\"vertical-align: inherit;\">: <\/span><\/span><\/span><\/span><\/span><\/span><\/span><\/span><\/span><\/span><\/span><\/span><\/span><span dir=\"auto\"><span dir=\"auto\" style=\"vertical-align: inherit;\"><span dir=\"auto\" style=\"vertical-align: inherit;\"><span dir=\"auto\" style=\"vertical-align: inherit;\"><span dir=\"auto\" style=\"vertical-align: inherit;\"><span dir=\"auto\" style=\"vertical-align: inherit;\"><span dir=\"auto\" style=\"vertical-align: inherit;\"><span dir=\"auto\" style=\"vertical-align: inherit;\"><span dir=\"auto\" style=\"vertical-align: inherit;\"><span dir=\"auto\" style=\"vertical-align: inherit;\"><span dir=\"auto\" style=\"vertical-align: inherit;\"><span dir=\"auto\" style=\"vertical-align: inherit;\"><span dir=\"auto\" style=\"vertical-align: inherit;\">7480 mm<\/span><\/span><\/span><\/span><\/span><\/span><\/span><\/span><\/span><\/span><\/span><\/span><\/span><\/div>\n<\/div>\n<div class=\"vehicle-spec\">\n<div class=\"vehicle-spec__icon\"><img decoding=\"async\" src=\"https:\/\/s3-eu-west-1.amazonaws.com\/files.autopromotor\/datasheetimages\/CaravanWidth.svg\" \/> \u00a0<span dir=\"auto\"><span dir=\"auto\" style=\"vertical-align: inherit;\"><span dir=\"auto\" style=\"vertical-align: inherit;\"><span dir=\"auto\" style=\"vertical-align: inherit;\"><span dir=\"auto\" style=\"vertical-align: inherit;\"><span dir=\"auto\" style=\"vertical-align: inherit;\"><span dir=\"auto\" style=\"vertical-align: inherit;\"><span dir=\"auto\" style=\"vertical-align: inherit;\"><span dir=\"auto\" style=\"vertical-align: inherit;\"><span dir=\"auto\" style=\"vertical-align: inherit;\"><span dir=\"auto\" style=\"vertical-align: inherit;\"><span dir=\"auto\" style=\"vertical-align: inherit;\"><span dir=\"auto\" style=\"vertical-align: inherit;\">Largeur : <\/span><\/span><\/span><\/span><\/span><\/span><\/span><\/span><\/span><\/span><\/span><\/span><\/span><span dir=\"auto\"><span dir=\"auto\" style=\"vertical-align: inherit;\"><span dir=\"auto\" style=\"vertical-align: inherit;\"><span dir=\"auto\" style=\"vertical-align: inherit;\"><span dir=\"auto\" style=\"vertical-align: inherit;\"><span dir=\"auto\" style=\"vertical-align: inherit;\"><span dir=\"auto\" style=\"vertical-align: inherit;\"><span dir=\"auto\" style=\"vertical-align: inherit;\"><span dir=\"auto\" style=\"vertical-align: inherit;\"><span dir=\"auto\" style=\"vertical-align: inherit;\"><span dir=\"auto\" style=\"vertical-align: inherit;\"><span dir=\"auto\" style=\"vertical-align: inherit;\"><span dir=\"auto\" style=\"vertical-align: inherit;\">2259 mm<\/span><\/span><\/span><\/span><\/span><\/span><\/span><\/span><\/span><\/span><\/span><\/span><\/span><\/div>\n<\/div>\n<div class=\"vehicle-spec\">\n<div class=\"vehicle-spec__icon\"><span dir=\"auto\"><\/span><\/div>\n<\/div>\n<\/div><\/div>\n<div class=\"et_pb_module et_pb_button_module_wrapper et_pb_button_1_wrapper\"><a class=\"et_pb_button_1 et_pb_button et_pb_bg_layout_light et_pb_module et_flex_module\" href=\"https:\/\/jmc-caravanes.com\/index.php\/elddis-avante-550\" target=\"_blank\">En voir plus<\/a><\/div>\n<\/div><\/div>\n<\/div>\n\n<div class=\"et_pb_column_3 et_pb_column et-last-child et_flex_column et_pb_css_mix_blend_mode_passthrough et_flex_column_8_24 et_flex_column_8_24_tablet et_flex_column_24_24_phone et_flex_column_24_24_phoneWide et_flex_column_8_24_tabletWide\">\n<div class=\"et_pb_image_0 et_pb_image et_pb_module et_flex_module\"><span class=\"et_pb_image_wrap\"><img loading=\"lazy\" decoding=\"async\" src=\"https:\/\/jmc-caravanes.com\/wp-content\/uploads\/2026\/02\/Logo-Elddis-1.jpg\" title=\"Logo Elddis\" width=\"210\" height=\"63\" srcset=\"https:\/\/jmc-caravanes.com\/wp-content\/uploads\/2026\/02\/Logo-Elddis-1.jpg 210w\" sizes=\"(max-width: 210px) 100vw, 210px\" class=\"wp-image-411\" \/><\/span><\/div>\n<\/div>\n<\/div>\n\n<div class=\"et_pb_row_2 et_pb_row et_flex_row\">\n<div class=\"et_pb_column_4 et_pb_column et_flex_column et_pb_css_mix_blend_mode_passthrough et_flex_column_8_24 et_flex_column_8_24_tablet et_flex_column_24_24_phone et_flex_column_24_24_phoneWide et_flex_column_8_24_tabletWide\">\n<div class=\"et_pb_blurb_2 et_pb_blurb et_pb_bg_layout_light et_pb_blurb_position_top et_clickable et_pb_module et_flex_module\"><div class=\"et_pb_blurb_content et_flex_module\"><div class=\"et_pb_main_blurb_image\"><span class=\"et_pb_image_wrap et_pb_only_image_mode_wrap\"><img loading=\"lazy\" decoding=\"async\" src=\"https:\/\/jmc-caravanes.com\/wp-content\/uploads\/2026\/02\/2026_Mondial_470_Front.webp\" alt=\"SPRITE MONDIALE 2026\" width=\"1500\" height=\"1000\" srcset=\"https:\/\/jmc-caravanes.com\/wp-content\/uploads\/2026\/02\/2026_Mondial_470_Front.webp 1500w, https:\/\/jmc-caravanes.com\/wp-content\/uploads\/2026\/02\/2026_Mondial_470_Front-1280x853.webp 1280w, https:\/\/jmc-caravanes.com\/wp-content\/uploads\/2026\/02\/2026_Mondial_470_Front-980x653.webp 980w, https:\/\/jmc-caravanes.com\/wp-content\/uploads\/2026\/02\/2026_Mondial_470_Front-480x320.webp 480w\" sizes=\"(min-width: 0px) and (max-width: 480px) 480px, (min-width: 481px) and (max-width: 980px) 980px, (min-width: 981px) and (max-width: 1280px) 1280px, (min-width: 1281px) 1500px, 100vw\" class=\"wp-image-389\" title=\"2026_Mondial_470 neuve\" \/><\/span><\/div><div class=\"et_pb_blurb_container\"><h4 class=\"et_pb_module_header\">SPRITE Mondiale\u00a0<\/h4><div class=\"et_pb_blurb_description\"><p>Prix :\u00a0 (suivant mod\u00e8le neuve )<\/p>\n<div class=\"vehicle-spec\">\n<div class=\"vehicle-spec__icon\"><img loading=\"lazy\" decoding=\"async\" src=\"https:\/\/s3-eu-west-1.amazonaws.com\/files.autopromotor\/datasheetimages\/Berth.svg\" width=\"28\" height=\"28\" \/> \u00a0<span dir=\"auto\">Couchette : suivant mod\u00e8le neuve<\/span><\/div>\n<\/div>\n<div class=\"vehicle-spec\">\n<div class=\"vehicle-spec__icon\"><img decoding=\"async\" src=\"https:\/\/s3-eu-west-1.amazonaws.com\/files.autopromotor\/datasheetimages\/MTPLM.svg\" \/> \u00a0<span dir=\"auto\">MTPLM : 1200 \u00e0 1450<\/span><span dir=\"auto\">\u00a0kg<\/span><\/div>\n<\/div>\n<div class=\"vehicle-spec\">\n<div class=\"vehicle-spec__icon\"><img decoding=\"async\" src=\"https:\/\/s3-eu-west-1.amazonaws.com\/files.autopromotor\/datasheetimages\/CaravanLength.svg\" \/>\u00a0 L<span dir=\"auto\">ongueur\u00a0 : 5430 \u00e0 <\/span><span dir=\"auto\">7390 mm<\/span><\/div>\n<\/div>\n<div class=\"vehicle-spec\">\n<div class=\"vehicle-spec__icon\"><img decoding=\"async\" src=\"https:\/\/s3-eu-west-1.amazonaws.com\/files.autopromotor\/datasheetimages\/CaravanWidth.svg\" \/> \u00a0<span dir=\"auto\">Largeur : <\/span><span dir=\"auto\">2250 mm<\/span><\/div>\n<\/div>\n<div class=\"vehicle-spec\">\n<div class=\"vehicle-spec__icon\"><img decoding=\"async\" src=\"https:\/\/s3-eu-west-1.amazonaws.com\/files.autopromotor\/datasheetimages\/Weight.svg\" \/> \u00a0<span dir=\"auto\">Poids \u00e0 vide : 1020 \u00e0 1290 <\/span><span dir=\"auto\">kg<\/span><\/div>\n<div class=\"vehicle-spec__icon\"><span dir=\"auto\"><\/span><\/div>\n<\/div>\n<p>Ann\u00e9e :\u00a0 <span style=\"color: #e02b20; font-size: large;\"><strong>2026<\/strong><\/span><\/p>\n<\/div><\/div>\n<div class=\"et_pb_module et_pb_button_module_wrapper et_pb_button_2_wrapper\"><a class=\"et_pb_button_2 et_pb_button et_pb_bg_layout_light et_pb_module et_flex_module\" href=\"https:\/\/jmc-caravanes.com\/index.php\/caravanes-neuves\/sprite-mondial-2026\">En voir plus<\/a><\/div>\n<\/div><\/div>\n<\/div>\n\n<div class=\"et_pb_column_5 et_pb_column et_flex_column et_pb_css_mix_blend_mode_passthrough et_flex_column_8_24 et_flex_column_8_24_tablet et_flex_column_24_24_phone et_flex_column_24_24_phoneWide et_flex_column_8_24_tabletWide\">\n<div class=\"et_pb_blurb_3 et_pb_blurb et_pb_bg_layout_light et_pb_blurb_position_top et_clickable et_pb_module et_flex_module\"><div class=\"et_pb_blurb_content et_flex_module\"><div class=\"et_pb_main_blurb_image\"><span class=\"et_pb_image_wrap et_pb_only_image_mode_wrap\"><img loading=\"lazy\" decoding=\"async\" src=\"https:\/\/jmc-caravanes.com\/wp-content\/uploads\/2026\/02\/Sprite_Cruzer_Front-2026.webp\" alt=\"Sprite_Cruzer 2026\" width=\"1030\" height=\"687\" srcset=\"https:\/\/jmc-caravanes.com\/wp-content\/uploads\/2026\/02\/Sprite_Cruzer_Front-2026.webp 1030w, https:\/\/jmc-caravanes.com\/wp-content\/uploads\/2026\/02\/Sprite_Cruzer_Front-2026-980x654.webp 980w, https:\/\/jmc-caravanes.com\/wp-content\/uploads\/2026\/02\/Sprite_Cruzer_Front-2026-480x320.webp 480w\" sizes=\"(min-width: 0px) and (max-width: 480px) 480px, (min-width: 481px) and (max-width: 980px) 980px, (min-width: 981px) 1030px, 100vw\" class=\"wp-image-391\" title=\"Sprite_Cruzer 2026\" \/><\/span><\/div><div class=\"et_pb_blurb_container\"><h4 class=\"et_pb_module_header\">SPRITE Cruzer SR<\/h4><div class=\"et_pb_blurb_description\"><p>Prix :\u00a0 (suivant mod\u00e8le neuve )<\/p>\n<div class=\"vehicle-spec\">\n<div class=\"vehicle-spec__icon\"><img loading=\"lazy\" decoding=\"async\" src=\"https:\/\/s3-eu-west-1.amazonaws.com\/files.autopromotor\/datasheetimages\/Berth.svg\" width=\"28\" height=\"28\" \/> \u00a0<span dir=\"auto\">Couchette : suivant mod\u00e8le neuve<\/span><\/div>\n<\/div>\n<div class=\"vehicle-spec\">\n<div class=\"vehicle-spec__icon\"><img decoding=\"async\" src=\"https:\/\/s3-eu-west-1.amazonaws.com\/files.autopromotor\/datasheetimages\/MTPLM.svg\" \/> \u00a0<span dir=\"auto\">MTPLM :\u00a0 1360 \u00e0 1640 <\/span><span dir=\"auto\">kg<\/span><\/div>\n<\/div>\n<div class=\"vehicle-spec\">\n<div class=\"vehicle-spec__icon\"><img decoding=\"async\" src=\"https:\/\/s3-eu-west-1.amazonaws.com\/files.autopromotor\/datasheetimages\/CaravanLength.svg\" \/>\u00a0 L<span dir=\"auto\">ongueur\u00a0 : 668 \u00e0 798<\/span><span dir=\"auto\">\u00a0mm<\/span><\/div>\n<\/div>\n<div class=\"vehicle-spec\">\n<div class=\"vehicle-spec__icon\"><img decoding=\"async\" src=\"https:\/\/s3-eu-west-1.amazonaws.com\/files.autopromotor\/datasheetimages\/CaravanWidth.svg\" \/> \u00a0<span dir=\"auto\">Largeur : <\/span><span dir=\"auto\">2280 \u00e0 2440 mm<\/span><\/div>\n<\/div>\n<div class=\"vehicle-spec\">\n<div class=\"vehicle-spec__icon\"><img decoding=\"async\" src=\"https:\/\/s3-eu-west-1.amazonaws.com\/files.autopromotor\/datasheetimages\/Weight.svg\" \/> \u00a0<span dir=\"auto\">Poids \u00e0 vide : 1550 \u00e0 1900<\/span><span dir=\"auto\">\u00a0kg<\/span><\/div>\n<div class=\"vehicle-spec__icon\"><span dir=\"auto\"><\/span><\/div>\n<\/div>\n<p>Ann\u00e9e : <span style=\"color: #e02b20; font-size: large;\"><strong>2026<\/strong><\/span><\/p>\n<\/div><\/div>\n<div class=\"et_pb_module et_pb_button_module_wrapper et_pb_button_3_wrapper\"><a class=\"et_pb_button_3 et_pb_button et_pb_bg_layout_light et_pb_module et_flex_module\" href=\"https:\/\/jmc-caravanes.com\/index.php\/caravanes-neuves\/sprite-cruzer-sr\/\" target=\"_blank\">En voir plus<\/a><\/div>\n<\/div><\/div>\n<\/div>\n\n<div class=\"et_pb_column_6 et_pb_column et-last-child et_flex_column et_pb_css_mix_blend_mode_passthrough et_flex_column_8_24 et_flex_column_8_24_tablet et_flex_column_24_24_phone et_flex_column_24_24_phoneWide et_flex_column_8_24_tabletWide\">\n<div class=\"et_pb_image_1 et_pb_image et_pb_module et_flex_module\"><span class=\"et_pb_image_wrap\"><img loading=\"lazy\" decoding=\"async\" src=\"https:\/\/jmc-caravanes.com\/wp-content\/uploads\/2026\/02\/JMCPlan-de-travail-1-8-1.png\" alt=\"Jmc Caravanes Logo Sprite\" title=\"Jmc Caravanes Logo Sprite\" width=\"143\" height=\"145\" srcset=\"https:\/\/jmc-caravanes.com\/wp-content\/uploads\/2026\/02\/JMCPlan-de-travail-1-8-1.png 143w\" sizes=\"(max-width: 143px) 100vw, 143px\" class=\"wp-image-39\" \/><\/span><\/div>\n<\/div>\n<\/div>\n\n<div class=\"et_pb_row_3 et_pb_row et_flex_row\">\n<div class=\"et_pb_column_7 et_pb_column et_flex_column et_pb_css_mix_blend_mode_passthrough et_flex_column_12_24 et_flex_column_12_24_tablet et_flex_column_24_24_phone et_flex_column_24_24_phoneWide et_flex_column_12_24_tabletWide\">\n<div class=\"et_pb_blurb_4 et_pb_blurb et_pb_bg_layout_light et_pb_blurb_position_top et_pb_module et_flex_module\"><div class=\"et_pb_blurb_content et_flex_module\"><div class=\"et_pb_main_blurb_image\"><span class=\"et_pb_image_wrap et_pb_only_image_mode_wrap\"><img loading=\"lazy\" decoding=\"async\" src=\"https:\/\/jmc-caravanes.com\/wp-content\/uploads\/2026\/02\/JMCPlan-de-travail-1-8-1.png\" alt=\"Jmc Caravanes Logo Sprite\" width=\"143\" height=\"145\" srcset=\"https:\/\/jmc-caravanes.com\/wp-content\/uploads\/2026\/02\/JMCPlan-de-travail-1-8-1.png 143w\" sizes=\"(max-width: 143px) 100vw, 143px\" class=\"wp-image-39\" title=\"Jmc Caravanes Logo Sprite\" \/><\/span><\/div><div class=\"et_pb_blurb_container\"><div class=\"et_pb_blurb_description\"><p><span>Les caravanes Sprite sont construites par Swift Group Limited, le plus grand fabricant de caravanes de tourisme, de camping-cars et de mobil-homes du Royaume-Uni et par ailleurs le seul acteur du march\u00e9 britannique actif sur ces trois cat\u00e9gories de produits. L\u2019entreprise, qui existe plus de 60 ans, est devenue ces derni\u00e8res ann\u00e9es un constructeur de taille importante comptant plus de 1 300 employ\u00e9s. D\u2019un style moderne et ind\u00e9modable, la caravane Sprite r\u00e9v\u00e8le et conserve ind\u00e9niablement sa valeur au fil des ans.<\/span><\/p>\n<\/div><\/div><\/div><\/div>\n<\/div>\n\n<div class=\"et_pb_column_8 et_pb_column et-last-child et_flex_column et_pb_css_mix_blend_mode_passthrough et_flex_column_12_24 et_flex_column_12_24_tablet et_flex_column_24_24_phone et_flex_column_24_24_phoneWide et_flex_column_12_24_tabletWide\">\n<div class=\"et_pb_blurb_5 et_pb_blurb et_pb_bg_layout_light et_pb_blurb_position_top et_pb_module et_flex_module\"><div class=\"et_pb_blurb_content et_flex_module\"><div class=\"et_pb_main_blurb_image\"><span class=\"et_pb_image_wrap et_pb_only_image_mode_wrap\"><img loading=\"lazy\" decoding=\"async\" src=\"https:\/\/jmc-caravanes.com\/wp-content\/uploads\/2026\/02\/JMCPlan-de-travail-1-8.png\" alt=\"Jmc Caravanes Swift\" width=\"842\" height=\"596\" srcset=\"https:\/\/jmc-caravanes.com\/wp-content\/uploads\/2026\/02\/JMCPlan-de-travail-1-8.png 842w, https:\/\/jmc-caravanes.com\/wp-content\/uploads\/2026\/02\/JMCPlan-de-travail-1-8-480x340.png 480w\" sizes=\"(min-width: 0px) and (max-width: 480px) 480px, (min-width: 481px) 842px, 100vw\" class=\"wp-image-37\" title=\"Jmc Caravanes Swift\" \/><\/span><\/div><div class=\"et_pb_blurb_container\"><div class=\"et_pb_blurb_description\"><p><span>Depuis plus de 60 ans, nous nous engageons \u00e0 fabriquer des produits de loisirs de la plus haute qualit\u00e9 qui vous offrent des exp\u00e9riences de vacances agr\u00e9ables, encore et encore.<\/span><span>Nous sommes pass\u00e9s de modestes fondations en 1964, lorsque notre fondateur, Ken Smith, a construit sa premi\u00e8re caravane de tourisme, \u00e0 la marque num\u00e9ro un de v\u00e9hicules de loisirs au Royaume-Uni.\u00a0<\/span><span dir=\"auto\">Une caravane est bien plus qu'un simple v\u00e9hicule ; pour ses propri\u00e9taires, c'est un membre de la famille, un compagnon d'aventure et un bien pr\u00e9cieux qui renferme une multitude de souvenirs.<\/span><\/p>\n<\/div><\/div><\/div><\/div>\n<\/div>\n<\/div>\n\n<div class=\"et_pb_row_4 et_pb_row et_flex_row\">\n<div class=\"et_pb_column_9 et_pb_column et_flex_column et_pb_css_mix_blend_mode_passthrough et_flex_column_12_24 et_flex_column_12_24_tablet et_flex_column_24_24_phone et_flex_column_24_24_phoneWide et_flex_column_12_24_tabletWide\">\n<div class=\"et_pb_blurb_6 et_pb_blurb et_pb_bg_layout_light et_pb_blurb_position_top et_pb_module et_flex_module\"><div class=\"et_pb_blurb_content et_flex_module\"><div class=\"et_pb_main_blurb_image\"><span class=\"et_pb_image_wrap et_pb_only_image_mode_wrap\"><img loading=\"lazy\" decoding=\"async\" src=\"https:\/\/jmc-caravanes.com\/wp-content\/uploads\/2026\/02\/Logo-Elddis.jpg\" alt=\"Jmc Caravanes Logo Elddis\" width=\"210\" height=\"63\" srcset=\"https:\/\/jmc-caravanes.com\/wp-content\/uploads\/2026\/02\/Logo-Elddis.jpg 210w\" sizes=\"(max-width: 210px) 100vw, 210px\" class=\"wp-image-38\" \/><\/span><\/div><div class=\"et_pb_blurb_container\"><div class=\"et_pb_blurb_description\"><p><span><\/span><\/p>\n<p><span>Elddis, qui fait partie d'Erwin Hymer Group UK Ltd, appartient \u00e9galement au groupe europ\u00e9en Erwin Hymer, lui-m\u00eame d\u00e9tenu par le g\u00e9ant am\u00e9ricain des v\u00e9hicules de loisirs, Thor Industries.<\/span><\/p>\n<p><span>Notre usine de fabrication britannique est l'un des plus importants fabricants de caravanes, camping-cars et fourgons am\u00e9nag\u00e9s du Royaume-Uni. Situ\u00e9e \u00e0 Consett, dans le comt\u00e9 de Durham, elle b\u00e9n\u00e9ficie d'une longue tradition dans la conception et la fabrication de v\u00e9hicules de loisirs, forte de pr\u00e8s de soixante ans d'exp\u00e9rience.<\/span><\/p>\n<\/div><\/div><\/div><\/div>\n<\/div>\n\n<div class=\"et_pb_column_10 et_pb_column et-last-child et_flex_column et_pb_css_mix_blend_mode_passthrough et_flex_column_12_24 et_flex_column_12_24_tablet et_flex_column_24_24_phone et_flex_column_24_24_phoneWide et_flex_column_12_24_tabletWide\">\n<div class=\"et_pb_blurb_7 et_pb_blurb et_pb_bg_layout_light et_pb_blurb_position_top et_pb_module et_flex_module\"><div class=\"et_pb_blurb_content et_flex_module\"><div class=\"et_pb_main_blurb_image\"><span class=\"et_pb_image_wrap et_pb_only_image_mode_wrap\"><img loading=\"lazy\" decoding=\"async\" src=\"https:\/\/jmc-caravanes.com\/wp-content\/uploads\/2026\/02\/logo-8.png\" alt=\"Bailey Caravane\" width=\"161\" height=\"93\" srcset=\"https:\/\/jmc-caravanes.com\/wp-content\/uploads\/2026\/02\/logo-8.png 161w\" sizes=\"(max-width: 161px) 100vw, 161px\" class=\"wp-image-110\" title=\"Bailey Caravane\" \/><\/span><\/div><div class=\"et_pb_blurb_container\"><div class=\"et_pb_blurb_description\"><p><span>Nous fabriquons des v\u00e9hicules de loisirs Bailey ici, dans le sud de Bristol, depuis 1948 et sommes aujourd'hui pleinement int\u00e9gr\u00e9s \u00e0 la vie locale. Nous sommes \u00e9galement la dixi\u00e8me plus grande entreprise priv\u00e9e de Bristol et le plus important employeur de la r\u00e9gion.<\/span><\/p>\n<p><span dir=\"auto\">Bailey of Bristol est le plus ancien constructeur ind\u00e9pendant de v\u00e9hicules de loisirs du Royaume-Uni, fort de plus de 75 ans d'exp\u00e9rience dans la conception et la production de caravanes, camping-cars et fourgons am\u00e9nag\u00e9s. Durant cette p\u00e9riode, notre entreprise familiale est devenue la marque pr\u00e9f\u00e9r\u00e9e des Britanniques, avec plus de v\u00e9hicules Bailey of Bristol en circulation que toute autre marque.<\/span><\/p>\n<\/div><\/div><\/div><\/div>\n<\/div>\n<\/div>\n<\/div>","protected":false},"excerpt":{"rendered":"","protected":false},"author":1,"featured_media":0,"parent":0,"menu_order":0,"comment_status":"closed","ping_status":"closed","template":"","meta":{"footnotes":""},"class_list":["post-41","page","type-page","status-publish","hentry"],"_links":{"self":[{"href":"https:\/\/jmc-caravanes.com\/index.php\/wp-json\/wp\/v2\/pages\/41","targetHints":{"allow":["GET"]}}],"collection":[{"href":"https:\/\/jmc-caravanes.com\/index.php\/wp-json\/wp\/v2\/pages"}],"about":[{"href":"https:\/\/jmc-caravanes.com\/index.php\/wp-json\/wp\/v2\/types\/page"}],"author":[{"embeddable":true,"href":"https:\/\/jmc-caravanes.com\/index.php\/wp-json\/wp\/v2\/users\/1"}],"replies":[{"embeddable":true,"href":"https:\/\/jmc-caravanes.com\/index.php\/wp-json\/wp\/v2\/comments?post=41"}],"version-history":[{"count":40,"href":"https:\/\/jmc-caravanes.com\/index.php\/wp-json\/wp\/v2\/pages\/41\/revisions"}],"predecessor-version":[{"id":930,"href":"https:\/\/jmc-caravanes.com\/index.php\/wp-json\/wp\/v2\/pages\/41\/revisions\/930"}],"wp:attachment":[{"href":"https:\/\/jmc-caravanes.com\/index.php\/wp-json\/wp\/v2\/media?parent=41"}],"curies":[{"name":"wp","href":"https:\/\/api.w.org\/{rel}","templated":true}]}}