{"id":46,"date":"2026-02-18T17:22:24","date_gmt":"2026-02-18T16:22:24","guid":{"rendered":"https:\/\/jmc-caravanes.com\/?page_id=46"},"modified":"2026-04-15T12:07:52","modified_gmt":"2026-04-15T10:07:52","slug":"caravanes-occasions","status":"publish","type":"page","link":"https:\/\/jmc-caravanes.com\/index.php\/caravanes-occasions\/","title":{"rendered":"Caravanes Occasions"},"content":{"rendered":"<div class=\"et_pb_section_0 et_pb_section et_section_regular et_flex_section\"><span class=\"et_pb_background_mask\"><\/span>\n<div class=\"et_pb_row_0 et_pb_row et_flex_row\">\n<div class=\"et_pb_column_0 et_pb_column et-last-child et_flex_column et_pb_css_mix_blend_mode_passthrough et_flex_column_24_24 et_flex_column_24_24_tablet et_flex_column_24_24_phone et_flex_column_24_24_phoneWide et_flex_column_24_24_tabletWide\">\n<div class=\"et_pb_text_0 et_pb_text et_pb_bg_layout_light et_pb_module et_flex_module\"><div class=\"et_pb_text_inner\"><p style=\"text-align: center;\"><span dir=\"auto\" style=\"vertical-align: inherit;\"><span dir=\"auto\" style=\"vertical-align: inherit;\"><span dir=\"auto\" style=\"vertical-align: inherit;\"><span dir=\"auto\" style=\"vertical-align: inherit;\">CARAVANES D'OCCASIONS\u00a0<\/span><\/span><\/span><\/span><\/p>\n<\/div><\/div>\n<\/div>\n<\/div>\n\n<div class=\"et_pb_row_1 et_pb_row et_flex_row\">\n<div class=\"et_pb_column_1 et_pb_column et_flex_column et_pb_css_mix_blend_mode_passthrough et_flex_column_8_24 et_flex_column_8_24_tablet et_flex_column_24_24_phone et_flex_column_24_24_phoneWide et_flex_column_8_24_tabletWide\">\n<div class=\"et_pb_blurb_0 et_pb_blurb et_pb_bg_layout_light et_pb_blurb_position_top et_pb_module et_flex_module\"><div class=\"et_pb_blurb_content et_flex_module\"><div class=\"et_pb_main_blurb_image\"><span class=\"et_pb_image_wrap et_pb_only_image_mode_wrap\"><img loading=\"lazy\" decoding=\"async\" src=\"https:\/\/jmc-caravanes.com\/wp-content\/uploads\/2026\/02\/SWIFT-LIFESTYLE-4-SB-PLAN14.jpg\" alt=\"SWIFT-LIFESTYLE-4-SB-1\" width=\"782\" height=\"298\" srcset=\"https:\/\/jmc-caravanes.com\/wp-content\/uploads\/2026\/02\/SWIFT-LIFESTYLE-4-SB-PLAN14.jpg 782w, https:\/\/jmc-caravanes.com\/wp-content\/uploads\/2026\/02\/SWIFT-LIFESTYLE-4-SB-PLAN14-480x183.jpg 480w\" sizes=\"(min-width: 0px) and (max-width: 480px) 480px, (min-width: 481px) 782px, 100vw\" class=\"et_animated wp-image-166\" title=\"SWIFT LIFESTYLE 4 SB (PLAN14)\" \/><\/span><\/div><div class=\"et_pb_blurb_container\"><h4 class=\"et_pb_module_header\">SWIFT Lifestyle\u00a0<\/h4><div class=\"et_pb_blurb_description\"><p>Ann\u00e9e 2015<\/p>\n<div class=\"vehicle-spec\">\n<div class=\"vehicle-spec__icon\"><img loading=\"lazy\" decoding=\"async\" src=\"https:\/\/s3-eu-west-1.amazonaws.com\/files.autopromotor\/datasheetimages\/Berth.svg\" width=\"28\" height=\"28\" \/><span>\u00a0<\/span>\u00a0<span dir=\"auto\">Couchette :<span>\u00a0<\/span><\/span><span dir=\"auto\">4<\/span><\/div>\n<\/div>\n<div class=\"vehicle-spec\">\n<div class=\"vehicle-spec__icon\"><img decoding=\"async\" src=\"https:\/\/s3-eu-west-1.amazonaws.com\/files.autopromotor\/datasheetimages\/MTPLM.svg\" \/><span>\u00a0<\/span>\u00a0<span dir=\"auto\">MTPLM :\u00a0<span>\u00a0<\/span><\/span><span dir=\"auto\">1412 kg<\/span><\/div>\n<div class=\"vehicle-spec__icon\"><img decoding=\"async\" src=\"https:\/\/s3-eu-west-1.amazonaws.com\/files.autopromotor\/datasheetimages\/Weight.svg\" \/>\u00a0\u00a0<span dir=\"auto\">Poids \u00e0 vide :\u00a0<\/span><span dir=\"auto\">1256 kg<\/span><\/div>\n<\/div>\n<div class=\"vehicle-spec\">\n<div class=\"vehicle-spec__icon\"><img decoding=\"async\" src=\"https:\/\/s3-eu-west-1.amazonaws.com\/files.autopromotor\/datasheetimages\/CaravanLength.svg\" \/>\u00a0 L<span dir=\"auto\">ongueur\u00a0 :<span>\u00a0<\/span><\/span><span dir=\"auto\">7390 mm<\/span><\/div>\n<\/div>\n<div class=\"vehicle-spec\">\n<div class=\"vehicle-spec__icon\"><img decoding=\"async\" src=\"https:\/\/s3-eu-west-1.amazonaws.com\/files.autopromotor\/datasheetimages\/CaravanWidth.svg\" \/><span>\u00a0<\/span>\u00a0<span dir=\"auto\">Largeur :<span>\u00a0<\/span><\/span><span dir=\"auto\">2259 mm<\/span><\/div>\n<\/div>\n<\/div><\/div>\n<div class=\"et_pb_image_0 et_pb_image et_flex_column_24_24 et_pb_module et_flex_module\"><span class=\"et_pb_image_wrap\"><img loading=\"lazy\" decoding=\"async\" src=\"https:\/\/jmc-caravanes.com\/wp-content\/uploads\/2026\/02\/JMCPlan-de-travail-5.png\" alt=\"Jmc Caravanes Swift\" title=\"Jmc Caravanes Swift\" width=\"161\" height=\"114\" srcset=\"https:\/\/jmc-caravanes.com\/wp-content\/uploads\/2026\/02\/JMCPlan-de-travail-5.png 161w\" sizes=\"(max-width: 161px) 100vw, 161px\" class=\"wp-image-288\" \/><\/span>\n<div class=\"et_pb_module et_pb_button_module_wrapper et_pb_button_0_wrapper\"><a class=\"et_pb_button_0 et_pb_button et_pb_bg_layout_light et_pb_module et_flex_module\" href=\"\">20950 \u20ac<\/a><\/div>\n<\/div>\n\n<div class=\"et_pb_gallery_0 et_pb_gallery et_pb_bg_layout_light et_pb_gallery_grid et_pb_module\" data-auto-rotate=\"off\" data-auto-rotate-speed=\"\"><div class=\"et_pb_gallery_items et_post_gallery clearfix et_grid_module\" data-per_page=\"1\"><div class=\"et_pb_gallery_item et_pb_grid_item et_pb_gallery_item_0_0\"><div class=\"et_pb_gallery_image landscape\" data-per_page=\"1\"><a href=\"https:\/\/jmc-caravanes.com\/wp-content\/uploads\/2026\/02\/SWIFT-LIFESTYLE-4-SB-14.jpg\" title=\"SWIFT-LIFESTYLE 2015\"><img loading=\"lazy\" decoding=\"async\" width=\"400\" height=\"284\" src=\"https:\/\/jmc-caravanes.com\/wp-content\/uploads\/2026\/02\/SWIFT-LIFESTYLE-4-SB-14-400x284.jpg\" alt=\"SWIFT-LIFESTYLE 2015\" class=\"wp-image-158\" srcset=\"https:\/\/jmc-caravanes.com\/wp-content\/uploads\/2026\/02\/SWIFT-LIFESTYLE-4-SB-14.jpg 479w, https:\/\/jmc-caravanes.com\/wp-content\/uploads\/2026\/02\/SWIFT-LIFESTYLE-4-SB-14-400x284.jpg 480w\" sizes=\"(max-width:479px) 479px, 100vw\" \/><span class=\"et_overlay\" data-icon=\"\" data-icon-tablet=\"\" data-icon-phone=\"\"><\/span><\/a><\/div><\/div><div class=\"et_pb_gallery_item et_pb_grid_item et_pb_gallery_item_0_1\"><div class=\"et_pb_gallery_image landscape\" data-per_page=\"1\"><a href=\"https:\/\/jmc-caravanes.com\/wp-content\/uploads\/2026\/02\/SWIFT-LIFESTYLE-4-SB-1-1.jpg\" title=\"SAMSUNG CAMERA PICTURES\"><img loading=\"lazy\" decoding=\"async\" width=\"400\" height=\"284\" src=\"https:\/\/jmc-caravanes.com\/wp-content\/uploads\/2026\/02\/SWIFT-LIFESTYLE-4-SB-1-1-400x284.jpg\" alt=\"\" class=\"wp-image-270\" srcset=\"https:\/\/jmc-caravanes.com\/wp-content\/uploads\/2026\/02\/SWIFT-LIFESTYLE-4-SB-1-1.jpg 479w, https:\/\/jmc-caravanes.com\/wp-content\/uploads\/2026\/02\/SWIFT-LIFESTYLE-4-SB-1-1-400x284.jpg 480w\" sizes=\"(max-width:479px) 479px, 100vw\" \/><span class=\"et_overlay\" data-icon=\"\" data-icon-tablet=\"\" data-icon-phone=\"\"><\/span><\/a><\/div><\/div><div class=\"et_pb_gallery_item et_pb_grid_item et_pb_gallery_item_0_2\"><div class=\"et_pb_gallery_image landscape\" data-per_page=\"1\"><a href=\"https:\/\/jmc-caravanes.com\/wp-content\/uploads\/2026\/02\/SWIFT-LIFESTYLE-4-SB-2.jpg\" title=\"SAMSUNG CAMERA PICTURES\"><img loading=\"lazy\" decoding=\"async\" width=\"400\" height=\"284\" src=\"https:\/\/jmc-caravanes.com\/wp-content\/uploads\/2026\/02\/SWIFT-LIFESTYLE-4-SB-2-400x284.jpg\" alt=\"\" class=\"wp-image-271\" srcset=\"https:\/\/jmc-caravanes.com\/wp-content\/uploads\/2026\/02\/SWIFT-LIFESTYLE-4-SB-2.jpg 479w, https:\/\/jmc-caravanes.com\/wp-content\/uploads\/2026\/02\/SWIFT-LIFESTYLE-4-SB-2-400x284.jpg 480w\" sizes=\"(max-width:479px) 479px, 100vw\" \/><span class=\"et_overlay\" data-icon=\"\" data-icon-tablet=\"\" data-icon-phone=\"\"><\/span><\/a><\/div><\/div><div class=\"et_pb_gallery_item et_pb_grid_item et_pb_gallery_item_0_3\"><div class=\"et_pb_gallery_image landscape\" data-per_page=\"1\"><a href=\"https:\/\/jmc-caravanes.com\/wp-content\/uploads\/2026\/02\/SWIFT-LIFESTYLE-4-SB-3.jpg\" title=\"SAMSUNG CAMERA PICTURES\"><img loading=\"lazy\" decoding=\"async\" width=\"400\" height=\"284\" src=\"https:\/\/jmc-caravanes.com\/wp-content\/uploads\/2026\/02\/SWIFT-LIFESTYLE-4-SB-3-400x284.jpg\" alt=\"\" class=\"wp-image-272\" srcset=\"https:\/\/jmc-caravanes.com\/wp-content\/uploads\/2026\/02\/SWIFT-LIFESTYLE-4-SB-3.jpg 479w, https:\/\/jmc-caravanes.com\/wp-content\/uploads\/2026\/02\/SWIFT-LIFESTYLE-4-SB-3-400x284.jpg 480w\" sizes=\"(max-width:479px) 479px, 100vw\" \/><span class=\"et_overlay\" data-icon=\"\" data-icon-tablet=\"\" data-icon-phone=\"\"><\/span><\/a><\/div><\/div><div class=\"et_pb_gallery_item et_pb_grid_item et_pb_gallery_item_0_4\"><div class=\"et_pb_gallery_image landscape\" data-per_page=\"1\"><a href=\"https:\/\/jmc-caravanes.com\/wp-content\/uploads\/2026\/02\/SWIFT-LIFESTYLE-4-SB-4.jpg\" title=\"SAMSUNG CAMERA PICTURES\"><img loading=\"lazy\" decoding=\"async\" width=\"400\" height=\"284\" src=\"https:\/\/jmc-caravanes.com\/wp-content\/uploads\/2026\/02\/SWIFT-LIFESTYLE-4-SB-4-400x284.jpg\" alt=\"\" class=\"wp-image-273\" srcset=\"https:\/\/jmc-caravanes.com\/wp-content\/uploads\/2026\/02\/SWIFT-LIFESTYLE-4-SB-4.jpg 479w, https:\/\/jmc-caravanes.com\/wp-content\/uploads\/2026\/02\/SWIFT-LIFESTYLE-4-SB-4-400x284.jpg 480w\" sizes=\"(max-width:479px) 479px, 100vw\" \/><span class=\"et_overlay\" data-icon=\"\" data-icon-tablet=\"\" data-icon-phone=\"\"><\/span><\/a><\/div><\/div><div class=\"et_pb_gallery_item et_pb_grid_item et_pb_gallery_item_0_5\"><div class=\"et_pb_gallery_image landscape\" data-per_page=\"1\"><a href=\"https:\/\/jmc-caravanes.com\/wp-content\/uploads\/2026\/02\/SWIFT-LIFESTYLE-4-SB-5.jpg\" title=\"SAMSUNG CAMERA PICTURES\"><img loading=\"lazy\" decoding=\"async\" width=\"400\" height=\"284\" src=\"https:\/\/jmc-caravanes.com\/wp-content\/uploads\/2026\/02\/SWIFT-LIFESTYLE-4-SB-5-400x284.jpg\" alt=\"\" class=\"wp-image-274\" srcset=\"https:\/\/jmc-caravanes.com\/wp-content\/uploads\/2026\/02\/SWIFT-LIFESTYLE-4-SB-5.jpg 479w, https:\/\/jmc-caravanes.com\/wp-content\/uploads\/2026\/02\/SWIFT-LIFESTYLE-4-SB-5-400x284.jpg 480w\" sizes=\"(max-width:479px) 479px, 100vw\" \/><span class=\"et_overlay\" data-icon=\"\" data-icon-tablet=\"\" data-icon-phone=\"\"><\/span><\/a><\/div><\/div><div class=\"et_pb_gallery_item et_pb_grid_item et_pb_gallery_item_0_6\"><div class=\"et_pb_gallery_image landscape\" data-per_page=\"1\"><a href=\"https:\/\/jmc-caravanes.com\/wp-content\/uploads\/2026\/02\/SWIFT-LIFESTYLE-4-SB-6.jpg\" title=\"SAMSUNG CAMERA PICTURES\"><img loading=\"lazy\" decoding=\"async\" width=\"400\" height=\"284\" src=\"https:\/\/jmc-caravanes.com\/wp-content\/uploads\/2026\/02\/SWIFT-LIFESTYLE-4-SB-6-400x284.jpg\" alt=\"\" class=\"wp-image-275\" srcset=\"https:\/\/jmc-caravanes.com\/wp-content\/uploads\/2026\/02\/SWIFT-LIFESTYLE-4-SB-6.jpg 479w, https:\/\/jmc-caravanes.com\/wp-content\/uploads\/2026\/02\/SWIFT-LIFESTYLE-4-SB-6-400x284.jpg 480w\" sizes=\"(max-width:479px) 479px, 100vw\" \/><span class=\"et_overlay\" data-icon=\"\" data-icon-tablet=\"\" data-icon-phone=\"\"><\/span><\/a><\/div><\/div><div class=\"et_pb_gallery_item et_pb_grid_item et_pb_gallery_item_0_7\"><div class=\"et_pb_gallery_image landscape\" data-per_page=\"1\"><a href=\"https:\/\/jmc-caravanes.com\/wp-content\/uploads\/2026\/02\/SWIFT-LIFESTYLE-4-SB-7.jpg\" title=\"SAMSUNG CAMERA PICTURES\"><img loading=\"lazy\" decoding=\"async\" width=\"400\" height=\"284\" src=\"https:\/\/jmc-caravanes.com\/wp-content\/uploads\/2026\/02\/SWIFT-LIFESTYLE-4-SB-7-400x284.jpg\" alt=\"\" class=\"wp-image-276\" srcset=\"https:\/\/jmc-caravanes.com\/wp-content\/uploads\/2026\/02\/SWIFT-LIFESTYLE-4-SB-7.jpg 479w, https:\/\/jmc-caravanes.com\/wp-content\/uploads\/2026\/02\/SWIFT-LIFESTYLE-4-SB-7-400x284.jpg 480w\" sizes=\"(max-width:479px) 479px, 100vw\" \/><span class=\"et_overlay\" data-icon=\"\" data-icon-tablet=\"\" data-icon-phone=\"\"><\/span><\/a><\/div><\/div><div class=\"et_pb_gallery_item et_pb_grid_item et_pb_gallery_item_0_8\"><div class=\"et_pb_gallery_image landscape\" data-per_page=\"1\"><a href=\"https:\/\/jmc-caravanes.com\/wp-content\/uploads\/2026\/02\/SWIFT-LIFESTYLE-4-SB-8.jpg\" title=\"SAMSUNG CAMERA PICTURES\"><img loading=\"lazy\" decoding=\"async\" width=\"400\" height=\"284\" src=\"https:\/\/jmc-caravanes.com\/wp-content\/uploads\/2026\/02\/SWIFT-LIFESTYLE-4-SB-8-400x284.jpg\" alt=\"\" class=\"wp-image-277\" srcset=\"https:\/\/jmc-caravanes.com\/wp-content\/uploads\/2026\/02\/SWIFT-LIFESTYLE-4-SB-8.jpg 479w, https:\/\/jmc-caravanes.com\/wp-content\/uploads\/2026\/02\/SWIFT-LIFESTYLE-4-SB-8-400x284.jpg 480w\" sizes=\"(max-width:479px) 479px, 100vw\" \/><span class=\"et_overlay\" data-icon=\"\" data-icon-tablet=\"\" data-icon-phone=\"\"><\/span><\/a><\/div><\/div><div class=\"et_pb_gallery_item et_pb_grid_item et_pb_gallery_item_0_9\"><div class=\"et_pb_gallery_image landscape\" data-per_page=\"1\"><a href=\"https:\/\/jmc-caravanes.com\/wp-content\/uploads\/2026\/02\/SWIFT-LIFESTYLE-4-SB-9.jpg\" title=\"SAMSUNG CAMERA PICTURES\"><img loading=\"lazy\" decoding=\"async\" width=\"400\" height=\"284\" src=\"https:\/\/jmc-caravanes.com\/wp-content\/uploads\/2026\/02\/SWIFT-LIFESTYLE-4-SB-9-400x284.jpg\" alt=\"\" class=\"wp-image-278\" srcset=\"https:\/\/jmc-caravanes.com\/wp-content\/uploads\/2026\/02\/SWIFT-LIFESTYLE-4-SB-9.jpg 479w, https:\/\/jmc-caravanes.com\/wp-content\/uploads\/2026\/02\/SWIFT-LIFESTYLE-4-SB-9-400x284.jpg 480w\" sizes=\"(max-width:479px) 479px, 100vw\" \/><span class=\"et_overlay\" data-icon=\"\" data-icon-tablet=\"\" data-icon-phone=\"\"><\/span><\/a><\/div><\/div><div class=\"et_pb_gallery_item et_pb_grid_item et_pb_gallery_item_0_10\"><div class=\"et_pb_gallery_image landscape\" data-per_page=\"1\"><a href=\"https:\/\/jmc-caravanes.com\/wp-content\/uploads\/2026\/02\/SWIFT-LIFESTYLE-4-SB-10.jpg\" title=\"SAMSUNG CAMERA PICTURES\"><img loading=\"lazy\" decoding=\"async\" width=\"400\" height=\"284\" src=\"https:\/\/jmc-caravanes.com\/wp-content\/uploads\/2026\/02\/SWIFT-LIFESTYLE-4-SB-10-400x284.jpg\" alt=\"\" class=\"wp-image-279\" srcset=\"https:\/\/jmc-caravanes.com\/wp-content\/uploads\/2026\/02\/SWIFT-LIFESTYLE-4-SB-10.jpg 479w, https:\/\/jmc-caravanes.com\/wp-content\/uploads\/2026\/02\/SWIFT-LIFESTYLE-4-SB-10-400x284.jpg 480w\" sizes=\"(max-width:479px) 479px, 100vw\" \/><span class=\"et_overlay\" data-icon=\"\" data-icon-tablet=\"\" data-icon-phone=\"\"><\/span><\/a><\/div><\/div><div class=\"et_pb_gallery_item et_pb_grid_item et_pb_gallery_item_0_11\"><div class=\"et_pb_gallery_image landscape\" data-per_page=\"1\"><a href=\"https:\/\/jmc-caravanes.com\/wp-content\/uploads\/2026\/02\/SWIFT-LIFESTYLE-4-SB-11.jpg\" title=\"SAMSUNG CAMERA PICTURES\"><img loading=\"lazy\" decoding=\"async\" width=\"400\" height=\"284\" src=\"https:\/\/jmc-caravanes.com\/wp-content\/uploads\/2026\/02\/SWIFT-LIFESTYLE-4-SB-11-400x284.jpg\" alt=\"\" class=\"wp-image-280\" srcset=\"https:\/\/jmc-caravanes.com\/wp-content\/uploads\/2026\/02\/SWIFT-LIFESTYLE-4-SB-11.jpg 479w, https:\/\/jmc-caravanes.com\/wp-content\/uploads\/2026\/02\/SWIFT-LIFESTYLE-4-SB-11-400x284.jpg 480w\" sizes=\"(max-width:479px) 479px, 100vw\" \/><span class=\"et_overlay\" data-icon=\"\" data-icon-tablet=\"\" data-icon-phone=\"\"><\/span><\/a><\/div><\/div><div class=\"et_pb_gallery_item et_pb_grid_item et_pb_gallery_item_0_12\"><div class=\"et_pb_gallery_image landscape\" data-per_page=\"1\"><a href=\"https:\/\/jmc-caravanes.com\/wp-content\/uploads\/2026\/02\/SWIFT-LIFESTYLE-4-SB-12.jpg\" title=\"SAMSUNG CAMERA PICTURES\"><img loading=\"lazy\" decoding=\"async\" width=\"400\" height=\"284\" src=\"https:\/\/jmc-caravanes.com\/wp-content\/uploads\/2026\/02\/SWIFT-LIFESTYLE-4-SB-12-400x284.jpg\" alt=\"\" class=\"wp-image-281\" srcset=\"https:\/\/jmc-caravanes.com\/wp-content\/uploads\/2026\/02\/SWIFT-LIFESTYLE-4-SB-12.jpg 479w, https:\/\/jmc-caravanes.com\/wp-content\/uploads\/2026\/02\/SWIFT-LIFESTYLE-4-SB-12-400x284.jpg 480w\" sizes=\"(max-width:479px) 479px, 100vw\" \/><span class=\"et_overlay\" data-icon=\"\" data-icon-tablet=\"\" data-icon-phone=\"\"><\/span><\/a><\/div><\/div><div class=\"et_pb_gallery_item et_pb_grid_item et_pb_gallery_item_0_13\"><div class=\"et_pb_gallery_image landscape\" data-per_page=\"1\"><a href=\"https:\/\/jmc-caravanes.com\/wp-content\/uploads\/2026\/02\/SWIFT-LIFESTYLE-4-SB-13.jpg\" title=\"SAMSUNG CAMERA PICTURES\"><img loading=\"lazy\" decoding=\"async\" width=\"400\" height=\"284\" src=\"https:\/\/jmc-caravanes.com\/wp-content\/uploads\/2026\/02\/SWIFT-LIFESTYLE-4-SB-13-400x284.jpg\" alt=\"\" class=\"wp-image-282\" srcset=\"https:\/\/jmc-caravanes.com\/wp-content\/uploads\/2026\/02\/SWIFT-LIFESTYLE-4-SB-13.jpg 479w, https:\/\/jmc-caravanes.com\/wp-content\/uploads\/2026\/02\/SWIFT-LIFESTYLE-4-SB-13-400x284.jpg 480w\" sizes=\"(max-width:479px) 479px, 100vw\" \/><span class=\"et_overlay\" data-icon=\"\" data-icon-tablet=\"\" data-icon-phone=\"\"><\/span><\/a><\/div><\/div><div class=\"et_pb_gallery_item et_pb_grid_item et_pb_gallery_item_0_14\"><div class=\"et_pb_gallery_image landscape\" data-per_page=\"1\"><a href=\"https:\/\/jmc-caravanes.com\/wp-content\/uploads\/2026\/02\/SWIFT-LIFESTYLE-4-SB-14-1.jpg\" title=\"SAMSUNG CAMERA PICTURES\"><img loading=\"lazy\" decoding=\"async\" width=\"400\" height=\"284\" src=\"https:\/\/jmc-caravanes.com\/wp-content\/uploads\/2026\/02\/SWIFT-LIFESTYLE-4-SB-14-1-400x284.jpg\" alt=\"\" class=\"wp-image-283\" srcset=\"https:\/\/jmc-caravanes.com\/wp-content\/uploads\/2026\/02\/SWIFT-LIFESTYLE-4-SB-14-1.jpg 479w, https:\/\/jmc-caravanes.com\/wp-content\/uploads\/2026\/02\/SWIFT-LIFESTYLE-4-SB-14-1-400x284.jpg 480w\" sizes=\"(max-width:479px) 479px, 100vw\" \/><span class=\"et_overlay\" data-icon=\"\" data-icon-tablet=\"\" data-icon-phone=\"\"><\/span><\/a><\/div><\/div><div class=\"et_pb_gallery_item et_pb_grid_item et_pb_gallery_item_0_15\"><div class=\"et_pb_gallery_image landscape\" data-per_page=\"1\"><a href=\"https:\/\/jmc-caravanes.com\/wp-content\/uploads\/2026\/02\/SWIFT-LIFESTYLE-4-SB-15.jpg\" title=\"SAMSUNG CAMERA PICTURES\"><img loading=\"lazy\" decoding=\"async\" width=\"400\" height=\"284\" src=\"https:\/\/jmc-caravanes.com\/wp-content\/uploads\/2026\/02\/SWIFT-LIFESTYLE-4-SB-15-400x284.jpg\" alt=\"\" class=\"wp-image-284\" srcset=\"https:\/\/jmc-caravanes.com\/wp-content\/uploads\/2026\/02\/SWIFT-LIFESTYLE-4-SB-15.jpg 479w, https:\/\/jmc-caravanes.com\/wp-content\/uploads\/2026\/02\/SWIFT-LIFESTYLE-4-SB-15-400x284.jpg 480w\" sizes=\"(max-width:479px) 479px, 100vw\" \/><span class=\"et_overlay\" data-icon=\"\" data-icon-tablet=\"\" data-icon-phone=\"\"><\/span><\/a><\/div><\/div><div class=\"et_pb_gallery_item et_pb_grid_item et_pb_gallery_item_0_16\"><div class=\"et_pb_gallery_image landscape\" data-per_page=\"1\"><a href=\"https:\/\/jmc-caravanes.com\/wp-content\/uploads\/2026\/02\/SWIFT-LIFESTYLE-4-SB-16.jpg\" title=\"SAMSUNG CAMERA PICTURES\"><img loading=\"lazy\" decoding=\"async\" width=\"400\" height=\"284\" src=\"https:\/\/jmc-caravanes.com\/wp-content\/uploads\/2026\/02\/SWIFT-LIFESTYLE-4-SB-16-400x284.jpg\" alt=\"\" class=\"wp-image-285\" srcset=\"https:\/\/jmc-caravanes.com\/wp-content\/uploads\/2026\/02\/SWIFT-LIFESTYLE-4-SB-16.jpg 479w, https:\/\/jmc-caravanes.com\/wp-content\/uploads\/2026\/02\/SWIFT-LIFESTYLE-4-SB-16-400x284.jpg 480w\" sizes=\"(max-width:479px) 479px, 100vw\" \/><span class=\"et_overlay\" data-icon=\"\" data-icon-tablet=\"\" data-icon-phone=\"\"><\/span><\/a><\/div><\/div><\/div><div class=\"et_pb_gallery_pagination\"><\/div><\/div>\n<\/div><\/div>\n\n<div class=\"et_pb_blurb_1 et_pb_blurb et_pb_bg_layout_light et_pb_blurb_position_top et_pb_module et_flex_module\"><div class=\"et_pb_blurb_content et_flex_module\"><div class=\"et_pb_main_blurb_image\"><span class=\"et_pb_image_wrap et_pb_only_image_mode_wrap\"><img loading=\"lazy\" decoding=\"async\" src=\"https:\/\/jmc-caravanes.com\/wp-content\/uploads\/2026\/02\/INTERIEUR-4-PLACES_100.jpg\" alt=\"elddis avante 550 2014\" width=\"640\" height=\"215\" srcset=\"https:\/\/jmc-caravanes.com\/wp-content\/uploads\/2026\/02\/INTERIEUR-4-PLACES_100.jpg 640w, https:\/\/jmc-caravanes.com\/wp-content\/uploads\/2026\/02\/INTERIEUR-4-PLACES_100-480x161.jpg 480w\" sizes=\"(min-width: 0px) and (max-width: 480px) 480px, (min-width: 481px) 640px, 100vw\" class=\"et_animated wp-image-149\" title=\"elddis avante 550 2014\" \/><\/span><\/div><div class=\"et_pb_blurb_container\"><h4 class=\"et_pb_module_header\">ELDDIS 550<\/h4><div class=\"et_pb_blurb_description\"><p><span dir=\"auto\" style=\"vertical-align: inherit;\"><span dir=\"auto\" style=\"vertical-align: inherit;\">Ann\u00e9e 2014<\/span><\/span><\/p>\n<div class=\"vehicle-spec\">\n<div class=\"vehicle-spec__icon\"><img loading=\"lazy\" decoding=\"async\" src=\"https:\/\/s3-eu-west-1.amazonaws.com\/files.autopromotor\/datasheetimages\/Berth.svg\" width=\"28\" height=\"28\" \/><span>\u00a0<\/span>\u00a0<span dir=\"auto\"><span dir=\"auto\" style=\"vertical-align: inherit;\"><span dir=\"auto\" style=\"vertical-align: inherit;\">Couchette : <\/span><\/span><span>\u00a0<\/span><\/span><span dir=\"auto\"><span dir=\"auto\" style=\"vertical-align: inherit;\"><span dir=\"auto\" style=\"vertical-align: inherit;\">4<\/span><\/span><\/span><\/div>\n<\/div>\n<div class=\"vehicle-spec\">\n<div class=\"vehicle-spec__icon\"><img decoding=\"async\" src=\"https:\/\/s3-eu-west-1.amazonaws.com\/files.autopromotor\/datasheetimages\/MTPLM.svg\" \/><span>\u00a0<\/span>\u00a0<span dir=\"auto\"><span dir=\"auto\" style=\"vertical-align: inherit;\"><span dir=\"auto\" style=\"vertical-align: inherit;\">PTAC :\u00a0 <\/span><\/span><span>\u00a0<\/span><\/span><span dir=\"auto\"><span dir=\"auto\" style=\"vertical-align: inherit;\"><span dir=\"auto\" style=\"vertical-align: inherit;\">1500 kg<\/span><\/span><\/span><\/div>\n<div class=\"vehicle-spec__icon\"><span dir=\"auto\"><span dir=\"auto\" style=\"vertical-align: inherit;\"><span dir=\"auto\" style=\"vertical-align: inherit;\"><img decoding=\"async\" src=\"https:\/\/s3-eu-west-1.amazonaws.com\/files.autopromotor\/datasheetimages\/Weight.svg\" \/><span>\u00a0<\/span>\u00a0<span dir=\"auto\" style=\"vertical-align: inherit;\">Poids \u00e0 vide : <\/span><span>\u00a0<\/span><span dir=\"auto\" style=\"vertical-align: inherit;\">1359 kg<\/span><\/span><\/span><\/span><\/div>\n<\/div>\n<div class=\"vehicle-spec\">\n<div class=\"vehicle-spec__icon\"><img decoding=\"async\" src=\"https:\/\/s3-eu-west-1.amazonaws.com\/files.autopromotor\/datasheetimages\/CaravanLength.svg\" \/><span dir=\"auto\" style=\"vertical-align: inherit;\"><span dir=\"auto\" style=\"vertical-align: inherit;\">\u00a0 Longueur <\/span><\/span><span dir=\"auto\"><span dir=\"auto\" style=\"vertical-align: inherit;\"><span dir=\"auto\" style=\"vertical-align: inherit;\">: <\/span><\/span><span>\u00a0<\/span><\/span><span dir=\"auto\"><span dir=\"auto\" style=\"vertical-align: inherit;\"><span dir=\"auto\" style=\"vertical-align: inherit;\">7390 mm<\/span><\/span><\/span><\/div>\n<\/div>\n<div class=\"vehicle-spec\">\n<div class=\"vehicle-spec__icon\"><img decoding=\"async\" src=\"https:\/\/s3-eu-west-1.amazonaws.com\/files.autopromotor\/datasheetimages\/CaravanWidth.svg\" \/><span>\u00a0<\/span>\u00a0<span dir=\"auto\"><span dir=\"auto\" style=\"vertical-align: inherit;\"><span dir=\"auto\" style=\"vertical-align: inherit;\">Largeur : <\/span><\/span><span>\u00a0<\/span><\/span><span dir=\"auto\"><span dir=\"auto\" style=\"vertical-align: inherit;\"><span dir=\"auto\" style=\"vertical-align: inherit;\">2259 mm<\/span><\/span><\/span><\/div>\n<\/div>\n<div class=\"vehicle-spec\">\n<div class=\"vehicle-spec__icon\"><\/div>\n<\/div>\n<\/div><\/div>\n<div class=\"et_pb_image_1 et_pb_image et_flex_column_24_24 et_pb_module et_flex_module\"><span class=\"et_pb_image_wrap\"><img loading=\"lazy\" decoding=\"async\" src=\"https:\/\/jmc-caravanes.com\/wp-content\/uploads\/2026\/02\/Logo-Elddis.jpg\" alt=\"Jmc Caravanes Logo Elddis\" title=\"Jmc Caravanes Logo Elddis\" width=\"210\" height=\"63\" srcset=\"https:\/\/jmc-caravanes.com\/wp-content\/uploads\/2026\/02\/Logo-Elddis.jpg 210w\" sizes=\"(max-width: 210px) 100vw, 210px\" class=\"wp-image-38\" \/><\/span>\n<div class=\"et_pb_module et_pb_button_module_wrapper et_pb_button_1_wrapper\"><a class=\"et_pb_button_1 et_pb_button et_pb_bg_layout_light et_pb_module et_flex_module\" href=\"\">17950 \u20ac<\/a><\/div>\n<\/div>\n\n<div class=\"et_pb_gallery_1 et_pb_gallery et_pb_bg_layout_light et_pb_gallery_grid et_pb_module\" data-auto-rotate=\"off\" data-auto-rotate-speed=\"\"><div class=\"et_pb_gallery_items et_post_gallery clearfix et_grid_module\" data-per_page=\"1\"><div class=\"et_pb_gallery_item et_pb_grid_item et_pb_gallery_item_1_0\"><div class=\"et_pb_gallery_image landscape\" data-per_page=\"1\"><a href=\"https:\/\/jmc-caravanes.com\/wp-content\/uploads\/2026\/02\/ELDDIS-AVANTE-550-1.webp\" title=\"ELDDIS-AVANTE 550\"><img loading=\"lazy\" decoding=\"async\" width=\"400\" height=\"284\" src=\"https:\/\/jmc-caravanes.com\/wp-content\/uploads\/2026\/02\/ELDDIS-AVANTE-550-1-400x284.webp\" alt=\"\" class=\"wp-image-295\" srcset=\"https:\/\/jmc-caravanes.com\/wp-content\/uploads\/2026\/02\/ELDDIS-AVANTE-550-1.webp 479w, https:\/\/jmc-caravanes.com\/wp-content\/uploads\/2026\/02\/ELDDIS-AVANTE-550-1-400x284.webp 480w\" sizes=\"(max-width:479px) 479px, 100vw\" \/><span class=\"et_overlay\" data-icon=\"\" data-icon-tablet=\"\" data-icon-phone=\"\"><\/span><\/a><\/div><\/div><div class=\"et_pb_gallery_item et_pb_grid_item et_pb_gallery_item_1_1\"><div class=\"et_pb_gallery_image landscape\" data-per_page=\"1\"><a href=\"https:\/\/jmc-caravanes.com\/wp-content\/uploads\/2026\/02\/ELDDIS-AVANTE-550_02-3.jpg\" title=\"SAMSUNG CAMERA PICTURES\"><img loading=\"lazy\" decoding=\"async\" width=\"400\" height=\"284\" src=\"https:\/\/jmc-caravanes.com\/wp-content\/uploads\/2026\/02\/ELDDIS-AVANTE-550_02-3-400x284.jpg\" alt=\"\" class=\"wp-image-296\" srcset=\"https:\/\/jmc-caravanes.com\/wp-content\/uploads\/2026\/02\/ELDDIS-AVANTE-550_02-3.jpg 479w, https:\/\/jmc-caravanes.com\/wp-content\/uploads\/2026\/02\/ELDDIS-AVANTE-550_02-3-400x284.jpg 480w\" sizes=\"(max-width:479px) 479px, 100vw\" \/><span class=\"et_overlay\" data-icon=\"\" data-icon-tablet=\"\" data-icon-phone=\"\"><\/span><\/a><\/div><\/div><div class=\"et_pb_gallery_item et_pb_grid_item et_pb_gallery_item_1_2\"><div class=\"et_pb_gallery_image landscape\" data-per_page=\"1\"><a href=\"https:\/\/jmc-caravanes.com\/wp-content\/uploads\/2026\/02\/ELDDIS-AVANTE-550_03-2.jpg\" title=\"SAMSUNG CAMERA PICTURES\"><img loading=\"lazy\" decoding=\"async\" width=\"400\" height=\"284\" src=\"https:\/\/jmc-caravanes.com\/wp-content\/uploads\/2026\/02\/ELDDIS-AVANTE-550_03-2-400x284.jpg\" alt=\"\" class=\"wp-image-297\" srcset=\"https:\/\/jmc-caravanes.com\/wp-content\/uploads\/2026\/02\/ELDDIS-AVANTE-550_03-2.jpg 479w, https:\/\/jmc-caravanes.com\/wp-content\/uploads\/2026\/02\/ELDDIS-AVANTE-550_03-2-400x284.jpg 480w\" sizes=\"(max-width:479px) 479px, 100vw\" \/><span class=\"et_overlay\" data-icon=\"\" data-icon-tablet=\"\" data-icon-phone=\"\"><\/span><\/a><\/div><\/div><div class=\"et_pb_gallery_item et_pb_grid_item et_pb_gallery_item_1_3\"><div class=\"et_pb_gallery_image landscape\" data-per_page=\"1\"><a href=\"https:\/\/jmc-caravanes.com\/wp-content\/uploads\/2026\/02\/ELDDIS-AVANTE-550_04-2.jpg\" title=\"SAMSUNG CAMERA PICTURES\"><img loading=\"lazy\" decoding=\"async\" width=\"400\" height=\"284\" src=\"https:\/\/jmc-caravanes.com\/wp-content\/uploads\/2026\/02\/ELDDIS-AVANTE-550_04-2-400x284.jpg\" alt=\"\" class=\"wp-image-298\" srcset=\"https:\/\/jmc-caravanes.com\/wp-content\/uploads\/2026\/02\/ELDDIS-AVANTE-550_04-2.jpg 479w, https:\/\/jmc-caravanes.com\/wp-content\/uploads\/2026\/02\/ELDDIS-AVANTE-550_04-2-400x284.jpg 480w\" sizes=\"(max-width:479px) 479px, 100vw\" \/><span class=\"et_overlay\" data-icon=\"\" data-icon-tablet=\"\" data-icon-phone=\"\"><\/span><\/a><\/div><\/div><div class=\"et_pb_gallery_item et_pb_grid_item et_pb_gallery_item_1_4\"><div class=\"et_pb_gallery_image landscape\" data-per_page=\"1\"><a href=\"https:\/\/jmc-caravanes.com\/wp-content\/uploads\/2026\/02\/ELDDIS-AVANTE-550_05-2.jpg\" title=\"SAMSUNG CAMERA PICTURES\"><img loading=\"lazy\" decoding=\"async\" width=\"400\" height=\"284\" src=\"https:\/\/jmc-caravanes.com\/wp-content\/uploads\/2026\/02\/ELDDIS-AVANTE-550_05-2-400x284.jpg\" alt=\"\" class=\"wp-image-299\" srcset=\"https:\/\/jmc-caravanes.com\/wp-content\/uploads\/2026\/02\/ELDDIS-AVANTE-550_05-2.jpg 479w, https:\/\/jmc-caravanes.com\/wp-content\/uploads\/2026\/02\/ELDDIS-AVANTE-550_05-2-400x284.jpg 480w\" sizes=\"(max-width:479px) 479px, 100vw\" \/><span class=\"et_overlay\" data-icon=\"\" data-icon-tablet=\"\" data-icon-phone=\"\"><\/span><\/a><\/div><\/div><div class=\"et_pb_gallery_item et_pb_grid_item et_pb_gallery_item_1_5\"><div class=\"et_pb_gallery_image landscape\" data-per_page=\"1\"><a href=\"https:\/\/jmc-caravanes.com\/wp-content\/uploads\/2026\/02\/ELDDIS-AVANTE-550_06-2.jpg\" title=\"SAMSUNG CAMERA PICTURES\"><img loading=\"lazy\" decoding=\"async\" width=\"400\" height=\"284\" src=\"https:\/\/jmc-caravanes.com\/wp-content\/uploads\/2026\/02\/ELDDIS-AVANTE-550_06-2-400x284.jpg\" alt=\"\" class=\"wp-image-300\" srcset=\"https:\/\/jmc-caravanes.com\/wp-content\/uploads\/2026\/02\/ELDDIS-AVANTE-550_06-2.jpg 479w, https:\/\/jmc-caravanes.com\/wp-content\/uploads\/2026\/02\/ELDDIS-AVANTE-550_06-2-400x284.jpg 480w\" sizes=\"(max-width:479px) 479px, 100vw\" \/><span class=\"et_overlay\" data-icon=\"\" data-icon-tablet=\"\" data-icon-phone=\"\"><\/span><\/a><\/div><\/div><div class=\"et_pb_gallery_item et_pb_grid_item et_pb_gallery_item_1_6\"><div class=\"et_pb_gallery_image landscape\" data-per_page=\"1\"><a href=\"https:\/\/jmc-caravanes.com\/wp-content\/uploads\/2026\/02\/ELDDIS-AVANTE-550_07-2.jpg\" title=\"SAMSUNG CAMERA PICTURES\"><img loading=\"lazy\" decoding=\"async\" width=\"400\" height=\"284\" src=\"https:\/\/jmc-caravanes.com\/wp-content\/uploads\/2026\/02\/ELDDIS-AVANTE-550_07-2-400x284.jpg\" alt=\"\" class=\"wp-image-301\" srcset=\"https:\/\/jmc-caravanes.com\/wp-content\/uploads\/2026\/02\/ELDDIS-AVANTE-550_07-2.jpg 479w, https:\/\/jmc-caravanes.com\/wp-content\/uploads\/2026\/02\/ELDDIS-AVANTE-550_07-2-400x284.jpg 480w\" sizes=\"(max-width:479px) 479px, 100vw\" \/><span class=\"et_overlay\" data-icon=\"\" data-icon-tablet=\"\" data-icon-phone=\"\"><\/span><\/a><\/div><\/div><div class=\"et_pb_gallery_item et_pb_grid_item et_pb_gallery_item_1_7\"><div class=\"et_pb_gallery_image landscape\" data-per_page=\"1\"><a href=\"https:\/\/jmc-caravanes.com\/wp-content\/uploads\/2026\/02\/ELDDIS-AVANTE-550_08-2.jpg\" title=\"SAMSUNG CAMERA PICTURES\"><img loading=\"lazy\" decoding=\"async\" width=\"400\" height=\"284\" src=\"https:\/\/jmc-caravanes.com\/wp-content\/uploads\/2026\/02\/ELDDIS-AVANTE-550_08-2-400x284.jpg\" alt=\"\" class=\"wp-image-302\" srcset=\"https:\/\/jmc-caravanes.com\/wp-content\/uploads\/2026\/02\/ELDDIS-AVANTE-550_08-2.jpg 479w, https:\/\/jmc-caravanes.com\/wp-content\/uploads\/2026\/02\/ELDDIS-AVANTE-550_08-2-400x284.jpg 480w\" sizes=\"(max-width:479px) 479px, 100vw\" \/><span class=\"et_overlay\" data-icon=\"\" data-icon-tablet=\"\" data-icon-phone=\"\"><\/span><\/a><\/div><\/div><div class=\"et_pb_gallery_item et_pb_grid_item et_pb_gallery_item_1_8\"><div class=\"et_pb_gallery_image landscape\" data-per_page=\"1\"><a href=\"https:\/\/jmc-caravanes.com\/wp-content\/uploads\/2026\/02\/ELDDIS-AVANTE-550_09-2.jpg\" title=\"SAMSUNG CAMERA PICTURES\"><img loading=\"lazy\" decoding=\"async\" width=\"400\" height=\"284\" src=\"https:\/\/jmc-caravanes.com\/wp-content\/uploads\/2026\/02\/ELDDIS-AVANTE-550_09-2-400x284.jpg\" alt=\"\" class=\"wp-image-303\" srcset=\"https:\/\/jmc-caravanes.com\/wp-content\/uploads\/2026\/02\/ELDDIS-AVANTE-550_09-2.jpg 479w, https:\/\/jmc-caravanes.com\/wp-content\/uploads\/2026\/02\/ELDDIS-AVANTE-550_09-2-400x284.jpg 480w\" sizes=\"(max-width:479px) 479px, 100vw\" \/><span class=\"et_overlay\" data-icon=\"\" data-icon-tablet=\"\" data-icon-phone=\"\"><\/span><\/a><\/div><\/div><div class=\"et_pb_gallery_item et_pb_grid_item et_pb_gallery_item_1_9\"><div class=\"et_pb_gallery_image landscape\" data-per_page=\"1\"><a href=\"https:\/\/jmc-caravanes.com\/wp-content\/uploads\/2026\/02\/ELDDIS-AVANTE-550_10-2.jpg\" title=\"SAMSUNG CAMERA PICTURES\"><img loading=\"lazy\" decoding=\"async\" width=\"400\" height=\"284\" src=\"https:\/\/jmc-caravanes.com\/wp-content\/uploads\/2026\/02\/ELDDIS-AVANTE-550_10-2-400x284.jpg\" alt=\"\" class=\"wp-image-304\" srcset=\"https:\/\/jmc-caravanes.com\/wp-content\/uploads\/2026\/02\/ELDDIS-AVANTE-550_10-2.jpg 479w, https:\/\/jmc-caravanes.com\/wp-content\/uploads\/2026\/02\/ELDDIS-AVANTE-550_10-2-400x284.jpg 480w\" sizes=\"(max-width:479px) 479px, 100vw\" \/><span class=\"et_overlay\" data-icon=\"\" data-icon-tablet=\"\" data-icon-phone=\"\"><\/span><\/a><\/div><\/div><div class=\"et_pb_gallery_item et_pb_grid_item et_pb_gallery_item_1_10\"><div class=\"et_pb_gallery_image landscape\" data-per_page=\"1\"><a href=\"https:\/\/jmc-caravanes.com\/wp-content\/uploads\/2026\/02\/ELDDIS-AVANTE-550_11-2.jpg\" title=\"SAMSUNG CAMERA PICTURES\"><img loading=\"lazy\" decoding=\"async\" width=\"400\" height=\"284\" src=\"https:\/\/jmc-caravanes.com\/wp-content\/uploads\/2026\/02\/ELDDIS-AVANTE-550_11-2-400x284.jpg\" alt=\"\" class=\"wp-image-305\" srcset=\"https:\/\/jmc-caravanes.com\/wp-content\/uploads\/2026\/02\/ELDDIS-AVANTE-550_11-2.jpg 479w, https:\/\/jmc-caravanes.com\/wp-content\/uploads\/2026\/02\/ELDDIS-AVANTE-550_11-2-400x284.jpg 480w\" sizes=\"(max-width:479px) 479px, 100vw\" \/><span class=\"et_overlay\" data-icon=\"\" data-icon-tablet=\"\" data-icon-phone=\"\"><\/span><\/a><\/div><\/div><div class=\"et_pb_gallery_item et_pb_grid_item et_pb_gallery_item_1_11\"><div class=\"et_pb_gallery_image landscape\" data-per_page=\"1\"><a href=\"https:\/\/jmc-caravanes.com\/wp-content\/uploads\/2026\/02\/ELDDIS-AVANTE-550_12-2.jpg\" title=\"SAMSUNG CAMERA PICTURES\"><img loading=\"lazy\" decoding=\"async\" width=\"400\" height=\"284\" src=\"https:\/\/jmc-caravanes.com\/wp-content\/uploads\/2026\/02\/ELDDIS-AVANTE-550_12-2-400x284.jpg\" alt=\"\" class=\"wp-image-306\" srcset=\"https:\/\/jmc-caravanes.com\/wp-content\/uploads\/2026\/02\/ELDDIS-AVANTE-550_12-2.jpg 479w, https:\/\/jmc-caravanes.com\/wp-content\/uploads\/2026\/02\/ELDDIS-AVANTE-550_12-2-400x284.jpg 480w\" sizes=\"(max-width:479px) 479px, 100vw\" \/><span class=\"et_overlay\" data-icon=\"\" data-icon-tablet=\"\" data-icon-phone=\"\"><\/span><\/a><\/div><\/div><div class=\"et_pb_gallery_item et_pb_grid_item et_pb_gallery_item_1_12\"><div class=\"et_pb_gallery_image landscape\" data-per_page=\"1\"><a href=\"https:\/\/jmc-caravanes.com\/wp-content\/uploads\/2026\/02\/ELDDIS-AVANTE-550_13-2.jpg\" title=\"SAMSUNG CAMERA PICTURES\"><img loading=\"lazy\" decoding=\"async\" width=\"400\" height=\"284\" src=\"https:\/\/jmc-caravanes.com\/wp-content\/uploads\/2026\/02\/ELDDIS-AVANTE-550_13-2-400x284.jpg\" alt=\"\" class=\"wp-image-307\" srcset=\"https:\/\/jmc-caravanes.com\/wp-content\/uploads\/2026\/02\/ELDDIS-AVANTE-550_13-2.jpg 479w, https:\/\/jmc-caravanes.com\/wp-content\/uploads\/2026\/02\/ELDDIS-AVANTE-550_13-2-400x284.jpg 480w\" sizes=\"(max-width:479px) 479px, 100vw\" \/><span class=\"et_overlay\" data-icon=\"\" data-icon-tablet=\"\" data-icon-phone=\"\"><\/span><\/a><\/div><\/div><div class=\"et_pb_gallery_item et_pb_grid_item et_pb_gallery_item_1_13\"><div class=\"et_pb_gallery_image landscape\" data-per_page=\"1\"><a href=\"https:\/\/jmc-caravanes.com\/wp-content\/uploads\/2026\/02\/ELDDIS-AVANTE-550_14-2.jpg\" title=\"SAMSUNG CAMERA PICTURES\"><img loading=\"lazy\" decoding=\"async\" width=\"400\" height=\"284\" src=\"https:\/\/jmc-caravanes.com\/wp-content\/uploads\/2026\/02\/ELDDIS-AVANTE-550_14-2-400x284.jpg\" alt=\"\" class=\"wp-image-308\" srcset=\"https:\/\/jmc-caravanes.com\/wp-content\/uploads\/2026\/02\/ELDDIS-AVANTE-550_14-2.jpg 479w, https:\/\/jmc-caravanes.com\/wp-content\/uploads\/2026\/02\/ELDDIS-AVANTE-550_14-2-400x284.jpg 480w\" sizes=\"(max-width:479px) 479px, 100vw\" \/><span class=\"et_overlay\" data-icon=\"\" data-icon-tablet=\"\" data-icon-phone=\"\"><\/span><\/a><\/div><\/div><div class=\"et_pb_gallery_item et_pb_grid_item et_pb_gallery_item_1_14\"><div class=\"et_pb_gallery_image landscape\" data-per_page=\"1\"><a href=\"https:\/\/jmc-caravanes.com\/wp-content\/uploads\/2026\/02\/ELDDIS-AVANTE-550_15-2.jpg\" title=\"SAMSUNG CAMERA PICTURES\"><img loading=\"lazy\" decoding=\"async\" width=\"400\" height=\"284\" src=\"https:\/\/jmc-caravanes.com\/wp-content\/uploads\/2026\/02\/ELDDIS-AVANTE-550_15-2-400x284.jpg\" alt=\"\" class=\"wp-image-309\" srcset=\"https:\/\/jmc-caravanes.com\/wp-content\/uploads\/2026\/02\/ELDDIS-AVANTE-550_15-2.jpg 479w, https:\/\/jmc-caravanes.com\/wp-content\/uploads\/2026\/02\/ELDDIS-AVANTE-550_15-2-400x284.jpg 480w\" sizes=\"(max-width:479px) 479px, 100vw\" \/><span class=\"et_overlay\" data-icon=\"\" data-icon-tablet=\"\" data-icon-phone=\"\"><\/span><\/a><\/div><\/div><div class=\"et_pb_gallery_item et_pb_grid_item et_pb_gallery_item_1_15\"><div class=\"et_pb_gallery_image landscape\" data-per_page=\"1\"><a href=\"https:\/\/jmc-caravanes.com\/wp-content\/uploads\/2026\/02\/ELDDIS-AVANTE-550_16-2.jpg\" title=\"SAMSUNG CAMERA PICTURES\"><img loading=\"lazy\" decoding=\"async\" width=\"400\" height=\"284\" src=\"https:\/\/jmc-caravanes.com\/wp-content\/uploads\/2026\/02\/ELDDIS-AVANTE-550_16-2-400x284.jpg\" alt=\"\" class=\"wp-image-310\" srcset=\"https:\/\/jmc-caravanes.com\/wp-content\/uploads\/2026\/02\/ELDDIS-AVANTE-550_16-2.jpg 479w, https:\/\/jmc-caravanes.com\/wp-content\/uploads\/2026\/02\/ELDDIS-AVANTE-550_16-2-400x284.jpg 480w\" sizes=\"(max-width:479px) 479px, 100vw\" \/><span class=\"et_overlay\" data-icon=\"\" data-icon-tablet=\"\" data-icon-phone=\"\"><\/span><\/a><\/div><\/div><div class=\"et_pb_gallery_item et_pb_grid_item et_pb_gallery_item_1_16\"><div class=\"et_pb_gallery_image landscape\" data-per_page=\"1\"><a href=\"https:\/\/jmc-caravanes.com\/wp-content\/uploads\/2026\/02\/ELDDIS-AVANTE-550_17-2.jpg\" title=\"SAMSUNG CAMERA PICTURES\"><img loading=\"lazy\" decoding=\"async\" width=\"400\" height=\"284\" src=\"https:\/\/jmc-caravanes.com\/wp-content\/uploads\/2026\/02\/ELDDIS-AVANTE-550_17-2-400x284.jpg\" alt=\"\" class=\"wp-image-311\" srcset=\"https:\/\/jmc-caravanes.com\/wp-content\/uploads\/2026\/02\/ELDDIS-AVANTE-550_17-2.jpg 479w, https:\/\/jmc-caravanes.com\/wp-content\/uploads\/2026\/02\/ELDDIS-AVANTE-550_17-2-400x284.jpg 480w\" sizes=\"(max-width:479px) 479px, 100vw\" \/><span class=\"et_overlay\" data-icon=\"\" data-icon-tablet=\"\" data-icon-phone=\"\"><\/span><\/a><\/div><\/div><div class=\"et_pb_gallery_item et_pb_grid_item et_pb_gallery_item_1_17\"><div class=\"et_pb_gallery_image landscape\" data-per_page=\"1\"><a href=\"https:\/\/jmc-caravanes.com\/wp-content\/uploads\/2026\/02\/ELDDIS-AVANTE-550_18-2.jpg\" title=\"SAMSUNG CAMERA PICTURES\"><img loading=\"lazy\" decoding=\"async\" width=\"400\" height=\"284\" src=\"https:\/\/jmc-caravanes.com\/wp-content\/uploads\/2026\/02\/ELDDIS-AVANTE-550_18-2-400x284.jpg\" alt=\"\" class=\"wp-image-312\" srcset=\"https:\/\/jmc-caravanes.com\/wp-content\/uploads\/2026\/02\/ELDDIS-AVANTE-550_18-2.jpg 479w, https:\/\/jmc-caravanes.com\/wp-content\/uploads\/2026\/02\/ELDDIS-AVANTE-550_18-2-400x284.jpg 480w\" sizes=\"(max-width:479px) 479px, 100vw\" \/><span class=\"et_overlay\" data-icon=\"\" data-icon-tablet=\"\" data-icon-phone=\"\"><\/span><\/a><\/div><\/div><div class=\"et_pb_gallery_item et_pb_grid_item et_pb_gallery_item_1_18\"><div class=\"et_pb_gallery_image landscape\" data-per_page=\"1\"><a href=\"https:\/\/jmc-caravanes.com\/wp-content\/uploads\/2026\/02\/ELDDIS-AVANTE-550_19-2.jpg\" title=\"SAMSUNG CAMERA PICTURES\"><img loading=\"lazy\" decoding=\"async\" width=\"400\" height=\"284\" src=\"https:\/\/jmc-caravanes.com\/wp-content\/uploads\/2026\/02\/ELDDIS-AVANTE-550_19-2-400x284.jpg\" alt=\"\" class=\"wp-image-313\" srcset=\"https:\/\/jmc-caravanes.com\/wp-content\/uploads\/2026\/02\/ELDDIS-AVANTE-550_19-2.jpg 479w, https:\/\/jmc-caravanes.com\/wp-content\/uploads\/2026\/02\/ELDDIS-AVANTE-550_19-2-400x284.jpg 480w\" sizes=\"(max-width:479px) 479px, 100vw\" \/><span class=\"et_overlay\" data-icon=\"\" data-icon-tablet=\"\" data-icon-phone=\"\"><\/span><\/a><\/div><\/div><div class=\"et_pb_gallery_item et_pb_grid_item et_pb_gallery_item_1_19\"><div class=\"et_pb_gallery_image landscape\" data-per_page=\"1\"><a href=\"https:\/\/jmc-caravanes.com\/wp-content\/uploads\/2026\/02\/ELDDIS-AVANTE-550_20.jpg\" title=\"SAMSUNG CAMERA PICTURES\"><img loading=\"lazy\" decoding=\"async\" width=\"400\" height=\"284\" src=\"https:\/\/jmc-caravanes.com\/wp-content\/uploads\/2026\/02\/ELDDIS-AVANTE-550_20-400x284.jpg\" alt=\"\" class=\"wp-image-314\" srcset=\"https:\/\/jmc-caravanes.com\/wp-content\/uploads\/2026\/02\/ELDDIS-AVANTE-550_20.jpg 479w, https:\/\/jmc-caravanes.com\/wp-content\/uploads\/2026\/02\/ELDDIS-AVANTE-550_20-400x284.jpg 480w\" sizes=\"(max-width:479px) 479px, 100vw\" \/><span class=\"et_overlay\" data-icon=\"\" data-icon-tablet=\"\" data-icon-phone=\"\"><\/span><\/a><\/div><\/div><div class=\"et_pb_gallery_item et_pb_grid_item et_pb_gallery_item_1_20\"><div class=\"et_pb_gallery_image landscape\" data-per_page=\"1\"><a href=\"https:\/\/jmc-caravanes.com\/wp-content\/uploads\/2026\/02\/ELDDIS-AVANTE-550_21.jpg\" title=\"SAMSUNG CAMERA PICTURES\"><img loading=\"lazy\" decoding=\"async\" width=\"400\" height=\"284\" src=\"https:\/\/jmc-caravanes.com\/wp-content\/uploads\/2026\/02\/ELDDIS-AVANTE-550_21-400x284.jpg\" alt=\"\" class=\"wp-image-315\" srcset=\"https:\/\/jmc-caravanes.com\/wp-content\/uploads\/2026\/02\/ELDDIS-AVANTE-550_21.jpg 479w, https:\/\/jmc-caravanes.com\/wp-content\/uploads\/2026\/02\/ELDDIS-AVANTE-550_21-400x284.jpg 480w\" sizes=\"(max-width:479px) 479px, 100vw\" \/><span class=\"et_overlay\" data-icon=\"\" data-icon-tablet=\"\" data-icon-phone=\"\"><\/span><\/a><\/div><\/div><div class=\"et_pb_gallery_item et_pb_grid_item et_pb_gallery_item_1_21\"><div class=\"et_pb_gallery_image landscape\" data-per_page=\"1\"><a href=\"https:\/\/jmc-caravanes.com\/wp-content\/uploads\/2026\/02\/ELDDIS-AVANTE-550_22.jpg\" title=\"SAMSUNG CAMERA PICTURES\"><img loading=\"lazy\" decoding=\"async\" width=\"400\" height=\"284\" src=\"https:\/\/jmc-caravanes.com\/wp-content\/uploads\/2026\/02\/ELDDIS-AVANTE-550_22-400x284.jpg\" alt=\"\" class=\"wp-image-316\" srcset=\"https:\/\/jmc-caravanes.com\/wp-content\/uploads\/2026\/02\/ELDDIS-AVANTE-550_22.jpg 479w, https:\/\/jmc-caravanes.com\/wp-content\/uploads\/2026\/02\/ELDDIS-AVANTE-550_22-400x284.jpg 480w\" sizes=\"(max-width:479px) 479px, 100vw\" \/><span class=\"et_overlay\" data-icon=\"\" data-icon-tablet=\"\" data-icon-phone=\"\"><\/span><\/a><\/div><\/div><\/div><div class=\"et_pb_gallery_pagination\"><\/div><\/div>\n<\/div><\/div>\n\n<div class=\"et_pb_blurb_2 et_pb_blurb et_pb_bg_layout_light et_pb_blurb_position_top et_pb_module et_flex_module\"><div class=\"et_pb_blurb_content et_flex_module\"><div class=\"et_pb_main_blurb_image\"><span class=\"et_pb_image_wrap et_pb_only_image_mode_wrap\"><img loading=\"lazy\" decoding=\"async\" src=\"https:\/\/jmc-caravanes.com\/wp-content\/uploads\/2026\/02\/images-1.jpg\" alt=\"Plan Swift challenger 650\" width=\"378\" height=\"133\" srcset=\"https:\/\/jmc-caravanes.com\/wp-content\/uploads\/2026\/02\/images-1.jpg 378w, https:\/\/jmc-caravanes.com\/wp-content\/uploads\/2026\/02\/images-1-300x106.jpg 300w\" sizes=\"(max-width: 378px) 100vw, 378px\" class=\"et_animated wp-image-387\" title=\"Plan Swift challenger 650\" \/><\/span><\/div><div class=\"et_pb_blurb_container\"><h4 class=\"et_pb_module_header\">SWIFT Challenger 650<\/h4><div class=\"et_pb_blurb_description\"><p>Ann\u00e9e 2022 (caravane sur commande)<\/p>\n<div class=\"vehicle-spec\">\n<div class=\"vehicle-spec__icon\"><img loading=\"lazy\" decoding=\"async\" src=\"https:\/\/s3-eu-west-1.amazonaws.com\/files.autopromotor\/datasheetimages\/Berth.svg\" width=\"28\" height=\"28\" \/><span>\u00a0<\/span>\u00a0<span dir=\"auto\">Couchette :<span>\u00a0<\/span><\/span><span dir=\"auto\">4<\/span><\/div>\n<\/div>\n<div class=\"vehicle-spec\">\n<div class=\"vehicle-spec__icon\"><img decoding=\"async\" src=\"https:\/\/s3-eu-west-1.amazonaws.com\/files.autopromotor\/datasheetimages\/MTPLM.svg\" \/><span>\u00a0<\/span>\u00a0<span dir=\"auto\">MTPLM :\u00a0<span>\u00a0<\/span><\/span><span dir=\"auto\">1704 kg<\/span><\/div>\n<div class=\"vehicle-spec__icon\"><span dir=\"auto\"><img decoding=\"async\" src=\"https:\/\/s3-eu-west-1.amazonaws.com\/files.autopromotor\/datasheetimages\/Weight.svg\" \/><span>\u00a0<\/span>\u00a0Poids \u00e0 vide :<span>\u00a0<\/span>1544 kg<\/span><\/div>\n<\/div>\n<div class=\"vehicle-spec\">\n<div class=\"vehicle-spec__icon\"><img decoding=\"async\" src=\"https:\/\/s3-eu-west-1.amazonaws.com\/files.autopromotor\/datasheetimages\/CaravanLength.svg\" \/>\u00a0 L<span dir=\"auto\">ongueur\u00a0 :<span>\u00a0<\/span><\/span><span dir=\"auto\">7980 mm<\/span><\/div>\n<\/div>\n<div class=\"vehicle-spec\">\n<div class=\"vehicle-spec__icon\"><img decoding=\"async\" src=\"https:\/\/s3-eu-west-1.amazonaws.com\/files.autopromotor\/datasheetimages\/CaravanWidth.svg\" \/><span>\u00a0<\/span>\u00a0<span dir=\"auto\">Largeur :<span>\u00a0<\/span><\/span><span dir=\"auto\">2230 mm<\/span><\/div>\n<\/div>\n<div class=\"vehicle-spec\">\n<div class=\"vehicle-spec__icon\"><\/div>\n<\/div>\n<\/div><\/div>\n<div class=\"et_pb_image_2 et_pb_image et_flex_column_24_24 et_pb_module et_flex_module\"><span class=\"et_pb_image_wrap\"><img loading=\"lazy\" decoding=\"async\" src=\"https:\/\/jmc-caravanes.com\/wp-content\/uploads\/2026\/02\/JMCPlan-de-travail-5.png\" alt=\"Jmc Caravanes Swift\" title=\"Jmc Caravanes Swift\" width=\"161\" height=\"114\" srcset=\"https:\/\/jmc-caravanes.com\/wp-content\/uploads\/2026\/02\/JMCPlan-de-travail-5.png 161w\" sizes=\"(max-width: 161px) 100vw, 161px\" class=\"wp-image-288\" \/><\/span>\n<div class=\"et_pb_module et_pb_button_module_wrapper et_pb_button_2_wrapper\"><a class=\"et_pb_button_2 et_pb_button et_pb_bg_layout_light et_pb_module et_flex_module\" href=\"\">37100 \u20ac<\/a><\/div>\n<\/div>\n\n<div class=\"et_pb_gallery_2 et_pb_gallery et_pb_bg_layout_light et_pb_gallery_grid et_pb_module\" data-auto-rotate=\"off\" data-auto-rotate-speed=\"\"><div class=\"et_pb_gallery_items et_post_gallery clearfix et_grid_module\" data-per_page=\"1\"><div class=\"et_pb_gallery_item et_pb_grid_item et_pb_gallery_item_2_0\"><div class=\"et_pb_gallery_image landscape\" data-per_page=\"1\"><a href=\"https:\/\/jmc-caravanes.com\/wp-content\/uploads\/2026\/03\/reserveePlan-de-travail-1.jpg\" title=\"JMC CARAVANE R\u00e9serv\u00e9e\"><img loading=\"lazy\" decoding=\"async\" width=\"400\" height=\"284\" src=\"https:\/\/jmc-caravanes.com\/wp-content\/uploads\/2026\/03\/reserveePlan-de-travail-1-400x284.jpg\" alt=\"JMC CARAVANE R\u00e9serv\u00e9e\" class=\"wp-image-943\" srcset=\"https:\/\/jmc-caravanes.com\/wp-content\/uploads\/2026\/03\/reserveePlan-de-travail-1.jpg 479w, https:\/\/jmc-caravanes.com\/wp-content\/uploads\/2026\/03\/reserveePlan-de-travail-1-400x284.jpg 480w\" sizes=\"(max-width:479px) 479px, 100vw\" \/><span class=\"et_overlay\" data-icon=\"\" data-icon-tablet=\"\" data-icon-phone=\"\"><\/span><\/a><\/div><\/div><div class=\"et_pb_gallery_item et_pb_grid_item et_pb_gallery_item_2_1\"><div class=\"et_pb_gallery_image landscape\" data-per_page=\"1\"><a href=\"https:\/\/jmc-caravanes.com\/wp-content\/uploads\/2026\/02\/SWIFT-CHALLENGER-650-11.jpeg\" title=\"SWIFT CHALLENGER 650 (11)\"><img loading=\"lazy\" decoding=\"async\" width=\"400\" height=\"284\" src=\"https:\/\/jmc-caravanes.com\/wp-content\/uploads\/2026\/02\/SWIFT-CHALLENGER-650-11-400x284.jpeg\" alt=\"\" class=\"wp-image-384\" srcset=\"https:\/\/jmc-caravanes.com\/wp-content\/uploads\/2026\/02\/SWIFT-CHALLENGER-650-11.jpeg 479w, https:\/\/jmc-caravanes.com\/wp-content\/uploads\/2026\/02\/SWIFT-CHALLENGER-650-11-400x284.jpeg 480w\" sizes=\"(max-width:479px) 479px, 100vw\" \/><span class=\"et_overlay\" data-icon=\"\" data-icon-tablet=\"\" data-icon-phone=\"\"><\/span><\/a><\/div><\/div><div class=\"et_pb_gallery_item et_pb_grid_item et_pb_gallery_item_2_2\"><div class=\"et_pb_gallery_image landscape\" data-per_page=\"1\"><a href=\"https:\/\/jmc-caravanes.com\/wp-content\/uploads\/2026\/02\/SWIFT-CHALLENGER-650-5.jpeg\" title=\"SWIFT CHALLENGER 650 (5)\"><img loading=\"lazy\" decoding=\"async\" width=\"400\" height=\"284\" src=\"https:\/\/jmc-caravanes.com\/wp-content\/uploads\/2026\/02\/SWIFT-CHALLENGER-650-5-400x284.jpeg\" alt=\"\" class=\"wp-image-378\" srcset=\"https:\/\/jmc-caravanes.com\/wp-content\/uploads\/2026\/02\/SWIFT-CHALLENGER-650-5.jpeg 479w, https:\/\/jmc-caravanes.com\/wp-content\/uploads\/2026\/02\/SWIFT-CHALLENGER-650-5-400x284.jpeg 480w\" sizes=\"(max-width:479px) 479px, 100vw\" \/><span class=\"et_overlay\" data-icon=\"\" data-icon-tablet=\"\" data-icon-phone=\"\"><\/span><\/a><\/div><\/div><div class=\"et_pb_gallery_item et_pb_grid_item et_pb_gallery_item_2_3\"><div class=\"et_pb_gallery_image landscape\" data-per_page=\"1\"><a href=\"https:\/\/jmc-caravanes.com\/wp-content\/uploads\/2026\/02\/SWIFT-CHALLENGER-650-7.jpeg\" title=\"SWIFT CHALLENGER 650 (7)\"><img loading=\"lazy\" decoding=\"async\" width=\"400\" height=\"284\" src=\"https:\/\/jmc-caravanes.com\/wp-content\/uploads\/2026\/02\/SWIFT-CHALLENGER-650-7-400x284.jpeg\" alt=\"\" class=\"wp-image-380\" srcset=\"https:\/\/jmc-caravanes.com\/wp-content\/uploads\/2026\/02\/SWIFT-CHALLENGER-650-7.jpeg 479w, https:\/\/jmc-caravanes.com\/wp-content\/uploads\/2026\/02\/SWIFT-CHALLENGER-650-7-400x284.jpeg 480w\" sizes=\"(max-width:479px) 479px, 100vw\" \/><span class=\"et_overlay\" data-icon=\"\" data-icon-tablet=\"\" data-icon-phone=\"\"><\/span><\/a><\/div><\/div><div class=\"et_pb_gallery_item et_pb_grid_item et_pb_gallery_item_2_4\"><div class=\"et_pb_gallery_image landscape\" data-per_page=\"1\"><a href=\"https:\/\/jmc-caravanes.com\/wp-content\/uploads\/2026\/02\/SWIFT-CHALLENGER-650-1.jpeg\" title=\"SWIFT CHALLENGER 650 (1)\"><img loading=\"lazy\" decoding=\"async\" width=\"400\" height=\"284\" src=\"https:\/\/jmc-caravanes.com\/wp-content\/uploads\/2026\/02\/SWIFT-CHALLENGER-650-1-400x284.jpeg\" alt=\"\" class=\"wp-image-374\" srcset=\"https:\/\/jmc-caravanes.com\/wp-content\/uploads\/2026\/02\/SWIFT-CHALLENGER-650-1.jpeg 479w, https:\/\/jmc-caravanes.com\/wp-content\/uploads\/2026\/02\/SWIFT-CHALLENGER-650-1-400x284.jpeg 480w\" sizes=\"(max-width:479px) 479px, 100vw\" \/><span class=\"et_overlay\" data-icon=\"\" data-icon-tablet=\"\" data-icon-phone=\"\"><\/span><\/a><\/div><\/div><div class=\"et_pb_gallery_item et_pb_grid_item et_pb_gallery_item_2_5\"><div class=\"et_pb_gallery_image landscape\" data-per_page=\"1\"><a href=\"https:\/\/jmc-caravanes.com\/wp-content\/uploads\/2026\/02\/SWIFT-CHALLENGER-650-2.jpeg\" title=\"SWIFT CHALLENGER 650 (2)\"><img loading=\"lazy\" decoding=\"async\" width=\"400\" height=\"284\" src=\"https:\/\/jmc-caravanes.com\/wp-content\/uploads\/2026\/02\/SWIFT-CHALLENGER-650-2-400x284.jpeg\" alt=\"\" class=\"wp-image-375\" srcset=\"https:\/\/jmc-caravanes.com\/wp-content\/uploads\/2026\/02\/SWIFT-CHALLENGER-650-2.jpeg 479w, https:\/\/jmc-caravanes.com\/wp-content\/uploads\/2026\/02\/SWIFT-CHALLENGER-650-2-400x284.jpeg 480w\" sizes=\"(max-width:479px) 479px, 100vw\" \/><span class=\"et_overlay\" data-icon=\"\" data-icon-tablet=\"\" data-icon-phone=\"\"><\/span><\/a><\/div><\/div><div class=\"et_pb_gallery_item et_pb_grid_item et_pb_gallery_item_2_6\"><div class=\"et_pb_gallery_image landscape\" data-per_page=\"1\"><a href=\"https:\/\/jmc-caravanes.com\/wp-content\/uploads\/2026\/02\/SWIFT-CHALLENGER-650-3.jpeg\" title=\"SWIFT CHALLENGER 650 (3)\"><img loading=\"lazy\" decoding=\"async\" width=\"400\" height=\"284\" src=\"https:\/\/jmc-caravanes.com\/wp-content\/uploads\/2026\/02\/SWIFT-CHALLENGER-650-3-400x284.jpeg\" alt=\"\" class=\"wp-image-376\" srcset=\"https:\/\/jmc-caravanes.com\/wp-content\/uploads\/2026\/02\/SWIFT-CHALLENGER-650-3.jpeg 479w, https:\/\/jmc-caravanes.com\/wp-content\/uploads\/2026\/02\/SWIFT-CHALLENGER-650-3-400x284.jpeg 480w\" sizes=\"(max-width:479px) 479px, 100vw\" \/><span class=\"et_overlay\" data-icon=\"\" data-icon-tablet=\"\" data-icon-phone=\"\"><\/span><\/a><\/div><\/div><div class=\"et_pb_gallery_item et_pb_grid_item et_pb_gallery_item_2_7\"><div class=\"et_pb_gallery_image landscape\" data-per_page=\"1\"><a href=\"https:\/\/jmc-caravanes.com\/wp-content\/uploads\/2026\/02\/SWIFT-CHALLENGER-650-4.jpeg\" title=\"SWIFT CHALLENGER 650 (4)\"><img loading=\"lazy\" decoding=\"async\" width=\"400\" height=\"284\" src=\"https:\/\/jmc-caravanes.com\/wp-content\/uploads\/2026\/02\/SWIFT-CHALLENGER-650-4-400x284.jpeg\" alt=\"\" class=\"wp-image-377\" srcset=\"https:\/\/jmc-caravanes.com\/wp-content\/uploads\/2026\/02\/SWIFT-CHALLENGER-650-4.jpeg 479w, https:\/\/jmc-caravanes.com\/wp-content\/uploads\/2026\/02\/SWIFT-CHALLENGER-650-4-400x284.jpeg 480w\" sizes=\"(max-width:479px) 479px, 100vw\" \/><span class=\"et_overlay\" data-icon=\"\" data-icon-tablet=\"\" data-icon-phone=\"\"><\/span><\/a><\/div><\/div><div class=\"et_pb_gallery_item et_pb_grid_item et_pb_gallery_item_2_8\"><div class=\"et_pb_gallery_image landscape\" data-per_page=\"1\"><a href=\"https:\/\/jmc-caravanes.com\/wp-content\/uploads\/2026\/02\/SWIFT-CHALLENGER-650-6.jpeg\" title=\"SWIFT CHALLENGER 650 (6)\"><img loading=\"lazy\" decoding=\"async\" width=\"400\" height=\"284\" src=\"https:\/\/jmc-caravanes.com\/wp-content\/uploads\/2026\/02\/SWIFT-CHALLENGER-650-6-400x284.jpeg\" alt=\"\" class=\"wp-image-379\" srcset=\"https:\/\/jmc-caravanes.com\/wp-content\/uploads\/2026\/02\/SWIFT-CHALLENGER-650-6.jpeg 479w, https:\/\/jmc-caravanes.com\/wp-content\/uploads\/2026\/02\/SWIFT-CHALLENGER-650-6-400x284.jpeg 480w\" sizes=\"(max-width:479px) 479px, 100vw\" \/><span class=\"et_overlay\" data-icon=\"\" data-icon-tablet=\"\" data-icon-phone=\"\"><\/span><\/a><\/div><\/div><div class=\"et_pb_gallery_item et_pb_grid_item et_pb_gallery_item_2_9\"><div class=\"et_pb_gallery_image landscape\" data-per_page=\"1\"><a href=\"https:\/\/jmc-caravanes.com\/wp-content\/uploads\/2026\/02\/SWIFT-CHALLENGER-650-8.jpeg\" title=\"SWIFT CHALLENGER 650 (8)\"><img loading=\"lazy\" decoding=\"async\" width=\"400\" height=\"284\" src=\"https:\/\/jmc-caravanes.com\/wp-content\/uploads\/2026\/02\/SWIFT-CHALLENGER-650-8-400x284.jpeg\" alt=\"\" class=\"wp-image-381\" srcset=\"https:\/\/jmc-caravanes.com\/wp-content\/uploads\/2026\/02\/SWIFT-CHALLENGER-650-8.jpeg 479w, https:\/\/jmc-caravanes.com\/wp-content\/uploads\/2026\/02\/SWIFT-CHALLENGER-650-8-400x284.jpeg 480w\" sizes=\"(max-width:479px) 479px, 100vw\" \/><span class=\"et_overlay\" data-icon=\"\" data-icon-tablet=\"\" data-icon-phone=\"\"><\/span><\/a><\/div><\/div><div class=\"et_pb_gallery_item et_pb_grid_item et_pb_gallery_item_2_10\"><div class=\"et_pb_gallery_image landscape\" data-per_page=\"1\"><a href=\"https:\/\/jmc-caravanes.com\/wp-content\/uploads\/2026\/02\/SWIFT-CHALLENGER-650-9.jpeg\" title=\"SWIFT CHALLENGER 650 (9)\"><img loading=\"lazy\" decoding=\"async\" width=\"400\" height=\"284\" src=\"https:\/\/jmc-caravanes.com\/wp-content\/uploads\/2026\/02\/SWIFT-CHALLENGER-650-9-400x284.jpeg\" alt=\"\" class=\"wp-image-382\" srcset=\"https:\/\/jmc-caravanes.com\/wp-content\/uploads\/2026\/02\/SWIFT-CHALLENGER-650-9.jpeg 479w, https:\/\/jmc-caravanes.com\/wp-content\/uploads\/2026\/02\/SWIFT-CHALLENGER-650-9-400x284.jpeg 480w\" sizes=\"(max-width:479px) 479px, 100vw\" \/><span class=\"et_overlay\" data-icon=\"\" data-icon-tablet=\"\" data-icon-phone=\"\"><\/span><\/a><\/div><\/div><div class=\"et_pb_gallery_item et_pb_grid_item et_pb_gallery_item_2_11\"><div class=\"et_pb_gallery_image landscape\" data-per_page=\"1\"><a href=\"https:\/\/jmc-caravanes.com\/wp-content\/uploads\/2026\/02\/SWIFT-CHALLENGER-650-10.jpeg\" title=\"SWIFT CHALLENGER 650 (10)\"><img loading=\"lazy\" decoding=\"async\" width=\"400\" height=\"284\" src=\"https:\/\/jmc-caravanes.com\/wp-content\/uploads\/2026\/02\/SWIFT-CHALLENGER-650-10-400x284.jpeg\" alt=\"\" class=\"wp-image-383\" srcset=\"https:\/\/jmc-caravanes.com\/wp-content\/uploads\/2026\/02\/SWIFT-CHALLENGER-650-10.jpeg 479w, https:\/\/jmc-caravanes.com\/wp-content\/uploads\/2026\/02\/SWIFT-CHALLENGER-650-10-400x284.jpeg 480w\" sizes=\"(max-width:479px) 479px, 100vw\" \/><span class=\"et_overlay\" data-icon=\"\" data-icon-tablet=\"\" data-icon-phone=\"\"><\/span><\/a><\/div><\/div><div class=\"et_pb_gallery_item et_pb_grid_item et_pb_gallery_item_2_12\"><div class=\"et_pb_gallery_image landscape\" data-per_page=\"1\"><a href=\"https:\/\/jmc-caravanes.com\/wp-content\/uploads\/2026\/02\/SWIFT-CHALLENGER-650-12.jpeg\" title=\"SWIFT CHALLENGER 650 (12)\"><img loading=\"lazy\" decoding=\"async\" width=\"400\" height=\"284\" src=\"https:\/\/jmc-caravanes.com\/wp-content\/uploads\/2026\/02\/SWIFT-CHALLENGER-650-12-400x284.jpeg\" alt=\"\" class=\"wp-image-385\" srcset=\"https:\/\/jmc-caravanes.com\/wp-content\/uploads\/2026\/02\/SWIFT-CHALLENGER-650-12.jpeg 479w, https:\/\/jmc-caravanes.com\/wp-content\/uploads\/2026\/02\/SWIFT-CHALLENGER-650-12-400x284.jpeg 480w\" sizes=\"(max-width:479px) 479px, 100vw\" \/><span class=\"et_overlay\" data-icon=\"\" data-icon-tablet=\"\" data-icon-phone=\"\"><\/span><\/a><\/div><\/div><div class=\"et_pb_gallery_item et_pb_grid_item et_pb_gallery_item_2_13\"><div class=\"et_pb_gallery_image landscape\" data-per_page=\"1\"><a href=\"https:\/\/jmc-caravanes.com\/wp-content\/uploads\/2026\/02\/SWIFT-CHALLENGER-650-13.jpeg\" title=\"SWIFT CHALLENGER 650 (13)\"><img loading=\"lazy\" decoding=\"async\" width=\"400\" height=\"284\" src=\"https:\/\/jmc-caravanes.com\/wp-content\/uploads\/2026\/02\/SWIFT-CHALLENGER-650-13-400x284.jpeg\" alt=\"\" class=\"wp-image-386\" srcset=\"https:\/\/jmc-caravanes.com\/wp-content\/uploads\/2026\/02\/SWIFT-CHALLENGER-650-13.jpeg 479w, https:\/\/jmc-caravanes.com\/wp-content\/uploads\/2026\/02\/SWIFT-CHALLENGER-650-13-400x284.jpeg 480w\" sizes=\"(max-width:479px) 479px, 100vw\" \/><span class=\"et_overlay\" data-icon=\"\" data-icon-tablet=\"\" data-icon-phone=\"\"><\/span><\/a><\/div><\/div><\/div><div class=\"et_pb_gallery_pagination\"><\/div><\/div>\n<\/div><\/div>\n\n<div class=\"et_pb_blurb_3 et_pb_blurb et_pb_bg_layout_light et_pb_blurb_position_top et_pb_module et_flex_module\"><div class=\"et_pb_blurb_content et_flex_module\"><div class=\"et_pb_main_blurb_image\"><span class=\"et_pb_image_wrap et_pb_only_image_mode_wrap\"><img loading=\"lazy\" decoding=\"async\" src=\"https:\/\/jmc-caravanes.com\/wp-content\/uploads\/2026\/03\/COACHMAN-WANDERER-LUX-19-4-plan.jpeg\" alt=\"COACHMAN WANDERER LUX 19-4 JMC CARAVANE\" width=\"556\" height=\"274\" srcset=\"https:\/\/jmc-caravanes.com\/wp-content\/uploads\/2026\/03\/COACHMAN-WANDERER-LUX-19-4-plan.jpeg 556w, https:\/\/jmc-caravanes.com\/wp-content\/uploads\/2026\/03\/COACHMAN-WANDERER-LUX-19-4-plan-480x237.jpeg 480w\" sizes=\"(min-width: 0px) and (max-width: 480px) 480px, (min-width: 481px) 556px, 100vw\" class=\"et_animated wp-image-748\" title=\"COACHMAN WANDERER LUX 19-4 plan\" \/><\/span><\/div><div class=\"et_pb_blurb_container\"><h4 class=\"et_pb_module_header\">COACHMAN WANDERER LUX 19-4<\/h4><div class=\"et_pb_blurb_description\"><p><span dir=\"auto\" style=\"vertical-align: inherit;\"><span dir=\"auto\" style=\"vertical-align: inherit;\"><span dir=\"auto\" style=\"vertical-align: inherit;\"><span dir=\"auto\" style=\"vertical-align: inherit;\"><span dir=\"auto\" style=\"vertical-align: inherit;\"><span dir=\"auto\" style=\"vertical-align: inherit;\"><span dir=\"auto\" style=\"vertical-align: inherit;\"><span dir=\"auto\" style=\"vertical-align: inherit;\">Ann\u00e9e 2016 (caravane sur commande)<\/span><\/span><\/span><\/span><\/span><\/span><\/span><\/span><\/p>\n<div class=\"vehicle-spec\">\n<div class=\"vehicle-spec__icon\"><img loading=\"lazy\" decoding=\"async\" src=\"https:\/\/s3-eu-west-1.amazonaws.com\/files.autopromotor\/datasheetimages\/Berth.svg\" width=\"28\" height=\"28\" \/><span>\u00a0<\/span>\u00a0<span dir=\"auto\"><span dir=\"auto\" style=\"vertical-align: inherit;\"><span dir=\"auto\" style=\"vertical-align: inherit;\"><span dir=\"auto\" style=\"vertical-align: inherit;\"><span dir=\"auto\" style=\"vertical-align: inherit;\"><span dir=\"auto\" style=\"vertical-align: inherit;\"><span dir=\"auto\" style=\"vertical-align: inherit;\"><span dir=\"auto\" style=\"vertical-align: inherit;\"><span dir=\"auto\" style=\"vertical-align: inherit;\">Couchette : <\/span><\/span><\/span><\/span><\/span><\/span><\/span><\/span><span>\u00a0<\/span><\/span><span dir=\"auto\"><span dir=\"auto\" style=\"vertical-align: inherit;\"><span dir=\"auto\" style=\"vertical-align: inherit;\"><span dir=\"auto\" style=\"vertical-align: inherit;\"><span dir=\"auto\" style=\"vertical-align: inherit;\"><span dir=\"auto\" style=\"vertical-align: inherit;\"><span dir=\"auto\" style=\"vertical-align: inherit;\"><span dir=\"auto\" style=\"vertical-align: inherit;\"><span dir=\"auto\" style=\"vertical-align: inherit;\">4<\/span><\/span><\/span><\/span><\/span><\/span><\/span><\/span><\/span><\/div>\n<\/div>\n<div class=\"vehicle-spec\">\n<div class=\"vehicle-spec__icon\"><img decoding=\"async\" src=\"https:\/\/s3-eu-west-1.amazonaws.com\/files.autopromotor\/datasheetimages\/MTPLM.svg\" \/><span>\u00a0<\/span>\u00a0<span dir=\"auto\"><span dir=\"auto\" style=\"vertical-align: inherit;\"><span dir=\"auto\" style=\"vertical-align: inherit;\"><span dir=\"auto\" style=\"vertical-align: inherit;\"><span dir=\"auto\" style=\"vertical-align: inherit;\"><span dir=\"auto\" style=\"vertical-align: inherit;\"><span dir=\"auto\" style=\"vertical-align: inherit;\"><span dir=\"auto\" style=\"vertical-align: inherit;\"><span dir=\"auto\" style=\"vertical-align: inherit;\">PTAC :\u00a0 <\/span><\/span><\/span><\/span><\/span><\/span><\/span><\/span><span>\u00a0<\/span><\/span><span dir=\"auto\"><span dir=\"auto\" style=\"vertical-align: inherit;\"><span dir=\"auto\" style=\"vertical-align: inherit;\"><span dir=\"auto\" style=\"vertical-align: inherit;\"><span dir=\"auto\" style=\"vertical-align: inherit;\"><span dir=\"auto\" style=\"vertical-align: inherit;\"><span dir=\"auto\" style=\"vertical-align: inherit;\"><span dir=\"auto\" style=\"vertical-align: inherit;\"><span dir=\"auto\" style=\"vertical-align: inherit;\">1475 kg<\/span><\/span><\/span><\/span><\/span><\/span><\/span><\/span><\/span><\/div>\n<div class=\"vehicle-spec__icon\"><span dir=\"auto\"><img decoding=\"async\" src=\"https:\/\/s3-eu-west-1.amazonaws.com\/files.autopromotor\/datasheetimages\/Weight.svg\" \/><span>\u00a0<\/span><span dir=\"auto\" style=\"vertical-align: inherit;\"><span dir=\"auto\" style=\"vertical-align: inherit;\"><span dir=\"auto\" style=\"vertical-align: inherit;\"><span dir=\"auto\" style=\"vertical-align: inherit;\"><span dir=\"auto\" style=\"vertical-align: inherit;\"><span dir=\"auto\" style=\"vertical-align: inherit;\"><span dir=\"auto\" style=\"vertical-align: inherit;\"><span dir=\"auto\" style=\"vertical-align: inherit;\">\u00a0Poids \u00e0 vide : <\/span><\/span><\/span><\/span><\/span><\/span><\/span><\/span><span dir=\"auto\" style=\"vertical-align: inherit;\"><span dir=\"auto\" style=\"vertical-align: inherit;\"><span dir=\"auto\" style=\"vertical-align: inherit;\"><span dir=\"auto\" style=\"vertical-align: inherit;\"><span dir=\"auto\" style=\"vertical-align: inherit;\"><span dir=\"auto\" style=\"vertical-align: inherit;\"><span dir=\"auto\" style=\"vertical-align: inherit;\"><span dir=\"auto\" style=\"vertical-align: inherit;\">1322 kg<\/span><\/span><\/span><\/span><\/span><\/span><\/span><\/span><span>\u00a0<\/span><span dir=\"auto\" style=\"vertical-align: inherit;\"><span dir=\"auto\" style=\"vertical-align: inherit;\"><span dir=\"auto\" style=\"vertical-align: inherit;\"><\/span><\/span><\/span><\/span><\/div>\n<\/div>\n<div class=\"vehicle-spec\">\n<div class=\"vehicle-spec__icon\"><img decoding=\"async\" src=\"https:\/\/s3-eu-west-1.amazonaws.com\/files.autopromotor\/datasheetimages\/CaravanLength.svg\" \/><span dir=\"auto\" style=\"vertical-align: inherit;\"><span dir=\"auto\" style=\"vertical-align: inherit;\"><span dir=\"auto\" style=\"vertical-align: inherit;\"><span dir=\"auto\" style=\"vertical-align: inherit;\"><span dir=\"auto\" style=\"vertical-align: inherit;\"><span dir=\"auto\" style=\"vertical-align: inherit;\"><span dir=\"auto\" style=\"vertical-align: inherit;\"><span dir=\"auto\" style=\"vertical-align: inherit;\">\u00a0 Longueur <\/span><\/span><\/span><\/span><\/span><\/span><\/span><\/span><span dir=\"auto\"><span dir=\"auto\" style=\"vertical-align: inherit;\"><span dir=\"auto\" style=\"vertical-align: inherit;\"><span dir=\"auto\" style=\"vertical-align: inherit;\"><span dir=\"auto\" style=\"vertical-align: inherit;\"><span dir=\"auto\" style=\"vertical-align: inherit;\"><span dir=\"auto\" style=\"vertical-align: inherit;\"><span dir=\"auto\" style=\"vertical-align: inherit;\"><span dir=\"auto\" style=\"vertical-align: inherit;\">: <\/span><\/span><\/span><\/span><\/span><\/span><\/span><\/span><span>\u00a0<\/span><\/span><span dir=\"auto\"><span dir=\"auto\" style=\"vertical-align: inherit;\"><span dir=\"auto\" style=\"vertical-align: inherit;\"><span dir=\"auto\" style=\"vertical-align: inherit;\"><span dir=\"auto\" style=\"vertical-align: inherit;\"><span dir=\"auto\" style=\"vertical-align: inherit;\"><span dir=\"auto\" style=\"vertical-align: inherit;\"><span dir=\"auto\" style=\"vertical-align: inherit;\"><span dir=\"auto\" style=\"vertical-align: inherit;\">7280 mm<\/span><\/span><\/span><\/span><\/span><\/span><\/span><\/span><\/span><\/div>\n<\/div>\n<div class=\"vehicle-spec\">\n<div class=\"vehicle-spec__icon\"><img decoding=\"async\" src=\"https:\/\/s3-eu-west-1.amazonaws.com\/files.autopromotor\/datasheetimages\/CaravanWidth.svg\" \/><span>\u00a0<\/span>\u00a0<span dir=\"auto\"><span dir=\"auto\" style=\"vertical-align: inherit;\"><span dir=\"auto\" style=\"vertical-align: inherit;\"><span dir=\"auto\" style=\"vertical-align: inherit;\"><span dir=\"auto\" style=\"vertical-align: inherit;\"><span dir=\"auto\" style=\"vertical-align: inherit;\"><span dir=\"auto\" style=\"vertical-align: inherit;\"><span dir=\"auto\" style=\"vertical-align: inherit;\"><span dir=\"auto\" style=\"vertical-align: inherit;\">Largeur : <\/span><\/span><\/span><\/span><\/span><\/span><\/span><\/span><span>\u00a0<\/span><\/span><span dir=\"auto\"><span dir=\"auto\" style=\"vertical-align: inherit;\"><span dir=\"auto\" style=\"vertical-align: inherit;\"><span dir=\"auto\" style=\"vertical-align: inherit;\"><span dir=\"auto\" style=\"vertical-align: inherit;\"><span dir=\"auto\" style=\"vertical-align: inherit;\"><span dir=\"auto\" style=\"vertical-align: inherit;\"><span dir=\"auto\" style=\"vertical-align: inherit;\"><span dir=\"auto\" style=\"vertical-align: inherit;\">2260 mm<\/span><\/span><\/span><\/span><\/span><\/span><\/span><\/span><\/span><\/div>\n<\/div>\n<div class=\"vehicle-spec\">\n<div class=\"vehicle-spec__icon\"><\/div>\n<\/div>\n<\/div><\/div>\n<div class=\"et_pb_image_3 et_pb_image et_flex_column_24_24 et_pb_module et_flex_module\"><span class=\"et_pb_image_wrap\"><img loading=\"lazy\" decoding=\"async\" src=\"https:\/\/jmc-caravanes.com\/wp-content\/uploads\/2026\/03\/Coachman-logo.png\" alt=\"COACHMAN JMC CARAVANE\" title=\"Coachman logo\" width=\"200\" height=\"200\" srcset=\"https:\/\/jmc-caravanes.com\/wp-content\/uploads\/2026\/03\/Coachman-logo.png 200w, https:\/\/jmc-caravanes.com\/wp-content\/uploads\/2026\/03\/Coachman-logo-150x150.png 150w\" sizes=\"(max-width: 200px) 100vw, 200px\" class=\"wp-image-769\" \/><\/span>\n<div class=\"et_pb_module et_pb_button_module_wrapper et_pb_button_3_wrapper\"><a class=\"et_pb_button_3 et_pb_button et_pb_bg_layout_light et_pb_module et_flex_module\" href=\"\">26200 \u20ac<\/a><\/div>\n<\/div>\n\n<div class=\"et_pb_gallery_3 et_pb_gallery et_pb_bg_layout_light et_pb_gallery_grid et_pb_module\" data-auto-rotate=\"off\" data-auto-rotate-speed=\"\"><div class=\"et_pb_gallery_items et_post_gallery clearfix et_grid_module\" data-per_page=\"1\"><div class=\"et_pb_gallery_item et_pb_grid_item et_pb_gallery_item_3_0\"><div class=\"et_pb_gallery_image landscape\" data-per_page=\"1\"><a href=\"https:\/\/jmc-caravanes.com\/wp-content\/uploads\/2026\/03\/COACHMAN-WANDERER-LUX-19-4-8.jpeg\" title=\"COACHMAN WANDERER LUX 19-4  JMC CARAVANE\"><img loading=\"lazy\" decoding=\"async\" width=\"400\" height=\"284\" src=\"https:\/\/jmc-caravanes.com\/wp-content\/uploads\/2026\/03\/COACHMAN-WANDERER-LUX-19-4-8-400x284.jpeg\" alt=\"COACHMAN WANDERER LUX 19-4 JMC CARAVANE\" class=\"wp-image-756\" srcset=\"https:\/\/jmc-caravanes.com\/wp-content\/uploads\/2026\/03\/COACHMAN-WANDERER-LUX-19-4-8.jpeg 479w, https:\/\/jmc-caravanes.com\/wp-content\/uploads\/2026\/03\/COACHMAN-WANDERER-LUX-19-4-8-400x284.jpeg 480w\" sizes=\"(max-width:479px) 479px, 100vw\" \/><span class=\"et_overlay\" data-icon=\"\" data-icon-tablet=\"\" data-icon-phone=\"\"><\/span><\/a><\/div><\/div><div class=\"et_pb_gallery_item et_pb_grid_item et_pb_gallery_item_3_1\"><div class=\"et_pb_gallery_image landscape\" data-per_page=\"1\"><a href=\"https:\/\/jmc-caravanes.com\/wp-content\/uploads\/2026\/03\/COACHMAN-WANDERER-LUX-19-4-9.jpeg\" title=\"COACHMAN WANDERER LUX 19-4 (9)\"><img loading=\"lazy\" decoding=\"async\" width=\"400\" height=\"284\" src=\"https:\/\/jmc-caravanes.com\/wp-content\/uploads\/2026\/03\/COACHMAN-WANDERER-LUX-19-4-9-400x284.jpeg\" alt=\"\" class=\"wp-image-757\" srcset=\"https:\/\/jmc-caravanes.com\/wp-content\/uploads\/2026\/03\/COACHMAN-WANDERER-LUX-19-4-9.jpeg 479w, https:\/\/jmc-caravanes.com\/wp-content\/uploads\/2026\/03\/COACHMAN-WANDERER-LUX-19-4-9-400x284.jpeg 480w\" sizes=\"(max-width:479px) 479px, 100vw\" \/><span class=\"et_overlay\" data-icon=\"\" data-icon-tablet=\"\" data-icon-phone=\"\"><\/span><\/a><\/div><\/div><div class=\"et_pb_gallery_item et_pb_grid_item et_pb_gallery_item_3_2\"><div class=\"et_pb_gallery_image landscape\" data-per_page=\"1\"><a href=\"https:\/\/jmc-caravanes.com\/wp-content\/uploads\/2026\/03\/COACHMAN-WANDERER-LUX-19-4-5.jpeg\" title=\"COACHMAN WANDERER LUX 19-4  JMC CARAVANEJMC CARAVANELUX 19-4 (5)\"><img loading=\"lazy\" decoding=\"async\" width=\"400\" height=\"284\" src=\"https:\/\/jmc-caravanes.com\/wp-content\/uploads\/2026\/03\/COACHMAN-WANDERER-LUX-19-4-5-400x284.jpeg\" alt=\"COACHMAN WANDERER LUX 19-4 JMC CARAVANE\" class=\"wp-image-753\" srcset=\"https:\/\/jmc-caravanes.com\/wp-content\/uploads\/2026\/03\/COACHMAN-WANDERER-LUX-19-4-5.jpeg 479w, https:\/\/jmc-caravanes.com\/wp-content\/uploads\/2026\/03\/COACHMAN-WANDERER-LUX-19-4-5-400x284.jpeg 480w\" sizes=\"(max-width:479px) 479px, 100vw\" \/><span class=\"et_overlay\" data-icon=\"\" data-icon-tablet=\"\" data-icon-phone=\"\"><\/span><\/a><\/div><\/div><div class=\"et_pb_gallery_item et_pb_grid_item et_pb_gallery_item_3_3\"><div class=\"et_pb_gallery_image landscape\" data-per_page=\"1\"><a href=\"https:\/\/jmc-caravanes.com\/wp-content\/uploads\/2026\/03\/COACHMAN-WANDERER-LUX-19-4-1.jpeg\" title=\"COACHMAN WANDERER LUX 19-4 (1)\"><img loading=\"lazy\" decoding=\"async\" width=\"400\" height=\"284\" src=\"https:\/\/jmc-caravanes.com\/wp-content\/uploads\/2026\/03\/COACHMAN-WANDERER-LUX-19-4-1-400x284.jpeg\" alt=\"\" class=\"wp-image-749\" srcset=\"https:\/\/jmc-caravanes.com\/wp-content\/uploads\/2026\/03\/COACHMAN-WANDERER-LUX-19-4-1.jpeg 479w, https:\/\/jmc-caravanes.com\/wp-content\/uploads\/2026\/03\/COACHMAN-WANDERER-LUX-19-4-1-400x284.jpeg 480w\" sizes=\"(max-width:479px) 479px, 100vw\" \/><span class=\"et_overlay\" data-icon=\"\" data-icon-tablet=\"\" data-icon-phone=\"\"><\/span><\/a><\/div><\/div><div class=\"et_pb_gallery_item et_pb_grid_item et_pb_gallery_item_3_4\"><div class=\"et_pb_gallery_image landscape\" data-per_page=\"1\"><a href=\"https:\/\/jmc-caravanes.com\/wp-content\/uploads\/2026\/03\/COACHMAN-WANDERER-LUX-19-4-2.jpeg\" title=\"COACHMAN WANDERER LUX 19-4 (2)\"><img loading=\"lazy\" decoding=\"async\" width=\"400\" height=\"284\" src=\"https:\/\/jmc-caravanes.com\/wp-content\/uploads\/2026\/03\/COACHMAN-WANDERER-LUX-19-4-2-400x284.jpeg\" alt=\"\" class=\"wp-image-750\" srcset=\"https:\/\/jmc-caravanes.com\/wp-content\/uploads\/2026\/03\/COACHMAN-WANDERER-LUX-19-4-2.jpeg 479w, https:\/\/jmc-caravanes.com\/wp-content\/uploads\/2026\/03\/COACHMAN-WANDERER-LUX-19-4-2-400x284.jpeg 480w\" sizes=\"(max-width:479px) 479px, 100vw\" \/><span class=\"et_overlay\" data-icon=\"\" data-icon-tablet=\"\" data-icon-phone=\"\"><\/span><\/a><\/div><\/div><div class=\"et_pb_gallery_item et_pb_grid_item et_pb_gallery_item_3_5\"><div class=\"et_pb_gallery_image landscape\" data-per_page=\"1\"><a href=\"https:\/\/jmc-caravanes.com\/wp-content\/uploads\/2026\/03\/COACHMAN-WANDERER-LUX-19-4-3.jpeg\" title=\"COACHMAN WANDERER LUX 19-4 (3)\"><img loading=\"lazy\" decoding=\"async\" width=\"400\" height=\"284\" src=\"https:\/\/jmc-caravanes.com\/wp-content\/uploads\/2026\/03\/COACHMAN-WANDERER-LUX-19-4-3-400x284.jpeg\" alt=\"\" class=\"wp-image-751\" srcset=\"https:\/\/jmc-caravanes.com\/wp-content\/uploads\/2026\/03\/COACHMAN-WANDERER-LUX-19-4-3.jpeg 479w, https:\/\/jmc-caravanes.com\/wp-content\/uploads\/2026\/03\/COACHMAN-WANDERER-LUX-19-4-3-400x284.jpeg 480w\" sizes=\"(max-width:479px) 479px, 100vw\" \/><span class=\"et_overlay\" data-icon=\"\" data-icon-tablet=\"\" data-icon-phone=\"\"><\/span><\/a><\/div><\/div><div class=\"et_pb_gallery_item et_pb_grid_item et_pb_gallery_item_3_6\"><div class=\"et_pb_gallery_image landscape\" data-per_page=\"1\"><a href=\"https:\/\/jmc-caravanes.com\/wp-content\/uploads\/2026\/03\/COACHMAN-WANDERER-LUX-19-4-4.jpeg\" title=\"COACHMAN WANDERER LUX 19-4 (4)\"><img loading=\"lazy\" decoding=\"async\" width=\"400\" height=\"284\" src=\"https:\/\/jmc-caravanes.com\/wp-content\/uploads\/2026\/03\/COACHMAN-WANDERER-LUX-19-4-4-400x284.jpeg\" alt=\"\" class=\"wp-image-752\" srcset=\"https:\/\/jmc-caravanes.com\/wp-content\/uploads\/2026\/03\/COACHMAN-WANDERER-LUX-19-4-4.jpeg 479w, https:\/\/jmc-caravanes.com\/wp-content\/uploads\/2026\/03\/COACHMAN-WANDERER-LUX-19-4-4-400x284.jpeg 480w\" sizes=\"(max-width:479px) 479px, 100vw\" \/><span class=\"et_overlay\" data-icon=\"\" data-icon-tablet=\"\" data-icon-phone=\"\"><\/span><\/a><\/div><\/div><div class=\"et_pb_gallery_item et_pb_grid_item et_pb_gallery_item_3_7\"><div class=\"et_pb_gallery_image landscape\" data-per_page=\"1\"><a href=\"https:\/\/jmc-caravanes.com\/wp-content\/uploads\/2026\/03\/COACHMAN-WANDERER-LUX-19-4-6.jpeg\" title=\"COACHMAN WANDERER LUX 19-4 (6)\"><img loading=\"lazy\" decoding=\"async\" width=\"400\" height=\"284\" src=\"https:\/\/jmc-caravanes.com\/wp-content\/uploads\/2026\/03\/COACHMAN-WANDERER-LUX-19-4-6-400x284.jpeg\" alt=\"COACHMAN WANDERER LUX 19-4 JMC CARAVANE\" class=\"wp-image-754\" srcset=\"https:\/\/jmc-caravanes.com\/wp-content\/uploads\/2026\/03\/COACHMAN-WANDERER-LUX-19-4-6.jpeg 479w, https:\/\/jmc-caravanes.com\/wp-content\/uploads\/2026\/03\/COACHMAN-WANDERER-LUX-19-4-6-400x284.jpeg 480w\" sizes=\"(max-width:479px) 479px, 100vw\" \/><span class=\"et_overlay\" data-icon=\"\" data-icon-tablet=\"\" data-icon-phone=\"\"><\/span><\/a><\/div><\/div><div class=\"et_pb_gallery_item et_pb_grid_item et_pb_gallery_item_3_8\"><div class=\"et_pb_gallery_image landscape\" data-per_page=\"1\"><a href=\"https:\/\/jmc-caravanes.com\/wp-content\/uploads\/2026\/03\/COACHMAN-WANDERER-LUX-19-4-7.jpeg\" title=\"COACHMAN WANDERER LUX 19-4 (7)\"><img loading=\"lazy\" decoding=\"async\" width=\"400\" height=\"284\" src=\"https:\/\/jmc-caravanes.com\/wp-content\/uploads\/2026\/03\/COACHMAN-WANDERER-LUX-19-4-7-400x284.jpeg\" alt=\"COACHMAN WANDERER LUX 19-4 JMC CARAVANE\" class=\"wp-image-755\" srcset=\"https:\/\/jmc-caravanes.com\/wp-content\/uploads\/2026\/03\/COACHMAN-WANDERER-LUX-19-4-7.jpeg 479w, https:\/\/jmc-caravanes.com\/wp-content\/uploads\/2026\/03\/COACHMAN-WANDERER-LUX-19-4-7-400x284.jpeg 480w\" sizes=\"(max-width:479px) 479px, 100vw\" \/><span class=\"et_overlay\" data-icon=\"\" data-icon-tablet=\"\" data-icon-phone=\"\"><\/span><\/a><\/div><\/div><div class=\"et_pb_gallery_item et_pb_grid_item et_pb_gallery_item_3_9\"><div class=\"et_pb_gallery_image landscape\" data-per_page=\"1\"><a href=\"https:\/\/jmc-caravanes.com\/wp-content\/uploads\/2026\/03\/COACHMAN-WANDERER-LUX-19-4-12.jpeg\" title=\"COACHMAN WANDERER LUX 19-4  JMC CARAVANE\"><img loading=\"lazy\" decoding=\"async\" width=\"400\" height=\"284\" src=\"https:\/\/jmc-caravanes.com\/wp-content\/uploads\/2026\/03\/COACHMAN-WANDERER-LUX-19-4-12-400x284.jpeg\" alt=\"COACHMAN WANDERER LUX 19-4 JMC CARAVANE\" class=\"wp-image-760\" srcset=\"https:\/\/jmc-caravanes.com\/wp-content\/uploads\/2026\/03\/COACHMAN-WANDERER-LUX-19-4-12.jpeg 479w, https:\/\/jmc-caravanes.com\/wp-content\/uploads\/2026\/03\/COACHMAN-WANDERER-LUX-19-4-12-400x284.jpeg 480w\" sizes=\"(max-width:479px) 479px, 100vw\" \/><span class=\"et_overlay\" data-icon=\"\" data-icon-tablet=\"\" data-icon-phone=\"\"><\/span><\/a><\/div><\/div><div class=\"et_pb_gallery_item et_pb_grid_item et_pb_gallery_item_3_10\"><div class=\"et_pb_gallery_image landscape\" data-per_page=\"1\"><a href=\"https:\/\/jmc-caravanes.com\/wp-content\/uploads\/2026\/03\/COACHMAN-WANDERER-LUX-19-4-13.jpeg\" title=\"COACHMAN WANDERER LUX 19-4  JMC CARAVANE\"><img loading=\"lazy\" decoding=\"async\" width=\"400\" height=\"284\" src=\"https:\/\/jmc-caravanes.com\/wp-content\/uploads\/2026\/03\/COACHMAN-WANDERER-LUX-19-4-13-400x284.jpeg\" alt=\"COACHMAN WANDERER LUX 19-4 JMC CARAVANE\" class=\"wp-image-761\" srcset=\"https:\/\/jmc-caravanes.com\/wp-content\/uploads\/2026\/03\/COACHMAN-WANDERER-LUX-19-4-13.jpeg 479w, https:\/\/jmc-caravanes.com\/wp-content\/uploads\/2026\/03\/COACHMAN-WANDERER-LUX-19-4-13-400x284.jpeg 480w\" sizes=\"(max-width:479px) 479px, 100vw\" \/><span class=\"et_overlay\" data-icon=\"\" data-icon-tablet=\"\" data-icon-phone=\"\"><\/span><\/a><\/div><\/div><div class=\"et_pb_gallery_item et_pb_grid_item et_pb_gallery_item_3_11\"><div class=\"et_pb_gallery_image landscape\" data-per_page=\"1\"><a href=\"https:\/\/jmc-caravanes.com\/wp-content\/uploads\/2026\/03\/COACHMAN-WANDERER-LUX-19-4-14.jpeg\" title=\"COACHMAN WANDERER LUX 19-4  JMC CARAVANE\"><img loading=\"lazy\" decoding=\"async\" width=\"400\" height=\"284\" src=\"https:\/\/jmc-caravanes.com\/wp-content\/uploads\/2026\/03\/COACHMAN-WANDERER-LUX-19-4-14-400x284.jpeg\" alt=\"COACHMAN WANDERER LUX 19-4 JMC CARAVANE\" class=\"wp-image-762\" srcset=\"https:\/\/jmc-caravanes.com\/wp-content\/uploads\/2026\/03\/COACHMAN-WANDERER-LUX-19-4-14.jpeg 479w, https:\/\/jmc-caravanes.com\/wp-content\/uploads\/2026\/03\/COACHMAN-WANDERER-LUX-19-4-14-400x284.jpeg 480w\" sizes=\"(max-width:479px) 479px, 100vw\" \/><span class=\"et_overlay\" data-icon=\"\" data-icon-tablet=\"\" data-icon-phone=\"\"><\/span><\/a><\/div><\/div><div class=\"et_pb_gallery_item et_pb_grid_item et_pb_gallery_item_3_12\"><div class=\"et_pb_gallery_image landscape\" data-per_page=\"1\"><a href=\"https:\/\/jmc-caravanes.com\/wp-content\/uploads\/2026\/03\/COACHMAN-WANDERER-LUX-19-4-16.jpeg\" title=\"COACHMAN WANDERER LUX 19-4  JMC CARAVANE\"><img loading=\"lazy\" decoding=\"async\" width=\"400\" height=\"284\" src=\"https:\/\/jmc-caravanes.com\/wp-content\/uploads\/2026\/03\/COACHMAN-WANDERER-LUX-19-4-16-400x284.jpeg\" alt=\"COACHMAN WANDERER LUX 19-4 JMC CARAVANE\" class=\"wp-image-764\" srcset=\"https:\/\/jmc-caravanes.com\/wp-content\/uploads\/2026\/03\/COACHMAN-WANDERER-LUX-19-4-16.jpeg 479w, https:\/\/jmc-caravanes.com\/wp-content\/uploads\/2026\/03\/COACHMAN-WANDERER-LUX-19-4-16-400x284.jpeg 480w\" sizes=\"(max-width:479px) 479px, 100vw\" \/><span class=\"et_overlay\" data-icon=\"\" data-icon-tablet=\"\" data-icon-phone=\"\"><\/span><\/a><\/div><\/div><div class=\"et_pb_gallery_item et_pb_grid_item et_pb_gallery_item_3_13\"><div class=\"et_pb_gallery_image landscape\" data-per_page=\"1\"><a href=\"https:\/\/jmc-caravanes.com\/wp-content\/uploads\/2026\/03\/COACHMAN-WANDERER-LUX-19-4-17.jpeg\" title=\"COACHMAN WANDERER LUX 19-4  JMC CARAVANE\"><img loading=\"lazy\" decoding=\"async\" width=\"400\" height=\"284\" src=\"https:\/\/jmc-caravanes.com\/wp-content\/uploads\/2026\/03\/COACHMAN-WANDERER-LUX-19-4-17-400x284.jpeg\" alt=\"COACHMAN WANDERER LUX 19-4 JMC CARAVANE\" class=\"wp-image-765\" srcset=\"https:\/\/jmc-caravanes.com\/wp-content\/uploads\/2026\/03\/COACHMAN-WANDERER-LUX-19-4-17.jpeg 479w, https:\/\/jmc-caravanes.com\/wp-content\/uploads\/2026\/03\/COACHMAN-WANDERER-LUX-19-4-17-400x284.jpeg 480w\" sizes=\"(max-width:479px) 479px, 100vw\" \/><span class=\"et_overlay\" data-icon=\"\" data-icon-tablet=\"\" data-icon-phone=\"\"><\/span><\/a><\/div><\/div><div class=\"et_pb_gallery_item et_pb_grid_item et_pb_gallery_item_3_14\"><div class=\"et_pb_gallery_image landscape\" data-per_page=\"1\"><a href=\"https:\/\/jmc-caravanes.com\/wp-content\/uploads\/2026\/03\/COACHMAN-WANDERER-LUX-19-4-19.jpeg\" title=\"COACHMAN WANDERER LUX 19-4 (19)\"><img loading=\"lazy\" decoding=\"async\" width=\"400\" height=\"284\" src=\"https:\/\/jmc-caravanes.com\/wp-content\/uploads\/2026\/03\/COACHMAN-WANDERER-LUX-19-4-19-400x284.jpeg\" alt=\"COACHMAN WANDERER LUX 19-4 JMC CARAVANE\" class=\"wp-image-767\" srcset=\"https:\/\/jmc-caravanes.com\/wp-content\/uploads\/2026\/03\/COACHMAN-WANDERER-LUX-19-4-19.jpeg 479w, https:\/\/jmc-caravanes.com\/wp-content\/uploads\/2026\/03\/COACHMAN-WANDERER-LUX-19-4-19-400x284.jpeg 480w\" sizes=\"(max-width:479px) 479px, 100vw\" \/><span class=\"et_overlay\" data-icon=\"\" data-icon-tablet=\"\" data-icon-phone=\"\"><\/span><\/a><\/div><\/div><div class=\"et_pb_gallery_item et_pb_grid_item et_pb_gallery_item_3_15\"><div class=\"et_pb_gallery_image landscape\" data-per_page=\"1\"><a href=\"https:\/\/jmc-caravanes.com\/wp-content\/uploads\/2026\/03\/COACHMAN-WANDERER-LUX-19-4-20.jpeg\" title=\"COACHMAN WANDERER LUX 19-4 (20)\"><img loading=\"lazy\" decoding=\"async\" width=\"400\" height=\"284\" src=\"https:\/\/jmc-caravanes.com\/wp-content\/uploads\/2026\/03\/COACHMAN-WANDERER-LUX-19-4-20-400x284.jpeg\" alt=\"COACHMAN WANDERER LUX 19-4 JMC CARAVANE\" class=\"wp-image-768\" srcset=\"https:\/\/jmc-caravanes.com\/wp-content\/uploads\/2026\/03\/COACHMAN-WANDERER-LUX-19-4-20.jpeg 479w, https:\/\/jmc-caravanes.com\/wp-content\/uploads\/2026\/03\/COACHMAN-WANDERER-LUX-19-4-20-400x284.jpeg 480w\" sizes=\"(max-width:479px) 479px, 100vw\" \/><span class=\"et_overlay\" data-icon=\"\" data-icon-tablet=\"\" data-icon-phone=\"\"><\/span><\/a><\/div><\/div><div class=\"et_pb_gallery_item et_pb_grid_item et_pb_gallery_item_3_16\"><div class=\"et_pb_gallery_image landscape\" data-per_page=\"1\"><a href=\"https:\/\/jmc-caravanes.com\/wp-content\/uploads\/2026\/03\/COACHMAN-WANDERER-LUX-19-4-18.jpeg\" title=\"COACHMAN WANDERER LUX 19-4  JMC CARAVANE\"><img loading=\"lazy\" decoding=\"async\" width=\"400\" height=\"284\" src=\"https:\/\/jmc-caravanes.com\/wp-content\/uploads\/2026\/03\/COACHMAN-WANDERER-LUX-19-4-18-400x284.jpeg\" alt=\"COACHMAN WANDERER LUX 19-4 JMC CARAVANE\" class=\"wp-image-766\" srcset=\"https:\/\/jmc-caravanes.com\/wp-content\/uploads\/2026\/03\/COACHMAN-WANDERER-LUX-19-4-18.jpeg 479w, https:\/\/jmc-caravanes.com\/wp-content\/uploads\/2026\/03\/COACHMAN-WANDERER-LUX-19-4-18-400x284.jpeg 480w\" sizes=\"(max-width:479px) 479px, 100vw\" \/><span class=\"et_overlay\" data-icon=\"\" data-icon-tablet=\"\" data-icon-phone=\"\"><\/span><\/a><\/div><\/div><div class=\"et_pb_gallery_item et_pb_grid_item et_pb_gallery_item_3_17\"><div class=\"et_pb_gallery_image landscape\" data-per_page=\"1\"><a href=\"https:\/\/jmc-caravanes.com\/wp-content\/uploads\/2026\/03\/COACHMAN-WANDERER-LUX-19-4-11.jpeg\" title=\"COACHMAN WANDERER LUX 19-4  JMC CARAVANE\"><img loading=\"lazy\" decoding=\"async\" width=\"400\" height=\"284\" src=\"https:\/\/jmc-caravanes.com\/wp-content\/uploads\/2026\/03\/COACHMAN-WANDERER-LUX-19-4-11-400x284.jpeg\" alt=\"COACHMAN WANDERER LUX 19-4 JMC CARAVANE\" class=\"wp-image-759\" srcset=\"https:\/\/jmc-caravanes.com\/wp-content\/uploads\/2026\/03\/COACHMAN-WANDERER-LUX-19-4-11.jpeg 479w, https:\/\/jmc-caravanes.com\/wp-content\/uploads\/2026\/03\/COACHMAN-WANDERER-LUX-19-4-11-400x284.jpeg 480w\" sizes=\"(max-width:479px) 479px, 100vw\" \/><span class=\"et_overlay\" data-icon=\"\" data-icon-tablet=\"\" data-icon-phone=\"\"><\/span><\/a><\/div><\/div><\/div><div class=\"et_pb_gallery_pagination\"><\/div><\/div>\n<\/div><\/div>\n\n<div class=\"et_pb_blurb_4 et_pb_blurb et_pb_bg_layout_light et_pb_blurb_position_top et_pb_module et_flex_module\"><div class=\"et_pb_blurb_content et_flex_module\"><div class=\"et_pb_main_blurb_image\"><span class=\"et_pb_image_wrap et_pb_only_image_mode_wrap\"><img loading=\"lazy\" decoding=\"async\" src=\"https:\/\/jmc-caravanes.com\/wp-content\/uploads\/2026\/03\/Bailey-unicorn-barcelona-plan-1.jpg\" alt=\"JMC CARAVANE BAILEY UNICORN BARCELONA\" width=\"1283\" height=\"581\" srcset=\"https:\/\/jmc-caravanes.com\/wp-content\/uploads\/2026\/03\/Bailey-unicorn-barcelona-plan-1.jpg 1283w, https:\/\/jmc-caravanes.com\/wp-content\/uploads\/2026\/03\/Bailey-unicorn-barcelona-plan-1-1280x580.jpg 1280w, https:\/\/jmc-caravanes.com\/wp-content\/uploads\/2026\/03\/Bailey-unicorn-barcelona-plan-1-980x444.jpg 980w, https:\/\/jmc-caravanes.com\/wp-content\/uploads\/2026\/03\/Bailey-unicorn-barcelona-plan-1-480x217.jpg 480w\" sizes=\"(min-width: 0px) and (max-width: 480px) 480px, (min-width: 481px) and (max-width: 980px) 980px, (min-width: 981px) and (max-width: 1280px) 1280px, (min-width: 1281px) 1283px, 100vw\" class=\"et_animated wp-image-905\" title=\"JMC CARAVANE BAILEY UNICORN BARCELONA\" \/><\/span><\/div><div class=\"et_pb_blurb_container\"><h4 class=\"et_pb_module_header\">BAILEY LICORNE BARCELONE<\/h4><div class=\"et_pb_blurb_description\"><p style=\"text-align: left;\"><span dir=\"auto\" style=\"vertical-align: inherit;\"><span dir=\"auto\" style=\"vertical-align: inherit;\"><span dir=\"auto\" style=\"vertical-align: inherit;\"><span dir=\"auto\" style=\"vertical-align: inherit;\"><span dir=\"auto\" style=\"vertical-align: inherit;\"><span dir=\"auto\" style=\"vertical-align: inherit;\"><span dir=\"auto\" style=\"vertical-align: inherit;\"><span dir=\"auto\" style=\"vertical-align: inherit;\">Ann\u00e9e 2016 (caravane sur commande)<\/span><\/span><\/span><\/span><\/span><\/span><\/span><\/span><\/p>\n<div class=\"vehicle-spec\">\n<div class=\"vehicle-spec__icon\"><img loading=\"lazy\" decoding=\"async\" src=\"https:\/\/s3-eu-west-1.amazonaws.com\/files.autopromotor\/datasheetimages\/Berth.svg\" width=\"28\" height=\"28\" \/><span>\u00a0<\/span>\u00a0<span dir=\"auto\"><span dir=\"auto\" style=\"vertical-align: inherit;\"><span dir=\"auto\" style=\"vertical-align: inherit;\"><span dir=\"auto\" style=\"vertical-align: inherit;\"><span dir=\"auto\" style=\"vertical-align: inherit;\"><span dir=\"auto\" style=\"vertical-align: inherit;\"><span dir=\"auto\" style=\"vertical-align: inherit;\"><span dir=\"auto\" style=\"vertical-align: inherit;\"><span dir=\"auto\" style=\"vertical-align: inherit;\">Couchette : <\/span><\/span><\/span><\/span><\/span><\/span><\/span><\/span><span>\u00a0<\/span><\/span><span dir=\"auto\"><span dir=\"auto\" style=\"vertical-align: inherit;\"><span dir=\"auto\" style=\"vertical-align: inherit;\"><span dir=\"auto\" style=\"vertical-align: inherit;\"><span dir=\"auto\" style=\"vertical-align: inherit;\"><span dir=\"auto\" style=\"vertical-align: inherit;\"><span dir=\"auto\" style=\"vertical-align: inherit;\"><span dir=\"auto\" style=\"vertical-align: inherit;\"><span dir=\"auto\" style=\"vertical-align: inherit;\">4<\/span><\/span><\/span><\/span><\/span><\/span><\/span><\/span><\/span><\/div>\n<\/div>\n<div class=\"vehicle-spec\">\n<div class=\"vehicle-spec__icon\"><img decoding=\"async\" src=\"https:\/\/s3-eu-west-1.amazonaws.com\/files.autopromotor\/datasheetimages\/MTPLM.svg\" \/><span>\u00a0<\/span>\u00a0<span dir=\"auto\"><span dir=\"auto\" style=\"vertical-align: inherit;\"><span dir=\"auto\" style=\"vertical-align: inherit;\"><span dir=\"auto\" style=\"vertical-align: inherit;\"><span dir=\"auto\" style=\"vertical-align: inherit;\"><span dir=\"auto\" style=\"vertical-align: inherit;\"><span dir=\"auto\" style=\"vertical-align: inherit;\"><span dir=\"auto\" style=\"vertical-align: inherit;\"><span dir=\"auto\" style=\"vertical-align: inherit;\">PTAC :\u00a0 <\/span><\/span><\/span><\/span><\/span><\/span><\/span><\/span><span>\u00a0<\/span><\/span><span dir=\"auto\"><span dir=\"auto\" style=\"vertical-align: inherit;\"><span dir=\"auto\" style=\"vertical-align: inherit;\"><span dir=\"auto\" style=\"vertical-align: inherit;\"><span dir=\"auto\" style=\"vertical-align: inherit;\"><span dir=\"auto\" style=\"vertical-align: inherit;\"><span dir=\"auto\" style=\"vertical-align: inherit;\"><span dir=\"auto\" style=\"vertical-align: inherit;\"><span dir=\"auto\" style=\"vertical-align: inherit;\">1723 kg<\/span><\/span><\/span><\/span><\/span><\/span><\/span><\/span><\/span><\/div>\n<div class=\"vehicle-spec__icon\"><span dir=\"auto\"><span dir=\"auto\" style=\"vertical-align: inherit;\"><span dir=\"auto\" style=\"vertical-align: inherit;\"><img decoding=\"async\" src=\"https:\/\/s3-eu-west-1.amazonaws.com\/files.autopromotor\/datasheetimages\/Weight.svg\" \/><span>\u00a0<\/span>\u00a0<span dir=\"auto\" style=\"vertical-align: inherit;\"><span dir=\"auto\" style=\"vertical-align: inherit;\"><span dir=\"auto\" style=\"vertical-align: inherit;\"><span dir=\"auto\" style=\"vertical-align: inherit;\"><span dir=\"auto\" style=\"vertical-align: inherit;\"><span dir=\"auto\" style=\"vertical-align: inherit;\"><span dir=\"auto\" style=\"vertical-align: inherit;\">Poids \u00e0 vide : <\/span><\/span><\/span><\/span><\/span><\/span><\/span><span dir=\"auto\" style=\"vertical-align: inherit;\"><span dir=\"auto\" style=\"vertical-align: inherit;\"><span dir=\"auto\" style=\"vertical-align: inherit;\"><span dir=\"auto\" style=\"vertical-align: inherit;\"><span dir=\"auto\" style=\"vertical-align: inherit;\"><span dir=\"auto\" style=\"vertical-align: inherit;\"><span dir=\"auto\" style=\"vertical-align: inherit;\">1560 kg<\/span><\/span><\/span><\/span><\/span><\/span><\/span><span>\u00a0<\/span><span dir=\"auto\" style=\"vertical-align: inherit;\"><span dir=\"auto\" style=\"vertical-align: inherit;\"><\/span><\/span><\/span><\/span><\/span><\/div>\n<\/div>\n<div class=\"vehicle-spec\">\n<div class=\"vehicle-spec__icon\"><img decoding=\"async\" src=\"https:\/\/s3-eu-west-1.amazonaws.com\/files.autopromotor\/datasheetimages\/CaravanLength.svg\" \/><span dir=\"auto\" style=\"vertical-align: inherit;\"><span dir=\"auto\" style=\"vertical-align: inherit;\"><span dir=\"auto\" style=\"vertical-align: inherit;\"><span dir=\"auto\" style=\"vertical-align: inherit;\"><span dir=\"auto\" style=\"vertical-align: inherit;\"><span dir=\"auto\" style=\"vertical-align: inherit;\"><span dir=\"auto\" style=\"vertical-align: inherit;\"><span dir=\"auto\" style=\"vertical-align: inherit;\">\u00a0 Longueur <\/span><\/span><\/span><\/span><\/span><\/span><\/span><\/span><span dir=\"auto\"><span dir=\"auto\" style=\"vertical-align: inherit;\"><span dir=\"auto\" style=\"vertical-align: inherit;\"><span dir=\"auto\" style=\"vertical-align: inherit;\"><span dir=\"auto\" style=\"vertical-align: inherit;\"><span dir=\"auto\" style=\"vertical-align: inherit;\"><span dir=\"auto\" style=\"vertical-align: inherit;\"><span dir=\"auto\" style=\"vertical-align: inherit;\"><span dir=\"auto\" style=\"vertical-align: inherit;\">: <\/span><\/span><\/span><\/span><\/span><\/span><\/span><\/span><span>\u00a0<\/span><\/span><span dir=\"auto\"><span dir=\"auto\" style=\"vertical-align: inherit;\"><span dir=\"auto\" style=\"vertical-align: inherit;\"><span dir=\"auto\" style=\"vertical-align: inherit;\"><span dir=\"auto\" style=\"vertical-align: inherit;\"><span dir=\"auto\" style=\"vertical-align: inherit;\"><span dir=\"auto\" style=\"vertical-align: inherit;\"><span dir=\"auto\" style=\"vertical-align: inherit;\"><span dir=\"auto\" style=\"vertical-align: inherit;\">7920 mm<\/span><\/span><\/span><\/span><\/span><\/span><\/span><\/span><\/span><\/div>\n<\/div>\n<div class=\"vehicle-spec\">\n<div class=\"vehicle-spec__icon\"><img decoding=\"async\" src=\"https:\/\/s3-eu-west-1.amazonaws.com\/files.autopromotor\/datasheetimages\/CaravanWidth.svg\" \/><span>\u00a0<\/span>\u00a0<span dir=\"auto\"><span dir=\"auto\" style=\"vertical-align: inherit;\"><span dir=\"auto\" style=\"vertical-align: inherit;\"><span dir=\"auto\" style=\"vertical-align: inherit;\"><span dir=\"auto\" style=\"vertical-align: inherit;\"><span dir=\"auto\" style=\"vertical-align: inherit;\"><span dir=\"auto\" style=\"vertical-align: inherit;\"><span dir=\"auto\" style=\"vertical-align: inherit;\"><span dir=\"auto\" style=\"vertical-align: inherit;\">Largeur : <\/span><\/span><\/span><\/span><\/span><\/span><\/span><\/span><span>\u00a0<\/span><\/span><span dir=\"auto\"><span dir=\"auto\" style=\"vertical-align: inherit;\"><span dir=\"auto\" style=\"vertical-align: inherit;\"><span dir=\"auto\" style=\"vertical-align: inherit;\"><span dir=\"auto\" style=\"vertical-align: inherit;\"><span dir=\"auto\" style=\"vertical-align: inherit;\"><span dir=\"auto\" style=\"vertical-align: inherit;\"><span dir=\"auto\" style=\"vertical-align: inherit;\"><span dir=\"auto\" style=\"vertical-align: inherit;\">2800 mm<\/span><\/span><\/span><\/span><\/span><\/span><\/span><\/span><\/span><\/div>\n<\/div>\n<div class=\"vehicle-spec\">\n<div class=\"vehicle-spec__icon\"><\/div>\n<\/div>\n<\/div><\/div>\n<div class=\"et_pb_image_4 et_pb_image et_pb_module et_flex_module\"><span class=\"et_pb_image_wrap\"><img loading=\"lazy\" decoding=\"async\" src=\"https:\/\/jmc-caravanes.com\/wp-content\/uploads\/2026\/02\/logo-8.png\" alt=\"Bailey Caravane\" title=\"Bailey Caravane\" width=\"161\" height=\"93\" srcset=\"https:\/\/jmc-caravanes.com\/wp-content\/uploads\/2026\/02\/logo-8.png 161w\" sizes=\"(max-width: 161px) 100vw, 161px\" class=\"wp-image-110\" \/><\/span>\n<div class=\"et_pb_module et_pb_button_module_wrapper et_pb_button_4_wrapper\"><a class=\"et_pb_button_4 et_pb_button et_pb_bg_layout_light et_pb_module et_flex_module\" href=\"\">27050 \u20ac<\/a><\/div>\n<\/div>\n\n<div class=\"et_pb_gallery_4 et_pb_gallery et_pb_bg_layout_light et_pb_gallery_grid et_pb_module\" data-auto-rotate=\"off\" data-auto-rotate-speed=\"\"><div class=\"et_pb_gallery_items et_post_gallery clearfix et_grid_module\" data-per_page=\"1\"><div class=\"et_pb_gallery_item et_pb_grid_item et_pb_gallery_item_4_0\"><div class=\"et_pb_gallery_image landscape\" data-per_page=\"1\"><a href=\"https:\/\/jmc-caravanes.com\/wp-content\/uploads\/2026\/03\/BAILEY-UNICORN-BARCELONA-13.jpeg\" title=\"JMC CARAVANE BAILEY UNICORN BARCELONA\"><img loading=\"lazy\" decoding=\"async\" width=\"400\" height=\"284\" src=\"https:\/\/jmc-caravanes.com\/wp-content\/uploads\/2026\/03\/BAILEY-UNICORN-BARCELONA-13-400x284.jpeg\" alt=\"JMC CARAVANE BAILEY UNICORN BARCELONA\" class=\"wp-image-867\" srcset=\"https:\/\/jmc-caravanes.com\/wp-content\/uploads\/2026\/03\/BAILEY-UNICORN-BARCELONA-13.jpeg 479w, https:\/\/jmc-caravanes.com\/wp-content\/uploads\/2026\/03\/BAILEY-UNICORN-BARCELONA-13-400x284.jpeg 480w\" sizes=\"(max-width:479px) 479px, 100vw\" \/><span class=\"et_overlay\" data-icon=\"\" data-icon-tablet=\"\" data-icon-phone=\"\"><\/span><\/a><\/div><\/div><div class=\"et_pb_gallery_item et_pb_grid_item et_pb_gallery_item_4_1\"><div class=\"et_pb_gallery_image landscape\" data-per_page=\"1\"><a href=\"https:\/\/jmc-caravanes.com\/wp-content\/uploads\/2026\/03\/BAILEY-UNICORN-BARCELONA-8.jpeg\" title=\"JMC CARAVANE BAILEY UNICORN BARCELONA\"><img loading=\"lazy\" decoding=\"async\" width=\"400\" height=\"284\" src=\"https:\/\/jmc-caravanes.com\/wp-content\/uploads\/2026\/03\/BAILEY-UNICORN-BARCELONA-8-400x284.jpeg\" alt=\"JMC CARAVANE BAILEY UNICORN BARCELONA\" class=\"wp-image-862\" srcset=\"https:\/\/jmc-caravanes.com\/wp-content\/uploads\/2026\/03\/BAILEY-UNICORN-BARCELONA-8.jpeg 479w, https:\/\/jmc-caravanes.com\/wp-content\/uploads\/2026\/03\/BAILEY-UNICORN-BARCELONA-8-400x284.jpeg 480w\" sizes=\"(max-width:479px) 479px, 100vw\" \/><span class=\"et_overlay\" data-icon=\"\" data-icon-tablet=\"\" data-icon-phone=\"\"><\/span><\/a><\/div><\/div><div class=\"et_pb_gallery_item et_pb_grid_item et_pb_gallery_item_4_2\"><div class=\"et_pb_gallery_image landscape\" data-per_page=\"1\"><a href=\"https:\/\/jmc-caravanes.com\/wp-content\/uploads\/2026\/03\/BAILEY-UNICORN-BARCELONA-14.jpeg\" title=\"JMC CARAVANE BAILEY UNICORN BARCELONA\"><img loading=\"lazy\" decoding=\"async\" width=\"400\" height=\"284\" src=\"https:\/\/jmc-caravanes.com\/wp-content\/uploads\/2026\/03\/BAILEY-UNICORN-BARCELONA-14-400x284.jpeg\" alt=\"JMC CARAVANE BAILEY UNICORN BARCELONA\" class=\"wp-image-868\" srcset=\"https:\/\/jmc-caravanes.com\/wp-content\/uploads\/2026\/03\/BAILEY-UNICORN-BARCELONA-14.jpeg 479w, https:\/\/jmc-caravanes.com\/wp-content\/uploads\/2026\/03\/BAILEY-UNICORN-BARCELONA-14-400x284.jpeg 480w\" sizes=\"(max-width:479px) 479px, 100vw\" \/><span class=\"et_overlay\" data-icon=\"\" data-icon-tablet=\"\" data-icon-phone=\"\"><\/span><\/a><\/div><\/div><div class=\"et_pb_gallery_item et_pb_grid_item et_pb_gallery_item_4_3\"><div class=\"et_pb_gallery_image landscape\" data-per_page=\"1\"><a href=\"https:\/\/jmc-caravanes.com\/wp-content\/uploads\/2026\/03\/BAILEY-UNICORN-BARCELONA-1.jpeg\" title=\"JMC CARAVANE BAILEY UNICORN BARCELONA\"><img loading=\"lazy\" decoding=\"async\" width=\"400\" height=\"284\" src=\"https:\/\/jmc-caravanes.com\/wp-content\/uploads\/2026\/03\/BAILEY-UNICORN-BARCELONA-1-400x284.jpeg\" alt=\"JMC CARAVANE BAILEY UNICORN BARCELONA\" class=\"wp-image-855\" srcset=\"https:\/\/jmc-caravanes.com\/wp-content\/uploads\/2026\/03\/BAILEY-UNICORN-BARCELONA-1.jpeg 479w, https:\/\/jmc-caravanes.com\/wp-content\/uploads\/2026\/03\/BAILEY-UNICORN-BARCELONA-1-400x284.jpeg 480w\" sizes=\"(max-width:479px) 479px, 100vw\" \/><span class=\"et_overlay\" data-icon=\"\" data-icon-tablet=\"\" data-icon-phone=\"\"><\/span><\/a><\/div><\/div><div class=\"et_pb_gallery_item et_pb_grid_item et_pb_gallery_item_4_4\"><div class=\"et_pb_gallery_image landscape\" data-per_page=\"1\"><a href=\"https:\/\/jmc-caravanes.com\/wp-content\/uploads\/2026\/03\/BAILEY-UNICORN-BARCELONA-2.jpeg\" title=\"JMC CARAVANE BAILEY UNICORN BARCELONA\"><img loading=\"lazy\" decoding=\"async\" width=\"400\" height=\"284\" src=\"https:\/\/jmc-caravanes.com\/wp-content\/uploads\/2026\/03\/BAILEY-UNICORN-BARCELONA-2-400x284.jpeg\" alt=\"JMC CARAVANE BAILEY UNICORN BARCELONA\" class=\"wp-image-856\" srcset=\"https:\/\/jmc-caravanes.com\/wp-content\/uploads\/2026\/03\/BAILEY-UNICORN-BARCELONA-2.jpeg 479w, https:\/\/jmc-caravanes.com\/wp-content\/uploads\/2026\/03\/BAILEY-UNICORN-BARCELONA-2-400x284.jpeg 480w\" sizes=\"(max-width:479px) 479px, 100vw\" \/><span class=\"et_overlay\" data-icon=\"\" data-icon-tablet=\"\" data-icon-phone=\"\"><\/span><\/a><\/div><\/div><div class=\"et_pb_gallery_item et_pb_grid_item et_pb_gallery_item_4_5\"><div class=\"et_pb_gallery_image landscape\" data-per_page=\"1\"><a href=\"https:\/\/jmc-caravanes.com\/wp-content\/uploads\/2026\/03\/BAILEY-UNICORN-BARCELONA-3.jpeg\" title=\"BAILEY UNICORN BARCELONA (3)\"><img loading=\"lazy\" decoding=\"async\" width=\"400\" height=\"284\" src=\"https:\/\/jmc-caravanes.com\/wp-content\/uploads\/2026\/03\/BAILEY-UNICORN-BARCELONA-3-400x284.jpeg\" alt=\"JMC CARAVANE BAILEY UNICORN BARCELONA\" class=\"wp-image-857\" srcset=\"https:\/\/jmc-caravanes.com\/wp-content\/uploads\/2026\/03\/BAILEY-UNICORN-BARCELONA-3.jpeg 479w, https:\/\/jmc-caravanes.com\/wp-content\/uploads\/2026\/03\/BAILEY-UNICORN-BARCELONA-3-400x284.jpeg 480w\" sizes=\"(max-width:479px) 479px, 100vw\" \/><span class=\"et_overlay\" data-icon=\"\" data-icon-tablet=\"\" data-icon-phone=\"\"><\/span><\/a><\/div><\/div><div class=\"et_pb_gallery_item et_pb_grid_item et_pb_gallery_item_4_6\"><div class=\"et_pb_gallery_image landscape\" data-per_page=\"1\"><a href=\"https:\/\/jmc-caravanes.com\/wp-content\/uploads\/2026\/03\/BAILEY-UNICORN-BARCELONA-4.jpeg\" title=\"JMC CARAVANE BAILEY UNICORN BARCELONA\"><img loading=\"lazy\" decoding=\"async\" width=\"400\" height=\"284\" src=\"https:\/\/jmc-caravanes.com\/wp-content\/uploads\/2026\/03\/BAILEY-UNICORN-BARCELONA-4-400x284.jpeg\" alt=\"JMC CARAVANE BAILEY UNICORN BARCELONA\" class=\"wp-image-858\" srcset=\"https:\/\/jmc-caravanes.com\/wp-content\/uploads\/2026\/03\/BAILEY-UNICORN-BARCELONA-4.jpeg 479w, https:\/\/jmc-caravanes.com\/wp-content\/uploads\/2026\/03\/BAILEY-UNICORN-BARCELONA-4-400x284.jpeg 480w\" sizes=\"(max-width:479px) 479px, 100vw\" \/><span class=\"et_overlay\" data-icon=\"\" data-icon-tablet=\"\" data-icon-phone=\"\"><\/span><\/a><\/div><\/div><div class=\"et_pb_gallery_item et_pb_grid_item et_pb_gallery_item_4_7\"><div class=\"et_pb_gallery_image landscape\" data-per_page=\"1\"><a href=\"https:\/\/jmc-caravanes.com\/wp-content\/uploads\/2026\/03\/BAILEY-UNICORN-BARCELONA-5.jpeg\" title=\"JMC CARAVANE BAILEY UNICORN BARCELONA\"><img loading=\"lazy\" decoding=\"async\" width=\"400\" height=\"284\" src=\"https:\/\/jmc-caravanes.com\/wp-content\/uploads\/2026\/03\/BAILEY-UNICORN-BARCELONA-5-400x284.jpeg\" alt=\"JMC CARAVANE BAILEY UNICORN BARCELONA\" class=\"wp-image-859\" srcset=\"https:\/\/jmc-caravanes.com\/wp-content\/uploads\/2026\/03\/BAILEY-UNICORN-BARCELONA-5.jpeg 479w, https:\/\/jmc-caravanes.com\/wp-content\/uploads\/2026\/03\/BAILEY-UNICORN-BARCELONA-5-400x284.jpeg 480w\" sizes=\"(max-width:479px) 479px, 100vw\" \/><span class=\"et_overlay\" data-icon=\"\" data-icon-tablet=\"\" data-icon-phone=\"\"><\/span><\/a><\/div><\/div><div class=\"et_pb_gallery_item et_pb_grid_item et_pb_gallery_item_4_8\"><div class=\"et_pb_gallery_image landscape\" data-per_page=\"1\"><a href=\"https:\/\/jmc-caravanes.com\/wp-content\/uploads\/2026\/03\/BAILEY-UNICORN-BARCELONA-6.jpeg\" title=\"JMC CARAVANE BAILEY UNICORN BARCELONA\"><img loading=\"lazy\" decoding=\"async\" width=\"400\" height=\"284\" src=\"https:\/\/jmc-caravanes.com\/wp-content\/uploads\/2026\/03\/BAILEY-UNICORN-BARCELONA-6-400x284.jpeg\" alt=\"JMC CARAVANE BAILEY UNICORN BARCELONA\" class=\"wp-image-860\" srcset=\"https:\/\/jmc-caravanes.com\/wp-content\/uploads\/2026\/03\/BAILEY-UNICORN-BARCELONA-6.jpeg 479w, https:\/\/jmc-caravanes.com\/wp-content\/uploads\/2026\/03\/BAILEY-UNICORN-BARCELONA-6-400x284.jpeg 480w\" sizes=\"(max-width:479px) 479px, 100vw\" \/><span class=\"et_overlay\" data-icon=\"\" data-icon-tablet=\"\" data-icon-phone=\"\"><\/span><\/a><\/div><\/div><div class=\"et_pb_gallery_item et_pb_grid_item et_pb_gallery_item_4_9\"><div class=\"et_pb_gallery_image landscape\" data-per_page=\"1\"><a href=\"https:\/\/jmc-caravanes.com\/wp-content\/uploads\/2026\/03\/BAILEY-UNICORN-BARCELONA-7.jpeg\" title=\"JMC CARAVANE BAILEY UNICORN BARCELONA\"><img loading=\"lazy\" decoding=\"async\" width=\"400\" height=\"284\" src=\"https:\/\/jmc-caravanes.com\/wp-content\/uploads\/2026\/03\/BAILEY-UNICORN-BARCELONA-7-400x284.jpeg\" alt=\"JMC CARAVANE BAILEY UNICORN BARCELONA\" class=\"wp-image-861\" srcset=\"https:\/\/jmc-caravanes.com\/wp-content\/uploads\/2026\/03\/BAILEY-UNICORN-BARCELONA-7.jpeg 479w, https:\/\/jmc-caravanes.com\/wp-content\/uploads\/2026\/03\/BAILEY-UNICORN-BARCELONA-7-400x284.jpeg 480w\" sizes=\"(max-width:479px) 479px, 100vw\" \/><span class=\"et_overlay\" data-icon=\"\" data-icon-tablet=\"\" data-icon-phone=\"\"><\/span><\/a><\/div><\/div><div class=\"et_pb_gallery_item et_pb_grid_item et_pb_gallery_item_4_10\"><div class=\"et_pb_gallery_image landscape\" data-per_page=\"1\"><a href=\"https:\/\/jmc-caravanes.com\/wp-content\/uploads\/2026\/03\/BAILEY-UNICORN-BARCELONA-9.jpeg\" title=\"JMC CARAVANE BAILEY UNICORN BARCELONA\"><img loading=\"lazy\" decoding=\"async\" width=\"400\" height=\"284\" src=\"https:\/\/jmc-caravanes.com\/wp-content\/uploads\/2026\/03\/BAILEY-UNICORN-BARCELONA-9-400x284.jpeg\" alt=\"JMC CARAVANE BAILEY UNICORN BARCELONA\" class=\"wp-image-863\" srcset=\"https:\/\/jmc-caravanes.com\/wp-content\/uploads\/2026\/03\/BAILEY-UNICORN-BARCELONA-9.jpeg 479w, https:\/\/jmc-caravanes.com\/wp-content\/uploads\/2026\/03\/BAILEY-UNICORN-BARCELONA-9-400x284.jpeg 480w\" sizes=\"(max-width:479px) 479px, 100vw\" \/><span class=\"et_overlay\" data-icon=\"\" data-icon-tablet=\"\" data-icon-phone=\"\"><\/span><\/a><\/div><\/div><div class=\"et_pb_gallery_item et_pb_grid_item et_pb_gallery_item_4_11\"><div class=\"et_pb_gallery_image landscape\" data-per_page=\"1\"><a href=\"https:\/\/jmc-caravanes.com\/wp-content\/uploads\/2026\/03\/BAILEY-UNICORN-BARCELONA-10.jpeg\" title=\"JMC CARAVANE BAILEY UNICORN BARCELONA\"><img loading=\"lazy\" decoding=\"async\" width=\"400\" height=\"284\" src=\"https:\/\/jmc-caravanes.com\/wp-content\/uploads\/2026\/03\/BAILEY-UNICORN-BARCELONA-10-400x284.jpeg\" alt=\"JMC CARAVANE BAILEY UNICORN BARCELONA\" class=\"wp-image-864\" srcset=\"https:\/\/jmc-caravanes.com\/wp-content\/uploads\/2026\/03\/BAILEY-UNICORN-BARCELONA-10.jpeg 479w, https:\/\/jmc-caravanes.com\/wp-content\/uploads\/2026\/03\/BAILEY-UNICORN-BARCELONA-10-400x284.jpeg 480w\" sizes=\"(max-width:479px) 479px, 100vw\" \/><span class=\"et_overlay\" data-icon=\"\" data-icon-tablet=\"\" data-icon-phone=\"\"><\/span><\/a><\/div><\/div><div class=\"et_pb_gallery_item et_pb_grid_item et_pb_gallery_item_4_12\"><div class=\"et_pb_gallery_image landscape\" data-per_page=\"1\"><a href=\"https:\/\/jmc-caravanes.com\/wp-content\/uploads\/2026\/03\/BAILEY-UNICORN-BARCELONA-11.jpeg\" title=\"JMC CARAVANE BAILEY UNICORN BARCELONA\"><img loading=\"lazy\" decoding=\"async\" width=\"400\" height=\"284\" src=\"https:\/\/jmc-caravanes.com\/wp-content\/uploads\/2026\/03\/BAILEY-UNICORN-BARCELONA-11-400x284.jpeg\" alt=\"JMC CARAVANE BAILEY UNICORN BARCELONA\" class=\"wp-image-865\" srcset=\"https:\/\/jmc-caravanes.com\/wp-content\/uploads\/2026\/03\/BAILEY-UNICORN-BARCELONA-11.jpeg 479w, https:\/\/jmc-caravanes.com\/wp-content\/uploads\/2026\/03\/BAILEY-UNICORN-BARCELONA-11-400x284.jpeg 480w\" sizes=\"(max-width:479px) 479px, 100vw\" \/><span class=\"et_overlay\" data-icon=\"\" data-icon-tablet=\"\" data-icon-phone=\"\"><\/span><\/a><\/div><\/div><div class=\"et_pb_gallery_item et_pb_grid_item et_pb_gallery_item_4_13\"><div class=\"et_pb_gallery_image landscape\" data-per_page=\"1\"><a href=\"https:\/\/jmc-caravanes.com\/wp-content\/uploads\/2026\/03\/BAILEY-UNICORN-BARCELONA-12.jpeg\" title=\"JMC CARAVANE BAILEY UNICORN BARCELONA\"><img loading=\"lazy\" decoding=\"async\" width=\"400\" height=\"284\" src=\"https:\/\/jmc-caravanes.com\/wp-content\/uploads\/2026\/03\/BAILEY-UNICORN-BARCELONA-12-400x284.jpeg\" alt=\"JMC CARAVANE BAILEY UNICORN BARCELONA\" class=\"wp-image-866\" srcset=\"https:\/\/jmc-caravanes.com\/wp-content\/uploads\/2026\/03\/BAILEY-UNICORN-BARCELONA-12.jpeg 479w, https:\/\/jmc-caravanes.com\/wp-content\/uploads\/2026\/03\/BAILEY-UNICORN-BARCELONA-12-400x284.jpeg 480w\" sizes=\"(max-width:479px) 479px, 100vw\" \/><span class=\"et_overlay\" data-icon=\"\" data-icon-tablet=\"\" data-icon-phone=\"\"><\/span><\/a><\/div><\/div><div class=\"et_pb_gallery_item et_pb_grid_item et_pb_gallery_item_4_14\"><div class=\"et_pb_gallery_image landscape\" data-per_page=\"1\"><a href=\"https:\/\/jmc-caravanes.com\/wp-content\/uploads\/2026\/03\/BAILEY-UNICORN-BARCELONA-15.jpeg\" title=\"JMC CARAVANE BAILEY UNICORN BARCELONA\"><img loading=\"lazy\" decoding=\"async\" width=\"400\" height=\"284\" src=\"https:\/\/jmc-caravanes.com\/wp-content\/uploads\/2026\/03\/BAILEY-UNICORN-BARCELONA-15-400x284.jpeg\" alt=\"JMC CARAVANE BAILEY UNICORN BARCELONA\" class=\"wp-image-869\" srcset=\"https:\/\/jmc-caravanes.com\/wp-content\/uploads\/2026\/03\/BAILEY-UNICORN-BARCELONA-15.jpeg 479w, https:\/\/jmc-caravanes.com\/wp-content\/uploads\/2026\/03\/BAILEY-UNICORN-BARCELONA-15-400x284.jpeg 480w\" sizes=\"(max-width:479px) 479px, 100vw\" \/><span class=\"et_overlay\" data-icon=\"\" data-icon-tablet=\"\" data-icon-phone=\"\"><\/span><\/a><\/div><\/div><\/div><div class=\"et_pb_gallery_pagination\"><\/div><\/div>\n<\/div><\/div>\n<\/div>\n\n<div class=\"et_pb_column_2 et_pb_column et_flex_column et_pb_css_mix_blend_mode_passthrough et_flex_column_8_24 et_flex_column_8_24_tablet et_flex_column_24_24_phone et_flex_column_24_24_phoneWide et_flex_column_8_24_tabletWide\">\n<div class=\"et_pb_blurb_5 et_pb_blurb et_pb_bg_layout_light et_pb_blurb_position_top et_pb_module et_flex_module\"><div class=\"et_pb_blurb_content et_flex_module\"><div class=\"et_pb_main_blurb_image\"><span class=\"et_pb_image_wrap et_pb_only_image_mode_wrap\"><img loading=\"lazy\" decoding=\"async\" src=\"https:\/\/jmc-caravanes.com\/wp-content\/uploads\/2026\/03\/venduejmc.jpg\" alt=\"jmc caravane vendue\" width=\"282\" height=\"108\" srcset=\"https:\/\/jmc-caravanes.com\/wp-content\/uploads\/2026\/03\/venduejmc.jpg 282w\" sizes=\"(max-width: 282px) 100vw, 282px\" class=\"et_animated wp-image-940\" title=\"jmc caravane vendue\" \/><\/span><\/div><div class=\"et_pb_blurb_container\"><h4 class=\"et_pb_module_header\">BAILEY Cabrera\u00a0\u00a0<\/h4><div class=\"et_pb_blurb_description\"><p><span dir=\"auto\" style=\"vertical-align: inherit;\"><span dir=\"auto\" style=\"vertical-align: inherit;\">Ann\u00e9e 2021<\/span><\/span><\/p>\n<div class=\"vehicle-spec\">\n<div class=\"vehicle-spec__icon\"><img loading=\"lazy\" decoding=\"async\" src=\"https:\/\/s3-eu-west-1.amazonaws.com\/files.autopromotor\/datasheetimages\/Berth.svg\" width=\"28\" height=\"28\" \/><span>\u00a0<\/span>\u00a0<span dir=\"auto\"><span dir=\"auto\" style=\"vertical-align: inherit;\"><span dir=\"auto\" style=\"vertical-align: inherit;\">Couchette : <\/span><\/span><span>\u00a0<\/span><\/span><span dir=\"auto\"><span dir=\"auto\" style=\"vertical-align: inherit;\"><span dir=\"auto\" style=\"vertical-align: inherit;\">4<\/span><\/span><\/span><\/div>\n<\/div>\n<div class=\"vehicle-spec\">\n<div class=\"vehicle-spec__icon\"><img decoding=\"async\" src=\"https:\/\/s3-eu-west-1.amazonaws.com\/files.autopromotor\/datasheetimages\/MTPLM.svg\" \/><span>\u00a0<\/span>\u00a0<span dir=\"auto\"><span dir=\"auto\" style=\"vertical-align: inherit;\"><span dir=\"auto\" style=\"vertical-align: inherit;\">PTAC :\u00a0 <\/span><\/span><span>\u00a0<\/span><\/span><span dir=\"auto\"><span dir=\"auto\" style=\"vertical-align: inherit;\"><span dir=\"auto\" style=\"vertical-align: inherit;\">1539 kg<\/span><\/span><\/span><\/div>\n<div class=\"vehicle-spec__icon\"><span dir=\"auto\"><span dir=\"auto\" style=\"vertical-align: inherit;\"><span dir=\"auto\" style=\"vertical-align: inherit;\"><img decoding=\"async\" src=\"https:\/\/s3-eu-west-1.amazonaws.com\/files.autopromotor\/datasheetimages\/Weight.svg\" \/><span>\u00a0<\/span>\u00a0<span dir=\"auto\" style=\"vertical-align: inherit;\">Poids \u00e0 vide : <\/span><span>\u00a0<\/span><span dir=\"auto\" style=\"vertical-align: inherit;\">1359 kg<\/span><\/span><\/span><\/span><\/div>\n<\/div>\n<div class=\"vehicle-spec\">\n<div class=\"vehicle-spec__icon\"><img decoding=\"async\" src=\"https:\/\/s3-eu-west-1.amazonaws.com\/files.autopromotor\/datasheetimages\/CaravanLength.svg\" \/><span dir=\"auto\" style=\"vertical-align: inherit;\"><span dir=\"auto\" style=\"vertical-align: inherit;\">\u00a0 Longueur <\/span><\/span><span dir=\"auto\"><span dir=\"auto\" style=\"vertical-align: inherit;\"><span dir=\"auto\" style=\"vertical-align: inherit;\">: <\/span><\/span><span>\u00a0<\/span><\/span><span dir=\"auto\"><span dir=\"auto\" style=\"vertical-align: inherit;\"><span dir=\"auto\" style=\"vertical-align: inherit;\">7630 mm<\/span><\/span><\/span><\/div>\n<\/div>\n<div class=\"vehicle-spec\">\n<div class=\"vehicle-spec__icon\"><img decoding=\"async\" src=\"https:\/\/s3-eu-west-1.amazonaws.com\/files.autopromotor\/datasheetimages\/CaravanWidth.svg\" \/><span>\u00a0<\/span>\u00a0<span dir=\"auto\"><span dir=\"auto\" style=\"vertical-align: inherit;\"><span dir=\"auto\" style=\"vertical-align: inherit;\">Largeur : <\/span><\/span><span>\u00a0<\/span><\/span><span dir=\"auto\"><span dir=\"auto\" style=\"vertical-align: inherit;\"><span dir=\"auto\" style=\"vertical-align: inherit;\">2259 mm<\/span><\/span><\/span><\/div>\n<\/div>\n<div class=\"vehicle-spec\">\n<div class=\"vehicle-spec__icon\"><\/div>\n<\/div>\n<\/div><\/div>\n<div class=\"et_pb_image_5 et_pb_image et_pb_module et_flex_module\"><span class=\"et_pb_image_wrap\"><img loading=\"lazy\" decoding=\"async\" src=\"https:\/\/jmc-caravanes.com\/wp-content\/uploads\/2026\/02\/logo-8.png\" alt=\"Bailey Caravane\" title=\"Bailey Caravane\" width=\"161\" height=\"93\" srcset=\"https:\/\/jmc-caravanes.com\/wp-content\/uploads\/2026\/02\/logo-8.png 161w\" sizes=\"(max-width: 161px) 100vw, 161px\" class=\"wp-image-110\" \/><\/span>\n<div class=\"et_pb_module et_pb_button_module_wrapper et_pb_button_5_wrapper\"><a class=\"et_pb_button_5 et_pb_button et_pb_bg_layout_light et_pb_module et_flex_module\" href=\"\">32250 \u20ac<\/a><\/div>\n<\/div>\n\n<div class=\"et_pb_gallery_5 et_pb_gallery et_pb_bg_layout_light et_pb_gallery_grid et_pb_module\" data-auto-rotate=\"off\" data-auto-rotate-speed=\"\"><div class=\"et_pb_gallery_items et_post_gallery clearfix et_grid_module\" data-per_page=\"1\"><div class=\"et_pb_gallery_item et_pb_grid_item et_pb_gallery_item_5_0\"><div class=\"et_pb_gallery_image landscape\" data-per_page=\"1\"><a href=\"https:\/\/jmc-caravanes.com\/wp-content\/uploads\/2026\/03\/VENDUEPlan-de-travail-1.jpg\" title=\"JMC CARAVANE vendue\"><img loading=\"lazy\" decoding=\"async\" width=\"400\" height=\"284\" src=\"https:\/\/jmc-caravanes.com\/wp-content\/uploads\/2026\/03\/VENDUEPlan-de-travail-1-400x284.jpg\" alt=\"JMC CARAVANE vendue\" class=\"wp-image-948\" srcset=\"https:\/\/jmc-caravanes.com\/wp-content\/uploads\/2026\/03\/VENDUEPlan-de-travail-1.jpg 479w, https:\/\/jmc-caravanes.com\/wp-content\/uploads\/2026\/03\/VENDUEPlan-de-travail-1-400x284.jpg 480w\" sizes=\"(max-width:479px) 479px, 100vw\" \/><span class=\"et_overlay\" data-icon=\"\" data-icon-tablet=\"\" data-icon-phone=\"\"><\/span><\/a><\/div><\/div><div class=\"et_pb_gallery_item et_pb_grid_item et_pb_gallery_item_5_1\"><div class=\"et_pb_gallery_image landscape\" data-per_page=\"1\"><a href=\"https:\/\/jmc-caravanes.com\/wp-content\/uploads\/2026\/02\/BAILEY-CABRERA-BLACK-8.jpeg\" title=\"BAILEY CABRERA BLACK (8)\"><img loading=\"lazy\" decoding=\"async\" width=\"400\" height=\"284\" src=\"https:\/\/jmc-caravanes.com\/wp-content\/uploads\/2026\/02\/BAILEY-CABRERA-BLACK-8-400x284.jpeg\" alt=\"BAILEY CABRERA BLACK (8)\" class=\"wp-image-162\" srcset=\"https:\/\/jmc-caravanes.com\/wp-content\/uploads\/2026\/02\/BAILEY-CABRERA-BLACK-8.jpeg 479w, https:\/\/jmc-caravanes.com\/wp-content\/uploads\/2026\/02\/BAILEY-CABRERA-BLACK-8-400x284.jpeg 480w\" sizes=\"(max-width:479px) 479px, 100vw\" \/><span class=\"et_overlay\" data-icon=\"\" data-icon-tablet=\"\" data-icon-phone=\"\"><\/span><\/a><\/div><\/div><div class=\"et_pb_gallery_item et_pb_grid_item et_pb_gallery_item_5_2\"><div class=\"et_pb_gallery_image landscape\" data-per_page=\"1\"><a href=\"https:\/\/jmc-caravanes.com\/wp-content\/uploads\/2026\/02\/BAILEY-CABRERA-BLACK-7.jpeg\" title=\"BAILEY CABRERA BLACK (7)\"><img loading=\"lazy\" decoding=\"async\" width=\"400\" height=\"284\" src=\"https:\/\/jmc-caravanes.com\/wp-content\/uploads\/2026\/02\/BAILEY-CABRERA-BLACK-7-400x284.jpeg\" alt=\"\" class=\"wp-image-263\" srcset=\"https:\/\/jmc-caravanes.com\/wp-content\/uploads\/2026\/02\/BAILEY-CABRERA-BLACK-7.jpeg 479w, https:\/\/jmc-caravanes.com\/wp-content\/uploads\/2026\/02\/BAILEY-CABRERA-BLACK-7-400x284.jpeg 480w\" sizes=\"(max-width:479px) 479px, 100vw\" \/><span class=\"et_overlay\" data-icon=\"\" data-icon-tablet=\"\" data-icon-phone=\"\"><\/span><\/a><\/div><\/div><div class=\"et_pb_gallery_item et_pb_grid_item et_pb_gallery_item_5_3\"><div class=\"et_pb_gallery_image landscape\" data-per_page=\"1\"><a href=\"https:\/\/jmc-caravanes.com\/wp-content\/uploads\/2026\/02\/BAILEY-CABRERA-BLACK-5.jpeg\" title=\"BAILEY CABRERA BLACK (5)\"><img loading=\"lazy\" decoding=\"async\" width=\"400\" height=\"284\" src=\"https:\/\/jmc-caravanes.com\/wp-content\/uploads\/2026\/02\/BAILEY-CABRERA-BLACK-5-400x284.jpeg\" alt=\"AILEY CABRERA BLACK (5)\" class=\"wp-image-261\" srcset=\"https:\/\/jmc-caravanes.com\/wp-content\/uploads\/2026\/02\/BAILEY-CABRERA-BLACK-5.jpeg 479w, https:\/\/jmc-caravanes.com\/wp-content\/uploads\/2026\/02\/BAILEY-CABRERA-BLACK-5-400x284.jpeg 480w\" sizes=\"(max-width:479px) 479px, 100vw\" \/><span class=\"et_overlay\" data-icon=\"\" data-icon-tablet=\"\" data-icon-phone=\"\"><\/span><\/a><\/div><\/div><div class=\"et_pb_gallery_item et_pb_grid_item et_pb_gallery_item_5_4\"><div class=\"et_pb_gallery_image landscape\" data-per_page=\"1\"><a href=\"https:\/\/jmc-caravanes.com\/wp-content\/uploads\/2026\/02\/BAILEY-CABRERA-BLACK-1.jpeg\" title=\"BAILEY CABRERA BLACK (1)\"><img loading=\"lazy\" decoding=\"async\" width=\"400\" height=\"284\" src=\"https:\/\/jmc-caravanes.com\/wp-content\/uploads\/2026\/02\/BAILEY-CABRERA-BLACK-1-400x284.jpeg\" alt=\"\" class=\"wp-image-257\" srcset=\"https:\/\/jmc-caravanes.com\/wp-content\/uploads\/2026\/02\/BAILEY-CABRERA-BLACK-1.jpeg 479w, https:\/\/jmc-caravanes.com\/wp-content\/uploads\/2026\/02\/BAILEY-CABRERA-BLACK-1-400x284.jpeg 480w\" sizes=\"(max-width:479px) 479px, 100vw\" \/><span class=\"et_overlay\" data-icon=\"\" data-icon-tablet=\"\" data-icon-phone=\"\"><\/span><\/a><\/div><\/div><div class=\"et_pb_gallery_item et_pb_grid_item et_pb_gallery_item_5_5\"><div class=\"et_pb_gallery_image landscape\" data-per_page=\"1\"><a href=\"https:\/\/jmc-caravanes.com\/wp-content\/uploads\/2026\/02\/BAILEY-CABRERA-BLACK-3.jpeg\" title=\"BAILEY CABRERA BLACK (3)\"><img loading=\"lazy\" decoding=\"async\" width=\"400\" height=\"284\" src=\"https:\/\/jmc-caravanes.com\/wp-content\/uploads\/2026\/02\/BAILEY-CABRERA-BLACK-3-400x284.jpeg\" alt=\"\" class=\"wp-image-259\" srcset=\"https:\/\/jmc-caravanes.com\/wp-content\/uploads\/2026\/02\/BAILEY-CABRERA-BLACK-3.jpeg 479w, https:\/\/jmc-caravanes.com\/wp-content\/uploads\/2026\/02\/BAILEY-CABRERA-BLACK-3-400x284.jpeg 480w\" sizes=\"(max-width:479px) 479px, 100vw\" \/><span class=\"et_overlay\" data-icon=\"\" data-icon-tablet=\"\" data-icon-phone=\"\"><\/span><\/a><\/div><\/div><div class=\"et_pb_gallery_item et_pb_grid_item et_pb_gallery_item_5_6\"><div class=\"et_pb_gallery_image landscape\" data-per_page=\"1\"><a href=\"https:\/\/jmc-caravanes.com\/wp-content\/uploads\/2026\/02\/BAILEY-CABRERA-BLACK-4.jpeg\" title=\"BAILEY CABRERA BLACK (4)\"><img loading=\"lazy\" decoding=\"async\" width=\"400\" height=\"284\" src=\"https:\/\/jmc-caravanes.com\/wp-content\/uploads\/2026\/02\/BAILEY-CABRERA-BLACK-4-400x284.jpeg\" alt=\"\" class=\"wp-image-260\" srcset=\"https:\/\/jmc-caravanes.com\/wp-content\/uploads\/2026\/02\/BAILEY-CABRERA-BLACK-4.jpeg 479w, https:\/\/jmc-caravanes.com\/wp-content\/uploads\/2026\/02\/BAILEY-CABRERA-BLACK-4-400x284.jpeg 480w\" sizes=\"(max-width:479px) 479px, 100vw\" \/><span class=\"et_overlay\" data-icon=\"\" data-icon-tablet=\"\" data-icon-phone=\"\"><\/span><\/a><\/div><\/div><div class=\"et_pb_gallery_item et_pb_grid_item et_pb_gallery_item_5_7\"><div class=\"et_pb_gallery_image landscape\" data-per_page=\"1\"><a href=\"https:\/\/jmc-caravanes.com\/wp-content\/uploads\/2026\/02\/BAILEY-CABRERA-BLACK-EDITION-2.jpeg\" title=\"BAILEY CABRERA BLACK EDITION (2)\"><img loading=\"lazy\" decoding=\"async\" width=\"400\" height=\"284\" src=\"https:\/\/jmc-caravanes.com\/wp-content\/uploads\/2026\/02\/BAILEY-CABRERA-BLACK-EDITION-2-400x284.jpeg\" alt=\"\" class=\"wp-image-269\" srcset=\"https:\/\/jmc-caravanes.com\/wp-content\/uploads\/2026\/02\/BAILEY-CABRERA-BLACK-EDITION-2.jpeg 479w, https:\/\/jmc-caravanes.com\/wp-content\/uploads\/2026\/02\/BAILEY-CABRERA-BLACK-EDITION-2-400x284.jpeg 480w\" sizes=\"(max-width:479px) 479px, 100vw\" \/><span class=\"et_overlay\" data-icon=\"\" data-icon-tablet=\"\" data-icon-phone=\"\"><\/span><\/a><\/div><\/div><div class=\"et_pb_gallery_item et_pb_grid_item et_pb_gallery_item_5_8\"><div class=\"et_pb_gallery_image landscape\" data-per_page=\"1\"><a href=\"https:\/\/jmc-caravanes.com\/wp-content\/uploads\/2026\/02\/BAILEY-CABRERA-BLACK-12.jpeg\" title=\"BAILEY CABRERA BLACK (12)\"><img loading=\"lazy\" decoding=\"async\" width=\"400\" height=\"284\" src=\"https:\/\/jmc-caravanes.com\/wp-content\/uploads\/2026\/02\/BAILEY-CABRERA-BLACK-12-400x284.jpeg\" alt=\"\" class=\"wp-image-268\" srcset=\"https:\/\/jmc-caravanes.com\/wp-content\/uploads\/2026\/02\/BAILEY-CABRERA-BLACK-12.jpeg 479w, https:\/\/jmc-caravanes.com\/wp-content\/uploads\/2026\/02\/BAILEY-CABRERA-BLACK-12-400x284.jpeg 480w\" sizes=\"(max-width:479px) 479px, 100vw\" \/><span class=\"et_overlay\" data-icon=\"\" data-icon-tablet=\"\" data-icon-phone=\"\"><\/span><\/a><\/div><\/div><div class=\"et_pb_gallery_item et_pb_grid_item et_pb_gallery_item_5_9\"><div class=\"et_pb_gallery_image landscape\" data-per_page=\"1\"><a href=\"https:\/\/jmc-caravanes.com\/wp-content\/uploads\/2026\/02\/BAILEY-CABRERA-BLACK-11.jpeg\" title=\"BAILEY CABRERA BLACK (11)\"><img loading=\"lazy\" decoding=\"async\" width=\"400\" height=\"284\" src=\"https:\/\/jmc-caravanes.com\/wp-content\/uploads\/2026\/02\/BAILEY-CABRERA-BLACK-11-400x284.jpeg\" alt=\"\" class=\"wp-image-267\" srcset=\"https:\/\/jmc-caravanes.com\/wp-content\/uploads\/2026\/02\/BAILEY-CABRERA-BLACK-11.jpeg 479w, https:\/\/jmc-caravanes.com\/wp-content\/uploads\/2026\/02\/BAILEY-CABRERA-BLACK-11-400x284.jpeg 480w\" sizes=\"(max-width:479px) 479px, 100vw\" \/><span class=\"et_overlay\" data-icon=\"\" data-icon-tablet=\"\" data-icon-phone=\"\"><\/span><\/a><\/div><\/div><div class=\"et_pb_gallery_item et_pb_grid_item et_pb_gallery_item_5_10\"><div class=\"et_pb_gallery_image landscape\" data-per_page=\"1\"><a href=\"https:\/\/jmc-caravanes.com\/wp-content\/uploads\/2026\/02\/BAILEY-CABRERA-BLACK-10.jpeg\" title=\"BAILEY CABRERA BLACK (10)\"><img loading=\"lazy\" decoding=\"async\" width=\"400\" height=\"284\" src=\"https:\/\/jmc-caravanes.com\/wp-content\/uploads\/2026\/02\/BAILEY-CABRERA-BLACK-10-400x284.jpeg\" alt=\"\" class=\"wp-image-266\" srcset=\"https:\/\/jmc-caravanes.com\/wp-content\/uploads\/2026\/02\/BAILEY-CABRERA-BLACK-10.jpeg 479w, https:\/\/jmc-caravanes.com\/wp-content\/uploads\/2026\/02\/BAILEY-CABRERA-BLACK-10-400x284.jpeg 480w\" sizes=\"(max-width:479px) 479px, 100vw\" \/><span class=\"et_overlay\" data-icon=\"\" data-icon-tablet=\"\" data-icon-phone=\"\"><\/span><\/a><\/div><\/div><div class=\"et_pb_gallery_item et_pb_grid_item et_pb_gallery_item_5_11\"><div class=\"et_pb_gallery_image landscape\" data-per_page=\"1\"><a href=\"https:\/\/jmc-caravanes.com\/wp-content\/uploads\/2026\/02\/BAILEY-CABRERA-BLACK-9.jpeg\" title=\"BAILEY CABRERA BLACK (9)\"><img loading=\"lazy\" decoding=\"async\" width=\"400\" height=\"284\" src=\"https:\/\/jmc-caravanes.com\/wp-content\/uploads\/2026\/02\/BAILEY-CABRERA-BLACK-9-400x284.jpeg\" alt=\"\" class=\"wp-image-265\" srcset=\"https:\/\/jmc-caravanes.com\/wp-content\/uploads\/2026\/02\/BAILEY-CABRERA-BLACK-9.jpeg 479w, https:\/\/jmc-caravanes.com\/wp-content\/uploads\/2026\/02\/BAILEY-CABRERA-BLACK-9-400x284.jpeg 480w\" sizes=\"(max-width:479px) 479px, 100vw\" \/><span class=\"et_overlay\" data-icon=\"\" data-icon-tablet=\"\" data-icon-phone=\"\"><\/span><\/a><\/div><\/div><div class=\"et_pb_gallery_item et_pb_grid_item et_pb_gallery_item_5_12\"><div class=\"et_pb_gallery_image landscape\" data-per_page=\"1\"><a href=\"https:\/\/jmc-caravanes.com\/wp-content\/uploads\/2026\/02\/BAILEY-CABRERA-BLACK-6-1.jpeg\" title=\"BAILEY CABRERA BLACK (6)\"><img loading=\"lazy\" decoding=\"async\" width=\"400\" height=\"284\" src=\"https:\/\/jmc-caravanes.com\/wp-content\/uploads\/2026\/02\/BAILEY-CABRERA-BLACK-6-1-400x284.jpeg\" alt=\"\" class=\"wp-image-262\" srcset=\"https:\/\/jmc-caravanes.com\/wp-content\/uploads\/2026\/02\/BAILEY-CABRERA-BLACK-6-1.jpeg 479w, https:\/\/jmc-caravanes.com\/wp-content\/uploads\/2026\/02\/BAILEY-CABRERA-BLACK-6-1-400x284.jpeg 480w\" sizes=\"(max-width:479px) 479px, 100vw\" \/><span class=\"et_overlay\" data-icon=\"\" data-icon-tablet=\"\" data-icon-phone=\"\"><\/span><\/a><\/div><\/div><\/div><div class=\"et_pb_gallery_pagination\"><\/div><\/div>\n<\/div><\/div>\n\n<div class=\"et_pb_blurb_6 et_pb_blurb et_pb_bg_layout_light et_pb_blurb_position_top et_pb_module et_flex_module\"><div class=\"et_pb_blurb_content et_flex_module\"><div class=\"et_pb_main_blurb_image\"><span class=\"et_pb_image_wrap et_pb_only_image_mode_wrap\"><img loading=\"lazy\" decoding=\"async\" src=\"https:\/\/jmc-caravanes.com\/wp-content\/uploads\/2026\/02\/SWIFT-CONQUEROR-580-PLAN.jpg\" alt=\"SWIFT CONQUEROR 580 PLAN\" width=\"782\" height=\"298\" srcset=\"https:\/\/jmc-caravanes.com\/wp-content\/uploads\/2026\/02\/SWIFT-CONQUEROR-580-PLAN.jpg 782w, https:\/\/jmc-caravanes.com\/wp-content\/uploads\/2026\/02\/SWIFT-CONQUEROR-580-PLAN-480x183.jpg 480w\" sizes=\"(min-width: 0px) and (max-width: 480px) 480px, (min-width: 481px) 782px, 100vw\" class=\"et_animated wp-image-167\" title=\"SWIFT CONQUEROR 580 PLAN\" \/><\/span><\/div><div class=\"et_pb_blurb_container\"><h4 class=\"et_pb_module_header\">SWIFT Conqueror 580<\/h4><div class=\"et_pb_blurb_description\"><p><span dir=\"auto\" style=\"vertical-align: inherit;\"><span dir=\"auto\" style=\"vertical-align: inherit;\"><span dir=\"auto\" style=\"vertical-align: inherit;\"><span dir=\"auto\" style=\"vertical-align: inherit;\">Ann\u00e9e 2019<\/span><\/span><\/span><\/span><\/p>\n<div class=\"vehicle-spec\">\n<div class=\"vehicle-spec__icon\"><img loading=\"lazy\" decoding=\"async\" src=\"https:\/\/s3-eu-west-1.amazonaws.com\/files.autopromotor\/datasheetimages\/Berth.svg\" width=\"28\" height=\"28\" \/><span>\u00a0<\/span>\u00a0<span dir=\"auto\"><span dir=\"auto\" style=\"vertical-align: inherit;\"><span dir=\"auto\" style=\"vertical-align: inherit;\"><span dir=\"auto\" style=\"vertical-align: inherit;\"><span dir=\"auto\" style=\"vertical-align: inherit;\">Couchette : <\/span><\/span><\/span><\/span><span>\u00a0<\/span><\/span><span dir=\"auto\"><span dir=\"auto\" style=\"vertical-align: inherit;\"><span dir=\"auto\" style=\"vertical-align: inherit;\"><span dir=\"auto\" style=\"vertical-align: inherit;\"><span dir=\"auto\" style=\"vertical-align: inherit;\">4<\/span><\/span><\/span><\/span><\/span><\/div>\n<\/div>\n<div class=\"vehicle-spec\">\n<div class=\"vehicle-spec__icon\"><img decoding=\"async\" src=\"https:\/\/s3-eu-west-1.amazonaws.com\/files.autopromotor\/datasheetimages\/MTPLM.svg\" \/><span>\u00a0<\/span>\u00a0<span dir=\"auto\"><span dir=\"auto\" style=\"vertical-align: inherit;\"><span dir=\"auto\" style=\"vertical-align: inherit;\"><span dir=\"auto\" style=\"vertical-align: inherit;\"><span dir=\"auto\" style=\"vertical-align: inherit;\">PTAC :\u00a0 <\/span><\/span><\/span><\/span><span>\u00a0<\/span><\/span><span dir=\"auto\"><span dir=\"auto\" style=\"vertical-align: inherit;\"><span dir=\"auto\" style=\"vertical-align: inherit;\"><span dir=\"auto\" style=\"vertical-align: inherit;\"><span dir=\"auto\" style=\"vertical-align: inherit;\">1639 kg<\/span><\/span><\/span><\/span><\/span><\/div>\n<div class=\"vehicle-spec__icon\"><span dir=\"auto\"><span dir=\"auto\" style=\"vertical-align: inherit;\"><span dir=\"auto\" style=\"vertical-align: inherit;\"><img decoding=\"async\" src=\"https:\/\/s3-eu-west-1.amazonaws.com\/files.autopromotor\/datasheetimages\/Weight.svg\" \/><span>\u00a0<\/span>\u00a0<span dir=\"auto\" style=\"vertical-align: inherit;\"><span dir=\"auto\" style=\"vertical-align: inherit;\"><span dir=\"auto\" style=\"vertical-align: inherit;\">Poids \u00e0 vide : <\/span><\/span><\/span><span dir=\"auto\" style=\"vertical-align: inherit;\"><span dir=\"auto\" style=\"vertical-align: inherit;\"><span dir=\"auto\" style=\"vertical-align: inherit;\">1412 kg<\/span><\/span><\/span><span>\u00a0<\/span><span dir=\"auto\" style=\"vertical-align: inherit;\"><span dir=\"auto\" style=\"vertical-align: inherit;\"><\/span><\/span><\/span><\/span><\/span><\/div>\n<\/div>\n<div class=\"vehicle-spec\">\n<div class=\"vehicle-spec__icon\"><img decoding=\"async\" src=\"https:\/\/s3-eu-west-1.amazonaws.com\/files.autopromotor\/datasheetimages\/CaravanLength.svg\" \/><span dir=\"auto\" style=\"vertical-align: inherit;\"><span dir=\"auto\" style=\"vertical-align: inherit;\"><span dir=\"auto\" style=\"vertical-align: inherit;\"><span dir=\"auto\" style=\"vertical-align: inherit;\">\u00a0 Longueur <\/span><\/span><\/span><\/span><span dir=\"auto\"><span dir=\"auto\" style=\"vertical-align: inherit;\"><span dir=\"auto\" style=\"vertical-align: inherit;\"><span dir=\"auto\" style=\"vertical-align: inherit;\"><span dir=\"auto\" style=\"vertical-align: inherit;\">: <\/span><\/span><\/span><\/span><span>\u00a0<\/span><\/span><span dir=\"auto\"><span dir=\"auto\" style=\"vertical-align: inherit;\"><span dir=\"auto\" style=\"vertical-align: inherit;\"><span dir=\"auto\" style=\"vertical-align: inherit;\"><span dir=\"auto\" style=\"vertical-align: inherit;\">7390 mm<\/span><\/span><\/span><\/span><\/span><\/div>\n<\/div>\n<div class=\"vehicle-spec\">\n<div class=\"vehicle-spec__icon\"><img decoding=\"async\" src=\"https:\/\/s3-eu-west-1.amazonaws.com\/files.autopromotor\/datasheetimages\/CaravanWidth.svg\" \/><span>\u00a0<\/span>\u00a0<span dir=\"auto\"><span dir=\"auto\" style=\"vertical-align: inherit;\"><span dir=\"auto\" style=\"vertical-align: inherit;\"><span dir=\"auto\" style=\"vertical-align: inherit;\"><span dir=\"auto\" style=\"vertical-align: inherit;\">Largeur : <\/span><\/span><\/span><\/span><span>\u00a0<\/span><\/span><span dir=\"auto\"><span dir=\"auto\" style=\"vertical-align: inherit;\"><span dir=\"auto\" style=\"vertical-align: inherit;\"><span dir=\"auto\" style=\"vertical-align: inherit;\"><span dir=\"auto\" style=\"vertical-align: inherit;\">2259 mm<\/span><\/span><\/span><\/span><\/span><\/div>\n<\/div>\n<\/div><\/div>\n<div class=\"et_pb_image_6 et_pb_image et_flex_column_24_24 et_pb_module et_flex_module\"><span class=\"et_pb_image_wrap\"><img loading=\"lazy\" decoding=\"async\" src=\"https:\/\/jmc-caravanes.com\/wp-content\/uploads\/2026\/02\/JMCPlan-de-travail-5.png\" alt=\"Jmc Caravanes Swift\" title=\"Jmc Caravanes Swift\" width=\"161\" height=\"114\" srcset=\"https:\/\/jmc-caravanes.com\/wp-content\/uploads\/2026\/02\/JMCPlan-de-travail-5.png 161w\" sizes=\"(max-width: 161px) 100vw, 161px\" class=\"wp-image-288\" \/><\/span>\n<div class=\"et_pb_module et_pb_button_module_wrapper et_pb_button_6_wrapper\"><a class=\"et_pb_button_6 et_pb_button et_pb_bg_layout_light et_pb_module et_flex_module\" href=\"\">31890 \u20ac<\/a><\/div>\n<\/div>\n\n<div class=\"et_pb_gallery_6 et_pb_gallery et_pb_bg_layout_light et_pb_gallery_grid et_pb_module\" data-auto-rotate=\"off\" data-auto-rotate-speed=\"\"><div class=\"et_pb_gallery_items et_post_gallery clearfix et_grid_module\" data-per_page=\"1\"><div class=\"et_pb_gallery_item et_pb_grid_item et_pb_gallery_item_6_0\"><div class=\"et_pb_gallery_image landscape\" data-per_page=\"1\"><a href=\"https:\/\/jmc-caravanes.com\/wp-content\/uploads\/2026\/02\/SWIFT-CONQUEROR-580-1.jpg\" title=\"SAMSUNG CAMERA PICTURES\"><img loading=\"lazy\" decoding=\"async\" width=\"400\" height=\"284\" src=\"https:\/\/jmc-caravanes.com\/wp-content\/uploads\/2026\/02\/SWIFT-CONQUEROR-580-1-400x284.jpg\" alt=\"\" class=\"wp-image-317\" srcset=\"https:\/\/jmc-caravanes.com\/wp-content\/uploads\/2026\/02\/SWIFT-CONQUEROR-580-1.jpg 479w, https:\/\/jmc-caravanes.com\/wp-content\/uploads\/2026\/02\/SWIFT-CONQUEROR-580-1-400x284.jpg 480w\" sizes=\"(max-width:479px) 479px, 100vw\" \/><span class=\"et_overlay\" data-icon=\"\" data-icon-tablet=\"\" data-icon-phone=\"\"><\/span><\/a><\/div><\/div><div class=\"et_pb_gallery_item et_pb_grid_item et_pb_gallery_item_6_1\"><div class=\"et_pb_gallery_image landscape\" data-per_page=\"1\"><a href=\"https:\/\/jmc-caravanes.com\/wp-content\/uploads\/2026\/02\/SWIFT-CONQUEROR-580_02.jpg\" title=\"SAMSUNG CAMERA PICTURES\"><img loading=\"lazy\" decoding=\"async\" width=\"400\" height=\"284\" src=\"https:\/\/jmc-caravanes.com\/wp-content\/uploads\/2026\/02\/SWIFT-CONQUEROR-580_02-400x284.jpg\" alt=\"\" class=\"wp-image-318\" srcset=\"https:\/\/jmc-caravanes.com\/wp-content\/uploads\/2026\/02\/SWIFT-CONQUEROR-580_02.jpg 479w, https:\/\/jmc-caravanes.com\/wp-content\/uploads\/2026\/02\/SWIFT-CONQUEROR-580_02-400x284.jpg 480w\" sizes=\"(max-width:479px) 479px, 100vw\" \/><span class=\"et_overlay\" data-icon=\"\" data-icon-tablet=\"\" data-icon-phone=\"\"><\/span><\/a><\/div><\/div><div class=\"et_pb_gallery_item et_pb_grid_item et_pb_gallery_item_6_2\"><div class=\"et_pb_gallery_image landscape\" data-per_page=\"1\"><a href=\"https:\/\/jmc-caravanes.com\/wp-content\/uploads\/2026\/02\/SWIFT-CONQUEROR-580_03.jpg\" title=\"SAMSUNG CAMERA PICTURES\"><img loading=\"lazy\" decoding=\"async\" width=\"400\" height=\"284\" src=\"https:\/\/jmc-caravanes.com\/wp-content\/uploads\/2026\/02\/SWIFT-CONQUEROR-580_03-400x284.jpg\" alt=\"\" class=\"wp-image-319\" srcset=\"https:\/\/jmc-caravanes.com\/wp-content\/uploads\/2026\/02\/SWIFT-CONQUEROR-580_03.jpg 479w, https:\/\/jmc-caravanes.com\/wp-content\/uploads\/2026\/02\/SWIFT-CONQUEROR-580_03-400x284.jpg 480w\" sizes=\"(max-width:479px) 479px, 100vw\" \/><span class=\"et_overlay\" data-icon=\"\" data-icon-tablet=\"\" data-icon-phone=\"\"><\/span><\/a><\/div><\/div><div class=\"et_pb_gallery_item et_pb_grid_item et_pb_gallery_item_6_3\"><div class=\"et_pb_gallery_image landscape\" data-per_page=\"1\"><a href=\"https:\/\/jmc-caravanes.com\/wp-content\/uploads\/2026\/02\/SWIFT-CONQUEROR-580_04.jpg\" title=\"SAMSUNG CAMERA PICTURES\"><img loading=\"lazy\" decoding=\"async\" width=\"400\" height=\"284\" src=\"https:\/\/jmc-caravanes.com\/wp-content\/uploads\/2026\/02\/SWIFT-CONQUEROR-580_04-400x284.jpg\" alt=\"\" class=\"wp-image-320\" srcset=\"https:\/\/jmc-caravanes.com\/wp-content\/uploads\/2026\/02\/SWIFT-CONQUEROR-580_04.jpg 479w, https:\/\/jmc-caravanes.com\/wp-content\/uploads\/2026\/02\/SWIFT-CONQUEROR-580_04-400x284.jpg 480w\" sizes=\"(max-width:479px) 479px, 100vw\" \/><span class=\"et_overlay\" data-icon=\"\" data-icon-tablet=\"\" data-icon-phone=\"\"><\/span><\/a><\/div><\/div><div class=\"et_pb_gallery_item et_pb_grid_item et_pb_gallery_item_6_4\"><div class=\"et_pb_gallery_image landscape\" data-per_page=\"1\"><a href=\"https:\/\/jmc-caravanes.com\/wp-content\/uploads\/2026\/02\/SWIFT-CONQUEROR-580_05.jpg\" title=\"SAMSUNG CAMERA PICTURES\"><img loading=\"lazy\" decoding=\"async\" width=\"400\" height=\"284\" src=\"https:\/\/jmc-caravanes.com\/wp-content\/uploads\/2026\/02\/SWIFT-CONQUEROR-580_05-400x284.jpg\" alt=\"\" class=\"wp-image-321\" srcset=\"https:\/\/jmc-caravanes.com\/wp-content\/uploads\/2026\/02\/SWIFT-CONQUEROR-580_05.jpg 479w, https:\/\/jmc-caravanes.com\/wp-content\/uploads\/2026\/02\/SWIFT-CONQUEROR-580_05-400x284.jpg 480w\" sizes=\"(max-width:479px) 479px, 100vw\" \/><span class=\"et_overlay\" data-icon=\"\" data-icon-tablet=\"\" data-icon-phone=\"\"><\/span><\/a><\/div><\/div><div class=\"et_pb_gallery_item et_pb_grid_item et_pb_gallery_item_6_5\"><div class=\"et_pb_gallery_image landscape\" data-per_page=\"1\"><a href=\"https:\/\/jmc-caravanes.com\/wp-content\/uploads\/2026\/02\/SWIFT-CONQUEROR-580_06.jpg\" title=\"SAMSUNG CAMERA PICTURES\"><img loading=\"lazy\" decoding=\"async\" width=\"400\" height=\"284\" src=\"https:\/\/jmc-caravanes.com\/wp-content\/uploads\/2026\/02\/SWIFT-CONQUEROR-580_06-400x284.jpg\" alt=\"\" class=\"wp-image-322\" srcset=\"https:\/\/jmc-caravanes.com\/wp-content\/uploads\/2026\/02\/SWIFT-CONQUEROR-580_06.jpg 479w, https:\/\/jmc-caravanes.com\/wp-content\/uploads\/2026\/02\/SWIFT-CONQUEROR-580_06-400x284.jpg 480w\" sizes=\"(max-width:479px) 479px, 100vw\" \/><span class=\"et_overlay\" data-icon=\"\" data-icon-tablet=\"\" data-icon-phone=\"\"><\/span><\/a><\/div><\/div><div class=\"et_pb_gallery_item et_pb_grid_item et_pb_gallery_item_6_6\"><div class=\"et_pb_gallery_image landscape\" data-per_page=\"1\"><a href=\"https:\/\/jmc-caravanes.com\/wp-content\/uploads\/2026\/02\/SWIFT-CONQUEROR-580_07.jpg\" title=\"SAMSUNG CAMERA PICTURES\"><img loading=\"lazy\" decoding=\"async\" width=\"400\" height=\"284\" src=\"https:\/\/jmc-caravanes.com\/wp-content\/uploads\/2026\/02\/SWIFT-CONQUEROR-580_07-400x284.jpg\" alt=\"\" class=\"wp-image-323\" srcset=\"https:\/\/jmc-caravanes.com\/wp-content\/uploads\/2026\/02\/SWIFT-CONQUEROR-580_07.jpg 479w, https:\/\/jmc-caravanes.com\/wp-content\/uploads\/2026\/02\/SWIFT-CONQUEROR-580_07-400x284.jpg 480w\" sizes=\"(max-width:479px) 479px, 100vw\" \/><span class=\"et_overlay\" data-icon=\"\" data-icon-tablet=\"\" data-icon-phone=\"\"><\/span><\/a><\/div><\/div><div class=\"et_pb_gallery_item et_pb_grid_item et_pb_gallery_item_6_7\"><div class=\"et_pb_gallery_image landscape\" data-per_page=\"1\"><a href=\"https:\/\/jmc-caravanes.com\/wp-content\/uploads\/2026\/02\/SWIFT-CONQUEROR-580_08.jpg\" title=\"SAMSUNG CAMERA PICTURES\"><img loading=\"lazy\" decoding=\"async\" width=\"400\" height=\"284\" src=\"https:\/\/jmc-caravanes.com\/wp-content\/uploads\/2026\/02\/SWIFT-CONQUEROR-580_08-400x284.jpg\" alt=\"\" class=\"wp-image-324\" srcset=\"https:\/\/jmc-caravanes.com\/wp-content\/uploads\/2026\/02\/SWIFT-CONQUEROR-580_08.jpg 479w, https:\/\/jmc-caravanes.com\/wp-content\/uploads\/2026\/02\/SWIFT-CONQUEROR-580_08-400x284.jpg 480w\" sizes=\"(max-width:479px) 479px, 100vw\" \/><span class=\"et_overlay\" data-icon=\"\" data-icon-tablet=\"\" data-icon-phone=\"\"><\/span><\/a><\/div><\/div><div class=\"et_pb_gallery_item et_pb_grid_item et_pb_gallery_item_6_8\"><div class=\"et_pb_gallery_image landscape\" data-per_page=\"1\"><a href=\"https:\/\/jmc-caravanes.com\/wp-content\/uploads\/2026\/02\/SWIFT-CONQUEROR-580_09.jpg\" title=\"SAMSUNG CAMERA PICTURES\"><img loading=\"lazy\" decoding=\"async\" width=\"400\" height=\"284\" src=\"https:\/\/jmc-caravanes.com\/wp-content\/uploads\/2026\/02\/SWIFT-CONQUEROR-580_09-400x284.jpg\" alt=\"\" class=\"wp-image-325\" srcset=\"https:\/\/jmc-caravanes.com\/wp-content\/uploads\/2026\/02\/SWIFT-CONQUEROR-580_09.jpg 479w, https:\/\/jmc-caravanes.com\/wp-content\/uploads\/2026\/02\/SWIFT-CONQUEROR-580_09-400x284.jpg 480w\" sizes=\"(max-width:479px) 479px, 100vw\" \/><span class=\"et_overlay\" data-icon=\"\" data-icon-tablet=\"\" data-icon-phone=\"\"><\/span><\/a><\/div><\/div><div class=\"et_pb_gallery_item et_pb_grid_item et_pb_gallery_item_6_9\"><div class=\"et_pb_gallery_image landscape\" data-per_page=\"1\"><a href=\"https:\/\/jmc-caravanes.com\/wp-content\/uploads\/2026\/02\/SWIFT-CONQUEROR-580_10.jpg\" title=\"SAMSUNG CAMERA PICTURES\"><img loading=\"lazy\" decoding=\"async\" width=\"400\" height=\"284\" src=\"https:\/\/jmc-caravanes.com\/wp-content\/uploads\/2026\/02\/SWIFT-CONQUEROR-580_10-400x284.jpg\" alt=\"\" class=\"wp-image-326\" srcset=\"https:\/\/jmc-caravanes.com\/wp-content\/uploads\/2026\/02\/SWIFT-CONQUEROR-580_10.jpg 479w, https:\/\/jmc-caravanes.com\/wp-content\/uploads\/2026\/02\/SWIFT-CONQUEROR-580_10-400x284.jpg 480w\" sizes=\"(max-width:479px) 479px, 100vw\" \/><span class=\"et_overlay\" data-icon=\"\" data-icon-tablet=\"\" data-icon-phone=\"\"><\/span><\/a><\/div><\/div><div class=\"et_pb_gallery_item et_pb_grid_item et_pb_gallery_item_6_10\"><div class=\"et_pb_gallery_image landscape\" data-per_page=\"1\"><a href=\"https:\/\/jmc-caravanes.com\/wp-content\/uploads\/2026\/02\/SWIFT-CONQUEROR-580_11.jpg\" title=\"SAMSUNG CAMERA PICTURES\"><img loading=\"lazy\" decoding=\"async\" width=\"400\" height=\"284\" src=\"https:\/\/jmc-caravanes.com\/wp-content\/uploads\/2026\/02\/SWIFT-CONQUEROR-580_11-400x284.jpg\" alt=\"\" class=\"wp-image-327\" srcset=\"https:\/\/jmc-caravanes.com\/wp-content\/uploads\/2026\/02\/SWIFT-CONQUEROR-580_11.jpg 479w, https:\/\/jmc-caravanes.com\/wp-content\/uploads\/2026\/02\/SWIFT-CONQUEROR-580_11-400x284.jpg 480w\" sizes=\"(max-width:479px) 479px, 100vw\" \/><span class=\"et_overlay\" data-icon=\"\" data-icon-tablet=\"\" data-icon-phone=\"\"><\/span><\/a><\/div><\/div><div class=\"et_pb_gallery_item et_pb_grid_item et_pb_gallery_item_6_11\"><div class=\"et_pb_gallery_image landscape\" data-per_page=\"1\"><a href=\"https:\/\/jmc-caravanes.com\/wp-content\/uploads\/2026\/02\/SWIFT-CONQUEROR-580_12.jpg\" title=\"SAMSUNG CAMERA PICTURES\"><img loading=\"lazy\" decoding=\"async\" width=\"400\" height=\"284\" src=\"https:\/\/jmc-caravanes.com\/wp-content\/uploads\/2026\/02\/SWIFT-CONQUEROR-580_12-400x284.jpg\" alt=\"\" class=\"wp-image-328\" srcset=\"https:\/\/jmc-caravanes.com\/wp-content\/uploads\/2026\/02\/SWIFT-CONQUEROR-580_12.jpg 479w, https:\/\/jmc-caravanes.com\/wp-content\/uploads\/2026\/02\/SWIFT-CONQUEROR-580_12-400x284.jpg 480w\" sizes=\"(max-width:479px) 479px, 100vw\" \/><span class=\"et_overlay\" data-icon=\"\" data-icon-tablet=\"\" data-icon-phone=\"\"><\/span><\/a><\/div><\/div><div class=\"et_pb_gallery_item et_pb_grid_item et_pb_gallery_item_6_12\"><div class=\"et_pb_gallery_image landscape\" data-per_page=\"1\"><a href=\"https:\/\/jmc-caravanes.com\/wp-content\/uploads\/2026\/02\/SWIFT-CONQUEROR-580_13.jpg\" title=\"SAMSUNG CAMERA PICTURES\"><img loading=\"lazy\" decoding=\"async\" width=\"400\" height=\"284\" src=\"https:\/\/jmc-caravanes.com\/wp-content\/uploads\/2026\/02\/SWIFT-CONQUEROR-580_13-400x284.jpg\" alt=\"\" class=\"wp-image-329\" srcset=\"https:\/\/jmc-caravanes.com\/wp-content\/uploads\/2026\/02\/SWIFT-CONQUEROR-580_13.jpg 479w, https:\/\/jmc-caravanes.com\/wp-content\/uploads\/2026\/02\/SWIFT-CONQUEROR-580_13-400x284.jpg 480w\" sizes=\"(max-width:479px) 479px, 100vw\" \/><span class=\"et_overlay\" data-icon=\"\" data-icon-tablet=\"\" data-icon-phone=\"\"><\/span><\/a><\/div><\/div><div class=\"et_pb_gallery_item et_pb_grid_item et_pb_gallery_item_6_13\"><div class=\"et_pb_gallery_image landscape\" data-per_page=\"1\"><a href=\"https:\/\/jmc-caravanes.com\/wp-content\/uploads\/2026\/02\/SWIFT-CONQUEROR-580_14.jpg\" title=\"SAMSUNG CAMERA PICTURES\"><img loading=\"lazy\" decoding=\"async\" width=\"400\" height=\"284\" src=\"https:\/\/jmc-caravanes.com\/wp-content\/uploads\/2026\/02\/SWIFT-CONQUEROR-580_14-400x284.jpg\" alt=\"\" class=\"wp-image-330\" srcset=\"https:\/\/jmc-caravanes.com\/wp-content\/uploads\/2026\/02\/SWIFT-CONQUEROR-580_14.jpg 479w, https:\/\/jmc-caravanes.com\/wp-content\/uploads\/2026\/02\/SWIFT-CONQUEROR-580_14-400x284.jpg 480w\" sizes=\"(max-width:479px) 479px, 100vw\" \/><span class=\"et_overlay\" data-icon=\"\" data-icon-tablet=\"\" data-icon-phone=\"\"><\/span><\/a><\/div><\/div><div class=\"et_pb_gallery_item et_pb_grid_item et_pb_gallery_item_6_14\"><div class=\"et_pb_gallery_image landscape\" data-per_page=\"1\"><a href=\"https:\/\/jmc-caravanes.com\/wp-content\/uploads\/2026\/02\/SWIFT-CONQUEROR-580_15.jpg\" title=\"SAMSUNG CAMERA PICTURES\"><img loading=\"lazy\" decoding=\"async\" width=\"400\" height=\"284\" src=\"https:\/\/jmc-caravanes.com\/wp-content\/uploads\/2026\/02\/SWIFT-CONQUEROR-580_15-400x284.jpg\" alt=\"\" class=\"wp-image-331\" srcset=\"https:\/\/jmc-caravanes.com\/wp-content\/uploads\/2026\/02\/SWIFT-CONQUEROR-580_15.jpg 479w, https:\/\/jmc-caravanes.com\/wp-content\/uploads\/2026\/02\/SWIFT-CONQUEROR-580_15-400x284.jpg 480w\" sizes=\"(max-width:479px) 479px, 100vw\" \/><span class=\"et_overlay\" data-icon=\"\" data-icon-tablet=\"\" data-icon-phone=\"\"><\/span><\/a><\/div><\/div><div class=\"et_pb_gallery_item et_pb_grid_item et_pb_gallery_item_6_15\"><div class=\"et_pb_gallery_image landscape\" data-per_page=\"1\"><a href=\"https:\/\/jmc-caravanes.com\/wp-content\/uploads\/2026\/02\/SWIFT-CONQUEROR-580_16.jpg\" title=\"SAMSUNG CAMERA PICTURES\"><img loading=\"lazy\" decoding=\"async\" width=\"400\" height=\"284\" src=\"https:\/\/jmc-caravanes.com\/wp-content\/uploads\/2026\/02\/SWIFT-CONQUEROR-580_16-400x284.jpg\" alt=\"\" class=\"wp-image-332\" srcset=\"https:\/\/jmc-caravanes.com\/wp-content\/uploads\/2026\/02\/SWIFT-CONQUEROR-580_16.jpg 479w, https:\/\/jmc-caravanes.com\/wp-content\/uploads\/2026\/02\/SWIFT-CONQUEROR-580_16-400x284.jpg 480w\" sizes=\"(max-width:479px) 479px, 100vw\" \/><span class=\"et_overlay\" data-icon=\"\" data-icon-tablet=\"\" data-icon-phone=\"\"><\/span><\/a><\/div><\/div><div class=\"et_pb_gallery_item et_pb_grid_item et_pb_gallery_item_6_16\"><div class=\"et_pb_gallery_image landscape\" data-per_page=\"1\"><a href=\"https:\/\/jmc-caravanes.com\/wp-content\/uploads\/2026\/02\/SWIFT-CONQUEROR-580_17.jpg\" title=\"SAMSUNG CAMERA PICTURES\"><img loading=\"lazy\" decoding=\"async\" width=\"400\" height=\"284\" src=\"https:\/\/jmc-caravanes.com\/wp-content\/uploads\/2026\/02\/SWIFT-CONQUEROR-580_17-400x284.jpg\" alt=\"\" class=\"wp-image-333\" srcset=\"https:\/\/jmc-caravanes.com\/wp-content\/uploads\/2026\/02\/SWIFT-CONQUEROR-580_17.jpg 479w, https:\/\/jmc-caravanes.com\/wp-content\/uploads\/2026\/02\/SWIFT-CONQUEROR-580_17-400x284.jpg 480w\" sizes=\"(max-width:479px) 479px, 100vw\" \/><span class=\"et_overlay\" data-icon=\"\" data-icon-tablet=\"\" data-icon-phone=\"\"><\/span><\/a><\/div><\/div><div class=\"et_pb_gallery_item et_pb_grid_item et_pb_gallery_item_6_17\"><div class=\"et_pb_gallery_image landscape\" data-per_page=\"1\"><a href=\"https:\/\/jmc-caravanes.com\/wp-content\/uploads\/2026\/02\/SWIFT-CONQUEROR-580_18.jpg\" title=\"SAMSUNG CAMERA PICTURES\"><img loading=\"lazy\" decoding=\"async\" width=\"400\" height=\"284\" src=\"https:\/\/jmc-caravanes.com\/wp-content\/uploads\/2026\/02\/SWIFT-CONQUEROR-580_18-400x284.jpg\" alt=\"\" class=\"wp-image-334\" srcset=\"https:\/\/jmc-caravanes.com\/wp-content\/uploads\/2026\/02\/SWIFT-CONQUEROR-580_18.jpg 479w, https:\/\/jmc-caravanes.com\/wp-content\/uploads\/2026\/02\/SWIFT-CONQUEROR-580_18-400x284.jpg 480w\" sizes=\"(max-width:479px) 479px, 100vw\" \/><span class=\"et_overlay\" data-icon=\"\" data-icon-tablet=\"\" data-icon-phone=\"\"><\/span><\/a><\/div><\/div><div class=\"et_pb_gallery_item et_pb_grid_item et_pb_gallery_item_6_18\"><div class=\"et_pb_gallery_image landscape\" data-per_page=\"1\"><a href=\"https:\/\/jmc-caravanes.com\/wp-content\/uploads\/2026\/02\/SWIFT-CONQUEROR-580_19.jpg\" title=\"SAMSUNG CAMERA PICTURES\"><img loading=\"lazy\" decoding=\"async\" width=\"400\" height=\"284\" src=\"https:\/\/jmc-caravanes.com\/wp-content\/uploads\/2026\/02\/SWIFT-CONQUEROR-580_19-400x284.jpg\" alt=\"\" class=\"wp-image-335\" srcset=\"https:\/\/jmc-caravanes.com\/wp-content\/uploads\/2026\/02\/SWIFT-CONQUEROR-580_19.jpg 479w, https:\/\/jmc-caravanes.com\/wp-content\/uploads\/2026\/02\/SWIFT-CONQUEROR-580_19-400x284.jpg 480w\" sizes=\"(max-width:479px) 479px, 100vw\" \/><span class=\"et_overlay\" data-icon=\"\" data-icon-tablet=\"\" data-icon-phone=\"\"><\/span><\/a><\/div><\/div><div class=\"et_pb_gallery_item et_pb_grid_item et_pb_gallery_item_6_19\"><div class=\"et_pb_gallery_image landscape\" data-per_page=\"1\"><a href=\"https:\/\/jmc-caravanes.com\/wp-content\/uploads\/2026\/02\/SWIFT-CONQUEROR-580_20.jpg\" title=\"SAMSUNG CAMERA PICTURES\"><img loading=\"lazy\" decoding=\"async\" width=\"400\" height=\"284\" src=\"https:\/\/jmc-caravanes.com\/wp-content\/uploads\/2026\/02\/SWIFT-CONQUEROR-580_20-400x284.jpg\" alt=\"\" class=\"wp-image-336\" srcset=\"https:\/\/jmc-caravanes.com\/wp-content\/uploads\/2026\/02\/SWIFT-CONQUEROR-580_20.jpg 479w, https:\/\/jmc-caravanes.com\/wp-content\/uploads\/2026\/02\/SWIFT-CONQUEROR-580_20-400x284.jpg 480w\" sizes=\"(max-width:479px) 479px, 100vw\" \/><span class=\"et_overlay\" data-icon=\"\" data-icon-tablet=\"\" data-icon-phone=\"\"><\/span><\/a><\/div><\/div><div class=\"et_pb_gallery_item et_pb_grid_item et_pb_gallery_item_6_20\"><div class=\"et_pb_gallery_image landscape\" data-per_page=\"1\"><a href=\"https:\/\/jmc-caravanes.com\/wp-content\/uploads\/2026\/02\/SWIFT-CONQUEROR-580_21.jpg\" title=\"SAMSUNG CAMERA PICTURES\"><img loading=\"lazy\" decoding=\"async\" width=\"400\" height=\"284\" src=\"https:\/\/jmc-caravanes.com\/wp-content\/uploads\/2026\/02\/SWIFT-CONQUEROR-580_21-400x284.jpg\" alt=\"\" class=\"wp-image-337\" srcset=\"https:\/\/jmc-caravanes.com\/wp-content\/uploads\/2026\/02\/SWIFT-CONQUEROR-580_21.jpg 479w, https:\/\/jmc-caravanes.com\/wp-content\/uploads\/2026\/02\/SWIFT-CONQUEROR-580_21-400x284.jpg 480w\" sizes=\"(max-width:479px) 479px, 100vw\" \/><span class=\"et_overlay\" data-icon=\"\" data-icon-tablet=\"\" data-icon-phone=\"\"><\/span><\/a><\/div><\/div><div class=\"et_pb_gallery_item et_pb_grid_item et_pb_gallery_item_6_21\"><div class=\"et_pb_gallery_image landscape\" data-per_page=\"1\"><a href=\"https:\/\/jmc-caravanes.com\/wp-content\/uploads\/2026\/02\/SWIFT-CONQUEROR-580_22.jpg\" title=\"SAMSUNG CAMERA PICTURES\"><img loading=\"lazy\" decoding=\"async\" width=\"400\" height=\"284\" src=\"https:\/\/jmc-caravanes.com\/wp-content\/uploads\/2026\/02\/SWIFT-CONQUEROR-580_22-400x284.jpg\" alt=\"\" class=\"wp-image-338\" srcset=\"https:\/\/jmc-caravanes.com\/wp-content\/uploads\/2026\/02\/SWIFT-CONQUEROR-580_22.jpg 479w, https:\/\/jmc-caravanes.com\/wp-content\/uploads\/2026\/02\/SWIFT-CONQUEROR-580_22-400x284.jpg 480w\" sizes=\"(max-width:479px) 479px, 100vw\" \/><span class=\"et_overlay\" data-icon=\"\" data-icon-tablet=\"\" data-icon-phone=\"\"><\/span><\/a><\/div><\/div><div class=\"et_pb_gallery_item et_pb_grid_item et_pb_gallery_item_6_22\"><div class=\"et_pb_gallery_image landscape\" data-per_page=\"1\"><a href=\"https:\/\/jmc-caravanes.com\/wp-content\/uploads\/2026\/02\/SWIFT-CONQUEROR-580_23.jpg\" title=\"SAMSUNG CAMERA PICTURES\"><img loading=\"lazy\" decoding=\"async\" width=\"400\" height=\"284\" src=\"https:\/\/jmc-caravanes.com\/wp-content\/uploads\/2026\/02\/SWIFT-CONQUEROR-580_23-400x284.jpg\" alt=\"\" class=\"wp-image-339\" srcset=\"https:\/\/jmc-caravanes.com\/wp-content\/uploads\/2026\/02\/SWIFT-CONQUEROR-580_23.jpg 479w, https:\/\/jmc-caravanes.com\/wp-content\/uploads\/2026\/02\/SWIFT-CONQUEROR-580_23-400x284.jpg 480w\" sizes=\"(max-width:479px) 479px, 100vw\" \/><span class=\"et_overlay\" data-icon=\"\" data-icon-tablet=\"\" data-icon-phone=\"\"><\/span><\/a><\/div><\/div><div class=\"et_pb_gallery_item et_pb_grid_item et_pb_gallery_item_6_23\"><div class=\"et_pb_gallery_image landscape\" data-per_page=\"1\"><a href=\"https:\/\/jmc-caravanes.com\/wp-content\/uploads\/2026\/02\/SWIFT-CONQUEROR-580_24.jpg\" title=\"SAMSUNG CAMERA PICTURES\"><img loading=\"lazy\" decoding=\"async\" width=\"400\" height=\"284\" src=\"https:\/\/jmc-caravanes.com\/wp-content\/uploads\/2026\/02\/SWIFT-CONQUEROR-580_24-400x284.jpg\" alt=\"\" class=\"wp-image-340\" srcset=\"https:\/\/jmc-caravanes.com\/wp-content\/uploads\/2026\/02\/SWIFT-CONQUEROR-580_24.jpg 479w, https:\/\/jmc-caravanes.com\/wp-content\/uploads\/2026\/02\/SWIFT-CONQUEROR-580_24-400x284.jpg 480w\" sizes=\"(max-width:479px) 479px, 100vw\" \/><span class=\"et_overlay\" data-icon=\"\" data-icon-tablet=\"\" data-icon-phone=\"\"><\/span><\/a><\/div><\/div><div class=\"et_pb_gallery_item et_pb_grid_item et_pb_gallery_item_6_24\"><div class=\"et_pb_gallery_image landscape\" data-per_page=\"1\"><a href=\"https:\/\/jmc-caravanes.com\/wp-content\/uploads\/2026\/02\/SWIFT-CONQUEROR-580_25-1.jpg\" title=\"SAMSUNG CAMERA PICTURES\"><img loading=\"lazy\" decoding=\"async\" width=\"400\" height=\"284\" src=\"https:\/\/jmc-caravanes.com\/wp-content\/uploads\/2026\/02\/SWIFT-CONQUEROR-580_25-1-400x284.jpg\" alt=\"\" class=\"wp-image-341\" srcset=\"https:\/\/jmc-caravanes.com\/wp-content\/uploads\/2026\/02\/SWIFT-CONQUEROR-580_25-1.jpg 479w, https:\/\/jmc-caravanes.com\/wp-content\/uploads\/2026\/02\/SWIFT-CONQUEROR-580_25-1-400x284.jpg 480w\" sizes=\"(max-width:479px) 479px, 100vw\" \/><span class=\"et_overlay\" data-icon=\"\" data-icon-tablet=\"\" data-icon-phone=\"\"><\/span><\/a><\/div><\/div><div class=\"et_pb_gallery_item et_pb_grid_item et_pb_gallery_item_6_25\"><div class=\"et_pb_gallery_image landscape\" data-per_page=\"1\"><a href=\"https:\/\/jmc-caravanes.com\/wp-content\/uploads\/2026\/02\/SWIFT-CONQUEROR-580_26.jpg\" title=\"SAMSUNG CAMERA PICTURES\"><img loading=\"lazy\" decoding=\"async\" width=\"400\" height=\"284\" src=\"https:\/\/jmc-caravanes.com\/wp-content\/uploads\/2026\/02\/SWIFT-CONQUEROR-580_26-400x284.jpg\" alt=\"\" class=\"wp-image-342\" srcset=\"https:\/\/jmc-caravanes.com\/wp-content\/uploads\/2026\/02\/SWIFT-CONQUEROR-580_26.jpg 479w, https:\/\/jmc-caravanes.com\/wp-content\/uploads\/2026\/02\/SWIFT-CONQUEROR-580_26-400x284.jpg 480w\" sizes=\"(max-width:479px) 479px, 100vw\" \/><span class=\"et_overlay\" data-icon=\"\" data-icon-tablet=\"\" data-icon-phone=\"\"><\/span><\/a><\/div><\/div><\/div><div class=\"et_pb_gallery_pagination\"><\/div><\/div>\n<\/div><\/div>\n\n<div class=\"et_pb_blurb_7 et_pb_blurb et_pb_bg_layout_light et_pb_blurb_position_top et_pb_module et_flex_module\"><div class=\"et_pb_blurb_content et_flex_module\"><div class=\"et_pb_main_blurb_image\"><span class=\"et_pb_image_wrap et_pb_only_image_mode_wrap\"><img loading=\"lazy\" decoding=\"async\" src=\"https:\/\/jmc-caravanes.com\/wp-content\/uploads\/2026\/02\/images-1.jpg\" alt=\"Plan Swift challenger 650\" width=\"378\" height=\"133\" srcset=\"https:\/\/jmc-caravanes.com\/wp-content\/uploads\/2026\/02\/images-1.jpg 378w, https:\/\/jmc-caravanes.com\/wp-content\/uploads\/2026\/02\/images-1-300x106.jpg 300w\" sizes=\"(max-width: 378px) 100vw, 378px\" class=\"et_animated wp-image-387\" title=\"Plan Swift challenger 650\" \/><\/span><\/div><div class=\"et_pb_blurb_container\"><h4 class=\"et_pb_module_header\">STERLING ECCLES SE QUARTZ<\/h4><div class=\"et_pb_blurb_description\"><p><span dir=\"auto\" style=\"vertical-align: inherit;\"><span dir=\"auto\" style=\"vertical-align: inherit;\"><span dir=\"auto\" style=\"vertical-align: inherit;\"><span dir=\"auto\" style=\"vertical-align: inherit;\"><span dir=\"auto\" style=\"vertical-align: inherit;\">Ann\u00e9e 2014 (caravane sur commande)<\/span><\/span><\/span><\/span><\/span><\/p>\n<div class=\"vehicle-spec\">\n<div class=\"vehicle-spec__icon\"><img loading=\"lazy\" decoding=\"async\" src=\"https:\/\/s3-eu-west-1.amazonaws.com\/files.autopromotor\/datasheetimages\/Berth.svg\" width=\"28\" height=\"28\" \/><span>\u00a0<\/span>\u00a0<span dir=\"auto\"><span dir=\"auto\" style=\"vertical-align: inherit;\"><span dir=\"auto\" style=\"vertical-align: inherit;\"><span dir=\"auto\" style=\"vertical-align: inherit;\"><span dir=\"auto\" style=\"vertical-align: inherit;\"><span dir=\"auto\" style=\"vertical-align: inherit;\">Couchette : <\/span><\/span><\/span><\/span><\/span><span>\u00a0<\/span><\/span><span dir=\"auto\"><span dir=\"auto\" style=\"vertical-align: inherit;\"><span dir=\"auto\" style=\"vertical-align: inherit;\"><span dir=\"auto\" style=\"vertical-align: inherit;\"><span dir=\"auto\" style=\"vertical-align: inherit;\"><span dir=\"auto\" style=\"vertical-align: inherit;\">4<\/span><\/span><\/span><\/span><\/span><\/span><\/div>\n<\/div>\n<div class=\"vehicle-spec\">\n<div class=\"vehicle-spec__icon\"><img decoding=\"async\" src=\"https:\/\/s3-eu-west-1.amazonaws.com\/files.autopromotor\/datasheetimages\/MTPLM.svg\" \/><span>\u00a0<\/span>\u00a0<span dir=\"auto\"><span dir=\"auto\" style=\"vertical-align: inherit;\"><span dir=\"auto\" style=\"vertical-align: inherit;\"><span dir=\"auto\" style=\"vertical-align: inherit;\"><span dir=\"auto\" style=\"vertical-align: inherit;\"><span dir=\"auto\" style=\"vertical-align: inherit;\">PTAC :\u00a0 <\/span><\/span><\/span><\/span><\/span><span>\u00a0<\/span><\/span><span dir=\"auto\"><span dir=\"auto\" style=\"vertical-align: inherit;\"><span dir=\"auto\" style=\"vertical-align: inherit;\"><span dir=\"auto\" style=\"vertical-align: inherit;\"><span dir=\"auto\" style=\"vertical-align: inherit;\"><span dir=\"auto\" style=\"vertical-align: inherit;\">1521 kg<\/span><\/span><\/span><\/span><\/span><\/span><\/div>\n<div class=\"vehicle-spec__icon\"><span dir=\"auto\"><span dir=\"auto\" style=\"vertical-align: inherit;\"><img decoding=\"async\" src=\"https:\/\/s3-eu-west-1.amazonaws.com\/files.autopromotor\/datasheetimages\/Weight.svg\" \/><span>\u00a0<\/span><span dir=\"auto\" style=\"vertical-align: inherit;\"><span dir=\"auto\" style=\"vertical-align: inherit;\"><span dir=\"auto\" style=\"vertical-align: inherit;\"><span dir=\"auto\" style=\"vertical-align: inherit;\">Poids \u00e0 vide : 1365 kg<\/span><\/span><\/span><\/span><span>\u00a0<\/span><\/span><\/span><\/div>\n<\/div>\n<div class=\"vehicle-spec\">\n<div class=\"vehicle-spec__icon\"><img decoding=\"async\" src=\"https:\/\/s3-eu-west-1.amazonaws.com\/files.autopromotor\/datasheetimages\/CaravanLength.svg\" \/><span dir=\"auto\" style=\"vertical-align: inherit;\"><span dir=\"auto\" style=\"vertical-align: inherit;\"><span dir=\"auto\" style=\"vertical-align: inherit;\"><span dir=\"auto\" style=\"vertical-align: inherit;\"><span dir=\"auto\" style=\"vertical-align: inherit;\">\u00a0 Longueur <\/span><\/span><\/span><\/span><\/span><span dir=\"auto\"><span dir=\"auto\" style=\"vertical-align: inherit;\"><span dir=\"auto\" style=\"vertical-align: inherit;\"><span dir=\"auto\" style=\"vertical-align: inherit;\"><span dir=\"auto\" style=\"vertical-align: inherit;\"><span dir=\"auto\" style=\"vertical-align: inherit;\">: <\/span><\/span><\/span><\/span><\/span><span>\u00a0<\/span><\/span><span dir=\"auto\"><span dir=\"auto\" style=\"vertical-align: inherit;\"><span dir=\"auto\" style=\"vertical-align: inherit;\"><span dir=\"auto\" style=\"vertical-align: inherit;\"><span dir=\"auto\" style=\"vertical-align: inherit;\"><span dir=\"auto\" style=\"vertical-align: inherit;\">7480 mm<\/span><\/span><\/span><\/span><\/span><\/span><\/div>\n<\/div>\n<div class=\"vehicle-spec\">\n<div class=\"vehicle-spec__icon\"><img decoding=\"async\" src=\"https:\/\/s3-eu-west-1.amazonaws.com\/files.autopromotor\/datasheetimages\/CaravanWidth.svg\" \/><span>\u00a0<\/span>\u00a0<span dir=\"auto\"><span dir=\"auto\" style=\"vertical-align: inherit;\"><span dir=\"auto\" style=\"vertical-align: inherit;\"><span dir=\"auto\" style=\"vertical-align: inherit;\"><span dir=\"auto\" style=\"vertical-align: inherit;\"><span dir=\"auto\" style=\"vertical-align: inherit;\">Largeur : <\/span><\/span><\/span><\/span><\/span><span>\u00a0<\/span><\/span><span dir=\"auto\"><span dir=\"auto\" style=\"vertical-align: inherit;\"><span dir=\"auto\" style=\"vertical-align: inherit;\"><span dir=\"auto\" style=\"vertical-align: inherit;\"><span dir=\"auto\" style=\"vertical-align: inherit;\"><span dir=\"auto\" style=\"vertical-align: inherit;\">2250 mm<\/span><\/span><\/span><\/span><\/span><\/span><\/div>\n<\/div>\n<\/div><\/div>\n<div class=\"et_pb_image_7 et_pb_image et_flex_column_24_24 et_pb_module et_flex_module\"><span class=\"et_pb_image_wrap\"><img loading=\"lazy\" decoding=\"async\" src=\"https:\/\/jmc-caravanes.com\/wp-content\/uploads\/2026\/03\/Sterling-Elite-logo.jpg\" alt=\"Sterling Elite logo\" title=\"Sterling Elite logo\" width=\"578\" height=\"528\" srcset=\"https:\/\/jmc-caravanes.com\/wp-content\/uploads\/2026\/03\/Sterling-Elite-logo.jpg 578w, https:\/\/jmc-caravanes.com\/wp-content\/uploads\/2026\/03\/Sterling-Elite-logo-480x438.jpg 480w\" sizes=\"(min-width: 0px) and (max-width: 480px) 480px, (min-width: 481px) 578px, 100vw\" class=\"wp-image-849\" \/><\/span>\n<div class=\"et_pb_module et_pb_button_module_wrapper et_pb_button_7_wrapper\"><a class=\"et_pb_button_7 et_pb_button et_pb_bg_layout_light et_pb_module et_flex_module\" href=\"\">20650 \u20ac<\/a><\/div>\n<\/div>\n\n<div class=\"et_pb_gallery_7 et_pb_gallery et_pb_bg_layout_light et_pb_gallery_grid et_pb_module\" data-auto-rotate=\"off\" data-auto-rotate-speed=\"\"><div class=\"et_pb_gallery_items et_post_gallery clearfix et_grid_module\" data-per_page=\"1\"><div class=\"et_pb_gallery_item et_pb_grid_item et_pb_gallery_item_7_0\"><div class=\"et_pb_gallery_image landscape\" data-per_page=\"1\"><a href=\"https:\/\/jmc-caravanes.com\/wp-content\/uploads\/2026\/03\/SWIFT-ECCLES-SE-9.jpeg\" title=\"SWIFT ECCLES SE (9)\"><img loading=\"lazy\" decoding=\"async\" width=\"400\" height=\"284\" src=\"https:\/\/jmc-caravanes.com\/wp-content\/uploads\/2026\/03\/SWIFT-ECCLES-SE-9-400x284.jpeg\" alt=\"\" class=\"wp-image-725\" srcset=\"https:\/\/jmc-caravanes.com\/wp-content\/uploads\/2026\/03\/SWIFT-ECCLES-SE-9.jpeg 479w, https:\/\/jmc-caravanes.com\/wp-content\/uploads\/2026\/03\/SWIFT-ECCLES-SE-9-400x284.jpeg 480w\" sizes=\"(max-width:479px) 479px, 100vw\" \/><span class=\"et_overlay\" data-icon=\"\" data-icon-tablet=\"\" data-icon-phone=\"\"><\/span><\/a><\/div><\/div><div class=\"et_pb_gallery_item et_pb_grid_item et_pb_gallery_item_7_1\"><div class=\"et_pb_gallery_image landscape\" data-per_page=\"1\"><a href=\"https:\/\/jmc-caravanes.com\/wp-content\/uploads\/2026\/03\/SWIFT-ECCLES-SE-4.jpeg\" title=\"SWIFT ECCLES SE (4)\"><img loading=\"lazy\" decoding=\"async\" width=\"400\" height=\"284\" src=\"https:\/\/jmc-caravanes.com\/wp-content\/uploads\/2026\/03\/SWIFT-ECCLES-SE-4-400x284.jpeg\" alt=\"Sterling ECCLES SE JMC CARAVANE\" class=\"wp-image-720\" srcset=\"https:\/\/jmc-caravanes.com\/wp-content\/uploads\/2026\/03\/SWIFT-ECCLES-SE-4.jpeg 479w, https:\/\/jmc-caravanes.com\/wp-content\/uploads\/2026\/03\/SWIFT-ECCLES-SE-4-400x284.jpeg 480w\" sizes=\"(max-width:479px) 479px, 100vw\" \/><span class=\"et_overlay\" data-icon=\"\" data-icon-tablet=\"\" data-icon-phone=\"\"><\/span><\/a><\/div><\/div><div class=\"et_pb_gallery_item et_pb_grid_item et_pb_gallery_item_7_2\"><div class=\"et_pb_gallery_image landscape\" data-per_page=\"1\"><a href=\"https:\/\/jmc-caravanes.com\/wp-content\/uploads\/2026\/03\/SWIFT-ECCLES-SE-8.jpeg\" title=\"SWIFT ECCLES SE (8)\"><img loading=\"lazy\" decoding=\"async\" width=\"400\" height=\"284\" src=\"https:\/\/jmc-caravanes.com\/wp-content\/uploads\/2026\/03\/SWIFT-ECCLES-SE-8-400x284.jpeg\" alt=\"\" class=\"wp-image-724\" srcset=\"https:\/\/jmc-caravanes.com\/wp-content\/uploads\/2026\/03\/SWIFT-ECCLES-SE-8.jpeg 479w, https:\/\/jmc-caravanes.com\/wp-content\/uploads\/2026\/03\/SWIFT-ECCLES-SE-8-400x284.jpeg 480w\" sizes=\"(max-width:479px) 479px, 100vw\" \/><span class=\"et_overlay\" data-icon=\"\" data-icon-tablet=\"\" data-icon-phone=\"\"><\/span><\/a><\/div><\/div><div class=\"et_pb_gallery_item et_pb_grid_item et_pb_gallery_item_7_3\"><div class=\"et_pb_gallery_image landscape\" data-per_page=\"1\"><a href=\"https:\/\/jmc-caravanes.com\/wp-content\/uploads\/2026\/03\/SWIFT-ECCLES-SE-2.jpeg\" title=\"SWIFT ECCLES SE (2)\"><img loading=\"lazy\" decoding=\"async\" width=\"400\" height=\"284\" src=\"https:\/\/jmc-caravanes.com\/wp-content\/uploads\/2026\/03\/SWIFT-ECCLES-SE-2-400x284.jpeg\" alt=\"\" class=\"wp-image-718\" srcset=\"https:\/\/jmc-caravanes.com\/wp-content\/uploads\/2026\/03\/SWIFT-ECCLES-SE-2.jpeg 479w, https:\/\/jmc-caravanes.com\/wp-content\/uploads\/2026\/03\/SWIFT-ECCLES-SE-2-400x284.jpeg 480w\" sizes=\"(max-width:479px) 479px, 100vw\" \/><span class=\"et_overlay\" data-icon=\"\" data-icon-tablet=\"\" data-icon-phone=\"\"><\/span><\/a><\/div><\/div><div class=\"et_pb_gallery_item et_pb_grid_item et_pb_gallery_item_7_4\"><div class=\"et_pb_gallery_image landscape\" data-per_page=\"1\"><a href=\"https:\/\/jmc-caravanes.com\/wp-content\/uploads\/2026\/03\/SWIFT-ECCLES-SE-3.jpeg\" title=\"SWIFT ECCLES SE (3)\"><img loading=\"lazy\" decoding=\"async\" width=\"400\" height=\"284\" src=\"https:\/\/jmc-caravanes.com\/wp-content\/uploads\/2026\/03\/SWIFT-ECCLES-SE-3-400x284.jpeg\" alt=\"\" class=\"wp-image-719\" srcset=\"https:\/\/jmc-caravanes.com\/wp-content\/uploads\/2026\/03\/SWIFT-ECCLES-SE-3.jpeg 479w, https:\/\/jmc-caravanes.com\/wp-content\/uploads\/2026\/03\/SWIFT-ECCLES-SE-3-400x284.jpeg 480w\" sizes=\"(max-width:479px) 479px, 100vw\" \/><span class=\"et_overlay\" data-icon=\"\" data-icon-tablet=\"\" data-icon-phone=\"\"><\/span><\/a><\/div><\/div><div class=\"et_pb_gallery_item et_pb_grid_item et_pb_gallery_item_7_5\"><div class=\"et_pb_gallery_image landscape\" data-per_page=\"1\"><a href=\"https:\/\/jmc-caravanes.com\/wp-content\/uploads\/2026\/03\/SWIFT-ECCLES-SE-5.jpeg\" title=\"SWIFT ECCLES SE (5)\"><img loading=\"lazy\" decoding=\"async\" width=\"400\" height=\"284\" src=\"https:\/\/jmc-caravanes.com\/wp-content\/uploads\/2026\/03\/SWIFT-ECCLES-SE-5-400x284.jpeg\" alt=\"\" class=\"wp-image-721\" srcset=\"https:\/\/jmc-caravanes.com\/wp-content\/uploads\/2026\/03\/SWIFT-ECCLES-SE-5.jpeg 479w, https:\/\/jmc-caravanes.com\/wp-content\/uploads\/2026\/03\/SWIFT-ECCLES-SE-5-400x284.jpeg 480w\" sizes=\"(max-width:479px) 479px, 100vw\" \/><span class=\"et_overlay\" data-icon=\"\" data-icon-tablet=\"\" data-icon-phone=\"\"><\/span><\/a><\/div><\/div><div class=\"et_pb_gallery_item et_pb_grid_item et_pb_gallery_item_7_6\"><div class=\"et_pb_gallery_image landscape\" data-per_page=\"1\"><a href=\"https:\/\/jmc-caravanes.com\/wp-content\/uploads\/2026\/03\/SWIFT-ECCLES-SE-6.jpeg\" title=\"SWIFT ECCLES SE (6)\"><img loading=\"lazy\" decoding=\"async\" width=\"400\" height=\"284\" src=\"https:\/\/jmc-caravanes.com\/wp-content\/uploads\/2026\/03\/SWIFT-ECCLES-SE-6-400x284.jpeg\" alt=\"\" class=\"wp-image-722\" srcset=\"https:\/\/jmc-caravanes.com\/wp-content\/uploads\/2026\/03\/SWIFT-ECCLES-SE-6.jpeg 479w, https:\/\/jmc-caravanes.com\/wp-content\/uploads\/2026\/03\/SWIFT-ECCLES-SE-6-400x284.jpeg 480w\" sizes=\"(max-width:479px) 479px, 100vw\" \/><span class=\"et_overlay\" data-icon=\"\" data-icon-tablet=\"\" data-icon-phone=\"\"><\/span><\/a><\/div><\/div><div class=\"et_pb_gallery_item et_pb_grid_item et_pb_gallery_item_7_7\"><div class=\"et_pb_gallery_image landscape\" data-per_page=\"1\"><a href=\"https:\/\/jmc-caravanes.com\/wp-content\/uploads\/2026\/03\/SWIFT-ECCLES-SE-7.jpeg\" title=\"SWIFT ECCLES SE (7)\"><img loading=\"lazy\" decoding=\"async\" width=\"400\" height=\"284\" src=\"https:\/\/jmc-caravanes.com\/wp-content\/uploads\/2026\/03\/SWIFT-ECCLES-SE-7-400x284.jpeg\" alt=\"\" class=\"wp-image-723\" srcset=\"https:\/\/jmc-caravanes.com\/wp-content\/uploads\/2026\/03\/SWIFT-ECCLES-SE-7.jpeg 479w, https:\/\/jmc-caravanes.com\/wp-content\/uploads\/2026\/03\/SWIFT-ECCLES-SE-7-400x284.jpeg 480w\" sizes=\"(max-width:479px) 479px, 100vw\" \/><span class=\"et_overlay\" data-icon=\"\" data-icon-tablet=\"\" data-icon-phone=\"\"><\/span><\/a><\/div><\/div><div class=\"et_pb_gallery_item et_pb_grid_item et_pb_gallery_item_7_8\"><div class=\"et_pb_gallery_image landscape\" data-per_page=\"1\"><a href=\"https:\/\/jmc-caravanes.com\/wp-content\/uploads\/2026\/03\/SWIFT-ECCLES-SE-10.jpeg\" title=\"SWIFT ECCLES SE (10)\"><img loading=\"lazy\" decoding=\"async\" width=\"400\" height=\"284\" src=\"https:\/\/jmc-caravanes.com\/wp-content\/uploads\/2026\/03\/SWIFT-ECCLES-SE-10-400x284.jpeg\" alt=\"\" class=\"wp-image-726\" srcset=\"https:\/\/jmc-caravanes.com\/wp-content\/uploads\/2026\/03\/SWIFT-ECCLES-SE-10.jpeg 479w, https:\/\/jmc-caravanes.com\/wp-content\/uploads\/2026\/03\/SWIFT-ECCLES-SE-10-400x284.jpeg 480w\" sizes=\"(max-width:479px) 479px, 100vw\" \/><span class=\"et_overlay\" data-icon=\"\" data-icon-tablet=\"\" data-icon-phone=\"\"><\/span><\/a><\/div><\/div><div class=\"et_pb_gallery_item et_pb_grid_item et_pb_gallery_item_7_9\"><div class=\"et_pb_gallery_image landscape\" data-per_page=\"1\"><a href=\"https:\/\/jmc-caravanes.com\/wp-content\/uploads\/2026\/03\/SWIFT-ECCLES-SE-11.jpeg\" title=\"SWIFT ECCLES SE (11)\"><img loading=\"lazy\" decoding=\"async\" width=\"400\" height=\"284\" src=\"https:\/\/jmc-caravanes.com\/wp-content\/uploads\/2026\/03\/SWIFT-ECCLES-SE-11-400x284.jpeg\" alt=\"\" class=\"wp-image-727\" srcset=\"https:\/\/jmc-caravanes.com\/wp-content\/uploads\/2026\/03\/SWIFT-ECCLES-SE-11.jpeg 479w, https:\/\/jmc-caravanes.com\/wp-content\/uploads\/2026\/03\/SWIFT-ECCLES-SE-11-400x284.jpeg 480w\" sizes=\"(max-width:479px) 479px, 100vw\" \/><span class=\"et_overlay\" data-icon=\"\" data-icon-tablet=\"\" data-icon-phone=\"\"><\/span><\/a><\/div><\/div><div class=\"et_pb_gallery_item et_pb_grid_item et_pb_gallery_item_7_10\"><div class=\"et_pb_gallery_image landscape\" data-per_page=\"1\"><a href=\"https:\/\/jmc-caravanes.com\/wp-content\/uploads\/2026\/03\/SWIFT-ECCLES-SE-12.jpeg\" title=\"SWIFT ECCLES SE (12)\"><img loading=\"lazy\" decoding=\"async\" width=\"400\" height=\"284\" src=\"https:\/\/jmc-caravanes.com\/wp-content\/uploads\/2026\/03\/SWIFT-ECCLES-SE-12-400x284.jpeg\" alt=\"\" class=\"wp-image-728\" srcset=\"https:\/\/jmc-caravanes.com\/wp-content\/uploads\/2026\/03\/SWIFT-ECCLES-SE-12.jpeg 479w, https:\/\/jmc-caravanes.com\/wp-content\/uploads\/2026\/03\/SWIFT-ECCLES-SE-12-400x284.jpeg 480w\" sizes=\"(max-width:479px) 479px, 100vw\" \/><span class=\"et_overlay\" data-icon=\"\" data-icon-tablet=\"\" data-icon-phone=\"\"><\/span><\/a><\/div><\/div><div class=\"et_pb_gallery_item et_pb_grid_item et_pb_gallery_item_7_11\"><div class=\"et_pb_gallery_image landscape\" data-per_page=\"1\"><a href=\"https:\/\/jmc-caravanes.com\/wp-content\/uploads\/2026\/03\/SWIFT-ECCLES-SE-13.jpeg\" title=\"SWIFT ECCLES SE (13)\"><img loading=\"lazy\" decoding=\"async\" width=\"400\" height=\"284\" src=\"https:\/\/jmc-caravanes.com\/wp-content\/uploads\/2026\/03\/SWIFT-ECCLES-SE-13-400x284.jpeg\" alt=\"\" class=\"wp-image-729\" srcset=\"https:\/\/jmc-caravanes.com\/wp-content\/uploads\/2026\/03\/SWIFT-ECCLES-SE-13.jpeg 479w, https:\/\/jmc-caravanes.com\/wp-content\/uploads\/2026\/03\/SWIFT-ECCLES-SE-13-400x284.jpeg 480w\" sizes=\"(max-width:479px) 479px, 100vw\" \/><span class=\"et_overlay\" data-icon=\"\" data-icon-tablet=\"\" data-icon-phone=\"\"><\/span><\/a><\/div><\/div><\/div><div class=\"et_pb_gallery_pagination\"><\/div><\/div>\n<\/div><\/div>\n\n<div class=\"et_pb_blurb_8 et_pb_blurb et_pb_bg_layout_light et_pb_blurb_position_top et_pb_module et_flex_module\"><div class=\"et_pb_blurb_content et_flex_module\"><div class=\"et_pb_main_blurb_image\"><span class=\"et_pb_image_wrap et_pb_only_image_mode_wrap\"><img loading=\"lazy\" decoding=\"async\" src=\"https:\/\/jmc-caravanes.com\/wp-content\/uploads\/2026\/02\/images-1.jpg\" alt=\"Plan Swift challenger 650\" width=\"378\" height=\"133\" srcset=\"https:\/\/jmc-caravanes.com\/wp-content\/uploads\/2026\/02\/images-1.jpg 378w, https:\/\/jmc-caravanes.com\/wp-content\/uploads\/2026\/02\/images-1-300x106.jpg 300w\" sizes=\"(max-width: 378px) 100vw, 378px\" class=\"et_animated wp-image-387\" title=\"Plan Swift challenger 650\" \/><\/span><\/div><div class=\"et_pb_blurb_container\"><h4 class=\"et_pb_module_header\">STERLING ELITES 560<\/h4><div class=\"et_pb_blurb_description\"><p><span dir=\"auto\" style=\"vertical-align: inherit;\"><span dir=\"auto\" style=\"vertical-align: inherit;\"><span dir=\"auto\" style=\"vertical-align: inherit;\"><span dir=\"auto\" style=\"vertical-align: inherit;\"><span dir=\"auto\" style=\"vertical-align: inherit;\"><span dir=\"auto\" style=\"vertical-align: inherit;\"><span dir=\"auto\" style=\"vertical-align: inherit;\"><span dir=\"auto\" style=\"vertical-align: inherit;\"><span dir=\"auto\" style=\"vertical-align: inherit;\">Ann\u00e9e 2016 (caravane sur commande)<\/span><\/span><\/span><\/span><\/span><\/span><\/span><\/span><\/span><\/p>\n<div class=\"vehicle-spec\">\n<div class=\"vehicle-spec__icon\"><img loading=\"lazy\" decoding=\"async\" src=\"https:\/\/s3-eu-west-1.amazonaws.com\/files.autopromotor\/datasheetimages\/Berth.svg\" width=\"28\" height=\"28\" \/><span>\u00a0<\/span>\u00a0<span dir=\"auto\"><span dir=\"auto\" style=\"vertical-align: inherit;\"><span dir=\"auto\" style=\"vertical-align: inherit;\"><span dir=\"auto\" style=\"vertical-align: inherit;\"><span dir=\"auto\" style=\"vertical-align: inherit;\"><span dir=\"auto\" style=\"vertical-align: inherit;\"><span dir=\"auto\" style=\"vertical-align: inherit;\"><span dir=\"auto\" style=\"vertical-align: inherit;\"><span dir=\"auto\" style=\"vertical-align: inherit;\"><span dir=\"auto\" style=\"vertical-align: inherit;\">Couchette : <\/span><\/span><\/span><\/span><\/span><\/span><\/span><\/span><\/span><span>\u00a0<\/span><\/span><span dir=\"auto\"><span dir=\"auto\" style=\"vertical-align: inherit;\"><span dir=\"auto\" style=\"vertical-align: inherit;\"><span dir=\"auto\" style=\"vertical-align: inherit;\"><span dir=\"auto\" style=\"vertical-align: inherit;\"><span dir=\"auto\" style=\"vertical-align: inherit;\"><span dir=\"auto\" style=\"vertical-align: inherit;\"><span dir=\"auto\" style=\"vertical-align: inherit;\"><span dir=\"auto\" style=\"vertical-align: inherit;\"><span dir=\"auto\" style=\"vertical-align: inherit;\">4<\/span><\/span><\/span><\/span><\/span><\/span><\/span><\/span><\/span><\/span><\/div>\n<\/div>\n<div class=\"vehicle-spec\">\n<div class=\"vehicle-spec__icon\"><img decoding=\"async\" src=\"https:\/\/s3-eu-west-1.amazonaws.com\/files.autopromotor\/datasheetimages\/MTPLM.svg\" \/><span>\u00a0<\/span>\u00a0<span dir=\"auto\"><span dir=\"auto\" style=\"vertical-align: inherit;\"><span dir=\"auto\" style=\"vertical-align: inherit;\"><span dir=\"auto\" style=\"vertical-align: inherit;\"><span dir=\"auto\" style=\"vertical-align: inherit;\"><span dir=\"auto\" style=\"vertical-align: inherit;\"><span dir=\"auto\" style=\"vertical-align: inherit;\"><span dir=\"auto\" style=\"vertical-align: inherit;\"><span dir=\"auto\" style=\"vertical-align: inherit;\"><span dir=\"auto\" style=\"vertical-align: inherit;\">PTAC :\u00a0 <\/span><\/span><\/span><\/span><\/span><\/span><\/span><\/span><\/span><span>\u00a0<\/span><\/span><span dir=\"auto\"><span dir=\"auto\" style=\"vertical-align: inherit;\"><span dir=\"auto\" style=\"vertical-align: inherit;\"><span dir=\"auto\" style=\"vertical-align: inherit;\"><span dir=\"auto\" style=\"vertical-align: inherit;\"><span dir=\"auto\" style=\"vertical-align: inherit;\"><span dir=\"auto\" style=\"vertical-align: inherit;\"><span dir=\"auto\" style=\"vertical-align: inherit;\"><span dir=\"auto\" style=\"vertical-align: inherit;\"><span dir=\"auto\" style=\"vertical-align: inherit;\">1648 kg<\/span><\/span><\/span><\/span><\/span><\/span><\/span><\/span><\/span><\/span><\/div>\n<div class=\"vehicle-spec__icon\"><span dir=\"auto\"><span dir=\"auto\" style=\"vertical-align: inherit;\"><img decoding=\"async\" src=\"https:\/\/s3-eu-west-1.amazonaws.com\/files.autopromotor\/datasheetimages\/Weight.svg\" \/><span>\u00a0<\/span><span dir=\"auto\" style=\"vertical-align: inherit;\"><span dir=\"auto\" style=\"vertical-align: inherit;\"><span dir=\"auto\" style=\"vertical-align: inherit;\"><span dir=\"auto\" style=\"vertical-align: inherit;\"><span dir=\"auto\" style=\"vertical-align: inherit;\"><span dir=\"auto\" style=\"vertical-align: inherit;\"><span dir=\"auto\" style=\"vertical-align: inherit;\"><span dir=\"auto\" style=\"vertical-align: inherit;\">Poids \u00e0 vide : 1492 kg<\/span><\/span><\/span><\/span><\/span><\/span><\/span><\/span><span>\u00a0<\/span><\/span><\/span><\/div>\n<\/div>\n<div class=\"vehicle-spec\">\n<div class=\"vehicle-spec__icon\"><img decoding=\"async\" src=\"https:\/\/s3-eu-west-1.amazonaws.com\/files.autopromotor\/datasheetimages\/CaravanLength.svg\" \/><span dir=\"auto\" style=\"vertical-align: inherit;\"><span dir=\"auto\" style=\"vertical-align: inherit;\"><span dir=\"auto\" style=\"vertical-align: inherit;\"><span dir=\"auto\" style=\"vertical-align: inherit;\"><span dir=\"auto\" style=\"vertical-align: inherit;\"><span dir=\"auto\" style=\"vertical-align: inherit;\"><span dir=\"auto\" style=\"vertical-align: inherit;\"><span dir=\"auto\" style=\"vertical-align: inherit;\"><span dir=\"auto\" style=\"vertical-align: inherit;\">\u00a0 Longueur <\/span><\/span><\/span><\/span><\/span><\/span><\/span><\/span><\/span><span dir=\"auto\"><span dir=\"auto\" style=\"vertical-align: inherit;\"><span dir=\"auto\" style=\"vertical-align: inherit;\"><span dir=\"auto\" style=\"vertical-align: inherit;\"><span dir=\"auto\" style=\"vertical-align: inherit;\"><span dir=\"auto\" style=\"vertical-align: inherit;\"><span dir=\"auto\" style=\"vertical-align: inherit;\"><span dir=\"auto\" style=\"vertical-align: inherit;\"><span dir=\"auto\" style=\"vertical-align: inherit;\"><span dir=\"auto\" style=\"vertical-align: inherit;\">: <\/span><\/span><\/span><\/span><\/span><\/span><\/span><\/span><\/span><span>\u00a0<\/span><\/span><span dir=\"auto\"><span dir=\"auto\" style=\"vertical-align: inherit;\"><span dir=\"auto\" style=\"vertical-align: inherit;\"><span dir=\"auto\" style=\"vertical-align: inherit;\"><span dir=\"auto\" style=\"vertical-align: inherit;\"><span dir=\"auto\" style=\"vertical-align: inherit;\"><span dir=\"auto\" style=\"vertical-align: inherit;\"><span dir=\"auto\" style=\"vertical-align: inherit;\"><span dir=\"auto\" style=\"vertical-align: inherit;\"><span dir=\"auto\" style=\"vertical-align: inherit;\">7490 mm<\/span><\/span><\/span><\/span><\/span><\/span><\/span><\/span><\/span><\/span><\/div>\n<\/div>\n<div class=\"vehicle-spec\">\n<div class=\"vehicle-spec__icon\"><img decoding=\"async\" src=\"https:\/\/s3-eu-west-1.amazonaws.com\/files.autopromotor\/datasheetimages\/CaravanWidth.svg\" \/><span>\u00a0<\/span>\u00a0<span dir=\"auto\"><span dir=\"auto\" style=\"vertical-align: inherit;\"><span dir=\"auto\" style=\"vertical-align: inherit;\"><span dir=\"auto\" style=\"vertical-align: inherit;\"><span dir=\"auto\" style=\"vertical-align: inherit;\"><span dir=\"auto\" style=\"vertical-align: inherit;\"><span dir=\"auto\" style=\"vertical-align: inherit;\"><span dir=\"auto\" style=\"vertical-align: inherit;\"><span dir=\"auto\" style=\"vertical-align: inherit;\"><span dir=\"auto\" style=\"vertical-align: inherit;\">Largeur : <\/span><\/span><\/span><\/span><\/span><\/span><\/span><\/span><\/span><span>\u00a0<\/span><\/span><span dir=\"auto\"><span dir=\"auto\" style=\"vertical-align: inherit;\"><span dir=\"auto\" style=\"vertical-align: inherit;\"><span dir=\"auto\" style=\"vertical-align: inherit;\"><span dir=\"auto\" style=\"vertical-align: inherit;\"><span dir=\"auto\" style=\"vertical-align: inherit;\"><span dir=\"auto\" style=\"vertical-align: inherit;\"><span dir=\"auto\" style=\"vertical-align: inherit;\"><span dir=\"auto\" style=\"vertical-align: inherit;\"><span dir=\"auto\" style=\"vertical-align: inherit;\">2260 mm<\/span><\/span><\/span><\/span><\/span><\/span><\/span><\/span><\/span><\/span><\/div>\n<\/div>\n<\/div><\/div>\n<div class=\"et_pb_image_8 et_pb_image et_flex_column_24_24 et_pb_module et_flex_module\"><span class=\"et_pb_image_wrap\"><img loading=\"lazy\" decoding=\"async\" src=\"https:\/\/jmc-caravanes.com\/wp-content\/uploads\/2026\/03\/Sterling-Elite-logo.jpg\" alt=\"Sterling Elite logo\" title=\"Sterling Elite logo\" width=\"578\" height=\"528\" srcset=\"https:\/\/jmc-caravanes.com\/wp-content\/uploads\/2026\/03\/Sterling-Elite-logo.jpg 578w, https:\/\/jmc-caravanes.com\/wp-content\/uploads\/2026\/03\/Sterling-Elite-logo-480x438.jpg 480w\" sizes=\"(min-width: 0px) and (max-width: 480px) 480px, (min-width: 481px) 578px, 100vw\" class=\"wp-image-849\" \/><\/span>\n<div class=\"et_pb_module et_pb_button_module_wrapper et_pb_button_8_wrapper\"><a class=\"et_pb_button_8 et_pb_button et_pb_bg_layout_light et_pb_module et_flex_module\" href=\"\">27100 \u20ac<\/a><\/div>\n<\/div>\n\n<div class=\"et_pb_gallery_8 et_pb_gallery et_pb_bg_layout_light et_pb_gallery_grid et_pb_module\" data-auto-rotate=\"off\" data-auto-rotate-speed=\"\"><div class=\"et_pb_gallery_items et_post_gallery clearfix et_grid_module\" data-per_page=\"1\"><div class=\"et_pb_gallery_item et_pb_grid_item et_pb_gallery_item_8_0\"><div class=\"et_pb_gallery_image landscape\" data-per_page=\"1\"><a href=\"https:\/\/jmc-caravanes.com\/wp-content\/uploads\/2026\/03\/STERLING-ELITE-560-7.jpeg\" title=\"JMC CARAVANE STERLING ELITE 560\"><img loading=\"lazy\" decoding=\"async\" width=\"400\" height=\"284\" src=\"https:\/\/jmc-caravanes.com\/wp-content\/uploads\/2026\/03\/STERLING-ELITE-560-7-400x284.jpeg\" alt=\"JMC CARAVANE STERLING ELITE 560\" class=\"wp-image-838\" srcset=\"https:\/\/jmc-caravanes.com\/wp-content\/uploads\/2026\/03\/STERLING-ELITE-560-7.jpeg 479w, https:\/\/jmc-caravanes.com\/wp-content\/uploads\/2026\/03\/STERLING-ELITE-560-7-400x284.jpeg 480w\" sizes=\"(max-width:479px) 479px, 100vw\" \/><span class=\"et_overlay\" data-icon=\"\" data-icon-tablet=\"\" data-icon-phone=\"\"><\/span><\/a><\/div><\/div><div class=\"et_pb_gallery_item et_pb_grid_item et_pb_gallery_item_8_1\"><div class=\"et_pb_gallery_image landscape\" data-per_page=\"1\"><a href=\"https:\/\/jmc-caravanes.com\/wp-content\/uploads\/2026\/03\/STERLING-ELITE-560-6.jpeg\" title=\"STERLING ELITE 560 (6)\"><img loading=\"lazy\" decoding=\"async\" width=\"400\" height=\"284\" src=\"https:\/\/jmc-caravanes.com\/wp-content\/uploads\/2026\/03\/STERLING-ELITE-560-6-400x284.jpeg\" alt=\"\" class=\"wp-image-837\" srcset=\"https:\/\/jmc-caravanes.com\/wp-content\/uploads\/2026\/03\/STERLING-ELITE-560-6.jpeg 479w, https:\/\/jmc-caravanes.com\/wp-content\/uploads\/2026\/03\/STERLING-ELITE-560-6-400x284.jpeg 480w\" sizes=\"(max-width:479px) 479px, 100vw\" \/><span class=\"et_overlay\" data-icon=\"\" data-icon-tablet=\"\" data-icon-phone=\"\"><\/span><\/a><\/div><\/div><div class=\"et_pb_gallery_item et_pb_grid_item et_pb_gallery_item_8_2\"><div class=\"et_pb_gallery_image landscape\" data-per_page=\"1\"><a href=\"https:\/\/jmc-caravanes.com\/wp-content\/uploads\/2026\/03\/STERLING-ELITE-560-8.jpeg\" title=\"JMC CARAVANE STERLING ELITE 560\"><img loading=\"lazy\" decoding=\"async\" width=\"400\" height=\"284\" src=\"https:\/\/jmc-caravanes.com\/wp-content\/uploads\/2026\/03\/STERLING-ELITE-560-8-400x284.jpeg\" alt=\"JMC CARAVANE STERLING ELITE 560\" class=\"wp-image-839\" srcset=\"https:\/\/jmc-caravanes.com\/wp-content\/uploads\/2026\/03\/STERLING-ELITE-560-8.jpeg 479w, https:\/\/jmc-caravanes.com\/wp-content\/uploads\/2026\/03\/STERLING-ELITE-560-8-400x284.jpeg 480w\" sizes=\"(max-width:479px) 479px, 100vw\" \/><span class=\"et_overlay\" data-icon=\"\" data-icon-tablet=\"\" data-icon-phone=\"\"><\/span><\/a><\/div><\/div><div class=\"et_pb_gallery_item et_pb_grid_item et_pb_gallery_item_8_3\"><div class=\"et_pb_gallery_image landscape\" data-per_page=\"1\"><a href=\"https:\/\/jmc-caravanes.com\/wp-content\/uploads\/2026\/03\/STERLING-ELITE-560-1.jpeg\" title=\"STERLING ELITE 560 (1)\"><img loading=\"lazy\" decoding=\"async\" width=\"400\" height=\"284\" src=\"https:\/\/jmc-caravanes.com\/wp-content\/uploads\/2026\/03\/STERLING-ELITE-560-1-400x284.jpeg\" alt=\"JMC CARAVANE\" class=\"wp-image-832\" srcset=\"https:\/\/jmc-caravanes.com\/wp-content\/uploads\/2026\/03\/STERLING-ELITE-560-1.jpeg 479w, https:\/\/jmc-caravanes.com\/wp-content\/uploads\/2026\/03\/STERLING-ELITE-560-1-400x284.jpeg 480w\" sizes=\"(max-width:479px) 479px, 100vw\" \/><span class=\"et_overlay\" data-icon=\"\" data-icon-tablet=\"\" data-icon-phone=\"\"><\/span><\/a><\/div><\/div><div class=\"et_pb_gallery_item et_pb_grid_item et_pb_gallery_item_8_4\"><div class=\"et_pb_gallery_image landscape\" data-per_page=\"1\"><a href=\"https:\/\/jmc-caravanes.com\/wp-content\/uploads\/2026\/03\/STERLING-ELITE-560-2.jpeg\" title=\"STERLING ELITE 560 (2)\"><img loading=\"lazy\" decoding=\"async\" width=\"400\" height=\"284\" src=\"https:\/\/jmc-caravanes.com\/wp-content\/uploads\/2026\/03\/STERLING-ELITE-560-2-400x284.jpeg\" alt=\"\" class=\"wp-image-833\" srcset=\"https:\/\/jmc-caravanes.com\/wp-content\/uploads\/2026\/03\/STERLING-ELITE-560-2.jpeg 479w, https:\/\/jmc-caravanes.com\/wp-content\/uploads\/2026\/03\/STERLING-ELITE-560-2-400x284.jpeg 480w\" sizes=\"(max-width:479px) 479px, 100vw\" \/><span class=\"et_overlay\" data-icon=\"\" data-icon-tablet=\"\" data-icon-phone=\"\"><\/span><\/a><\/div><\/div><div class=\"et_pb_gallery_item et_pb_grid_item et_pb_gallery_item_8_5\"><div class=\"et_pb_gallery_image landscape\" data-per_page=\"1\"><a href=\"https:\/\/jmc-caravanes.com\/wp-content\/uploads\/2026\/03\/STERLING-ELITE-560-3.jpeg\" title=\"STERLING ELITE 560 (3)\"><img loading=\"lazy\" decoding=\"async\" width=\"400\" height=\"284\" src=\"https:\/\/jmc-caravanes.com\/wp-content\/uploads\/2026\/03\/STERLING-ELITE-560-3-400x284.jpeg\" alt=\"\" class=\"wp-image-834\" srcset=\"https:\/\/jmc-caravanes.com\/wp-content\/uploads\/2026\/03\/STERLING-ELITE-560-3.jpeg 479w, https:\/\/jmc-caravanes.com\/wp-content\/uploads\/2026\/03\/STERLING-ELITE-560-3-400x284.jpeg 480w\" sizes=\"(max-width:479px) 479px, 100vw\" \/><span class=\"et_overlay\" data-icon=\"\" data-icon-tablet=\"\" data-icon-phone=\"\"><\/span><\/a><\/div><\/div><div class=\"et_pb_gallery_item et_pb_grid_item et_pb_gallery_item_8_6\"><div class=\"et_pb_gallery_image landscape\" data-per_page=\"1\"><a href=\"https:\/\/jmc-caravanes.com\/wp-content\/uploads\/2026\/03\/STERLING-ELITE-560-4.jpeg\" title=\"STERLING ELITE 560 (4)\"><img loading=\"lazy\" decoding=\"async\" width=\"400\" height=\"284\" src=\"https:\/\/jmc-caravanes.com\/wp-content\/uploads\/2026\/03\/STERLING-ELITE-560-4-400x284.jpeg\" alt=\"\" class=\"wp-image-835\" srcset=\"https:\/\/jmc-caravanes.com\/wp-content\/uploads\/2026\/03\/STERLING-ELITE-560-4.jpeg 479w, https:\/\/jmc-caravanes.com\/wp-content\/uploads\/2026\/03\/STERLING-ELITE-560-4-400x284.jpeg 480w\" sizes=\"(max-width:479px) 479px, 100vw\" \/><span class=\"et_overlay\" data-icon=\"\" data-icon-tablet=\"\" data-icon-phone=\"\"><\/span><\/a><\/div><\/div><div class=\"et_pb_gallery_item et_pb_grid_item et_pb_gallery_item_8_7\"><div class=\"et_pb_gallery_image landscape\" data-per_page=\"1\"><a href=\"https:\/\/jmc-caravanes.com\/wp-content\/uploads\/2026\/03\/STERLING-ELITE-560-5.jpeg\" title=\"STERLING ELITE 560 (5)\"><img loading=\"lazy\" decoding=\"async\" width=\"400\" height=\"284\" src=\"https:\/\/jmc-caravanes.com\/wp-content\/uploads\/2026\/03\/STERLING-ELITE-560-5-400x284.jpeg\" alt=\"\" class=\"wp-image-836\" srcset=\"https:\/\/jmc-caravanes.com\/wp-content\/uploads\/2026\/03\/STERLING-ELITE-560-5.jpeg 479w, https:\/\/jmc-caravanes.com\/wp-content\/uploads\/2026\/03\/STERLING-ELITE-560-5-400x284.jpeg 480w\" sizes=\"(max-width:479px) 479px, 100vw\" \/><span class=\"et_overlay\" data-icon=\"\" data-icon-tablet=\"\" data-icon-phone=\"\"><\/span><\/a><\/div><\/div><div class=\"et_pb_gallery_item et_pb_grid_item et_pb_gallery_item_8_8\"><div class=\"et_pb_gallery_image landscape\" data-per_page=\"1\"><a href=\"https:\/\/jmc-caravanes.com\/wp-content\/uploads\/2026\/03\/STERLING-ELITE-560-9.jpeg\" title=\"STERLING ELITE 560 (9)\"><img loading=\"lazy\" decoding=\"async\" width=\"400\" height=\"284\" src=\"https:\/\/jmc-caravanes.com\/wp-content\/uploads\/2026\/03\/STERLING-ELITE-560-9-400x284.jpeg\" alt=\"JMC CARAVANE STERLING ELITE 560\" class=\"wp-image-840\" srcset=\"https:\/\/jmc-caravanes.com\/wp-content\/uploads\/2026\/03\/STERLING-ELITE-560-9.jpeg 479w, https:\/\/jmc-caravanes.com\/wp-content\/uploads\/2026\/03\/STERLING-ELITE-560-9-400x284.jpeg 480w\" sizes=\"(max-width:479px) 479px, 100vw\" \/><span class=\"et_overlay\" data-icon=\"\" data-icon-tablet=\"\" data-icon-phone=\"\"><\/span><\/a><\/div><\/div><div class=\"et_pb_gallery_item et_pb_grid_item et_pb_gallery_item_8_9\"><div class=\"et_pb_gallery_image landscape\" data-per_page=\"1\"><a href=\"https:\/\/jmc-caravanes.com\/wp-content\/uploads\/2026\/03\/STERLING-ELITE-560-10.jpeg\" title=\"STERLING ELITE 560 (10)\"><img loading=\"lazy\" decoding=\"async\" width=\"400\" height=\"284\" src=\"https:\/\/jmc-caravanes.com\/wp-content\/uploads\/2026\/03\/STERLING-ELITE-560-10-400x284.jpeg\" alt=\"JMC CARAVANE STERLING ELITE 560\" class=\"wp-image-841\" srcset=\"https:\/\/jmc-caravanes.com\/wp-content\/uploads\/2026\/03\/STERLING-ELITE-560-10.jpeg 479w, https:\/\/jmc-caravanes.com\/wp-content\/uploads\/2026\/03\/STERLING-ELITE-560-10-400x284.jpeg 480w\" sizes=\"(max-width:479px) 479px, 100vw\" \/><span class=\"et_overlay\" data-icon=\"\" data-icon-tablet=\"\" data-icon-phone=\"\"><\/span><\/a><\/div><\/div><div class=\"et_pb_gallery_item et_pb_grid_item et_pb_gallery_item_8_10\"><div class=\"et_pb_gallery_image landscape\" data-per_page=\"1\"><a href=\"https:\/\/jmc-caravanes.com\/wp-content\/uploads\/2026\/03\/STERLING-ELITE-560-11.jpeg\" title=\"JMC CARAVANE STERLING ELITE 560\"><img loading=\"lazy\" decoding=\"async\" width=\"400\" height=\"284\" src=\"https:\/\/jmc-caravanes.com\/wp-content\/uploads\/2026\/03\/STERLING-ELITE-560-11-400x284.jpeg\" alt=\"JMC CARAVANE STERLING ELITE 560\" class=\"wp-image-842\" srcset=\"https:\/\/jmc-caravanes.com\/wp-content\/uploads\/2026\/03\/STERLING-ELITE-560-11.jpeg 479w, https:\/\/jmc-caravanes.com\/wp-content\/uploads\/2026\/03\/STERLING-ELITE-560-11-400x284.jpeg 480w\" sizes=\"(max-width:479px) 479px, 100vw\" \/><span class=\"et_overlay\" data-icon=\"\" data-icon-tablet=\"\" data-icon-phone=\"\"><\/span><\/a><\/div><\/div><div class=\"et_pb_gallery_item et_pb_grid_item et_pb_gallery_item_8_11\"><div class=\"et_pb_gallery_image landscape\" data-per_page=\"1\"><a href=\"https:\/\/jmc-caravanes.com\/wp-content\/uploads\/2026\/03\/STERLING-ELITE-560-12.jpeg\" title=\"JMC CARAVANE STERLING ELITE 560)\"><img loading=\"lazy\" decoding=\"async\" width=\"400\" height=\"284\" src=\"https:\/\/jmc-caravanes.com\/wp-content\/uploads\/2026\/03\/STERLING-ELITE-560-12-400x284.jpeg\" alt=\"JMC CARAVANE STERLING ELITE 560\" class=\"wp-image-843\" srcset=\"https:\/\/jmc-caravanes.com\/wp-content\/uploads\/2026\/03\/STERLING-ELITE-560-12.jpeg 479w, https:\/\/jmc-caravanes.com\/wp-content\/uploads\/2026\/03\/STERLING-ELITE-560-12-400x284.jpeg 480w\" sizes=\"(max-width:479px) 479px, 100vw\" \/><span class=\"et_overlay\" data-icon=\"\" data-icon-tablet=\"\" data-icon-phone=\"\"><\/span><\/a><\/div><\/div><\/div><div class=\"et_pb_gallery_pagination\"><\/div><\/div>\n<\/div><\/div>\n\n<div class=\"et_pb_blurb_9 et_pb_blurb et_pb_bg_layout_light et_pb_blurb_position_top et_pb_module et_flex_module\"><div class=\"et_pb_blurb_content et_flex_module\"><div class=\"et_pb_main_blurb_image\"><span class=\"et_pb_image_wrap et_pb_only_image_mode_wrap\"><img loading=\"lazy\" decoding=\"async\" src=\"https:\/\/jmc-caravanes.com\/wp-content\/uploads\/2026\/03\/Sterling-continental-580-PLAN-1.jpg\" alt=\"Sterling continental 580 PLAN\" width=\"1258\" height=\"590\" srcset=\"https:\/\/jmc-caravanes.com\/wp-content\/uploads\/2026\/03\/Sterling-continental-580-PLAN-1.jpg 1258w, https:\/\/jmc-caravanes.com\/wp-content\/uploads\/2026\/03\/Sterling-continental-580-PLAN-1-980x460.jpg 980w, https:\/\/jmc-caravanes.com\/wp-content\/uploads\/2026\/03\/Sterling-continental-580-PLAN-1-480x225.jpg 480w\" sizes=\"(min-width: 0px) and (max-width: 480px) 480px, (min-width: 481px) and (max-width: 980px) 980px, (min-width: 981px) 1258px, 100vw\" class=\"et_animated wp-image-887\" title=\"Sterling continental 580 PLAN\" \/><\/span><\/div><div class=\"et_pb_blurb_container\"><h4 class=\"et_pb_module_header\">STERLING CONTINENTAL 580<\/h4><div class=\"et_pb_blurb_description\"><p><span dir=\"auto\" style=\"vertical-align: inherit;\"><span dir=\"auto\" style=\"vertical-align: inherit;\"><span dir=\"auto\" style=\"vertical-align: inherit;\"><span dir=\"auto\" style=\"vertical-align: inherit;\"><span dir=\"auto\" style=\"vertical-align: inherit;\"><span dir=\"auto\" style=\"vertical-align: inherit;\"><span dir=\"auto\" style=\"vertical-align: inherit;\"><span dir=\"auto\" style=\"vertical-align: inherit;\"><span dir=\"auto\" style=\"vertical-align: inherit;\"><span dir=\"auto\" style=\"vertical-align: inherit;\"><span dir=\"auto\" style=\"vertical-align: inherit;\"><span dir=\"auto\" style=\"vertical-align: inherit;\"><span dir=\"auto\" style=\"vertical-align: inherit;\"><span dir=\"auto\" style=\"vertical-align: inherit;\"><span dir=\"auto\" style=\"vertical-align: inherit;\">Ann\u00e9e 2015 (caravane sur commande)<\/span><\/span><\/span><\/span><\/span><\/span><\/span><\/span><\/span><\/span><\/span><\/span><\/span><\/span><\/span><\/p>\n<div class=\"vehicle-spec\">\n<div class=\"vehicle-spec__icon\"><img loading=\"lazy\" decoding=\"async\" src=\"https:\/\/s3-eu-west-1.amazonaws.com\/files.autopromotor\/datasheetimages\/Berth.svg\" width=\"28\" height=\"28\" \/><span>\u00a0<\/span>\u00a0<span dir=\"auto\"><span dir=\"auto\" style=\"vertical-align: inherit;\"><span dir=\"auto\" style=\"vertical-align: inherit;\"><span dir=\"auto\" style=\"vertical-align: inherit;\"><span dir=\"auto\" style=\"vertical-align: inherit;\"><span dir=\"auto\" style=\"vertical-align: inherit;\"><span dir=\"auto\" style=\"vertical-align: inherit;\"><span dir=\"auto\" style=\"vertical-align: inherit;\"><span dir=\"auto\" style=\"vertical-align: inherit;\"><span dir=\"auto\" style=\"vertical-align: inherit;\"><span dir=\"auto\" style=\"vertical-align: inherit;\"><span dir=\"auto\" style=\"vertical-align: inherit;\"><span dir=\"auto\" style=\"vertical-align: inherit;\"><span dir=\"auto\" style=\"vertical-align: inherit;\"><span dir=\"auto\" style=\"vertical-align: inherit;\"><span dir=\"auto\" style=\"vertical-align: inherit;\">Couchette : <\/span><\/span><\/span><\/span><\/span><\/span><\/span><\/span><\/span><\/span><\/span><\/span><\/span><\/span><\/span><span>\u00a0<\/span><\/span><span dir=\"auto\"><span dir=\"auto\" style=\"vertical-align: inherit;\"><span dir=\"auto\" style=\"vertical-align: inherit;\"><span dir=\"auto\" style=\"vertical-align: inherit;\"><span dir=\"auto\" style=\"vertical-align: inherit;\"><span dir=\"auto\" style=\"vertical-align: inherit;\"><span dir=\"auto\" style=\"vertical-align: inherit;\"><span dir=\"auto\" style=\"vertical-align: inherit;\"><span dir=\"auto\" style=\"vertical-align: inherit;\"><span dir=\"auto\" style=\"vertical-align: inherit;\"><span dir=\"auto\" style=\"vertical-align: inherit;\"><span dir=\"auto\" style=\"vertical-align: inherit;\"><span dir=\"auto\" style=\"vertical-align: inherit;\"><span dir=\"auto\" style=\"vertical-align: inherit;\"><span dir=\"auto\" style=\"vertical-align: inherit;\"><span dir=\"auto\" style=\"vertical-align: inherit;\">4<\/span><\/span><\/span><\/span><\/span><\/span><\/span><\/span><\/span><\/span><\/span><\/span><\/span><\/span><\/span><\/span><\/div>\n<\/div>\n<div class=\"vehicle-spec\">\n<div class=\"vehicle-spec__icon\"><img decoding=\"async\" src=\"https:\/\/s3-eu-west-1.amazonaws.com\/files.autopromotor\/datasheetimages\/MTPLM.svg\" \/><span>\u00a0<\/span>\u00a0<span dir=\"auto\"><span dir=\"auto\" style=\"vertical-align: inherit;\"><span dir=\"auto\" style=\"vertical-align: inherit;\"><span dir=\"auto\" style=\"vertical-align: inherit;\"><span dir=\"auto\" style=\"vertical-align: inherit;\"><span dir=\"auto\" style=\"vertical-align: inherit;\"><span dir=\"auto\" style=\"vertical-align: inherit;\"><span dir=\"auto\" style=\"vertical-align: inherit;\"><span dir=\"auto\" style=\"vertical-align: inherit;\"><span dir=\"auto\" style=\"vertical-align: inherit;\"><span dir=\"auto\" style=\"vertical-align: inherit;\"><span dir=\"auto\" style=\"vertical-align: inherit;\"><span dir=\"auto\" style=\"vertical-align: inherit;\"><span dir=\"auto\" style=\"vertical-align: inherit;\"><span dir=\"auto\" style=\"vertical-align: inherit;\"><span dir=\"auto\" style=\"vertical-align: inherit;\">PTAC :\u00a0 <\/span><\/span><\/span><\/span><\/span><\/span><\/span><\/span><\/span><\/span><\/span><\/span><\/span><\/span><\/span><span>\u00a0<\/span><\/span><span dir=\"auto\"><span dir=\"auto\" style=\"vertical-align: inherit;\"><span dir=\"auto\" style=\"vertical-align: inherit;\"><span dir=\"auto\" style=\"vertical-align: inherit;\"><span dir=\"auto\" style=\"vertical-align: inherit;\"><span dir=\"auto\" style=\"vertical-align: inherit;\"><span dir=\"auto\" style=\"vertical-align: inherit;\"><span dir=\"auto\" style=\"vertical-align: inherit;\"><span dir=\"auto\" style=\"vertical-align: inherit;\"><span dir=\"auto\" style=\"vertical-align: inherit;\"><span dir=\"auto\" style=\"vertical-align: inherit;\"><span dir=\"auto\" style=\"vertical-align: inherit;\"><span dir=\"auto\" style=\"vertical-align: inherit;\"><span dir=\"auto\" style=\"vertical-align: inherit;\"><span dir=\"auto\" style=\"vertical-align: inherit;\"><span dir=\"auto\" style=\"vertical-align: inherit;\">1695 kg<\/span><\/span><\/span><\/span><\/span><\/span><\/span><\/span><\/span><\/span><\/span><\/span><\/span><\/span><\/span><\/span><\/div>\n<div class=\"vehicle-spec__icon\"><span dir=\"auto\"><span dir=\"auto\" style=\"vertical-align: inherit;\"><img decoding=\"async\" src=\"https:\/\/s3-eu-west-1.amazonaws.com\/files.autopromotor\/datasheetimages\/Weight.svg\" \/><span>\u00a0<\/span><span dir=\"auto\" style=\"vertical-align: inherit;\"><span dir=\"auto\" style=\"vertical-align: inherit;\"><span dir=\"auto\" style=\"vertical-align: inherit;\"><span dir=\"auto\" style=\"vertical-align: inherit;\"><span dir=\"auto\" style=\"vertical-align: inherit;\"><span dir=\"auto\" style=\"vertical-align: inherit;\"><span dir=\"auto\" style=\"vertical-align: inherit;\"><span dir=\"auto\" style=\"vertical-align: inherit;\"><span dir=\"auto\" style=\"vertical-align: inherit;\"><span dir=\"auto\" style=\"vertical-align: inherit;\"><span dir=\"auto\" style=\"vertical-align: inherit;\"><span dir=\"auto\" style=\"vertical-align: inherit;\"><span dir=\"auto\" style=\"vertical-align: inherit;\"><span dir=\"auto\" style=\"vertical-align: inherit;\">Poids \u00e0 vide : 1539 kg<\/span><\/span><\/span><\/span><\/span><\/span><\/span><\/span><\/span><\/span><\/span><\/span><\/span><\/span><span>\u00a0<\/span><\/span><\/span><\/div>\n<\/div>\n<div class=\"vehicle-spec\">\n<div class=\"vehicle-spec__icon\"><img decoding=\"async\" src=\"https:\/\/s3-eu-west-1.amazonaws.com\/files.autopromotor\/datasheetimages\/CaravanLength.svg\" \/><span dir=\"auto\" style=\"vertical-align: inherit;\"><span dir=\"auto\" style=\"vertical-align: inherit;\"><span dir=\"auto\" style=\"vertical-align: inherit;\"><span dir=\"auto\" style=\"vertical-align: inherit;\"><span dir=\"auto\" style=\"vertical-align: inherit;\"><span dir=\"auto\" style=\"vertical-align: inherit;\"><span dir=\"auto\" style=\"vertical-align: inherit;\"><span dir=\"auto\" style=\"vertical-align: inherit;\"><span dir=\"auto\" style=\"vertical-align: inherit;\"><span dir=\"auto\" style=\"vertical-align: inherit;\"><span dir=\"auto\" style=\"vertical-align: inherit;\"><span dir=\"auto\" style=\"vertical-align: inherit;\"><span dir=\"auto\" style=\"vertical-align: inherit;\"><span dir=\"auto\" style=\"vertical-align: inherit;\"><span dir=\"auto\" style=\"vertical-align: inherit;\">\u00a0 Longueur <\/span><\/span><\/span><\/span><\/span><\/span><\/span><\/span><\/span><\/span><\/span><\/span><\/span><\/span><\/span><span dir=\"auto\"><span dir=\"auto\" style=\"vertical-align: inherit;\"><span dir=\"auto\" style=\"vertical-align: inherit;\"><span dir=\"auto\" style=\"vertical-align: inherit;\"><span dir=\"auto\" style=\"vertical-align: inherit;\"><span dir=\"auto\" style=\"vertical-align: inherit;\"><span dir=\"auto\" style=\"vertical-align: inherit;\"><span dir=\"auto\" style=\"vertical-align: inherit;\"><span dir=\"auto\" style=\"vertical-align: inherit;\"><span dir=\"auto\" style=\"vertical-align: inherit;\"><span dir=\"auto\" style=\"vertical-align: inherit;\"><span dir=\"auto\" style=\"vertical-align: inherit;\"><span dir=\"auto\" style=\"vertical-align: inherit;\"><span dir=\"auto\" style=\"vertical-align: inherit;\"><span dir=\"auto\" style=\"vertical-align: inherit;\"><span dir=\"auto\" style=\"vertical-align: inherit;\">: <\/span><\/span><\/span><\/span><\/span><\/span><\/span><\/span><\/span><\/span><\/span><\/span><\/span><\/span><\/span><span>\u00a0<\/span><\/span><span dir=\"auto\"><span dir=\"auto\" style=\"vertical-align: inherit;\"><span dir=\"auto\" style=\"vertical-align: inherit;\"><span dir=\"auto\" style=\"vertical-align: inherit;\"><span dir=\"auto\" style=\"vertical-align: inherit;\"><span dir=\"auto\" style=\"vertical-align: inherit;\"><span dir=\"auto\" style=\"vertical-align: inherit;\"><span dir=\"auto\" style=\"vertical-align: inherit;\"><span dir=\"auto\" style=\"vertical-align: inherit;\"><span dir=\"auto\" style=\"vertical-align: inherit;\"><span dir=\"auto\" style=\"vertical-align: inherit;\"><span dir=\"auto\" style=\"vertical-align: inherit;\"><span dir=\"auto\" style=\"vertical-align: inherit;\"><span dir=\"auto\" style=\"vertical-align: inherit;\"><span dir=\"auto\" style=\"vertical-align: inherit;\"><span dir=\"auto\" style=\"vertical-align: inherit;\">7490 mm<\/span><\/span><\/span><\/span><\/span><\/span><\/span><\/span><\/span><\/span><\/span><\/span><\/span><\/span><\/span><\/span><\/div>\n<\/div>\n<div class=\"vehicle-spec\">\n<div class=\"vehicle-spec__icon\"><img decoding=\"async\" src=\"https:\/\/s3-eu-west-1.amazonaws.com\/files.autopromotor\/datasheetimages\/CaravanWidth.svg\" \/><span>\u00a0<\/span>\u00a0<span dir=\"auto\"><span dir=\"auto\" style=\"vertical-align: inherit;\"><span dir=\"auto\" style=\"vertical-align: inherit;\"><span dir=\"auto\" style=\"vertical-align: inherit;\"><span dir=\"auto\" style=\"vertical-align: inherit;\"><span dir=\"auto\" style=\"vertical-align: inherit;\"><span dir=\"auto\" style=\"vertical-align: inherit;\"><span dir=\"auto\" style=\"vertical-align: inherit;\"><span dir=\"auto\" style=\"vertical-align: inherit;\"><span dir=\"auto\" style=\"vertical-align: inherit;\"><span dir=\"auto\" style=\"vertical-align: inherit;\"><span dir=\"auto\" style=\"vertical-align: inherit;\"><span dir=\"auto\" style=\"vertical-align: inherit;\"><span dir=\"auto\" style=\"vertical-align: inherit;\"><span dir=\"auto\" style=\"vertical-align: inherit;\"><span dir=\"auto\" style=\"vertical-align: inherit;\">Largeur : <\/span><\/span><\/span><\/span><\/span><\/span><\/span><\/span><\/span><\/span><\/span><\/span><\/span><\/span><\/span><span>\u00a0<\/span><\/span><span dir=\"auto\"><span dir=\"auto\" style=\"vertical-align: inherit;\"><span dir=\"auto\" style=\"vertical-align: inherit;\"><span dir=\"auto\" style=\"vertical-align: inherit;\"><span dir=\"auto\" style=\"vertical-align: inherit;\"><span dir=\"auto\" style=\"vertical-align: inherit;\"><span dir=\"auto\" style=\"vertical-align: inherit;\"><span dir=\"auto\" style=\"vertical-align: inherit;\"><span dir=\"auto\" style=\"vertical-align: inherit;\"><span dir=\"auto\" style=\"vertical-align: inherit;\"><span dir=\"auto\" style=\"vertical-align: inherit;\"><span dir=\"auto\" style=\"vertical-align: inherit;\"><span dir=\"auto\" style=\"vertical-align: inherit;\"><span dir=\"auto\" style=\"vertical-align: inherit;\"><span dir=\"auto\" style=\"vertical-align: inherit;\"><span dir=\"auto\" style=\"vertical-align: inherit;\">2260 mm<\/span><\/span><\/span><\/span><\/span><\/span><\/span><\/span><\/span><\/span><\/span><\/span><\/span><\/span><\/span><\/span><\/div>\n<\/div>\n<\/div><\/div>\n<div class=\"et_pb_image_9 et_pb_image et_flex_column_24_24 et_pb_module et_flex_module\"><span class=\"et_pb_image_wrap\"><img loading=\"lazy\" decoding=\"async\" src=\"https:\/\/jmc-caravanes.com\/wp-content\/uploads\/2026\/03\/Sterling-Elite-logo.jpg\" alt=\"Sterling Elite logo\" title=\"Sterling Elite logo\" width=\"578\" height=\"528\" srcset=\"https:\/\/jmc-caravanes.com\/wp-content\/uploads\/2026\/03\/Sterling-Elite-logo.jpg 578w, https:\/\/jmc-caravanes.com\/wp-content\/uploads\/2026\/03\/Sterling-Elite-logo-480x438.jpg 480w\" sizes=\"(min-width: 0px) and (max-width: 480px) 480px, (min-width: 481px) 578px, 100vw\" class=\"wp-image-849\" \/><\/span>\n<div class=\"et_pb_module et_pb_button_module_wrapper et_pb_button_9_wrapper\"><a class=\"et_pb_button_9 et_pb_button et_pb_bg_layout_light et_pb_module et_flex_module\" href=\"\">26000 \u20ac<\/a><\/div>\n<\/div>\n\n<div class=\"et_pb_gallery_9 et_pb_gallery et_pb_bg_layout_light et_pb_gallery_grid et_pb_module\" data-auto-rotate=\"off\" data-auto-rotate-speed=\"\"><div class=\"et_pb_gallery_items et_post_gallery clearfix et_grid_module\" data-per_page=\"1\"><div class=\"et_pb_gallery_item et_pb_grid_item et_pb_gallery_item_9_0\"><div class=\"et_pb_gallery_image landscape\" data-per_page=\"1\"><a href=\"https:\/\/jmc-caravanes.com\/wp-content\/uploads\/2026\/03\/STERLING-CONTINENTAL-580-10.jpeg\" title=\"JMC CARAVANE STERLING CONTINENTAL 580\"><img loading=\"lazy\" decoding=\"async\" width=\"400\" height=\"284\" src=\"https:\/\/jmc-caravanes.com\/wp-content\/uploads\/2026\/03\/STERLING-CONTINENTAL-580-10-400x284.jpeg\" alt=\"JMC CARAVANE STERLING CONTINENTAL 580\" class=\"wp-image-881\" srcset=\"https:\/\/jmc-caravanes.com\/wp-content\/uploads\/2026\/03\/STERLING-CONTINENTAL-580-10.jpeg 479w, https:\/\/jmc-caravanes.com\/wp-content\/uploads\/2026\/03\/STERLING-CONTINENTAL-580-10-400x284.jpeg 480w\" sizes=\"(max-width:479px) 479px, 100vw\" \/><span class=\"et_overlay\" data-icon=\"\" data-icon-tablet=\"\" data-icon-phone=\"\"><\/span><\/a><\/div><\/div><div class=\"et_pb_gallery_item et_pb_grid_item et_pb_gallery_item_9_1\"><div class=\"et_pb_gallery_image landscape\" data-per_page=\"1\"><a href=\"https:\/\/jmc-caravanes.com\/wp-content\/uploads\/2026\/03\/STERLING-CONTINENTAL-580-1.jpeg\" title=\"JMC CARAVANE STERLING CONTINENTAL 580\"><img loading=\"lazy\" decoding=\"async\" width=\"400\" height=\"284\" src=\"https:\/\/jmc-caravanes.com\/wp-content\/uploads\/2026\/03\/STERLING-CONTINENTAL-580-1-400x284.jpeg\" alt=\"JMC CARAVANE STERLING CONTINENTAL 580 (1)\" class=\"wp-image-872\" srcset=\"https:\/\/jmc-caravanes.com\/wp-content\/uploads\/2026\/03\/STERLING-CONTINENTAL-580-1.jpeg 479w, https:\/\/jmc-caravanes.com\/wp-content\/uploads\/2026\/03\/STERLING-CONTINENTAL-580-1-400x284.jpeg 480w\" sizes=\"(max-width:479px) 479px, 100vw\" \/><span class=\"et_overlay\" data-icon=\"\" data-icon-tablet=\"\" data-icon-phone=\"\"><\/span><\/a><\/div><\/div><div class=\"et_pb_gallery_item et_pb_grid_item et_pb_gallery_item_9_2\"><div class=\"et_pb_gallery_image landscape\" data-per_page=\"1\"><a href=\"https:\/\/jmc-caravanes.com\/wp-content\/uploads\/2026\/03\/STERLING-CONTINENTAL-580-2.jpeg\" title=\"JMC CARAVANE STERLING CONTINENTAL 580\"><img loading=\"lazy\" decoding=\"async\" width=\"400\" height=\"284\" src=\"https:\/\/jmc-caravanes.com\/wp-content\/uploads\/2026\/03\/STERLING-CONTINENTAL-580-2-400x284.jpeg\" alt=\"JMC CARAVANE STERLING CONTINENTAL 580\" class=\"wp-image-873\" srcset=\"https:\/\/jmc-caravanes.com\/wp-content\/uploads\/2026\/03\/STERLING-CONTINENTAL-580-2.jpeg 479w, https:\/\/jmc-caravanes.com\/wp-content\/uploads\/2026\/03\/STERLING-CONTINENTAL-580-2-400x284.jpeg 480w\" sizes=\"(max-width:479px) 479px, 100vw\" \/><span class=\"et_overlay\" data-icon=\"\" data-icon-tablet=\"\" data-icon-phone=\"\"><\/span><\/a><\/div><\/div><div class=\"et_pb_gallery_item et_pb_grid_item et_pb_gallery_item_9_3\"><div class=\"et_pb_gallery_image landscape\" data-per_page=\"1\"><a href=\"https:\/\/jmc-caravanes.com\/wp-content\/uploads\/2026\/03\/STERLING-CONTINENTAL-580-3.jpeg\" title=\"JMC CARAVANE STERLING CONTINENTAL 580\"><img loading=\"lazy\" decoding=\"async\" width=\"400\" height=\"284\" src=\"https:\/\/jmc-caravanes.com\/wp-content\/uploads\/2026\/03\/STERLING-CONTINENTAL-580-3-400x284.jpeg\" alt=\"JMC CARAVANE STERLING CONTINENTAL 580\" class=\"wp-image-874\" srcset=\"https:\/\/jmc-caravanes.com\/wp-content\/uploads\/2026\/03\/STERLING-CONTINENTAL-580-3.jpeg 479w, https:\/\/jmc-caravanes.com\/wp-content\/uploads\/2026\/03\/STERLING-CONTINENTAL-580-3-400x284.jpeg 480w\" sizes=\"(max-width:479px) 479px, 100vw\" \/><span class=\"et_overlay\" data-icon=\"\" data-icon-tablet=\"\" data-icon-phone=\"\"><\/span><\/a><\/div><\/div><div class=\"et_pb_gallery_item et_pb_grid_item et_pb_gallery_item_9_4\"><div class=\"et_pb_gallery_image landscape\" data-per_page=\"1\"><a href=\"https:\/\/jmc-caravanes.com\/wp-content\/uploads\/2026\/03\/STERLING-CONTINENTAL-580-4.jpeg\" title=\"JMC CARAVANE STERLING CONTINENTAL 580\"><img loading=\"lazy\" decoding=\"async\" width=\"400\" height=\"284\" src=\"https:\/\/jmc-caravanes.com\/wp-content\/uploads\/2026\/03\/STERLING-CONTINENTAL-580-4-400x284.jpeg\" alt=\"JMC CARAVANE STERLING CONTINENTAL 580\" class=\"wp-image-875\" srcset=\"https:\/\/jmc-caravanes.com\/wp-content\/uploads\/2026\/03\/STERLING-CONTINENTAL-580-4.jpeg 479w, https:\/\/jmc-caravanes.com\/wp-content\/uploads\/2026\/03\/STERLING-CONTINENTAL-580-4-400x284.jpeg 480w\" sizes=\"(max-width:479px) 479px, 100vw\" \/><span class=\"et_overlay\" data-icon=\"\" data-icon-tablet=\"\" data-icon-phone=\"\"><\/span><\/a><\/div><\/div><div class=\"et_pb_gallery_item et_pb_grid_item et_pb_gallery_item_9_5\"><div class=\"et_pb_gallery_image landscape\" data-per_page=\"1\"><a href=\"https:\/\/jmc-caravanes.com\/wp-content\/uploads\/2026\/03\/STERLING-CONTINENTAL-580-6.jpeg\" title=\"JMC CARAVANE STERLING CONTINENTAL 580\"><img loading=\"lazy\" decoding=\"async\" width=\"400\" height=\"284\" src=\"https:\/\/jmc-caravanes.com\/wp-content\/uploads\/2026\/03\/STERLING-CONTINENTAL-580-6-400x284.jpeg\" alt=\"JMC CARAVANE STERLING CONTINENTAL 580\" class=\"wp-image-877\" srcset=\"https:\/\/jmc-caravanes.com\/wp-content\/uploads\/2026\/03\/STERLING-CONTINENTAL-580-6.jpeg 479w, https:\/\/jmc-caravanes.com\/wp-content\/uploads\/2026\/03\/STERLING-CONTINENTAL-580-6-400x284.jpeg 480w\" sizes=\"(max-width:479px) 479px, 100vw\" \/><span class=\"et_overlay\" data-icon=\"\" data-icon-tablet=\"\" data-icon-phone=\"\"><\/span><\/a><\/div><\/div><div class=\"et_pb_gallery_item et_pb_grid_item et_pb_gallery_item_9_6\"><div class=\"et_pb_gallery_image landscape\" data-per_page=\"1\"><a href=\"https:\/\/jmc-caravanes.com\/wp-content\/uploads\/2026\/03\/STERLING-CONTINENTAL-580-7.jpeg\" title=\"JMC CARAVANE STERLING CONTINENTAL 580\"><img loading=\"lazy\" decoding=\"async\" width=\"400\" height=\"284\" src=\"https:\/\/jmc-caravanes.com\/wp-content\/uploads\/2026\/03\/STERLING-CONTINENTAL-580-7-400x284.jpeg\" alt=\"JMC CARAVANE STERLING CONTINENTAL 580\" class=\"wp-image-878\" srcset=\"https:\/\/jmc-caravanes.com\/wp-content\/uploads\/2026\/03\/STERLING-CONTINENTAL-580-7.jpeg 479w, https:\/\/jmc-caravanes.com\/wp-content\/uploads\/2026\/03\/STERLING-CONTINENTAL-580-7-400x284.jpeg 480w\" sizes=\"(max-width:479px) 479px, 100vw\" \/><span class=\"et_overlay\" data-icon=\"\" data-icon-tablet=\"\" data-icon-phone=\"\"><\/span><\/a><\/div><\/div><div class=\"et_pb_gallery_item et_pb_grid_item et_pb_gallery_item_9_7\"><div class=\"et_pb_gallery_image landscape\" data-per_page=\"1\"><a href=\"https:\/\/jmc-caravanes.com\/wp-content\/uploads\/2026\/03\/STERLING-CONTINENTAL-580-8.jpeg\" title=\"STERLING CONTINENTAL 580 (8)\"><img loading=\"lazy\" decoding=\"async\" width=\"400\" height=\"284\" src=\"https:\/\/jmc-caravanes.com\/wp-content\/uploads\/2026\/03\/STERLING-CONTINENTAL-580-8-400x284.jpeg\" alt=\"JMC CARAVANE STERLING CONTINENTAL 580\" class=\"wp-image-879\" srcset=\"https:\/\/jmc-caravanes.com\/wp-content\/uploads\/2026\/03\/STERLING-CONTINENTAL-580-8.jpeg 479w, https:\/\/jmc-caravanes.com\/wp-content\/uploads\/2026\/03\/STERLING-CONTINENTAL-580-8-400x284.jpeg 480w\" sizes=\"(max-width:479px) 479px, 100vw\" \/><span class=\"et_overlay\" data-icon=\"\" data-icon-tablet=\"\" data-icon-phone=\"\"><\/span><\/a><\/div><\/div><div class=\"et_pb_gallery_item et_pb_grid_item et_pb_gallery_item_9_8\"><div class=\"et_pb_gallery_image landscape\" data-per_page=\"1\"><a href=\"https:\/\/jmc-caravanes.com\/wp-content\/uploads\/2026\/03\/STERLING-CONTINENTAL-580-9.jpeg\" title=\"JMC CARAVANE STERLING CONTINENTAL 580\"><img loading=\"lazy\" decoding=\"async\" width=\"400\" height=\"284\" src=\"https:\/\/jmc-caravanes.com\/wp-content\/uploads\/2026\/03\/STERLING-CONTINENTAL-580-9-400x284.jpeg\" alt=\"JMC CARAVANE STERLING CONTINENTAL 580\" class=\"wp-image-880\" srcset=\"https:\/\/jmc-caravanes.com\/wp-content\/uploads\/2026\/03\/STERLING-CONTINENTAL-580-9.jpeg 479w, https:\/\/jmc-caravanes.com\/wp-content\/uploads\/2026\/03\/STERLING-CONTINENTAL-580-9-400x284.jpeg 480w\" sizes=\"(max-width:479px) 479px, 100vw\" \/><span class=\"et_overlay\" data-icon=\"\" data-icon-tablet=\"\" data-icon-phone=\"\"><\/span><\/a><\/div><\/div><div class=\"et_pb_gallery_item et_pb_grid_item et_pb_gallery_item_9_9\"><div class=\"et_pb_gallery_image landscape\" data-per_page=\"1\"><a href=\"https:\/\/jmc-caravanes.com\/wp-content\/uploads\/2026\/03\/STERLING-CONTINENTAL-580-5.jpeg\" title=\"JMC CARAVANE STERLING CONTINENTAL 580\"><img loading=\"lazy\" decoding=\"async\" width=\"400\" height=\"284\" src=\"https:\/\/jmc-caravanes.com\/wp-content\/uploads\/2026\/03\/STERLING-CONTINENTAL-580-5-400x284.jpeg\" alt=\"JMC CARAVANE STERLING CONTINENTAL 580\" class=\"wp-image-876\" srcset=\"https:\/\/jmc-caravanes.com\/wp-content\/uploads\/2026\/03\/STERLING-CONTINENTAL-580-5.jpeg 479w, https:\/\/jmc-caravanes.com\/wp-content\/uploads\/2026\/03\/STERLING-CONTINENTAL-580-5-400x284.jpeg 480w\" sizes=\"(max-width:479px) 479px, 100vw\" \/><span class=\"et_overlay\" data-icon=\"\" data-icon-tablet=\"\" data-icon-phone=\"\"><\/span><\/a><\/div><\/div><\/div><div class=\"et_pb_gallery_pagination\"><\/div><\/div>\n<\/div><\/div>\n<\/div>\n\n<div class=\"et_pb_column_3 et_pb_column et-last-child et_flex_column et_pb_css_mix_blend_mode_passthrough et_flex_column_8_24 et_flex_column_8_24_tablet et_flex_column_24_24_phone et_flex_column_24_24_phoneWide et_flex_column_8_24_tabletWide\">\n<div class=\"et_pb_blurb_10 et_pb_blurb et_pb_bg_layout_light et_pb_blurb_position_top et_pb_module et_flex_module\"><div class=\"et_pb_blurb_content et_flex_module\"><div class=\"et_pb_main_blurb_image\"><span class=\"et_pb_image_wrap et_pb_only_image_mode_wrap\"><img loading=\"lazy\" decoding=\"async\" src=\"https:\/\/jmc-caravanes.com\/wp-content\/uploads\/2026\/02\/INTERIEUR-4-PLACES_98.jpg\" alt=\"SWIFT CHALLENGER 560\" width=\"640\" height=\"215\" srcset=\"https:\/\/jmc-caravanes.com\/wp-content\/uploads\/2026\/02\/INTERIEUR-4-PLACES_98.jpg 640w, https:\/\/jmc-caravanes.com\/wp-content\/uploads\/2026\/02\/INTERIEUR-4-PLACES_98-480x161.jpg 480w\" sizes=\"(min-width: 0px) and (max-width: 480px) 480px, (min-width: 481px) 640px, 100vw\" class=\"et_animated wp-image-239\" title=\"SWIFT CHALLENGER 560\" \/><\/span><\/div><div class=\"et_pb_blurb_container\"><h4 class=\"et_pb_module_header\">SWITF Challenger 560<\/h4><div class=\"et_pb_blurb_description\"><p><span dir=\"auto\" style=\"vertical-align: inherit;\"><span dir=\"auto\" style=\"vertical-align: inherit;\"><span dir=\"auto\" style=\"vertical-align: inherit;\"><span dir=\"auto\" style=\"vertical-align: inherit;\">Ann\u00e9e 2008<\/span><\/span><\/span><\/span><\/p>\n<div class=\"vehicle-spec\">\n<div class=\"vehicle-spec__icon\"><img loading=\"lazy\" decoding=\"async\" src=\"https:\/\/s3-eu-west-1.amazonaws.com\/files.autopromotor\/datasheetimages\/Berth.svg\" width=\"28\" height=\"28\" \/><span>\u00a0<\/span>\u00a0<span dir=\"auto\"><span dir=\"auto\" style=\"vertical-align: inherit;\"><span dir=\"auto\" style=\"vertical-align: inherit;\"><span dir=\"auto\" style=\"vertical-align: inherit;\"><span dir=\"auto\" style=\"vertical-align: inherit;\">Couchette : <\/span><\/span><\/span><\/span><span>\u00a0<\/span><\/span><span dir=\"auto\"><span dir=\"auto\" style=\"vertical-align: inherit;\"><span dir=\"auto\" style=\"vertical-align: inherit;\"><span dir=\"auto\" style=\"vertical-align: inherit;\"><span dir=\"auto\" style=\"vertical-align: inherit;\">4<\/span><\/span><\/span><\/span><\/span><\/div>\n<\/div>\n<div class=\"vehicle-spec\">\n<div class=\"vehicle-spec__icon\"><img decoding=\"async\" src=\"https:\/\/s3-eu-west-1.amazonaws.com\/files.autopromotor\/datasheetimages\/MTPLM.svg\" \/><span>\u00a0<\/span>\u00a0<span dir=\"auto\"><span dir=\"auto\" style=\"vertical-align: inherit;\"><span dir=\"auto\" style=\"vertical-align: inherit;\"><span dir=\"auto\" style=\"vertical-align: inherit;\"><span dir=\"auto\" style=\"vertical-align: inherit;\">PTAC :\u00a0 <\/span><\/span><\/span><\/span><span>\u00a0<\/span><\/span><span dir=\"auto\"><span dir=\"auto\" style=\"vertical-align: inherit;\"><span dir=\"auto\" style=\"vertical-align: inherit;\"><span dir=\"auto\" style=\"vertical-align: inherit;\"><span dir=\"auto\" style=\"vertical-align: inherit;\">1500 kg<\/span><\/span><\/span><\/span><\/span><\/div>\n<div class=\"vehicle-spec__icon\"><span dir=\"auto\"><span dir=\"auto\" style=\"vertical-align: inherit;\"><span dir=\"auto\" style=\"vertical-align: inherit;\"><img decoding=\"async\" src=\"https:\/\/s3-eu-west-1.amazonaws.com\/files.autopromotor\/datasheetimages\/Weight.svg\" \/><span>\u00a0<\/span>\u00a0<span dir=\"auto\" style=\"vertical-align: inherit;\"><span dir=\"auto\" style=\"vertical-align: inherit;\"><span dir=\"auto\" style=\"vertical-align: inherit;\">Poids \u00e0 vide : <\/span><\/span><\/span><span dir=\"auto\" style=\"vertical-align: inherit;\"><span dir=\"auto\" style=\"vertical-align: inherit;\"><span dir=\"auto\" style=\"vertical-align: inherit;\">1289 kg<\/span><\/span><\/span><span>\u00a0<\/span><span dir=\"auto\" style=\"vertical-align: inherit;\"><span dir=\"auto\" style=\"vertical-align: inherit;\"><\/span><\/span><\/span><\/span><\/span><\/div>\n<\/div>\n<div class=\"vehicle-spec\">\n<div class=\"vehicle-spec__icon\"><img decoding=\"async\" src=\"https:\/\/s3-eu-west-1.amazonaws.com\/files.autopromotor\/datasheetimages\/CaravanLength.svg\" \/><span dir=\"auto\" style=\"vertical-align: inherit;\"><span dir=\"auto\" style=\"vertical-align: inherit;\"><span dir=\"auto\" style=\"vertical-align: inherit;\"><span dir=\"auto\" style=\"vertical-align: inherit;\">\u00a0 Longueur <\/span><\/span><\/span><\/span><span dir=\"auto\"><span dir=\"auto\" style=\"vertical-align: inherit;\"><span dir=\"auto\" style=\"vertical-align: inherit;\"><span dir=\"auto\" style=\"vertical-align: inherit;\"><span dir=\"auto\" style=\"vertical-align: inherit;\">: <\/span><\/span><\/span><\/span><span>\u00a0<\/span><\/span><span dir=\"auto\"><span dir=\"auto\" style=\"vertical-align: inherit;\"><span dir=\"auto\" style=\"vertical-align: inherit;\"><span dir=\"auto\" style=\"vertical-align: inherit;\"><span dir=\"auto\" style=\"vertical-align: inherit;\">7630 mm<\/span><\/span><\/span><\/span><\/span><\/div>\n<\/div>\n<div class=\"vehicle-spec\">\n<div class=\"vehicle-spec__icon\"><img decoding=\"async\" src=\"https:\/\/s3-eu-west-1.amazonaws.com\/files.autopromotor\/datasheetimages\/CaravanWidth.svg\" \/><span>\u00a0<\/span>\u00a0<span dir=\"auto\"><span dir=\"auto\" style=\"vertical-align: inherit;\"><span dir=\"auto\" style=\"vertical-align: inherit;\"><span dir=\"auto\" style=\"vertical-align: inherit;\"><span dir=\"auto\" style=\"vertical-align: inherit;\">Largeur : <\/span><\/span><\/span><\/span><span>\u00a0<\/span><\/span><span dir=\"auto\"><span dir=\"auto\" style=\"vertical-align: inherit;\"><span dir=\"auto\" style=\"vertical-align: inherit;\"><span dir=\"auto\" style=\"vertical-align: inherit;\"><span dir=\"auto\" style=\"vertical-align: inherit;\">2259 mm<\/span><\/span><\/span><\/span><\/span><span style=\"font-size: 14px;\">\u00a0<\/span><\/div>\n<\/div>\n<\/div><\/div>\n<div class=\"et_pb_image_10 et_pb_image et_flex_column_24_24 et_pb_module et_flex_module\"><span class=\"et_pb_image_wrap\"><img loading=\"lazy\" decoding=\"async\" src=\"https:\/\/jmc-caravanes.com\/wp-content\/uploads\/2026\/02\/JMCPlan-de-travail-5.png\" alt=\"Jmc Caravanes Swift\" title=\"Jmc Caravanes Swift\" width=\"161\" height=\"114\" srcset=\"https:\/\/jmc-caravanes.com\/wp-content\/uploads\/2026\/02\/JMCPlan-de-travail-5.png 161w\" sizes=\"(max-width: 161px) 100vw, 161px\" class=\"wp-image-288\" \/><\/span>\n<div class=\"et_pb_module et_pb_button_module_wrapper et_pb_button_10_wrapper\"><a class=\"et_pb_button_10 et_pb_button et_pb_bg_layout_light et_pb_module et_flex_module\" href=\"\">11500 \u20ac<\/a><\/div>\n<\/div>\n\n<div class=\"et_pb_gallery_10 et_pb_gallery et_pb_bg_layout_light et_pb_gallery_grid et_pb_module\" data-auto-rotate=\"off\" data-auto-rotate-speed=\"\"><div class=\"et_pb_gallery_items et_post_gallery clearfix et_grid_module\" data-per_page=\"1\"><div class=\"et_pb_gallery_item et_pb_grid_item et_pb_gallery_item_10_0\"><div class=\"et_pb_gallery_image landscape\" data-per_page=\"1\"><a href=\"https:\/\/jmc-caravanes.com\/wp-content\/uploads\/2026\/02\/SWIFT-CHALLENGER-560-verso.jpg\" title=\"Swift Challenger 560\"><img loading=\"lazy\" decoding=\"async\" width=\"400\" height=\"284\" src=\"https:\/\/jmc-caravanes.com\/wp-content\/uploads\/2026\/02\/SWIFT-CHALLENGER-560-verso-400x284.jpg\" alt=\"\" class=\"wp-image-254\" srcset=\"https:\/\/jmc-caravanes.com\/wp-content\/uploads\/2026\/02\/SWIFT-CHALLENGER-560-verso.jpg 479w, https:\/\/jmc-caravanes.com\/wp-content\/uploads\/2026\/02\/SWIFT-CHALLENGER-560-verso-400x284.jpg 480w\" sizes=\"(max-width:479px) 479px, 100vw\" \/><span class=\"et_overlay\" data-icon=\"\" data-icon-tablet=\"\" data-icon-phone=\"\"><\/span><\/a><\/div><\/div><div class=\"et_pb_gallery_item et_pb_grid_item et_pb_gallery_item_10_1\"><div class=\"et_pb_gallery_image landscape\" data-per_page=\"1\"><a href=\"https:\/\/jmc-caravanes.com\/wp-content\/uploads\/2026\/02\/SWIFT-CHALLENGER-560-1-1.jpg\" title=\"Swift Challenger 560\"><img loading=\"lazy\" decoding=\"async\" width=\"400\" height=\"284\" src=\"https:\/\/jmc-caravanes.com\/wp-content\/uploads\/2026\/02\/SWIFT-CHALLENGER-560-1-1-400x284.jpg\" alt=\"\" class=\"wp-image-253\" srcset=\"https:\/\/jmc-caravanes.com\/wp-content\/uploads\/2026\/02\/SWIFT-CHALLENGER-560-1-1.jpg 479w, https:\/\/jmc-caravanes.com\/wp-content\/uploads\/2026\/02\/SWIFT-CHALLENGER-560-1-1-400x284.jpg 480w\" sizes=\"(max-width:479px) 479px, 100vw\" \/><span class=\"et_overlay\" data-icon=\"\" data-icon-tablet=\"\" data-icon-phone=\"\"><\/span><\/a><\/div><\/div><div class=\"et_pb_gallery_item et_pb_grid_item et_pb_gallery_item_10_2\"><div class=\"et_pb_gallery_image landscape\" data-per_page=\"1\"><a href=\"https:\/\/jmc-caravanes.com\/wp-content\/uploads\/2026\/02\/SWIFT-CHALLENGER-560-2-scaled.webp\" title=\"SWIFT CHALLENGER 560 (2)\"><img loading=\"lazy\" decoding=\"async\" width=\"400\" height=\"284\" src=\"https:\/\/jmc-caravanes.com\/wp-content\/uploads\/2026\/02\/SWIFT-CHALLENGER-560-2-400x284.webp\" alt=\"\" class=\"wp-image-240\" srcset=\"https:\/\/jmc-caravanes.com\/wp-content\/uploads\/2026\/02\/SWIFT-CHALLENGER-560-2-scaled.webp 479w, https:\/\/jmc-caravanes.com\/wp-content\/uploads\/2026\/02\/SWIFT-CHALLENGER-560-2-400x284.webp 480w\" sizes=\"(max-width:479px) 479px, 100vw\" \/><span class=\"et_overlay\" data-icon=\"\" data-icon-tablet=\"\" data-icon-phone=\"\"><\/span><\/a><\/div><\/div><div class=\"et_pb_gallery_item et_pb_grid_item et_pb_gallery_item_10_3\"><div class=\"et_pb_gallery_image landscape\" data-per_page=\"1\"><a href=\"https:\/\/jmc-caravanes.com\/wp-content\/uploads\/2026\/02\/SWIFT-CHALLENGER-560-3.webp\" title=\"SWIFT CHALLENGER 560 (3)\"><img loading=\"lazy\" decoding=\"async\" width=\"400\" height=\"284\" src=\"https:\/\/jmc-caravanes.com\/wp-content\/uploads\/2026\/02\/SWIFT-CHALLENGER-560-3-400x284.webp\" alt=\"\" class=\"wp-image-241\" srcset=\"https:\/\/jmc-caravanes.com\/wp-content\/uploads\/2026\/02\/SWIFT-CHALLENGER-560-3.webp 479w, https:\/\/jmc-caravanes.com\/wp-content\/uploads\/2026\/02\/SWIFT-CHALLENGER-560-3-400x284.webp 480w\" sizes=\"(max-width:479px) 479px, 100vw\" \/><span class=\"et_overlay\" data-icon=\"\" data-icon-tablet=\"\" data-icon-phone=\"\"><\/span><\/a><\/div><\/div><div class=\"et_pb_gallery_item et_pb_grid_item et_pb_gallery_item_10_4\"><div class=\"et_pb_gallery_image landscape\" data-per_page=\"1\"><a href=\"https:\/\/jmc-caravanes.com\/wp-content\/uploads\/2026\/02\/SWIFT-CHALLENGER-560-4.webp\" title=\"SWIFT CHALLENGER 560 (4)\"><img loading=\"lazy\" decoding=\"async\" width=\"400\" height=\"284\" src=\"https:\/\/jmc-caravanes.com\/wp-content\/uploads\/2026\/02\/SWIFT-CHALLENGER-560-4-400x284.webp\" alt=\"\" class=\"wp-image-242\" srcset=\"https:\/\/jmc-caravanes.com\/wp-content\/uploads\/2026\/02\/SWIFT-CHALLENGER-560-4.webp 479w, https:\/\/jmc-caravanes.com\/wp-content\/uploads\/2026\/02\/SWIFT-CHALLENGER-560-4-400x284.webp 480w\" sizes=\"(max-width:479px) 479px, 100vw\" \/><span class=\"et_overlay\" data-icon=\"\" data-icon-tablet=\"\" data-icon-phone=\"\"><\/span><\/a><\/div><\/div><div class=\"et_pb_gallery_item et_pb_grid_item et_pb_gallery_item_10_5\"><div class=\"et_pb_gallery_image landscape\" data-per_page=\"1\"><a href=\"https:\/\/jmc-caravanes.com\/wp-content\/uploads\/2026\/02\/SWIFT-CHALLENGER-560-5-scaled.webp\" title=\"SWIFT CHALLENGER 560 (5)\"><img loading=\"lazy\" decoding=\"async\" width=\"400\" height=\"284\" src=\"https:\/\/jmc-caravanes.com\/wp-content\/uploads\/2026\/02\/SWIFT-CHALLENGER-560-5-400x284.webp\" alt=\"\" class=\"wp-image-243\" srcset=\"https:\/\/jmc-caravanes.com\/wp-content\/uploads\/2026\/02\/SWIFT-CHALLENGER-560-5-scaled.webp 479w, https:\/\/jmc-caravanes.com\/wp-content\/uploads\/2026\/02\/SWIFT-CHALLENGER-560-5-400x284.webp 480w\" sizes=\"(max-width:479px) 479px, 100vw\" \/><span class=\"et_overlay\" data-icon=\"\" data-icon-tablet=\"\" data-icon-phone=\"\"><\/span><\/a><\/div><\/div><div class=\"et_pb_gallery_item et_pb_grid_item et_pb_gallery_item_10_6\"><div class=\"et_pb_gallery_image landscape\" data-per_page=\"1\"><a href=\"https:\/\/jmc-caravanes.com\/wp-content\/uploads\/2026\/02\/SWIFT-CHALLENGER-560-6.webp\" title=\"SWIFT CHALLENGER 560 (6)\"><img loading=\"lazy\" decoding=\"async\" width=\"400\" height=\"284\" src=\"https:\/\/jmc-caravanes.com\/wp-content\/uploads\/2026\/02\/SWIFT-CHALLENGER-560-6-400x284.webp\" alt=\"\" class=\"wp-image-244\" srcset=\"https:\/\/jmc-caravanes.com\/wp-content\/uploads\/2026\/02\/SWIFT-CHALLENGER-560-6.webp 479w, https:\/\/jmc-caravanes.com\/wp-content\/uploads\/2026\/02\/SWIFT-CHALLENGER-560-6-400x284.webp 480w\" sizes=\"(max-width:479px) 479px, 100vw\" \/><span class=\"et_overlay\" data-icon=\"\" data-icon-tablet=\"\" data-icon-phone=\"\"><\/span><\/a><\/div><\/div><div class=\"et_pb_gallery_item et_pb_grid_item et_pb_gallery_item_10_7\"><div class=\"et_pb_gallery_image landscape\" data-per_page=\"1\"><a href=\"https:\/\/jmc-caravanes.com\/wp-content\/uploads\/2026\/02\/SWIFT-CHALLENGER-560-7.webp\" title=\"SWIFT CHALLENGER 560 (7)\"><img loading=\"lazy\" decoding=\"async\" width=\"400\" height=\"284\" src=\"https:\/\/jmc-caravanes.com\/wp-content\/uploads\/2026\/02\/SWIFT-CHALLENGER-560-7-400x284.webp\" alt=\"\" class=\"wp-image-245\" srcset=\"https:\/\/jmc-caravanes.com\/wp-content\/uploads\/2026\/02\/SWIFT-CHALLENGER-560-7.webp 479w, https:\/\/jmc-caravanes.com\/wp-content\/uploads\/2026\/02\/SWIFT-CHALLENGER-560-7-400x284.webp 480w\" sizes=\"(max-width:479px) 479px, 100vw\" \/><span class=\"et_overlay\" data-icon=\"\" data-icon-tablet=\"\" data-icon-phone=\"\"><\/span><\/a><\/div><\/div><div class=\"et_pb_gallery_item et_pb_grid_item et_pb_gallery_item_10_8\"><div class=\"et_pb_gallery_image landscape\" data-per_page=\"1\"><a href=\"https:\/\/jmc-caravanes.com\/wp-content\/uploads\/2026\/02\/SWIFT-CHALLENGER-560-10.webp\" title=\"SWIFT CHALLENGER 560 (10)\"><img loading=\"lazy\" decoding=\"async\" width=\"400\" height=\"284\" src=\"https:\/\/jmc-caravanes.com\/wp-content\/uploads\/2026\/02\/SWIFT-CHALLENGER-560-10-400x284.webp\" alt=\"\" class=\"wp-image-246\" srcset=\"https:\/\/jmc-caravanes.com\/wp-content\/uploads\/2026\/02\/SWIFT-CHALLENGER-560-10.webp 479w, https:\/\/jmc-caravanes.com\/wp-content\/uploads\/2026\/02\/SWIFT-CHALLENGER-560-10-400x284.webp 480w\" sizes=\"(max-width:479px) 479px, 100vw\" \/><span class=\"et_overlay\" data-icon=\"\" data-icon-tablet=\"\" data-icon-phone=\"\"><\/span><\/a><\/div><\/div><div class=\"et_pb_gallery_item et_pb_grid_item et_pb_gallery_item_10_9\"><div class=\"et_pb_gallery_image landscape\" data-per_page=\"1\"><a href=\"https:\/\/jmc-caravanes.com\/wp-content\/uploads\/2026\/02\/SWIFT-CHALLENGER-560-11.webp\" title=\"SWIFT CHALLENGER 560 (11)\"><img loading=\"lazy\" decoding=\"async\" width=\"400\" height=\"284\" src=\"https:\/\/jmc-caravanes.com\/wp-content\/uploads\/2026\/02\/SWIFT-CHALLENGER-560-11-400x284.webp\" alt=\"\" class=\"wp-image-247\" srcset=\"https:\/\/jmc-caravanes.com\/wp-content\/uploads\/2026\/02\/SWIFT-CHALLENGER-560-11.webp 479w, https:\/\/jmc-caravanes.com\/wp-content\/uploads\/2026\/02\/SWIFT-CHALLENGER-560-11-400x284.webp 480w\" sizes=\"(max-width:479px) 479px, 100vw\" \/><span class=\"et_overlay\" data-icon=\"\" data-icon-tablet=\"\" data-icon-phone=\"\"><\/span><\/a><\/div><\/div><div class=\"et_pb_gallery_item et_pb_grid_item et_pb_gallery_item_10_10\"><div class=\"et_pb_gallery_image landscape\" data-per_page=\"1\"><a href=\"https:\/\/jmc-caravanes.com\/wp-content\/uploads\/2026\/02\/SWIFT-CHALLENGER-560-12.webp\" title=\"SWIFT CHALLENGER 560 (12)\"><img loading=\"lazy\" decoding=\"async\" width=\"400\" height=\"284\" src=\"https:\/\/jmc-caravanes.com\/wp-content\/uploads\/2026\/02\/SWIFT-CHALLENGER-560-12-400x284.webp\" alt=\"\" class=\"wp-image-248\" srcset=\"https:\/\/jmc-caravanes.com\/wp-content\/uploads\/2026\/02\/SWIFT-CHALLENGER-560-12.webp 479w, https:\/\/jmc-caravanes.com\/wp-content\/uploads\/2026\/02\/SWIFT-CHALLENGER-560-12-400x284.webp 480w\" sizes=\"(max-width:479px) 479px, 100vw\" \/><span class=\"et_overlay\" data-icon=\"\" data-icon-tablet=\"\" data-icon-phone=\"\"><\/span><\/a><\/div><\/div><div class=\"et_pb_gallery_item et_pb_grid_item et_pb_gallery_item_10_11\"><div class=\"et_pb_gallery_image landscape\" data-per_page=\"1\"><a href=\"https:\/\/jmc-caravanes.com\/wp-content\/uploads\/2026\/02\/SWIFT-CHALLENGER-560-13.webp\" title=\"SWIFT CHALLENGER 560 (13)\"><img loading=\"lazy\" decoding=\"async\" width=\"400\" height=\"284\" src=\"https:\/\/jmc-caravanes.com\/wp-content\/uploads\/2026\/02\/SWIFT-CHALLENGER-560-13-400x284.webp\" alt=\"\" class=\"wp-image-249\" srcset=\"https:\/\/jmc-caravanes.com\/wp-content\/uploads\/2026\/02\/SWIFT-CHALLENGER-560-13.webp 479w, https:\/\/jmc-caravanes.com\/wp-content\/uploads\/2026\/02\/SWIFT-CHALLENGER-560-13-400x284.webp 480w\" sizes=\"(max-width:479px) 479px, 100vw\" \/><span class=\"et_overlay\" data-icon=\"\" data-icon-tablet=\"\" data-icon-phone=\"\"><\/span><\/a><\/div><\/div><div class=\"et_pb_gallery_item et_pb_grid_item et_pb_gallery_item_10_12\"><div class=\"et_pb_gallery_image landscape\" data-per_page=\"1\"><a href=\"https:\/\/jmc-caravanes.com\/wp-content\/uploads\/2026\/02\/SWIFT-CHALLENGER-560-14.webp\" title=\"SWIFT CHALLENGER 560 (14)\"><img loading=\"lazy\" decoding=\"async\" width=\"400\" height=\"284\" src=\"https:\/\/jmc-caravanes.com\/wp-content\/uploads\/2026\/02\/SWIFT-CHALLENGER-560-14-400x284.webp\" alt=\"\" class=\"wp-image-250\" srcset=\"https:\/\/jmc-caravanes.com\/wp-content\/uploads\/2026\/02\/SWIFT-CHALLENGER-560-14.webp 479w, https:\/\/jmc-caravanes.com\/wp-content\/uploads\/2026\/02\/SWIFT-CHALLENGER-560-14-400x284.webp 480w\" sizes=\"(max-width:479px) 479px, 100vw\" \/><span class=\"et_overlay\" data-icon=\"\" data-icon-tablet=\"\" data-icon-phone=\"\"><\/span><\/a><\/div><\/div><div class=\"et_pb_gallery_item et_pb_grid_item et_pb_gallery_item_10_13\"><div class=\"et_pb_gallery_image landscape\" data-per_page=\"1\"><a href=\"https:\/\/jmc-caravanes.com\/wp-content\/uploads\/2026\/02\/SWIFT-CHALLENGER-560-15.webp\" title=\"SWIFT CHALLENGER 560 (15)\"><img loading=\"lazy\" decoding=\"async\" width=\"400\" height=\"284\" src=\"https:\/\/jmc-caravanes.com\/wp-content\/uploads\/2026\/02\/SWIFT-CHALLENGER-560-15-400x284.webp\" alt=\"\" class=\"wp-image-251\" srcset=\"https:\/\/jmc-caravanes.com\/wp-content\/uploads\/2026\/02\/SWIFT-CHALLENGER-560-15.webp 479w, https:\/\/jmc-caravanes.com\/wp-content\/uploads\/2026\/02\/SWIFT-CHALLENGER-560-15-400x284.webp 480w\" sizes=\"(max-width:479px) 479px, 100vw\" \/><span class=\"et_overlay\" data-icon=\"\" data-icon-tablet=\"\" data-icon-phone=\"\"><\/span><\/a><\/div><\/div><div class=\"et_pb_gallery_item et_pb_grid_item et_pb_gallery_item_10_14\"><div class=\"et_pb_gallery_image landscape\" data-per_page=\"1\"><a href=\"https:\/\/jmc-caravanes.com\/wp-content\/uploads\/2026\/02\/SWIFT-CHALLENGER-560-16.webp\" title=\"SWIFT CHALLENGER 560 (16)\"><img loading=\"lazy\" decoding=\"async\" width=\"400\" height=\"284\" src=\"https:\/\/jmc-caravanes.com\/wp-content\/uploads\/2026\/02\/SWIFT-CHALLENGER-560-16-400x284.webp\" alt=\"\" class=\"wp-image-252\" srcset=\"https:\/\/jmc-caravanes.com\/wp-content\/uploads\/2026\/02\/SWIFT-CHALLENGER-560-16.webp 479w, https:\/\/jmc-caravanes.com\/wp-content\/uploads\/2026\/02\/SWIFT-CHALLENGER-560-16-400x284.webp 480w\" sizes=\"(max-width:479px) 479px, 100vw\" \/><span class=\"et_overlay\" data-icon=\"\" data-icon-tablet=\"\" data-icon-phone=\"\"><\/span><\/a><\/div><\/div><div class=\"et_pb_gallery_item et_pb_grid_item et_pb_gallery_item_10_15\"><div class=\"et_pb_gallery_image landscape\" data-per_page=\"1\"><a href=\"https:\/\/jmc-caravanes.com\/wp-content\/uploads\/2026\/02\/INTERIEUR-4-PLACES_98.jpg\" title=\"SWIFT CHALLENGER 560\"><img loading=\"lazy\" decoding=\"async\" width=\"640\" height=\"215\" src=\"https:\/\/jmc-caravanes.com\/wp-content\/uploads\/2026\/02\/INTERIEUR-4-PLACES_98.jpg\" alt=\"SWIFT CHALLENGER 560\" class=\"wp-image-239\" srcset=\"https:\/\/jmc-caravanes.com\/wp-content\/uploads\/2026\/02\/INTERIEUR-4-PLACES_98.jpg 479w, https:\/\/jmc-caravanes.com\/wp-content\/uploads\/2026\/02\/INTERIEUR-4-PLACES_98.jpg 480w\" sizes=\"(max-width:479px) 479px, 100vw\" \/><span class=\"et_overlay\" data-icon=\"\" data-icon-tablet=\"\" data-icon-phone=\"\"><\/span><\/a><\/div><\/div><\/div><div class=\"et_pb_gallery_pagination\"><\/div><\/div>\n<\/div><\/div>\n\n<div class=\"et_pb_blurb_11 et_pb_blurb et_pb_bg_layout_light et_pb_blurb_position_top et_pb_module et_flex_module\"><div class=\"et_pb_blurb_content et_flex_module\"><div class=\"et_pb_main_blurb_image\"><span class=\"et_pb_image_wrap et_pb_only_image_mode_wrap\"><img loading=\"lazy\" decoding=\"async\" src=\"https:\/\/jmc-caravanes.com\/wp-content\/uploads\/2026\/02\/images-1.jpg\" alt=\"Plan Swift challenger 650\" width=\"378\" height=\"133\" srcset=\"https:\/\/jmc-caravanes.com\/wp-content\/uploads\/2026\/02\/images-1.jpg 378w, https:\/\/jmc-caravanes.com\/wp-content\/uploads\/2026\/02\/images-1-300x106.jpg 300w\" sizes=\"(max-width: 378px) 100vw, 378px\" class=\"et_animated wp-image-387\" title=\"Plan Swift challenger 650\" \/><\/span><\/div><div class=\"et_pb_blurb_container\"><h4 class=\"et_pb_module_header\">SWIFT Challenger SE<\/h4><div class=\"et_pb_blurb_description\"><p><span dir=\"auto\" style=\"vertical-align: inherit;\"><span dir=\"auto\" style=\"vertical-align: inherit;\"><span dir=\"auto\" style=\"vertical-align: inherit;\"><span dir=\"auto\" style=\"vertical-align: inherit;\"><span dir=\"auto\" style=\"vertical-align: inherit;\"><span dir=\"auto\" style=\"vertical-align: inherit;\"><span dir=\"auto\" style=\"vertical-align: inherit;\"><span dir=\"auto\" style=\"vertical-align: inherit;\"><span dir=\"auto\" style=\"vertical-align: inherit;\"><span dir=\"auto\" style=\"vertical-align: inherit;\"><span dir=\"auto\" style=\"vertical-align: inherit;\"><span dir=\"auto\" style=\"vertical-align: inherit;\"><span dir=\"auto\" style=\"vertical-align: inherit;\"><span dir=\"auto\" style=\"vertical-align: inherit;\">Ann\u00e9e 2013 (caravane sur commande)<\/span><\/span><\/span><\/span><\/span><\/span><\/span><\/span><\/span><\/span><\/span><\/span><\/span><\/span><\/p>\n<div class=\"vehicle-spec\">\n<div class=\"vehicle-spec__icon\"><img loading=\"lazy\" decoding=\"async\" src=\"https:\/\/s3-eu-west-1.amazonaws.com\/files.autopromotor\/datasheetimages\/Berth.svg\" width=\"28\" height=\"28\" \/><span>\u00a0<\/span>\u00a0<span dir=\"auto\"><span dir=\"auto\" style=\"vertical-align: inherit;\"><span dir=\"auto\" style=\"vertical-align: inherit;\"><span dir=\"auto\" style=\"vertical-align: inherit;\"><span dir=\"auto\" style=\"vertical-align: inherit;\"><span dir=\"auto\" style=\"vertical-align: inherit;\"><span dir=\"auto\" style=\"vertical-align: inherit;\"><span dir=\"auto\" style=\"vertical-align: inherit;\"><span dir=\"auto\" style=\"vertical-align: inherit;\"><span dir=\"auto\" style=\"vertical-align: inherit;\"><span dir=\"auto\" style=\"vertical-align: inherit;\"><span dir=\"auto\" style=\"vertical-align: inherit;\"><span dir=\"auto\" style=\"vertical-align: inherit;\"><span dir=\"auto\" style=\"vertical-align: inherit;\"><span dir=\"auto\" style=\"vertical-align: inherit;\">Couchette : <\/span><\/span><\/span><\/span><\/span><\/span><\/span><\/span><\/span><\/span><\/span><\/span><\/span><\/span><span>\u00a0<\/span><\/span><span dir=\"auto\"><span dir=\"auto\" style=\"vertical-align: inherit;\"><span dir=\"auto\" style=\"vertical-align: inherit;\"><span dir=\"auto\" style=\"vertical-align: inherit;\"><span dir=\"auto\" style=\"vertical-align: inherit;\"><span dir=\"auto\" style=\"vertical-align: inherit;\"><span dir=\"auto\" style=\"vertical-align: inherit;\"><span dir=\"auto\" style=\"vertical-align: inherit;\"><span dir=\"auto\" style=\"vertical-align: inherit;\"><span dir=\"auto\" style=\"vertical-align: inherit;\"><span dir=\"auto\" style=\"vertical-align: inherit;\"><span dir=\"auto\" style=\"vertical-align: inherit;\"><span dir=\"auto\" style=\"vertical-align: inherit;\"><span dir=\"auto\" style=\"vertical-align: inherit;\"><span dir=\"auto\" style=\"vertical-align: inherit;\">4<\/span><\/span><\/span><\/span><\/span><\/span><\/span><\/span><\/span><\/span><\/span><\/span><\/span><\/span><\/span><\/div>\n<\/div>\n<div class=\"vehicle-spec\">\n<div class=\"vehicle-spec__icon\"><img decoding=\"async\" src=\"https:\/\/s3-eu-west-1.amazonaws.com\/files.autopromotor\/datasheetimages\/MTPLM.svg\" \/><span>\u00a0<\/span>\u00a0<span dir=\"auto\"><span dir=\"auto\" style=\"vertical-align: inherit;\"><span dir=\"auto\" style=\"vertical-align: inherit;\"><span dir=\"auto\" style=\"vertical-align: inherit;\"><span dir=\"auto\" style=\"vertical-align: inherit;\"><span dir=\"auto\" style=\"vertical-align: inherit;\"><span dir=\"auto\" style=\"vertical-align: inherit;\"><span dir=\"auto\" style=\"vertical-align: inherit;\"><span dir=\"auto\" style=\"vertical-align: inherit;\"><span dir=\"auto\" style=\"vertical-align: inherit;\"><span dir=\"auto\" style=\"vertical-align: inherit;\"><span dir=\"auto\" style=\"vertical-align: inherit;\"><span dir=\"auto\" style=\"vertical-align: inherit;\"><span dir=\"auto\" style=\"vertical-align: inherit;\"><span dir=\"auto\" style=\"vertical-align: inherit;\">PTAC :\u00a0 <\/span><\/span><\/span><\/span><\/span><\/span><\/span><\/span><\/span><\/span><\/span><\/span><\/span><\/span><span>\u00a0<\/span><\/span><span dir=\"auto\"><span dir=\"auto\" style=\"vertical-align: inherit;\"><span dir=\"auto\" style=\"vertical-align: inherit;\"><span dir=\"auto\" style=\"vertical-align: inherit;\"><span dir=\"auto\" style=\"vertical-align: inherit;\"><span dir=\"auto\" style=\"vertical-align: inherit;\"><span dir=\"auto\" style=\"vertical-align: inherit;\"><span dir=\"auto\" style=\"vertical-align: inherit;\"><span dir=\"auto\" style=\"vertical-align: inherit;\"><span dir=\"auto\" style=\"vertical-align: inherit;\"><span dir=\"auto\" style=\"vertical-align: inherit;\"><span dir=\"auto\" style=\"vertical-align: inherit;\"><span dir=\"auto\" style=\"vertical-align: inherit;\"><span dir=\"auto\" style=\"vertical-align: inherit;\"><span dir=\"auto\" style=\"vertical-align: inherit;\">1513 kg<\/span><\/span><\/span><\/span><\/span><\/span><\/span><\/span><\/span><\/span><\/span><\/span><\/span><\/span><\/span><\/div>\n<div class=\"vehicle-spec__icon\"><span dir=\"auto\"><span dir=\"auto\" style=\"vertical-align: inherit;\"><span dir=\"auto\" style=\"vertical-align: inherit;\"><span dir=\"auto\" style=\"vertical-align: inherit;\"><span dir=\"auto\" style=\"vertical-align: inherit;\"><span dir=\"auto\" style=\"vertical-align: inherit;\"><span dir=\"auto\" style=\"vertical-align: inherit;\"><span dir=\"auto\" style=\"vertical-align: inherit;\"><span dir=\"auto\" style=\"vertical-align: inherit;\"><img decoding=\"async\" src=\"https:\/\/s3-eu-west-1.amazonaws.com\/files.autopromotor\/datasheetimages\/Weight.svg\" \/><span>\u00a0<\/span><span dir=\"auto\" style=\"vertical-align: inherit;\"><span dir=\"auto\" style=\"vertical-align: inherit;\"><span dir=\"auto\" style=\"vertical-align: inherit;\"><span dir=\"auto\" style=\"vertical-align: inherit;\"><span dir=\"auto\" style=\"vertical-align: inherit;\"><span dir=\"auto\" style=\"vertical-align: inherit;\">\u00a0Poids \u00e0 vide : <\/span><\/span><\/span><\/span><\/span><\/span><span dir=\"auto\" style=\"vertical-align: inherit;\"><span dir=\"auto\" style=\"vertical-align: inherit;\"><span dir=\"auto\" style=\"vertical-align: inherit;\"><span dir=\"auto\" style=\"vertical-align: inherit;\"><span dir=\"auto\" style=\"vertical-align: inherit;\"><span dir=\"auto\" style=\"vertical-align: inherit;\">1357 kg<\/span><\/span><\/span><\/span><\/span><\/span><span>\u00a0<\/span><span dir=\"auto\" style=\"vertical-align: inherit;\"><span dir=\"auto\" style=\"vertical-align: inherit;\"><span dir=\"auto\" style=\"vertical-align: inherit;\"><\/span><\/span><\/span><\/span><\/span><\/span><\/span><\/span><\/span><\/span><\/span><\/span><\/div>\n<\/div>\n<div class=\"vehicle-spec\">\n<div class=\"vehicle-spec__icon\"><img decoding=\"async\" src=\"https:\/\/s3-eu-west-1.amazonaws.com\/files.autopromotor\/datasheetimages\/CaravanLength.svg\" \/><span dir=\"auto\" style=\"vertical-align: inherit;\"><span dir=\"auto\" style=\"vertical-align: inherit;\"><span dir=\"auto\" style=\"vertical-align: inherit;\"><span dir=\"auto\" style=\"vertical-align: inherit;\"><span dir=\"auto\" style=\"vertical-align: inherit;\"><span dir=\"auto\" style=\"vertical-align: inherit;\"><span dir=\"auto\" style=\"vertical-align: inherit;\"><span dir=\"auto\" style=\"vertical-align: inherit;\"><span dir=\"auto\" style=\"vertical-align: inherit;\"><span dir=\"auto\" style=\"vertical-align: inherit;\"><span dir=\"auto\" style=\"vertical-align: inherit;\"><span dir=\"auto\" style=\"vertical-align: inherit;\"><span dir=\"auto\" style=\"vertical-align: inherit;\"><span dir=\"auto\" style=\"vertical-align: inherit;\">\u00a0 Longueur <\/span><\/span><\/span><\/span><\/span><\/span><\/span><\/span><\/span><\/span><\/span><\/span><\/span><\/span><span dir=\"auto\"><span dir=\"auto\" style=\"vertical-align: inherit;\"><span dir=\"auto\" style=\"vertical-align: inherit;\"><span dir=\"auto\" style=\"vertical-align: inherit;\"><span dir=\"auto\" style=\"vertical-align: inherit;\"><span dir=\"auto\" style=\"vertical-align: inherit;\"><span dir=\"auto\" style=\"vertical-align: inherit;\"><span dir=\"auto\" style=\"vertical-align: inherit;\"><span dir=\"auto\" style=\"vertical-align: inherit;\"><span dir=\"auto\" style=\"vertical-align: inherit;\"><span dir=\"auto\" style=\"vertical-align: inherit;\"><span dir=\"auto\" style=\"vertical-align: inherit;\"><span dir=\"auto\" style=\"vertical-align: inherit;\"><span dir=\"auto\" style=\"vertical-align: inherit;\"><span dir=\"auto\" style=\"vertical-align: inherit;\">: <\/span><\/span><\/span><\/span><\/span><\/span><\/span><\/span><\/span><\/span><\/span><\/span><\/span><\/span><span>\u00a0<\/span><\/span><span dir=\"auto\"><span dir=\"auto\" style=\"vertical-align: inherit;\"><span dir=\"auto\" style=\"vertical-align: inherit;\"><span dir=\"auto\" style=\"vertical-align: inherit;\"><span dir=\"auto\" style=\"vertical-align: inherit;\"><span dir=\"auto\" style=\"vertical-align: inherit;\"><span dir=\"auto\" style=\"vertical-align: inherit;\"><span dir=\"auto\" style=\"vertical-align: inherit;\"><span dir=\"auto\" style=\"vertical-align: inherit;\"><span dir=\"auto\" style=\"vertical-align: inherit;\"><span dir=\"auto\" style=\"vertical-align: inherit;\"><span dir=\"auto\" style=\"vertical-align: inherit;\"><span dir=\"auto\" style=\"vertical-align: inherit;\"><span dir=\"auto\" style=\"vertical-align: inherit;\"><span dir=\"auto\" style=\"vertical-align: inherit;\">7480 mm<\/span><\/span><\/span><\/span><\/span><\/span><\/span><\/span><\/span><\/span><\/span><\/span><\/span><\/span><\/span><\/div>\n<\/div>\n<div class=\"vehicle-spec\">\n<div class=\"vehicle-spec__icon\"><img decoding=\"async\" src=\"https:\/\/s3-eu-west-1.amazonaws.com\/files.autopromotor\/datasheetimages\/CaravanWidth.svg\" \/><span>\u00a0<\/span>\u00a0<span dir=\"auto\"><span dir=\"auto\" style=\"vertical-align: inherit;\"><span dir=\"auto\" style=\"vertical-align: inherit;\"><span dir=\"auto\" style=\"vertical-align: inherit;\"><span dir=\"auto\" style=\"vertical-align: inherit;\"><span dir=\"auto\" style=\"vertical-align: inherit;\"><span dir=\"auto\" style=\"vertical-align: inherit;\"><span dir=\"auto\" style=\"vertical-align: inherit;\"><span dir=\"auto\" style=\"vertical-align: inherit;\"><span dir=\"auto\" style=\"vertical-align: inherit;\"><span dir=\"auto\" style=\"vertical-align: inherit;\"><span dir=\"auto\" style=\"vertical-align: inherit;\"><span dir=\"auto\" style=\"vertical-align: inherit;\"><span dir=\"auto\" style=\"vertical-align: inherit;\"><span dir=\"auto\" style=\"vertical-align: inherit;\">Largeur : <\/span><\/span><\/span><\/span><\/span><\/span><\/span><\/span><\/span><\/span><\/span><\/span><\/span><\/span><span>\u00a0<\/span><\/span><span dir=\"auto\"><span dir=\"auto\" style=\"vertical-align: inherit;\"><span dir=\"auto\" style=\"vertical-align: inherit;\"><span dir=\"auto\" style=\"vertical-align: inherit;\"><span dir=\"auto\" style=\"vertical-align: inherit;\"><span dir=\"auto\" style=\"vertical-align: inherit;\"><span dir=\"auto\" style=\"vertical-align: inherit;\"><span dir=\"auto\" style=\"vertical-align: inherit;\"><span dir=\"auto\" style=\"vertical-align: inherit;\"><span dir=\"auto\" style=\"vertical-align: inherit;\"><span dir=\"auto\" style=\"vertical-align: inherit;\"><span dir=\"auto\" style=\"vertical-align: inherit;\"><span dir=\"auto\" style=\"vertical-align: inherit;\"><span dir=\"auto\" style=\"vertical-align: inherit;\"><span dir=\"auto\" style=\"vertical-align: inherit;\">2250 mm<\/span><\/span><\/span><\/span><\/span><\/span><\/span><\/span><\/span><\/span><\/span><\/span><\/span><\/span><\/span><\/div>\n<\/div>\n<div class=\"vehicle-spec\">\n<div class=\"vehicle-spec__icon\"><\/div>\n<\/div>\n<\/div><\/div>\n<div class=\"et_pb_image_11 et_pb_image et_flex_column_24_24 et_pb_module et_flex_module\"><span class=\"et_pb_image_wrap\"><img loading=\"lazy\" decoding=\"async\" src=\"https:\/\/jmc-caravanes.com\/wp-content\/uploads\/2026\/02\/JMCPlan-de-travail-5.png\" alt=\"Jmc Caravanes Swift\" title=\"Jmc Caravanes Swift\" width=\"161\" height=\"114\" srcset=\"https:\/\/jmc-caravanes.com\/wp-content\/uploads\/2026\/02\/JMCPlan-de-travail-5.png 161w\" sizes=\"(max-width: 161px) 100vw, 161px\" class=\"wp-image-288\" \/><\/span>\n<div class=\"et_pb_module et_pb_button_module_wrapper et_pb_button_11_wrapper\"><a class=\"et_pb_button_11 et_pb_button et_pb_bg_layout_light et_pb_module et_flex_module\" href=\"\">20200 \u20ac<\/a><\/div>\n<\/div>\n\n<div class=\"et_pb_gallery_11 et_pb_gallery et_pb_bg_layout_light et_pb_gallery_grid et_pb_module\" data-auto-rotate=\"off\" data-auto-rotate-speed=\"\"><div class=\"et_pb_gallery_items et_post_gallery clearfix et_grid_module\" data-per_page=\"1\"><div class=\"et_pb_gallery_item et_pb_grid_item et_pb_gallery_item_11_0\"><div class=\"et_pb_gallery_image landscape\" data-per_page=\"1\"><a href=\"https:\/\/jmc-caravanes.com\/wp-content\/uploads\/2026\/03\/SWIFT-CHALLENGER-SE-12.jpg\" title=\"SWIFT CHALLENGER SE JMC CARAVANE\"><img loading=\"lazy\" decoding=\"async\" width=\"400\" height=\"284\" src=\"https:\/\/jmc-caravanes.com\/wp-content\/uploads\/2026\/03\/SWIFT-CHALLENGER-SE-12-400x284.jpg\" alt=\"SWIFT CHALLENGER SE JMC CARAVANE\" class=\"wp-image-746\" srcset=\"https:\/\/jmc-caravanes.com\/wp-content\/uploads\/2026\/03\/SWIFT-CHALLENGER-SE-12.jpg 479w, https:\/\/jmc-caravanes.com\/wp-content\/uploads\/2026\/03\/SWIFT-CHALLENGER-SE-12-400x284.jpg 480w\" sizes=\"(max-width:479px) 479px, 100vw\" \/><span class=\"et_overlay\" data-icon=\"\" data-icon-tablet=\"\" data-icon-phone=\"\"><\/span><\/a><\/div><\/div><div class=\"et_pb_gallery_item et_pb_grid_item et_pb_gallery_item_11_1\"><div class=\"et_pb_gallery_image landscape\" data-per_page=\"1\"><a href=\"https:\/\/jmc-caravanes.com\/wp-content\/uploads\/2026\/03\/SWIFT-CHALLENGER-SE-11.jpeg\" title=\"SWIFT CHALLENGER SE (11)\"><img loading=\"lazy\" decoding=\"async\" width=\"400\" height=\"284\" src=\"https:\/\/jmc-caravanes.com\/wp-content\/uploads\/2026\/03\/SWIFT-CHALLENGER-SE-11-400x284.jpeg\" alt=\"SWIFT CHALLENGER SE JMC CARAVANE\" class=\"wp-image-745\" srcset=\"https:\/\/jmc-caravanes.com\/wp-content\/uploads\/2026\/03\/SWIFT-CHALLENGER-SE-11.jpeg 479w, https:\/\/jmc-caravanes.com\/wp-content\/uploads\/2026\/03\/SWIFT-CHALLENGER-SE-11-400x284.jpeg 480w\" sizes=\"(max-width:479px) 479px, 100vw\" \/><span class=\"et_overlay\" data-icon=\"\" data-icon-tablet=\"\" data-icon-phone=\"\"><\/span><\/a><\/div><\/div><div class=\"et_pb_gallery_item et_pb_grid_item et_pb_gallery_item_11_2\"><div class=\"et_pb_gallery_image landscape\" data-per_page=\"1\"><a href=\"https:\/\/jmc-caravanes.com\/wp-content\/uploads\/2026\/03\/SWIFT-CHALLENGER-SE-5.jpeg\" title=\"SWIFT CHALLENGER SE (5)\"><img loading=\"lazy\" decoding=\"async\" width=\"400\" height=\"284\" src=\"https:\/\/jmc-caravanes.com\/wp-content\/uploads\/2026\/03\/SWIFT-CHALLENGER-SE-5-400x284.jpeg\" alt=\"SWIFT CHALLENGER SE JMC CARAVANE\" class=\"wp-image-734\" srcset=\"https:\/\/jmc-caravanes.com\/wp-content\/uploads\/2026\/03\/SWIFT-CHALLENGER-SE-5.jpeg 479w, https:\/\/jmc-caravanes.com\/wp-content\/uploads\/2026\/03\/SWIFT-CHALLENGER-SE-5-400x284.jpeg 480w\" sizes=\"(max-width:479px) 479px, 100vw\" \/><span class=\"et_overlay\" data-icon=\"\" data-icon-tablet=\"\" data-icon-phone=\"\"><\/span><\/a><\/div><\/div><div class=\"et_pb_gallery_item et_pb_grid_item et_pb_gallery_item_11_3\"><div class=\"et_pb_gallery_image landscape\" data-per_page=\"1\"><a href=\"https:\/\/jmc-caravanes.com\/wp-content\/uploads\/2026\/03\/SWIFT-CHALLENGER-SE-6.jpeg\" title=\"SWIFT CHALLENGER SE (6)\"><img loading=\"lazy\" decoding=\"async\" width=\"400\" height=\"284\" src=\"https:\/\/jmc-caravanes.com\/wp-content\/uploads\/2026\/03\/SWIFT-CHALLENGER-SE-6-400x284.jpeg\" alt=\"SWIFT CHALLENGER SE JMC CARAVANE\" class=\"wp-image-735\" srcset=\"https:\/\/jmc-caravanes.com\/wp-content\/uploads\/2026\/03\/SWIFT-CHALLENGER-SE-6.jpeg 479w, https:\/\/jmc-caravanes.com\/wp-content\/uploads\/2026\/03\/SWIFT-CHALLENGER-SE-6-400x284.jpeg 480w\" sizes=\"(max-width:479px) 479px, 100vw\" \/><span class=\"et_overlay\" data-icon=\"\" data-icon-tablet=\"\" data-icon-phone=\"\"><\/span><\/a><\/div><\/div><div class=\"et_pb_gallery_item et_pb_grid_item et_pb_gallery_item_11_4\"><div class=\"et_pb_gallery_image landscape\" data-per_page=\"1\"><a href=\"https:\/\/jmc-caravanes.com\/wp-content\/uploads\/2026\/03\/SWIFT-CHALLENGER-SE-7.jpeg\" title=\"SWIFT CHALLENGER SE (7)\"><img loading=\"lazy\" decoding=\"async\" width=\"400\" height=\"284\" src=\"https:\/\/jmc-caravanes.com\/wp-content\/uploads\/2026\/03\/SWIFT-CHALLENGER-SE-7-400x284.jpeg\" alt=\"SWIFT CHALLENGER SE JMC CARAVANE\" class=\"wp-image-736\" srcset=\"https:\/\/jmc-caravanes.com\/wp-content\/uploads\/2026\/03\/SWIFT-CHALLENGER-SE-7.jpeg 479w, https:\/\/jmc-caravanes.com\/wp-content\/uploads\/2026\/03\/SWIFT-CHALLENGER-SE-7-400x284.jpeg 480w\" sizes=\"(max-width:479px) 479px, 100vw\" \/><span class=\"et_overlay\" data-icon=\"\" data-icon-tablet=\"\" data-icon-phone=\"\"><\/span><\/a><\/div><\/div><div class=\"et_pb_gallery_item et_pb_grid_item et_pb_gallery_item_11_5\"><div class=\"et_pb_gallery_image landscape\" data-per_page=\"1\"><a href=\"https:\/\/jmc-caravanes.com\/wp-content\/uploads\/2026\/03\/SWIFT-CHALLENGER-SE-8.jpeg\" title=\"SWIFT CHALLENGER SE (8)\"><img loading=\"lazy\" decoding=\"async\" width=\"400\" height=\"284\" src=\"https:\/\/jmc-caravanes.com\/wp-content\/uploads\/2026\/03\/SWIFT-CHALLENGER-SE-8-400x284.jpeg\" alt=\"SWIFT CHALLENGER SE JMC CARAVANE\" class=\"wp-image-737\" srcset=\"https:\/\/jmc-caravanes.com\/wp-content\/uploads\/2026\/03\/SWIFT-CHALLENGER-SE-8.jpeg 479w, https:\/\/jmc-caravanes.com\/wp-content\/uploads\/2026\/03\/SWIFT-CHALLENGER-SE-8-400x284.jpeg 480w\" sizes=\"(max-width:479px) 479px, 100vw\" \/><span class=\"et_overlay\" data-icon=\"\" data-icon-tablet=\"\" data-icon-phone=\"\"><\/span><\/a><\/div><\/div><div class=\"et_pb_gallery_item et_pb_grid_item et_pb_gallery_item_11_6\"><div class=\"et_pb_gallery_image landscape\" data-per_page=\"1\"><a href=\"https:\/\/jmc-caravanes.com\/wp-content\/uploads\/2026\/03\/SWIFT-CHALLENGER-SE-9.jpeg\" title=\"SWIFT CHALLENGER SE (9)\"><img loading=\"lazy\" decoding=\"async\" width=\"400\" height=\"284\" src=\"https:\/\/jmc-caravanes.com\/wp-content\/uploads\/2026\/03\/SWIFT-CHALLENGER-SE-9-400x284.jpeg\" alt=\"SWIFT CHALLENGER SE JMC CARAVANE\" class=\"wp-image-738\" srcset=\"https:\/\/jmc-caravanes.com\/wp-content\/uploads\/2026\/03\/SWIFT-CHALLENGER-SE-9.jpeg 479w, https:\/\/jmc-caravanes.com\/wp-content\/uploads\/2026\/03\/SWIFT-CHALLENGER-SE-9-400x284.jpeg 480w\" sizes=\"(max-width:479px) 479px, 100vw\" \/><span class=\"et_overlay\" data-icon=\"\" data-icon-tablet=\"\" data-icon-phone=\"\"><\/span><\/a><\/div><\/div><div class=\"et_pb_gallery_item et_pb_grid_item et_pb_gallery_item_11_7\"><div class=\"et_pb_gallery_image landscape\" data-per_page=\"1\"><a href=\"https:\/\/jmc-caravanes.com\/wp-content\/uploads\/2026\/03\/SWIFT-CHALLENGER-SE-10.jpeg\" title=\"SWIFT CHALLENGER SE (10)\"><img loading=\"lazy\" decoding=\"async\" width=\"400\" height=\"284\" src=\"https:\/\/jmc-caravanes.com\/wp-content\/uploads\/2026\/03\/SWIFT-CHALLENGER-SE-10-400x284.jpeg\" alt=\"SWIFT CHALLENGER SE JMC CARAVANE\" class=\"wp-image-739\" srcset=\"https:\/\/jmc-caravanes.com\/wp-content\/uploads\/2026\/03\/SWIFT-CHALLENGER-SE-10.jpeg 479w, https:\/\/jmc-caravanes.com\/wp-content\/uploads\/2026\/03\/SWIFT-CHALLENGER-SE-10-400x284.jpeg 480w\" sizes=\"(max-width:479px) 479px, 100vw\" \/><span class=\"et_overlay\" data-icon=\"\" data-icon-tablet=\"\" data-icon-phone=\"\"><\/span><\/a><\/div><\/div><div class=\"et_pb_gallery_item et_pb_grid_item et_pb_gallery_item_11_8\"><div class=\"et_pb_gallery_image landscape\" data-per_page=\"1\"><a href=\"https:\/\/jmc-caravanes.com\/wp-content\/uploads\/2026\/03\/SWIFT-CHALLENGER-SE-13.jpeg\" title=\"SWIFT CHALLENGER SE (13)\"><img loading=\"lazy\" decoding=\"async\" width=\"400\" height=\"284\" src=\"https:\/\/jmc-caravanes.com\/wp-content\/uploads\/2026\/03\/SWIFT-CHALLENGER-SE-13-400x284.jpeg\" alt=\"SWIFT CHALLENGER SE JMC CARAVANE\" class=\"wp-image-740\" srcset=\"https:\/\/jmc-caravanes.com\/wp-content\/uploads\/2026\/03\/SWIFT-CHALLENGER-SE-13.jpeg 479w, https:\/\/jmc-caravanes.com\/wp-content\/uploads\/2026\/03\/SWIFT-CHALLENGER-SE-13-400x284.jpeg 480w\" sizes=\"(max-width:479px) 479px, 100vw\" \/><span class=\"et_overlay\" data-icon=\"\" data-icon-tablet=\"\" data-icon-phone=\"\"><\/span><\/a><\/div><\/div><div class=\"et_pb_gallery_item et_pb_grid_item et_pb_gallery_item_11_9\"><div class=\"et_pb_gallery_image landscape\" data-per_page=\"1\"><a href=\"https:\/\/jmc-caravanes.com\/wp-content\/uploads\/2026\/03\/SWIFT-CHALLENGER-SE-14.jpeg\" title=\"SWIFT CHALLENGER SE (14)\"><img loading=\"lazy\" decoding=\"async\" width=\"400\" height=\"284\" src=\"https:\/\/jmc-caravanes.com\/wp-content\/uploads\/2026\/03\/SWIFT-CHALLENGER-SE-14-400x284.jpeg\" alt=\"SWIFT CHALLENGER SE JMC CARAVANE\" class=\"wp-image-741\" srcset=\"https:\/\/jmc-caravanes.com\/wp-content\/uploads\/2026\/03\/SWIFT-CHALLENGER-SE-14.jpeg 479w, https:\/\/jmc-caravanes.com\/wp-content\/uploads\/2026\/03\/SWIFT-CHALLENGER-SE-14-400x284.jpeg 480w\" sizes=\"(max-width:479px) 479px, 100vw\" \/><span class=\"et_overlay\" data-icon=\"\" data-icon-tablet=\"\" data-icon-phone=\"\"><\/span><\/a><\/div><\/div><div class=\"et_pb_gallery_item et_pb_grid_item et_pb_gallery_item_11_10\"><div class=\"et_pb_gallery_image landscape\" data-per_page=\"1\"><a href=\"https:\/\/jmc-caravanes.com\/wp-content\/uploads\/2026\/03\/SWIFT-CHALLENGER-SE-15.jpeg\" title=\"SWIFT CHALLENGER SE (15)\"><img loading=\"lazy\" decoding=\"async\" width=\"400\" height=\"284\" src=\"https:\/\/jmc-caravanes.com\/wp-content\/uploads\/2026\/03\/SWIFT-CHALLENGER-SE-15-400x284.jpeg\" alt=\"SWIFT CHALLENGER SE JMC CARAVANE\" class=\"wp-image-742\" srcset=\"https:\/\/jmc-caravanes.com\/wp-content\/uploads\/2026\/03\/SWIFT-CHALLENGER-SE-15.jpeg 479w, https:\/\/jmc-caravanes.com\/wp-content\/uploads\/2026\/03\/SWIFT-CHALLENGER-SE-15-400x284.jpeg 480w\" sizes=\"(max-width:479px) 479px, 100vw\" \/><span class=\"et_overlay\" data-icon=\"\" data-icon-tablet=\"\" data-icon-phone=\"\"><\/span><\/a><\/div><\/div><div class=\"et_pb_gallery_item et_pb_grid_item et_pb_gallery_item_11_11\"><div class=\"et_pb_gallery_image landscape\" data-per_page=\"1\"><a href=\"https:\/\/jmc-caravanes.com\/wp-content\/uploads\/2026\/03\/SWIFT-CHALLENGER-SE-16.jpeg\" title=\"SWIFT CHALLENGER SE (16)\"><img loading=\"lazy\" decoding=\"async\" width=\"400\" height=\"284\" src=\"https:\/\/jmc-caravanes.com\/wp-content\/uploads\/2026\/03\/SWIFT-CHALLENGER-SE-16-400x284.jpeg\" alt=\"SWIFT CHALLENGER SE JMC CARAVANE\" class=\"wp-image-743\" srcset=\"https:\/\/jmc-caravanes.com\/wp-content\/uploads\/2026\/03\/SWIFT-CHALLENGER-SE-16.jpeg 479w, https:\/\/jmc-caravanes.com\/wp-content\/uploads\/2026\/03\/SWIFT-CHALLENGER-SE-16-400x284.jpeg 480w\" sizes=\"(max-width:479px) 479px, 100vw\" \/><span class=\"et_overlay\" data-icon=\"\" data-icon-tablet=\"\" data-icon-phone=\"\"><\/span><\/a><\/div><\/div><div class=\"et_pb_gallery_item et_pb_grid_item et_pb_gallery_item_11_12\"><div class=\"et_pb_gallery_image landscape\" data-per_page=\"1\"><a href=\"https:\/\/jmc-caravanes.com\/wp-content\/uploads\/2026\/03\/SWIFT-CHALLENGER-SE-17.jpeg\" title=\"SWIFT CHALLENGER SE (17)\"><img loading=\"lazy\" decoding=\"async\" width=\"400\" height=\"284\" src=\"https:\/\/jmc-caravanes.com\/wp-content\/uploads\/2026\/03\/SWIFT-CHALLENGER-SE-17-400x284.jpeg\" alt=\"SWIFT CHALLENGER SE JMC CARAVANE\" class=\"wp-image-744\" srcset=\"https:\/\/jmc-caravanes.com\/wp-content\/uploads\/2026\/03\/SWIFT-CHALLENGER-SE-17.jpeg 479w, https:\/\/jmc-caravanes.com\/wp-content\/uploads\/2026\/03\/SWIFT-CHALLENGER-SE-17-400x284.jpeg 480w\" sizes=\"(max-width:479px) 479px, 100vw\" \/><span class=\"et_overlay\" data-icon=\"\" data-icon-tablet=\"\" data-icon-phone=\"\"><\/span><\/a><\/div><\/div><\/div><div class=\"et_pb_gallery_pagination\"><\/div><\/div>\n<\/div><\/div>\n\n<div class=\"et_pb_blurb_12 et_pb_blurb et_pb_bg_layout_light et_pb_blurb_position_top et_pb_module et_flex_module\"><div class=\"et_pb_blurb_content et_flex_module\"><div class=\"et_pb_main_blurb_image\"><span class=\"et_pb_image_wrap et_pb_only_image_mode_wrap\"><img loading=\"lazy\" decoding=\"async\" src=\"https:\/\/jmc-caravanes.com\/wp-content\/uploads\/2026\/04\/Sprite-Cruzer_492_SR-.avif\" alt=\"Plan Sprite Cruzer 492 SR JMC Caravane\" width=\"1026\" height=\"429\" srcset=\"https:\/\/jmc-caravanes.com\/wp-content\/uploads\/2026\/04\/Sprite-Cruzer_492_SR-.avif 1026w, https:\/\/jmc-caravanes.com\/wp-content\/uploads\/2026\/04\/Sprite-Cruzer_492_SR--300x125.avif 300w, https:\/\/jmc-caravanes.com\/wp-content\/uploads\/2026\/04\/Sprite-Cruzer_492_SR--1024x428.avif 1024w, https:\/\/jmc-caravanes.com\/wp-content\/uploads\/2026\/04\/Sprite-Cruzer_492_SR--768x321.avif 768w, https:\/\/jmc-caravanes.com\/wp-content\/uploads\/2026\/04\/Sprite-Cruzer_492_SR--980x410.avif 980w, https:\/\/jmc-caravanes.com\/wp-content\/uploads\/2026\/04\/Sprite-Cruzer_492_SR--480x201.avif 480w\" sizes=\"(max-width: 1026px) 100vw, 1026px\" class=\"et_animated wp-image-960\" title=\"Plan Sprite Cruzer 492 SR JMC Caravane\" \/><\/span><\/div><div class=\"et_pb_blurb_container\"><h4 class=\"et_pb_module_header\">SPRITE CRUZER 492 SR\u00a0(en D\u00e9pot Vente )<\/h4><div class=\"et_pb_blurb_description\"><p style=\"text-align: center;\"><span dir=\"auto\" style=\"vertical-align: inherit;\"><span dir=\"auto\" style=\"vertical-align: inherit;\"><span dir=\"auto\" style=\"vertical-align: inherit;\"><span dir=\"auto\" style=\"vertical-align: inherit;\"><span dir=\"auto\" style=\"vertical-align: inherit;\"><span dir=\"auto\" style=\"vertical-align: inherit;\"><span dir=\"auto\" style=\"vertical-align: inherit;\"><span dir=\"auto\" style=\"vertical-align: inherit;\"><span dir=\"auto\" style=\"vertical-align: inherit;\"><span dir=\"auto\" style=\"vertical-align: inherit;\"><span dir=\"auto\" style=\"vertical-align: inherit;\"><span dir=\"auto\" style=\"vertical-align: inherit;\"><span dir=\"auto\" style=\"vertical-align: inherit;\"><span dir=\"auto\" style=\"vertical-align: inherit;\"><span dir=\"auto\" style=\"vertical-align: inherit;\"><span dir=\"auto\" style=\"vertical-align: inherit;\"><span dir=\"auto\" style=\"vertical-align: inherit;\"><span dir=\"auto\" style=\"vertical-align: inherit;\"><span dir=\"auto\" style=\"vertical-align: inherit;\"><span dir=\"auto\" style=\"vertical-align: inherit;\"><span dir=\"auto\" style=\"vertical-align: inherit;\"><span dir=\"auto\" style=\"vertical-align: inherit;\"><span dir=\"auto\" style=\"vertical-align: inherit;\"><span dir=\"auto\" style=\"vertical-align: inherit;\"><span dir=\"auto\" style=\"vertical-align: inherit;\">Ann\u00e9e 2021\u00a0<\/span><\/span><\/span><\/span><\/span><\/span><\/span><\/span><\/span><\/span><\/span><\/span><\/span><\/span><\/span><\/span><\/span><\/span><\/span><\/span><\/span><\/span><\/span><\/span><\/span><\/p>\n<div class=\"vehicle-spec\">\n<div class=\"vehicle-spec__icon\"><img loading=\"lazy\" decoding=\"async\" src=\"https:\/\/s3-eu-west-1.amazonaws.com\/files.autopromotor\/datasheetimages\/Berth.svg\" width=\"28\" height=\"28\" \/><span>\u00a0<\/span>\u00a0<span dir=\"auto\"><span dir=\"auto\" style=\"vertical-align: inherit;\"><span dir=\"auto\" style=\"vertical-align: inherit;\"><span dir=\"auto\" style=\"vertical-align: inherit;\"><span dir=\"auto\" style=\"vertical-align: inherit;\"><span dir=\"auto\" style=\"vertical-align: inherit;\"><span dir=\"auto\" style=\"vertical-align: inherit;\"><span dir=\"auto\" style=\"vertical-align: inherit;\"><span dir=\"auto\" style=\"vertical-align: inherit;\"><span dir=\"auto\" style=\"vertical-align: inherit;\"><span dir=\"auto\" style=\"vertical-align: inherit;\"><span dir=\"auto\" style=\"vertical-align: inherit;\"><span dir=\"auto\" style=\"vertical-align: inherit;\"><span dir=\"auto\" style=\"vertical-align: inherit;\"><span dir=\"auto\" style=\"vertical-align: inherit;\"><span dir=\"auto\" style=\"vertical-align: inherit;\"><span dir=\"auto\" style=\"vertical-align: inherit;\"><span dir=\"auto\" style=\"vertical-align: inherit;\"><span dir=\"auto\" style=\"vertical-align: inherit;\"><span dir=\"auto\" style=\"vertical-align: inherit;\"><span dir=\"auto\" style=\"vertical-align: inherit;\"><span dir=\"auto\" style=\"vertical-align: inherit;\"><span dir=\"auto\" style=\"vertical-align: inherit;\"><span dir=\"auto\" style=\"vertical-align: inherit;\"><span dir=\"auto\" style=\"vertical-align: inherit;\"><span dir=\"auto\" style=\"vertical-align: inherit;\">Couchette : <\/span><\/span><\/span><\/span><\/span><\/span><\/span><\/span><\/span><\/span><\/span><\/span><\/span><\/span><\/span><\/span><\/span><\/span><\/span><\/span><\/span><\/span><\/span><\/span><\/span><span>\u00a0<\/span><\/span><span dir=\"auto\"><span dir=\"auto\" style=\"vertical-align: inherit;\"><span dir=\"auto\" style=\"vertical-align: inherit;\"><span dir=\"auto\" style=\"vertical-align: inherit;\"><span dir=\"auto\" style=\"vertical-align: inherit;\"><span dir=\"auto\" style=\"vertical-align: inherit;\"><span dir=\"auto\" style=\"vertical-align: inherit;\"><span dir=\"auto\" style=\"vertical-align: inherit;\"><span dir=\"auto\" style=\"vertical-align: inherit;\"><span dir=\"auto\" style=\"vertical-align: inherit;\"><span dir=\"auto\" style=\"vertical-align: inherit;\"><span dir=\"auto\" style=\"vertical-align: inherit;\"><span dir=\"auto\" style=\"vertical-align: inherit;\"><span dir=\"auto\" style=\"vertical-align: inherit;\"><span dir=\"auto\" style=\"vertical-align: inherit;\"><span dir=\"auto\" style=\"vertical-align: inherit;\"><span dir=\"auto\" style=\"vertical-align: inherit;\"><span dir=\"auto\" style=\"vertical-align: inherit;\"><span dir=\"auto\" style=\"vertical-align: inherit;\"><span dir=\"auto\" style=\"vertical-align: inherit;\"><span dir=\"auto\" style=\"vertical-align: inherit;\"><span dir=\"auto\" style=\"vertical-align: inherit;\"><span dir=\"auto\" style=\"vertical-align: inherit;\"><span dir=\"auto\" style=\"vertical-align: inherit;\"><span dir=\"auto\" style=\"vertical-align: inherit;\"><span dir=\"auto\" style=\"vertical-align: inherit;\">4<\/span><\/span><\/span><\/span><\/span><\/span><\/span><\/span><\/span><\/span><\/span><\/span><\/span><\/span><\/span><\/span><\/span><\/span><\/span><\/span><\/span><\/span><\/span><\/span><\/span><\/span><\/div>\n<\/div>\n<div class=\"vehicle-spec\">\n<div class=\"vehicle-spec__icon\"><img decoding=\"async\" src=\"https:\/\/s3-eu-west-1.amazonaws.com\/files.autopromotor\/datasheetimages\/MTPLM.svg\" \/><span>\u00a0<\/span>\u00a0<span dir=\"auto\"><span dir=\"auto\" style=\"vertical-align: inherit;\"><span dir=\"auto\" style=\"vertical-align: inherit;\"><span dir=\"auto\" style=\"vertical-align: inherit;\"><span dir=\"auto\" style=\"vertical-align: inherit;\"><span dir=\"auto\" style=\"vertical-align: inherit;\"><span dir=\"auto\" style=\"vertical-align: inherit;\"><span dir=\"auto\" style=\"vertical-align: inherit;\"><span dir=\"auto\" style=\"vertical-align: inherit;\"><span dir=\"auto\" style=\"vertical-align: inherit;\"><span dir=\"auto\" style=\"vertical-align: inherit;\"><span dir=\"auto\" style=\"vertical-align: inherit;\"><span dir=\"auto\" style=\"vertical-align: inherit;\"><span dir=\"auto\" style=\"vertical-align: inherit;\"><span dir=\"auto\" style=\"vertical-align: inherit;\"><span dir=\"auto\" style=\"vertical-align: inherit;\"><span dir=\"auto\" style=\"vertical-align: inherit;\"><span dir=\"auto\" style=\"vertical-align: inherit;\"><span dir=\"auto\" style=\"vertical-align: inherit;\"><span dir=\"auto\" style=\"vertical-align: inherit;\"><span dir=\"auto\" style=\"vertical-align: inherit;\"><span dir=\"auto\" style=\"vertical-align: inherit;\"><span dir=\"auto\" style=\"vertical-align: inherit;\"><span dir=\"auto\" style=\"vertical-align: inherit;\"><span dir=\"auto\" style=\"vertical-align: inherit;\"><span dir=\"auto\" style=\"vertical-align: inherit;\">PTAC :\u00a0 <\/span><\/span><\/span><\/span><\/span><\/span><\/span><\/span><\/span><\/span><\/span><\/span><\/span><\/span><\/span><\/span><\/span><\/span><\/span><\/span><\/span><\/span><\/span><\/span><\/span><span>\u00a0<\/span><\/span><span dir=\"auto\"><span dir=\"auto\" style=\"vertical-align: inherit;\"><span dir=\"auto\" style=\"vertical-align: inherit;\"><span dir=\"auto\" style=\"vertical-align: inherit;\"><span dir=\"auto\" style=\"vertical-align: inherit;\"><span dir=\"auto\" style=\"vertical-align: inherit;\"><span dir=\"auto\" style=\"vertical-align: inherit;\"><span dir=\"auto\" style=\"vertical-align: inherit;\"><span dir=\"auto\" style=\"vertical-align: inherit;\"><span dir=\"auto\" style=\"vertical-align: inherit;\"><span dir=\"auto\" style=\"vertical-align: inherit;\"><span dir=\"auto\" style=\"vertical-align: inherit;\"><span dir=\"auto\" style=\"vertical-align: inherit;\"><span dir=\"auto\" style=\"vertical-align: inherit;\"><span dir=\"auto\" style=\"vertical-align: inherit;\"><span dir=\"auto\" style=\"vertical-align: inherit;\"><span dir=\"auto\" style=\"vertical-align: inherit;\"><span dir=\"auto\" style=\"vertical-align: inherit;\"><span dir=\"auto\" style=\"vertical-align: inherit;\"><span dir=\"auto\" style=\"vertical-align: inherit;\"><span dir=\"auto\" style=\"vertical-align: inherit;\"><span dir=\"auto\" style=\"vertical-align: inherit;\"><span dir=\"auto\" style=\"vertical-align: inherit;\"><span dir=\"auto\" style=\"vertical-align: inherit;\"><span dir=\"auto\" style=\"vertical-align: inherit;\"><span dir=\"auto\" style=\"vertical-align: inherit;\">1750 kg<\/span><\/span><\/span><\/span><\/span><\/span><\/span><\/span><\/span><\/span><\/span><\/span><\/span><\/span><\/span><\/span><\/span><\/span><\/span><\/span><\/span><\/span><\/span><\/span><\/span><\/span><\/div>\n<div class=\"vehicle-spec__icon\"><span dir=\"auto\"><span dir=\"auto\" style=\"vertical-align: inherit;\"><img decoding=\"async\" src=\"https:\/\/s3-eu-west-1.amazonaws.com\/files.autopromotor\/datasheetimages\/Weight.svg\" \/><span>\u00a0<\/span><span dir=\"auto\" style=\"vertical-align: inherit;\"><span dir=\"auto\" style=\"vertical-align: inherit;\"><span dir=\"auto\" style=\"vertical-align: inherit;\"><span dir=\"auto\" style=\"vertical-align: inherit;\"><span dir=\"auto\" style=\"vertical-align: inherit;\"><span dir=\"auto\" style=\"vertical-align: inherit;\"><span dir=\"auto\" style=\"vertical-align: inherit;\"><span dir=\"auto\" style=\"vertical-align: inherit;\"><span dir=\"auto\" style=\"vertical-align: inherit;\"><span dir=\"auto\" style=\"vertical-align: inherit;\"><span dir=\"auto\" style=\"vertical-align: inherit;\"><span dir=\"auto\" style=\"vertical-align: inherit;\"><span dir=\"auto\" style=\"vertical-align: inherit;\"><span dir=\"auto\" style=\"vertical-align: inherit;\"><span dir=\"auto\" style=\"vertical-align: inherit;\"><span dir=\"auto\" style=\"vertical-align: inherit;\"><span dir=\"auto\" style=\"vertical-align: inherit;\"><span dir=\"auto\" style=\"vertical-align: inherit;\"><span dir=\"auto\" style=\"vertical-align: inherit;\"><span dir=\"auto\" style=\"vertical-align: inherit;\"><span dir=\"auto\" style=\"vertical-align: inherit;\"><span dir=\"auto\" style=\"vertical-align: inherit;\"><span dir=\"auto\" style=\"vertical-align: inherit;\"><span dir=\"auto\" style=\"vertical-align: inherit;\">Poids \u00e0 vide : 1335 kg<\/span><\/span><\/span><\/span><\/span><\/span><\/span><\/span><\/span><\/span><\/span><\/span><\/span><\/span><\/span><\/span><\/span><\/span><\/span><\/span><\/span><\/span><\/span><\/span><span>\u00a0<\/span><\/span><\/span><\/div>\n<\/div>\n<div class=\"vehicle-spec\">\n<div class=\"vehicle-spec__icon\"><img decoding=\"async\" src=\"https:\/\/s3-eu-west-1.amazonaws.com\/files.autopromotor\/datasheetimages\/CaravanLength.svg\" \/><span dir=\"auto\" style=\"vertical-align: inherit;\"><span dir=\"auto\" style=\"vertical-align: inherit;\"><span dir=\"auto\" style=\"vertical-align: inherit;\"><span dir=\"auto\" style=\"vertical-align: inherit;\"><span dir=\"auto\" style=\"vertical-align: inherit;\"><span dir=\"auto\" style=\"vertical-align: inherit;\"><span dir=\"auto\" style=\"vertical-align: inherit;\"><span dir=\"auto\" style=\"vertical-align: inherit;\"><span dir=\"auto\" style=\"vertical-align: inherit;\"><span dir=\"auto\" style=\"vertical-align: inherit;\"><span dir=\"auto\" style=\"vertical-align: inherit;\"><span dir=\"auto\" style=\"vertical-align: inherit;\"><span dir=\"auto\" style=\"vertical-align: inherit;\"><span dir=\"auto\" style=\"vertical-align: inherit;\"><span dir=\"auto\" style=\"vertical-align: inherit;\"><span dir=\"auto\" style=\"vertical-align: inherit;\"><span dir=\"auto\" style=\"vertical-align: inherit;\"><span dir=\"auto\" style=\"vertical-align: inherit;\"><span dir=\"auto\" style=\"vertical-align: inherit;\"><span dir=\"auto\" style=\"vertical-align: inherit;\"><span dir=\"auto\" style=\"vertical-align: inherit;\"><span dir=\"auto\" style=\"vertical-align: inherit;\"><span dir=\"auto\" style=\"vertical-align: inherit;\"><span dir=\"auto\" style=\"vertical-align: inherit;\"><span dir=\"auto\" style=\"vertical-align: inherit;\">\u00a0 Longueur <\/span><\/span><\/span><\/span><\/span><\/span><\/span><\/span><\/span><\/span><\/span><\/span><\/span><\/span><\/span><\/span><\/span><\/span><\/span><\/span><\/span><\/span><\/span><\/span><\/span><span dir=\"auto\"><span dir=\"auto\" style=\"vertical-align: inherit;\"><span dir=\"auto\" style=\"vertical-align: inherit;\"><span dir=\"auto\" style=\"vertical-align: inherit;\"><span dir=\"auto\" style=\"vertical-align: inherit;\"><span dir=\"auto\" style=\"vertical-align: inherit;\"><span dir=\"auto\" style=\"vertical-align: inherit;\"><span dir=\"auto\" style=\"vertical-align: inherit;\"><span dir=\"auto\" style=\"vertical-align: inherit;\"><span dir=\"auto\" style=\"vertical-align: inherit;\"><span dir=\"auto\" style=\"vertical-align: inherit;\"><span dir=\"auto\" style=\"vertical-align: inherit;\"><span dir=\"auto\" style=\"vertical-align: inherit;\"><span dir=\"auto\" style=\"vertical-align: inherit;\"><span dir=\"auto\" style=\"vertical-align: inherit;\"><span dir=\"auto\" style=\"vertical-align: inherit;\"><span dir=\"auto\" style=\"vertical-align: inherit;\"><span dir=\"auto\" style=\"vertical-align: inherit;\"><span dir=\"auto\" style=\"vertical-align: inherit;\"><span dir=\"auto\" style=\"vertical-align: inherit;\"><span dir=\"auto\" style=\"vertical-align: inherit;\"><span dir=\"auto\" style=\"vertical-align: inherit;\"><span dir=\"auto\" style=\"vertical-align: inherit;\"><span dir=\"auto\" style=\"vertical-align: inherit;\"><span dir=\"auto\" style=\"vertical-align: inherit;\"><span dir=\"auto\" style=\"vertical-align: inherit;\">: <\/span><\/span><\/span><\/span><\/span><\/span><\/span><\/span><\/span><\/span><\/span><\/span><\/span><\/span><\/span><\/span><\/span><\/span><\/span><\/span><\/span><\/span><\/span><\/span><\/span><span>\u00a0<\/span><\/span><span dir=\"auto\"><span dir=\"auto\" style=\"vertical-align: inherit;\"><span dir=\"auto\" style=\"vertical-align: inherit;\"><span dir=\"auto\" style=\"vertical-align: inherit;\"><span dir=\"auto\" style=\"vertical-align: inherit;\"><span dir=\"auto\" style=\"vertical-align: inherit;\"><span dir=\"auto\" style=\"vertical-align: inherit;\"><span dir=\"auto\" style=\"vertical-align: inherit;\"><span dir=\"auto\" style=\"vertical-align: inherit;\"><span dir=\"auto\" style=\"vertical-align: inherit;\"><span dir=\"auto\" style=\"vertical-align: inherit;\"><span dir=\"auto\" style=\"vertical-align: inherit;\"><span dir=\"auto\" style=\"vertical-align: inherit;\"><span dir=\"auto\" style=\"vertical-align: inherit;\"><span dir=\"auto\" style=\"vertical-align: inherit;\"><span dir=\"auto\" style=\"vertical-align: inherit;\"><span dir=\"auto\" style=\"vertical-align: inherit;\"><span dir=\"auto\" style=\"vertical-align: inherit;\"><span dir=\"auto\" style=\"vertical-align: inherit;\"><span dir=\"auto\" style=\"vertical-align: inherit;\"><span dir=\"auto\" style=\"vertical-align: inherit;\"><span dir=\"auto\" style=\"vertical-align: inherit;\"><span dir=\"auto\" style=\"vertical-align: inherit;\"><span dir=\"auto\" style=\"vertical-align: inherit;\"><span dir=\"auto\" style=\"vertical-align: inherit;\"><span dir=\"auto\" style=\"vertical-align: inherit;\">7310 mm<\/span><\/span><\/span><\/span><\/span><\/span><\/span><\/span><\/span><\/span><\/span><\/span><\/span><\/span><\/span><\/span><\/span><\/span><\/span><\/span><\/span><\/span><\/span><\/span><\/span><\/span><\/div>\n<\/div>\n<div class=\"vehicle-spec\">\n<div class=\"vehicle-spec__icon\"><img decoding=\"async\" src=\"https:\/\/s3-eu-west-1.amazonaws.com\/files.autopromotor\/datasheetimages\/CaravanWidth.svg\" \/><span>\u00a0<\/span>\u00a0<span dir=\"auto\"><span dir=\"auto\" style=\"vertical-align: inherit;\"><span dir=\"auto\" style=\"vertical-align: inherit;\"><span dir=\"auto\" style=\"vertical-align: inherit;\"><span dir=\"auto\" style=\"vertical-align: inherit;\"><span dir=\"auto\" style=\"vertical-align: inherit;\"><span dir=\"auto\" style=\"vertical-align: inherit;\"><span dir=\"auto\" style=\"vertical-align: inherit;\"><span dir=\"auto\" style=\"vertical-align: inherit;\"><span dir=\"auto\" style=\"vertical-align: inherit;\"><span dir=\"auto\" style=\"vertical-align: inherit;\"><span dir=\"auto\" style=\"vertical-align: inherit;\"><span dir=\"auto\" style=\"vertical-align: inherit;\"><span dir=\"auto\" style=\"vertical-align: inherit;\"><span dir=\"auto\" style=\"vertical-align: inherit;\"><span dir=\"auto\" style=\"vertical-align: inherit;\"><span dir=\"auto\" style=\"vertical-align: inherit;\"><span dir=\"auto\" style=\"vertical-align: inherit;\"><span dir=\"auto\" style=\"vertical-align: inherit;\"><span dir=\"auto\" style=\"vertical-align: inherit;\"><span dir=\"auto\" style=\"vertical-align: inherit;\"><span dir=\"auto\" style=\"vertical-align: inherit;\"><span dir=\"auto\" style=\"vertical-align: inherit;\"><span dir=\"auto\" style=\"vertical-align: inherit;\"><span dir=\"auto\" style=\"vertical-align: inherit;\"><span dir=\"auto\" style=\"vertical-align: inherit;\">Largeur : <\/span><\/span><\/span><\/span><\/span><\/span><\/span><\/span><\/span><\/span><\/span><\/span><\/span><\/span><\/span><\/span><\/span><\/span><\/span><\/span><\/span><\/span><\/span><\/span><\/span><span>\u00a0<\/span><\/span><span dir=\"auto\"><span dir=\"auto\" style=\"vertical-align: inherit;\"><span dir=\"auto\" style=\"vertical-align: inherit;\"><span dir=\"auto\" style=\"vertical-align: inherit;\"><span dir=\"auto\" style=\"vertical-align: inherit;\"><span dir=\"auto\" style=\"vertical-align: inherit;\"><span dir=\"auto\" style=\"vertical-align: inherit;\"><span dir=\"auto\" style=\"vertical-align: inherit;\"><span dir=\"auto\" style=\"vertical-align: inherit;\"><span dir=\"auto\" style=\"vertical-align: inherit;\"><span dir=\"auto\" style=\"vertical-align: inherit;\"><span dir=\"auto\" style=\"vertical-align: inherit;\"><span dir=\"auto\" style=\"vertical-align: inherit;\"><span dir=\"auto\" style=\"vertical-align: inherit;\"><span dir=\"auto\" style=\"vertical-align: inherit;\"><span dir=\"auto\" style=\"vertical-align: inherit;\"><span dir=\"auto\" style=\"vertical-align: inherit;\"><span dir=\"auto\" style=\"vertical-align: inherit;\"><span dir=\"auto\" style=\"vertical-align: inherit;\"><span dir=\"auto\" style=\"vertical-align: inherit;\"><span dir=\"auto\" style=\"vertical-align: inherit;\"><span dir=\"auto\" style=\"vertical-align: inherit;\"><span dir=\"auto\" style=\"vertical-align: inherit;\"><span dir=\"auto\" style=\"vertical-align: inherit;\"><span dir=\"auto\" style=\"vertical-align: inherit;\"><span dir=\"auto\" style=\"vertical-align: inherit;\">2250 mm<\/span><\/span><\/span><\/span><\/span><\/span><\/span><\/span><\/span><\/span><\/span><\/span><\/span><\/span><\/span><\/span><\/span><\/span><\/span><\/span><\/span><\/span><\/span><\/span><\/span><\/span><\/div>\n<div class=\"vehicle-spec__icon\">\n<p><span dir=\"auto\" style=\"vertical-align: inherit;\"><span dir=\"auto\" style=\"vertical-align: inherit;\"><span dir=\"auto\" style=\"vertical-align: inherit;\"><span dir=\"auto\" style=\"vertical-align: inherit;\">options : Le d\u00e9placement caravane automatique TRUMA, solette, ATC, branchement eau courante, batterie.<\/span><\/span><\/span><\/span><\/p>\n<\/div>\n<\/div>\n<\/div><\/div>\n<div class=\"et_pb_image_12 et_pb_image et_flex_column_24_24 et_pb_module et_flex_module\"><span class=\"et_pb_image_wrap\"><img loading=\"lazy\" decoding=\"async\" src=\"https:\/\/jmc-caravanes.com\/wp-content\/uploads\/2026\/04\/Logo-sprite-swife-.jpg\" alt=\"Logo sprite swife\" title=\"Logo sprite swife\" width=\"285\" height=\"274\" srcset=\"https:\/\/jmc-caravanes.com\/wp-content\/uploads\/2026\/04\/Logo-sprite-swife-.jpg 285w\" sizes=\"(max-width: 285px) 100vw, 285px\" class=\"wp-image-961\" \/><\/span>\n<div class=\"et_pb_module et_pb_button_module_wrapper et_pb_button_12_wrapper\"><a class=\"et_pb_button_12 et_pb_button et_pb_bg_layout_light et_pb_module et_flex_module\" href=\"\">29850 \u20ac<\/a><\/div>\n<\/div>\n\n<div class=\"et_pb_gallery_12 et_pb_gallery et_pb_bg_layout_light et_pb_gallery_grid et_pb_module\" data-auto-rotate=\"off\" data-auto-rotate-speed=\"\"><div class=\"et_pb_gallery_items et_post_gallery clearfix et_grid_module\" data-per_page=\"1\"><div class=\"et_pb_gallery_item et_pb_grid_item et_pb_gallery_item_12_0\"><div class=\"et_pb_gallery_image landscape\" data-per_page=\"1\"><a href=\"https:\/\/jmc-caravanes.com\/wp-content\/uploads\/2026\/04\/SPRITE-CRUZER-492-SR-16-scaled.jpg\" title=\"SPRITE CRUZER 492 SR  JMC Caravane\"><img loading=\"lazy\" decoding=\"async\" width=\"400\" height=\"284\" src=\"https:\/\/jmc-caravanes.com\/wp-content\/uploads\/2026\/04\/SPRITE-CRUZER-492-SR-16-400x284.jpg\" alt=\"SPRITE CRUZER 492 SR JMC Caravane\" class=\"wp-image-977\" srcset=\"https:\/\/jmc-caravanes.com\/wp-content\/uploads\/2026\/04\/SPRITE-CRUZER-492-SR-16-scaled.jpg 479w, https:\/\/jmc-caravanes.com\/wp-content\/uploads\/2026\/04\/SPRITE-CRUZER-492-SR-16-400x284.jpg 480w\" sizes=\"(max-width:479px) 479px, 100vw\" \/><span class=\"et_overlay\" data-icon=\"\" data-icon-tablet=\"\" data-icon-phone=\"\"><\/span><\/a><\/div><\/div><div class=\"et_pb_gallery_item et_pb_grid_item et_pb_gallery_item_12_1\"><div class=\"et_pb_gallery_image landscape\" data-per_page=\"1\"><a href=\"https:\/\/jmc-caravanes.com\/wp-content\/uploads\/2026\/04\/SPRITE-CRUZER-492-SR-15-scaled.jpg\" title=\"SPRITE CRUZER 492 SR  JMC Caravane\"><img loading=\"lazy\" decoding=\"async\" width=\"400\" height=\"284\" src=\"https:\/\/jmc-caravanes.com\/wp-content\/uploads\/2026\/04\/SPRITE-CRUZER-492-SR-15-400x284.jpg\" alt=\"SPRITE CRUZER 492 SR JMC Caravane\" class=\"wp-image-976\" srcset=\"https:\/\/jmc-caravanes.com\/wp-content\/uploads\/2026\/04\/SPRITE-CRUZER-492-SR-15-scaled.jpg 479w, https:\/\/jmc-caravanes.com\/wp-content\/uploads\/2026\/04\/SPRITE-CRUZER-492-SR-15-400x284.jpg 480w\" sizes=\"(max-width:479px) 479px, 100vw\" \/><span class=\"et_overlay\" data-icon=\"\" data-icon-tablet=\"\" data-icon-phone=\"\"><\/span><\/a><\/div><\/div><div class=\"et_pb_gallery_item et_pb_grid_item et_pb_gallery_item_12_2\"><div class=\"et_pb_gallery_image landscape\" data-per_page=\"1\"><a href=\"https:\/\/jmc-caravanes.com\/wp-content\/uploads\/2026\/04\/SPRITE-CRUZER-492-SR-18-scaled.jpg\" title=\"SPRITE CRUZER 492 SR  JMC Caravane\"><img loading=\"lazy\" decoding=\"async\" width=\"400\" height=\"284\" src=\"https:\/\/jmc-caravanes.com\/wp-content\/uploads\/2026\/04\/SPRITE-CRUZER-492-SR-18-400x284.jpg\" alt=\"SPRITE CRUZER 492 SR JMC Caravane\" class=\"wp-image-979\" srcset=\"https:\/\/jmc-caravanes.com\/wp-content\/uploads\/2026\/04\/SPRITE-CRUZER-492-SR-18-scaled.jpg 479w, https:\/\/jmc-caravanes.com\/wp-content\/uploads\/2026\/04\/SPRITE-CRUZER-492-SR-18-400x284.jpg 480w\" sizes=\"(max-width:479px) 479px, 100vw\" \/><span class=\"et_overlay\" data-icon=\"\" data-icon-tablet=\"\" data-icon-phone=\"\"><\/span><\/a><\/div><\/div><div class=\"et_pb_gallery_item et_pb_grid_item et_pb_gallery_item_12_3\"><div class=\"et_pb_gallery_image landscape\" data-per_page=\"1\"><a href=\"https:\/\/jmc-caravanes.com\/wp-content\/uploads\/2026\/04\/SPRITE-CRUZER-492-SR-17-scaled.jpg\" title=\"SPRITE CRUZER 492 SR  JMC Caravane\"><img loading=\"lazy\" decoding=\"async\" width=\"400\" height=\"284\" src=\"https:\/\/jmc-caravanes.com\/wp-content\/uploads\/2026\/04\/SPRITE-CRUZER-492-SR-17-400x284.jpg\" alt=\"SPRITE CRUZER 492 SR JMC Caravane\" class=\"wp-image-978\" srcset=\"https:\/\/jmc-caravanes.com\/wp-content\/uploads\/2026\/04\/SPRITE-CRUZER-492-SR-17-scaled.jpg 479w, https:\/\/jmc-caravanes.com\/wp-content\/uploads\/2026\/04\/SPRITE-CRUZER-492-SR-17-400x284.jpg 480w\" sizes=\"(max-width:479px) 479px, 100vw\" \/><span class=\"et_overlay\" data-icon=\"\" data-icon-tablet=\"\" data-icon-phone=\"\"><\/span><\/a><\/div><\/div><div class=\"et_pb_gallery_item et_pb_grid_item et_pb_gallery_item_12_4\"><div class=\"et_pb_gallery_image landscape\" data-per_page=\"1\"><a href=\"https:\/\/jmc-caravanes.com\/wp-content\/uploads\/2026\/04\/SPRITE-CRUZER-492-SR-2-scaled.jpg\" title=\"SPRITE CRUZER 492 SR  JMC Caravane\"><img loading=\"lazy\" decoding=\"async\" width=\"400\" height=\"284\" src=\"https:\/\/jmc-caravanes.com\/wp-content\/uploads\/2026\/04\/SPRITE-CRUZER-492-SR-2-400x284.jpg\" alt=\"SPRITE CRUZER 492 SR JMC Caravane\" class=\"wp-image-963\" srcset=\"https:\/\/jmc-caravanes.com\/wp-content\/uploads\/2026\/04\/SPRITE-CRUZER-492-SR-2-scaled.jpg 479w, https:\/\/jmc-caravanes.com\/wp-content\/uploads\/2026\/04\/SPRITE-CRUZER-492-SR-2-400x284.jpg 480w\" sizes=\"(max-width:479px) 479px, 100vw\" \/><span class=\"et_overlay\" data-icon=\"\" data-icon-tablet=\"\" data-icon-phone=\"\"><\/span><\/a><\/div><\/div><div class=\"et_pb_gallery_item et_pb_grid_item et_pb_gallery_item_12_5\"><div class=\"et_pb_gallery_image landscape\" data-per_page=\"1\"><a href=\"https:\/\/jmc-caravanes.com\/wp-content\/uploads\/2026\/04\/SPRITE-CRUZER-492-SR-3-scaled.jpg\" title=\"SPRITE CRUZER 492 SR  JMC Caravane\"><img loading=\"lazy\" decoding=\"async\" width=\"400\" height=\"284\" src=\"https:\/\/jmc-caravanes.com\/wp-content\/uploads\/2026\/04\/SPRITE-CRUZER-492-SR-3-400x284.jpg\" alt=\"SPRITE CRUZER 492 SR JMC Caravane\" class=\"wp-image-964\" srcset=\"https:\/\/jmc-caravanes.com\/wp-content\/uploads\/2026\/04\/SPRITE-CRUZER-492-SR-3-scaled.jpg 479w, https:\/\/jmc-caravanes.com\/wp-content\/uploads\/2026\/04\/SPRITE-CRUZER-492-SR-3-400x284.jpg 480w\" sizes=\"(max-width:479px) 479px, 100vw\" \/><span class=\"et_overlay\" data-icon=\"\" data-icon-tablet=\"\" data-icon-phone=\"\"><\/span><\/a><\/div><\/div><div class=\"et_pb_gallery_item et_pb_grid_item et_pb_gallery_item_12_6\"><div class=\"et_pb_gallery_image landscape\" data-per_page=\"1\"><a href=\"https:\/\/jmc-caravanes.com\/wp-content\/uploads\/2026\/04\/SPRITE-CRUZER-492-SR-4-scaled.jpg\" title=\"SPRITE CRUZER 492 SR  JMC Caravane\"><img loading=\"lazy\" decoding=\"async\" width=\"400\" height=\"284\" src=\"https:\/\/jmc-caravanes.com\/wp-content\/uploads\/2026\/04\/SPRITE-CRUZER-492-SR-4-400x284.jpg\" alt=\"SPRITE CRUZER 492 SR JMC Caravane\" class=\"wp-image-965\" srcset=\"https:\/\/jmc-caravanes.com\/wp-content\/uploads\/2026\/04\/SPRITE-CRUZER-492-SR-4-scaled.jpg 479w, https:\/\/jmc-caravanes.com\/wp-content\/uploads\/2026\/04\/SPRITE-CRUZER-492-SR-4-400x284.jpg 480w\" sizes=\"(max-width:479px) 479px, 100vw\" \/><span class=\"et_overlay\" data-icon=\"\" data-icon-tablet=\"\" data-icon-phone=\"\"><\/span><\/a><\/div><\/div><div class=\"et_pb_gallery_item et_pb_grid_item et_pb_gallery_item_12_7\"><div class=\"et_pb_gallery_image landscape\" data-per_page=\"1\"><a href=\"https:\/\/jmc-caravanes.com\/wp-content\/uploads\/2026\/04\/SPRITE-CRUZER-492-SR-5-scaled.jpg\" title=\"SPRITE CRUZER 492 SR  JMC Caravane\"><img loading=\"lazy\" decoding=\"async\" width=\"400\" height=\"284\" src=\"https:\/\/jmc-caravanes.com\/wp-content\/uploads\/2026\/04\/SPRITE-CRUZER-492-SR-5-400x284.jpg\" alt=\"SPRITE CRUZER 492 SR JMC Caravane\" class=\"wp-image-966\" srcset=\"https:\/\/jmc-caravanes.com\/wp-content\/uploads\/2026\/04\/SPRITE-CRUZER-492-SR-5-scaled.jpg 479w, https:\/\/jmc-caravanes.com\/wp-content\/uploads\/2026\/04\/SPRITE-CRUZER-492-SR-5-400x284.jpg 480w\" sizes=\"(max-width:479px) 479px, 100vw\" \/><span class=\"et_overlay\" data-icon=\"\" data-icon-tablet=\"\" data-icon-phone=\"\"><\/span><\/a><\/div><\/div><div class=\"et_pb_gallery_item et_pb_grid_item et_pb_gallery_item_12_8\"><div class=\"et_pb_gallery_image landscape\" data-per_page=\"1\"><a href=\"https:\/\/jmc-caravanes.com\/wp-content\/uploads\/2026\/04\/SPRITE-CRUZER-492-SR-6-scaled.jpg\" title=\"SPRITE CRUZER 492 SR  JMC Caravane\"><img loading=\"lazy\" decoding=\"async\" width=\"400\" height=\"284\" src=\"https:\/\/jmc-caravanes.com\/wp-content\/uploads\/2026\/04\/SPRITE-CRUZER-492-SR-6-400x284.jpg\" alt=\"SPRITE CRUZER 492 SR JMC Caravane\" class=\"wp-image-967\" srcset=\"https:\/\/jmc-caravanes.com\/wp-content\/uploads\/2026\/04\/SPRITE-CRUZER-492-SR-6-scaled.jpg 479w, https:\/\/jmc-caravanes.com\/wp-content\/uploads\/2026\/04\/SPRITE-CRUZER-492-SR-6-400x284.jpg 480w\" sizes=\"(max-width:479px) 479px, 100vw\" \/><span class=\"et_overlay\" data-icon=\"\" data-icon-tablet=\"\" data-icon-phone=\"\"><\/span><\/a><\/div><\/div><div class=\"et_pb_gallery_item et_pb_grid_item et_pb_gallery_item_12_9\"><div class=\"et_pb_gallery_image landscape\" data-per_page=\"1\"><a href=\"https:\/\/jmc-caravanes.com\/wp-content\/uploads\/2026\/04\/SPRITE-CRUZER-492-SR-7-scaled.jpg\" title=\"SPRITE CRUZER 492 SR  JMC Caravane\"><img loading=\"lazy\" decoding=\"async\" width=\"400\" height=\"284\" src=\"https:\/\/jmc-caravanes.com\/wp-content\/uploads\/2026\/04\/SPRITE-CRUZER-492-SR-7-400x284.jpg\" alt=\"SPRITE CRUZER 492 SR JMC Caravane\" class=\"wp-image-968\" srcset=\"https:\/\/jmc-caravanes.com\/wp-content\/uploads\/2026\/04\/SPRITE-CRUZER-492-SR-7-scaled.jpg 479w, https:\/\/jmc-caravanes.com\/wp-content\/uploads\/2026\/04\/SPRITE-CRUZER-492-SR-7-400x284.jpg 480w\" sizes=\"(max-width:479px) 479px, 100vw\" \/><span class=\"et_overlay\" data-icon=\"\" data-icon-tablet=\"\" data-icon-phone=\"\"><\/span><\/a><\/div><\/div><div class=\"et_pb_gallery_item et_pb_grid_item et_pb_gallery_item_12_10\"><div class=\"et_pb_gallery_image landscape\" data-per_page=\"1\"><a href=\"https:\/\/jmc-caravanes.com\/wp-content\/uploads\/2026\/04\/SPRITE-CRUZER-492-SR-8-scaled.jpg\" title=\"SPRITE CRUZER 492 SR  JMC Caravane\"><img loading=\"lazy\" decoding=\"async\" width=\"400\" height=\"284\" src=\"https:\/\/jmc-caravanes.com\/wp-content\/uploads\/2026\/04\/SPRITE-CRUZER-492-SR-8-400x284.jpg\" alt=\"SPRITE CRUZER 492 SR JMC Caravane\" class=\"wp-image-969\" srcset=\"https:\/\/jmc-caravanes.com\/wp-content\/uploads\/2026\/04\/SPRITE-CRUZER-492-SR-8-scaled.jpg 479w, https:\/\/jmc-caravanes.com\/wp-content\/uploads\/2026\/04\/SPRITE-CRUZER-492-SR-8-400x284.jpg 480w\" sizes=\"(max-width:479px) 479px, 100vw\" \/><span class=\"et_overlay\" data-icon=\"\" data-icon-tablet=\"\" data-icon-phone=\"\"><\/span><\/a><\/div><\/div><div class=\"et_pb_gallery_item et_pb_grid_item et_pb_gallery_item_12_11\"><div class=\"et_pb_gallery_image landscape\" data-per_page=\"1\"><a href=\"https:\/\/jmc-caravanes.com\/wp-content\/uploads\/2026\/04\/SPRITE-CRUZER-492-SR-9-scaled.jpg\" title=\"SPRITE CRUZER 492 SR  JMC Caravane\"><img loading=\"lazy\" decoding=\"async\" width=\"400\" height=\"284\" src=\"https:\/\/jmc-caravanes.com\/wp-content\/uploads\/2026\/04\/SPRITE-CRUZER-492-SR-9-400x284.jpg\" alt=\"SPRITE CRUZER 492 SR JMC Caravane\" class=\"wp-image-970\" srcset=\"https:\/\/jmc-caravanes.com\/wp-content\/uploads\/2026\/04\/SPRITE-CRUZER-492-SR-9-scaled.jpg 479w, https:\/\/jmc-caravanes.com\/wp-content\/uploads\/2026\/04\/SPRITE-CRUZER-492-SR-9-400x284.jpg 480w\" sizes=\"(max-width:479px) 479px, 100vw\" \/><span class=\"et_overlay\" data-icon=\"\" data-icon-tablet=\"\" data-icon-phone=\"\"><\/span><\/a><\/div><\/div><div class=\"et_pb_gallery_item et_pb_grid_item et_pb_gallery_item_12_12\"><div class=\"et_pb_gallery_image landscape\" data-per_page=\"1\"><a href=\"https:\/\/jmc-caravanes.com\/wp-content\/uploads\/2026\/04\/SPRITE-CRUZER-492-SR-10-scaled.jpg\" title=\"SPRITE CRUZER 492 SR  JMC Caravane\"><img loading=\"lazy\" decoding=\"async\" width=\"400\" height=\"284\" src=\"https:\/\/jmc-caravanes.com\/wp-content\/uploads\/2026\/04\/SPRITE-CRUZER-492-SR-10-400x284.jpg\" alt=\"SPRITE CRUZER 492 SR JMC Caravane\" class=\"wp-image-971\" srcset=\"https:\/\/jmc-caravanes.com\/wp-content\/uploads\/2026\/04\/SPRITE-CRUZER-492-SR-10-scaled.jpg 479w, https:\/\/jmc-caravanes.com\/wp-content\/uploads\/2026\/04\/SPRITE-CRUZER-492-SR-10-400x284.jpg 480w\" sizes=\"(max-width:479px) 479px, 100vw\" \/><span class=\"et_overlay\" data-icon=\"\" data-icon-tablet=\"\" data-icon-phone=\"\"><\/span><\/a><\/div><\/div><div class=\"et_pb_gallery_item et_pb_grid_item et_pb_gallery_item_12_13\"><div class=\"et_pb_gallery_image landscape\" data-per_page=\"1\"><a href=\"https:\/\/jmc-caravanes.com\/wp-content\/uploads\/2026\/04\/SPRITE-CRUZER-492-SR-11-scaled.jpg\" title=\"SPRITE CRUZER 492 SR  JMC Caravane\"><img loading=\"lazy\" decoding=\"async\" width=\"400\" height=\"284\" src=\"https:\/\/jmc-caravanes.com\/wp-content\/uploads\/2026\/04\/SPRITE-CRUZER-492-SR-11-400x284.jpg\" alt=\"SPRITE CRUZER 492 SR JMC Caravane\" class=\"wp-image-972\" srcset=\"https:\/\/jmc-caravanes.com\/wp-content\/uploads\/2026\/04\/SPRITE-CRUZER-492-SR-11-scaled.jpg 479w, https:\/\/jmc-caravanes.com\/wp-content\/uploads\/2026\/04\/SPRITE-CRUZER-492-SR-11-400x284.jpg 480w\" sizes=\"(max-width:479px) 479px, 100vw\" \/><span class=\"et_overlay\" data-icon=\"\" data-icon-tablet=\"\" data-icon-phone=\"\"><\/span><\/a><\/div><\/div><div class=\"et_pb_gallery_item et_pb_grid_item et_pb_gallery_item_12_14\"><div class=\"et_pb_gallery_image landscape\" data-per_page=\"1\"><a href=\"https:\/\/jmc-caravanes.com\/wp-content\/uploads\/2026\/04\/SPRITE-CRUZER-492-SR-12-scaled.jpg\" title=\"SPRITE CRUZER 492 SR  JMC Caravane\"><img loading=\"lazy\" decoding=\"async\" width=\"400\" height=\"284\" src=\"https:\/\/jmc-caravanes.com\/wp-content\/uploads\/2026\/04\/SPRITE-CRUZER-492-SR-12-400x284.jpg\" alt=\"SPRITE CRUZER 492 SR JMC Caravane\" class=\"wp-image-973\" srcset=\"https:\/\/jmc-caravanes.com\/wp-content\/uploads\/2026\/04\/SPRITE-CRUZER-492-SR-12-scaled.jpg 479w, https:\/\/jmc-caravanes.com\/wp-content\/uploads\/2026\/04\/SPRITE-CRUZER-492-SR-12-400x284.jpg 480w\" sizes=\"(max-width:479px) 479px, 100vw\" \/><span class=\"et_overlay\" data-icon=\"\" data-icon-tablet=\"\" data-icon-phone=\"\"><\/span><\/a><\/div><\/div><div class=\"et_pb_gallery_item et_pb_grid_item et_pb_gallery_item_12_15\"><div class=\"et_pb_gallery_image landscape\" data-per_page=\"1\"><a href=\"https:\/\/jmc-caravanes.com\/wp-content\/uploads\/2026\/04\/SPRITE-CRUZER-492-SR-14-scaled.jpg\" title=\"SPRITE CRUZER 492 SR  JMC Caravane\"><img loading=\"lazy\" decoding=\"async\" width=\"400\" height=\"284\" src=\"https:\/\/jmc-caravanes.com\/wp-content\/uploads\/2026\/04\/SPRITE-CRUZER-492-SR-14-400x284.jpg\" alt=\"SPRITE CRUZER 492 SR JMC Caravane\" class=\"wp-image-975\" srcset=\"https:\/\/jmc-caravanes.com\/wp-content\/uploads\/2026\/04\/SPRITE-CRUZER-492-SR-14-scaled.jpg 479w, https:\/\/jmc-caravanes.com\/wp-content\/uploads\/2026\/04\/SPRITE-CRUZER-492-SR-14-400x284.jpg 480w\" sizes=\"(max-width:479px) 479px, 100vw\" \/><span class=\"et_overlay\" data-icon=\"\" data-icon-tablet=\"\" data-icon-phone=\"\"><\/span><\/a><\/div><\/div><div class=\"et_pb_gallery_item et_pb_grid_item et_pb_gallery_item_12_16\"><div class=\"et_pb_gallery_image landscape\" data-per_page=\"1\"><a href=\"https:\/\/jmc-caravanes.com\/wp-content\/uploads\/2026\/04\/SPRITE-CRUZER-492-SR-19-scaled.jpg\" title=\"SPRITE CRUZER 492 SR  JMC Caravane\"><img loading=\"lazy\" decoding=\"async\" width=\"400\" height=\"284\" src=\"https:\/\/jmc-caravanes.com\/wp-content\/uploads\/2026\/04\/SPRITE-CRUZER-492-SR-19-400x284.jpg\" alt=\"SPRITE CRUZER 492 SR JMC Caravane\" class=\"wp-image-980\" srcset=\"https:\/\/jmc-caravanes.com\/wp-content\/uploads\/2026\/04\/SPRITE-CRUZER-492-SR-19-scaled.jpg 479w, https:\/\/jmc-caravanes.com\/wp-content\/uploads\/2026\/04\/SPRITE-CRUZER-492-SR-19-400x284.jpg 480w\" sizes=\"(max-width:479px) 479px, 100vw\" \/><span class=\"et_overlay\" data-icon=\"\" data-icon-tablet=\"\" data-icon-phone=\"\"><\/span><\/a><\/div><\/div><div class=\"et_pb_gallery_item et_pb_grid_item et_pb_gallery_item_12_17\"><div class=\"et_pb_gallery_image landscape\" data-per_page=\"1\"><a href=\"https:\/\/jmc-caravanes.com\/wp-content\/uploads\/2026\/04\/SPRITE-CRUZER-492-SR-20-scaled.jpg\" title=\"SPRITE CRUZER 492 SR  JMC Caravane\"><img loading=\"lazy\" decoding=\"async\" width=\"400\" height=\"284\" src=\"https:\/\/jmc-caravanes.com\/wp-content\/uploads\/2026\/04\/SPRITE-CRUZER-492-SR-20-400x284.jpg\" alt=\"SPRITE CRUZER 492 SR JMC Caravane\" class=\"wp-image-981\" srcset=\"https:\/\/jmc-caravanes.com\/wp-content\/uploads\/2026\/04\/SPRITE-CRUZER-492-SR-20-scaled.jpg 479w, https:\/\/jmc-caravanes.com\/wp-content\/uploads\/2026\/04\/SPRITE-CRUZER-492-SR-20-400x284.jpg 480w\" sizes=\"(max-width:479px) 479px, 100vw\" \/><span class=\"et_overlay\" data-icon=\"\" data-icon-tablet=\"\" data-icon-phone=\"\"><\/span><\/a><\/div><\/div><div class=\"et_pb_gallery_item et_pb_grid_item et_pb_gallery_item_12_18\"><div class=\"et_pb_gallery_image landscape\" data-per_page=\"1\"><a href=\"https:\/\/jmc-caravanes.com\/wp-content\/uploads\/2026\/04\/SPRITE-CRUZER-492-SR-1-scaled.jpg\" title=\"SPRITE CRUZER 492 SR  JMC Caravane\"><img loading=\"lazy\" decoding=\"async\" width=\"400\" height=\"284\" src=\"https:\/\/jmc-caravanes.com\/wp-content\/uploads\/2026\/04\/SPRITE-CRUZER-492-SR-1-400x284.jpg\" alt=\"SPRITE CRUZER 492 SR JMC Caravane\" class=\"wp-image-962\" srcset=\"https:\/\/jmc-caravanes.com\/wp-content\/uploads\/2026\/04\/SPRITE-CRUZER-492-SR-1-scaled.jpg 479w, https:\/\/jmc-caravanes.com\/wp-content\/uploads\/2026\/04\/SPRITE-CRUZER-492-SR-1-400x284.jpg 480w\" sizes=\"(max-width:479px) 479px, 100vw\" \/><span class=\"et_overlay\" data-icon=\"\" data-icon-tablet=\"\" data-icon-phone=\"\"><\/span><\/a><\/div><\/div><div class=\"et_pb_gallery_item et_pb_grid_item et_pb_gallery_item_12_19\"><div class=\"et_pb_gallery_image landscape\" data-per_page=\"1\"><a href=\"https:\/\/jmc-caravanes.com\/wp-content\/uploads\/2026\/04\/SPRITE-CRUZER-492-SR-13-scaled.jpg\" title=\"SPRITE CRUZER 492 SR  JMC Caravane\"><img loading=\"lazy\" decoding=\"async\" width=\"400\" height=\"284\" src=\"https:\/\/jmc-caravanes.com\/wp-content\/uploads\/2026\/04\/SPRITE-CRUZER-492-SR-13-400x284.jpg\" alt=\"SPRITE CRUZER 492 SR JMC Caravane\" class=\"wp-image-974\" srcset=\"https:\/\/jmc-caravanes.com\/wp-content\/uploads\/2026\/04\/SPRITE-CRUZER-492-SR-13-scaled.jpg 479w, https:\/\/jmc-caravanes.com\/wp-content\/uploads\/2026\/04\/SPRITE-CRUZER-492-SR-13-400x284.jpg 480w\" sizes=\"(max-width:479px) 479px, 100vw\" \/><span class=\"et_overlay\" data-icon=\"\" data-icon-tablet=\"\" data-icon-phone=\"\"><\/span><\/a><\/div><\/div><\/div><div class=\"et_pb_gallery_pagination\"><\/div><\/div>\n<\/div><\/div>\n\n<div class=\"et_pb_blurb_13 et_pb_blurb et_pb_bg_layout_light et_pb_blurb_position_top et_pb_module et_flex_module\"><div class=\"et_pb_blurb_content et_flex_module\"><div class=\"et_pb_main_blurb_image\"><span class=\"et_pb_image_wrap et_pb_only_image_mode_wrap\"><img loading=\"lazy\" decoding=\"async\" src=\"https:\/\/jmc-caravanes.com\/wp-content\/uploads\/2026\/02\/telechargement.jpg\" alt=\"Swift Challenger 635\" width=\"348\" height=\"145\" srcset=\"https:\/\/jmc-caravanes.com\/wp-content\/uploads\/2026\/02\/telechargement.jpg 348w, https:\/\/jmc-caravanes.com\/wp-content\/uploads\/2026\/02\/telechargement-300x125.jpg 300w\" sizes=\"(max-width: 348px) 100vw, 348px\" class=\"et_animated wp-image-361\" title=\"Swift Challenger 635\" \/><\/span><\/div><div class=\"et_pb_blurb_container\"><h4 class=\"et_pb_module_header\">SWIFT Challenger 635<\/h4><div class=\"et_pb_blurb_description\"><p><span dir=\"auto\" style=\"vertical-align: inherit;\"><span dir=\"auto\" style=\"vertical-align: inherit;\">Ann\u00e9e 2019 (caravane sur commande)<\/span><\/span><\/p>\n<div class=\"vehicle-spec\">\n<div class=\"vehicle-spec__icon\"><img loading=\"lazy\" decoding=\"async\" src=\"https:\/\/s3-eu-west-1.amazonaws.com\/files.autopromotor\/datasheetimages\/Berth.svg\" width=\"28\" height=\"28\" \/><span>\u00a0<\/span>\u00a0<span dir=\"auto\"><span dir=\"auto\" style=\"vertical-align: inherit;\"><span dir=\"auto\" style=\"vertical-align: inherit;\">Couchette : <\/span><\/span><span><span dir=\"auto\" style=\"vertical-align: inherit;\"><span dir=\"auto\" style=\"vertical-align: inherit;\">\u00a0 4<\/span><\/span><\/span><\/span><\/div>\n<\/div>\n<div class=\"vehicle-spec\">\n<div class=\"vehicle-spec__icon\"><img decoding=\"async\" src=\"https:\/\/s3-eu-west-1.amazonaws.com\/files.autopromotor\/datasheetimages\/MTPLM.svg\" \/><span>\u00a0<\/span>\u00a0<span dir=\"auto\"><span dir=\"auto\" style=\"vertical-align: inherit;\"><span dir=\"auto\" style=\"vertical-align: inherit;\">PTAC : 1715 <\/span><\/span><span>\u00a0 \u00a0\u00a0<\/span><\/span><span dir=\"auto\"><span dir=\"auto\" style=\"vertical-align: inherit;\"><span dir=\"auto\" style=\"vertical-align: inherit;\">kg<\/span><\/span><\/span><\/div>\n<div class=\"vehicle-spec__icon\"><img decoding=\"async\" src=\"https:\/\/s3-eu-west-1.amazonaws.com\/files.autopromotor\/datasheetimages\/Weight.svg\" \/><span>\u00a0<\/span>\u00a0<span dir=\"auto\"><span dir=\"auto\" style=\"vertical-align: inherit;\">Poids \u00e0 vide : <\/span><span><span dir=\"auto\" style=\"vertical-align: inherit;\">\u00a0 1550<\/span><\/span><\/span><span dir=\"auto\"><span dir=\"auto\" style=\"vertical-align: inherit;\"> \u00a0kg<\/span><\/span><\/div>\n<\/div>\n<div class=\"vehicle-spec\">\n<div class=\"vehicle-spec__icon\"><img decoding=\"async\" src=\"https:\/\/s3-eu-west-1.amazonaws.com\/files.autopromotor\/datasheetimages\/CaravanLength.svg\" \/><span dir=\"auto\" style=\"vertical-align: inherit;\"><span dir=\"auto\" style=\"vertical-align: inherit;\">\u00a0 Longueur <\/span><\/span><span dir=\"auto\"><span dir=\"auto\" style=\"vertical-align: inherit;\"><span dir=\"auto\" style=\"vertical-align: inherit;\">: 7980\u00a0 <\/span><\/span><\/span><span dir=\"auto\"><span dir=\"auto\" style=\"vertical-align: inherit;\"><span dir=\"auto\" style=\"vertical-align: inherit;\">mm<\/span><\/span><\/span><\/div>\n<\/div>\n<div class=\"vehicle-spec\">\n<div class=\"vehicle-spec__icon\"><img decoding=\"async\" src=\"https:\/\/s3-eu-west-1.amazonaws.com\/files.autopromotor\/datasheetimages\/CaravanWidth.svg\" \/><span>\u00a0<\/span>\u00a0<span dir=\"auto\"><span dir=\"auto\" style=\"vertical-align: inherit;\"><span dir=\"auto\" style=\"vertical-align: inherit;\">Largeur : <\/span><\/span><span><span dir=\"auto\" style=\"vertical-align: inherit;\"><span dir=\"auto\" style=\"vertical-align: inherit;\">\u00a0 2230<\/span><\/span><\/span><\/span><span dir=\"auto\"><span dir=\"auto\" style=\"vertical-align: inherit;\"><span dir=\"auto\" style=\"vertical-align: inherit;\"> \u00a0mm<\/span><\/span><\/span><\/div>\n<\/div>\n<div class=\"vehicle-spec\">\n<div class=\"vehicle-spec__icon\"><\/div>\n<\/div>\n<\/div><\/div>\n<div class=\"et_pb_image_13 et_pb_image et_flex_column_24_24 et_pb_module et_flex_module\"><span class=\"et_pb_image_wrap\"><img loading=\"lazy\" decoding=\"async\" src=\"https:\/\/jmc-caravanes.com\/wp-content\/uploads\/2026\/02\/JMCPlan-de-travail-5.png\" alt=\"Jmc Caravanes Swift\" title=\"Jmc Caravanes Swift\" width=\"161\" height=\"114\" srcset=\"https:\/\/jmc-caravanes.com\/wp-content\/uploads\/2026\/02\/JMCPlan-de-travail-5.png 161w\" sizes=\"(max-width: 161px) 100vw, 161px\" class=\"wp-image-288\" \/><\/span>\n<div class=\"et_pb_module et_pb_button_module_wrapper et_pb_button_13_wrapper\"><a class=\"et_pb_button_13 et_pb_button et_pb_bg_layout_light et_pb_module et_flex_module\" href=\"\">                31600 \u20ac<\/a><\/div>\n<\/div>\n\n<div class=\"et_pb_gallery_13 et_pb_gallery et_pb_bg_layout_light et_pb_gallery_grid et_pb_module\" data-auto-rotate=\"off\" data-auto-rotate-speed=\"\"><div class=\"et_pb_gallery_items et_post_gallery clearfix et_grid_module\" data-per_page=\"1\"><div class=\"et_pb_gallery_item et_pb_grid_item et_pb_gallery_item_13_0\"><div class=\"et_pb_gallery_image landscape\" data-per_page=\"1\"><a href=\"https:\/\/jmc-caravanes.com\/wp-content\/uploads\/2026\/02\/swift-challenger-635-4.jpeg\" title=\"swift challenger 635 (4)\"><img loading=\"lazy\" decoding=\"async\" width=\"400\" height=\"284\" src=\"https:\/\/jmc-caravanes.com\/wp-content\/uploads\/2026\/02\/swift-challenger-635-4-400x284.jpeg\" alt=\"\" class=\"wp-image-365\" srcset=\"https:\/\/jmc-caravanes.com\/wp-content\/uploads\/2026\/02\/swift-challenger-635-4.jpeg 479w, https:\/\/jmc-caravanes.com\/wp-content\/uploads\/2026\/02\/swift-challenger-635-4-400x284.jpeg 480w\" sizes=\"(max-width:479px) 479px, 100vw\" \/><span class=\"et_overlay\" data-icon=\"\" data-icon-tablet=\"\" data-icon-phone=\"\"><\/span><\/a><\/div><\/div><div class=\"et_pb_gallery_item et_pb_grid_item et_pb_gallery_item_13_1\"><div class=\"et_pb_gallery_image landscape\" data-per_page=\"1\"><a href=\"https:\/\/jmc-caravanes.com\/wp-content\/uploads\/2026\/02\/swift-challenger-635-3.jpeg\" title=\"swift challenger 635 (3)\"><img loading=\"lazy\" decoding=\"async\" width=\"400\" height=\"284\" src=\"https:\/\/jmc-caravanes.com\/wp-content\/uploads\/2026\/02\/swift-challenger-635-3-400x284.jpeg\" alt=\"\" class=\"wp-image-364\" srcset=\"https:\/\/jmc-caravanes.com\/wp-content\/uploads\/2026\/02\/swift-challenger-635-3.jpeg 479w, https:\/\/jmc-caravanes.com\/wp-content\/uploads\/2026\/02\/swift-challenger-635-3-400x284.jpeg 480w\" sizes=\"(max-width:479px) 479px, 100vw\" \/><span class=\"et_overlay\" data-icon=\"\" data-icon-tablet=\"\" data-icon-phone=\"\"><\/span><\/a><\/div><\/div><div class=\"et_pb_gallery_item et_pb_grid_item et_pb_gallery_item_13_2\"><div class=\"et_pb_gallery_image landscape\" data-per_page=\"1\"><a href=\"https:\/\/jmc-caravanes.com\/wp-content\/uploads\/2026\/02\/swift-challenger-635-6.jpeg\" title=\"swift challenger 635 (6)\"><img loading=\"lazy\" decoding=\"async\" width=\"400\" height=\"284\" src=\"https:\/\/jmc-caravanes.com\/wp-content\/uploads\/2026\/02\/swift-challenger-635-6-400x284.jpeg\" alt=\"\" class=\"wp-image-367\" srcset=\"https:\/\/jmc-caravanes.com\/wp-content\/uploads\/2026\/02\/swift-challenger-635-6.jpeg 479w, https:\/\/jmc-caravanes.com\/wp-content\/uploads\/2026\/02\/swift-challenger-635-6-400x284.jpeg 480w\" sizes=\"(max-width:479px) 479px, 100vw\" \/><span class=\"et_overlay\" data-icon=\"\" data-icon-tablet=\"\" data-icon-phone=\"\"><\/span><\/a><\/div><\/div><div class=\"et_pb_gallery_item et_pb_grid_item et_pb_gallery_item_13_3\"><div class=\"et_pb_gallery_image landscape\" data-per_page=\"1\"><a href=\"https:\/\/jmc-caravanes.com\/wp-content\/uploads\/2026\/02\/swift-challenger-635-1.jpeg\" title=\"swift challenger 635 (1)\"><img loading=\"lazy\" decoding=\"async\" width=\"400\" height=\"284\" src=\"https:\/\/jmc-caravanes.com\/wp-content\/uploads\/2026\/02\/swift-challenger-635-1-400x284.jpeg\" alt=\"\" class=\"wp-image-362\" srcset=\"https:\/\/jmc-caravanes.com\/wp-content\/uploads\/2026\/02\/swift-challenger-635-1.jpeg 479w, https:\/\/jmc-caravanes.com\/wp-content\/uploads\/2026\/02\/swift-challenger-635-1-400x284.jpeg 480w\" sizes=\"(max-width:479px) 479px, 100vw\" \/><span class=\"et_overlay\" data-icon=\"\" data-icon-tablet=\"\" data-icon-phone=\"\"><\/span><\/a><\/div><\/div><div class=\"et_pb_gallery_item et_pb_grid_item et_pb_gallery_item_13_4\"><div class=\"et_pb_gallery_image landscape\" data-per_page=\"1\"><a href=\"https:\/\/jmc-caravanes.com\/wp-content\/uploads\/2026\/02\/swift-challenger-635-2.jpeg\" title=\"swift challenger 635 (2)\"><img loading=\"lazy\" decoding=\"async\" width=\"400\" height=\"284\" src=\"https:\/\/jmc-caravanes.com\/wp-content\/uploads\/2026\/02\/swift-challenger-635-2-400x284.jpeg\" alt=\"\" class=\"wp-image-363\" srcset=\"https:\/\/jmc-caravanes.com\/wp-content\/uploads\/2026\/02\/swift-challenger-635-2.jpeg 479w, https:\/\/jmc-caravanes.com\/wp-content\/uploads\/2026\/02\/swift-challenger-635-2-400x284.jpeg 480w\" sizes=\"(max-width:479px) 479px, 100vw\" \/><span class=\"et_overlay\" data-icon=\"\" data-icon-tablet=\"\" data-icon-phone=\"\"><\/span><\/a><\/div><\/div><div class=\"et_pb_gallery_item et_pb_grid_item et_pb_gallery_item_13_5\"><div class=\"et_pb_gallery_image landscape\" data-per_page=\"1\"><a href=\"https:\/\/jmc-caravanes.com\/wp-content\/uploads\/2026\/02\/swift-challenger-635-5.jpeg\" title=\"swift challenger 635 (5)\"><img loading=\"lazy\" decoding=\"async\" width=\"400\" height=\"284\" src=\"https:\/\/jmc-caravanes.com\/wp-content\/uploads\/2026\/02\/swift-challenger-635-5-400x284.jpeg\" alt=\"\" class=\"wp-image-366\" srcset=\"https:\/\/jmc-caravanes.com\/wp-content\/uploads\/2026\/02\/swift-challenger-635-5.jpeg 479w, https:\/\/jmc-caravanes.com\/wp-content\/uploads\/2026\/02\/swift-challenger-635-5-400x284.jpeg 480w\" sizes=\"(max-width:479px) 479px, 100vw\" \/><span class=\"et_overlay\" data-icon=\"\" data-icon-tablet=\"\" data-icon-phone=\"\"><\/span><\/a><\/div><\/div><div class=\"et_pb_gallery_item et_pb_grid_item et_pb_gallery_item_13_6\"><div class=\"et_pb_gallery_image landscape\" data-per_page=\"1\"><a href=\"https:\/\/jmc-caravanes.com\/wp-content\/uploads\/2026\/02\/swift-challenger-635-7.jpeg\" title=\"swift challenger 635 (7)\"><img loading=\"lazy\" decoding=\"async\" width=\"400\" height=\"284\" src=\"https:\/\/jmc-caravanes.com\/wp-content\/uploads\/2026\/02\/swift-challenger-635-7-400x284.jpeg\" alt=\"\" class=\"wp-image-368\" srcset=\"https:\/\/jmc-caravanes.com\/wp-content\/uploads\/2026\/02\/swift-challenger-635-7.jpeg 479w, https:\/\/jmc-caravanes.com\/wp-content\/uploads\/2026\/02\/swift-challenger-635-7-400x284.jpeg 480w\" sizes=\"(max-width:479px) 479px, 100vw\" \/><span class=\"et_overlay\" data-icon=\"\" data-icon-tablet=\"\" data-icon-phone=\"\"><\/span><\/a><\/div><\/div><div class=\"et_pb_gallery_item et_pb_grid_item et_pb_gallery_item_13_7\"><div class=\"et_pb_gallery_image landscape\" data-per_page=\"1\"><a href=\"https:\/\/jmc-caravanes.com\/wp-content\/uploads\/2026\/02\/swift-challenger-635-8.jpeg\" title=\"swift challenger 635 (8)\"><img loading=\"lazy\" decoding=\"async\" width=\"400\" height=\"284\" src=\"https:\/\/jmc-caravanes.com\/wp-content\/uploads\/2026\/02\/swift-challenger-635-8-400x284.jpeg\" alt=\"\" class=\"wp-image-369\" srcset=\"https:\/\/jmc-caravanes.com\/wp-content\/uploads\/2026\/02\/swift-challenger-635-8.jpeg 479w, https:\/\/jmc-caravanes.com\/wp-content\/uploads\/2026\/02\/swift-challenger-635-8-400x284.jpeg 480w\" sizes=\"(max-width:479px) 479px, 100vw\" \/><span class=\"et_overlay\" data-icon=\"\" data-icon-tablet=\"\" data-icon-phone=\"\"><\/span><\/a><\/div><\/div><div class=\"et_pb_gallery_item et_pb_grid_item et_pb_gallery_item_13_8\"><div class=\"et_pb_gallery_image landscape\" data-per_page=\"1\"><a href=\"https:\/\/jmc-caravanes.com\/wp-content\/uploads\/2026\/02\/swift-challenger-635-9.jpeg\" title=\"swift challenger 635 (9)\"><img loading=\"lazy\" decoding=\"async\" width=\"400\" height=\"284\" src=\"https:\/\/jmc-caravanes.com\/wp-content\/uploads\/2026\/02\/swift-challenger-635-9-400x284.jpeg\" alt=\"\" class=\"wp-image-370\" srcset=\"https:\/\/jmc-caravanes.com\/wp-content\/uploads\/2026\/02\/swift-challenger-635-9.jpeg 479w, https:\/\/jmc-caravanes.com\/wp-content\/uploads\/2026\/02\/swift-challenger-635-9-400x284.jpeg 480w\" sizes=\"(max-width:479px) 479px, 100vw\" \/><span class=\"et_overlay\" data-icon=\"\" data-icon-tablet=\"\" data-icon-phone=\"\"><\/span><\/a><\/div><\/div><div class=\"et_pb_gallery_item et_pb_grid_item et_pb_gallery_item_13_9\"><div class=\"et_pb_gallery_image landscape\" data-per_page=\"1\"><a href=\"https:\/\/jmc-caravanes.com\/wp-content\/uploads\/2026\/02\/swift-challenger-635-10.jpeg\" title=\"swift challenger 635 (10)\"><img loading=\"lazy\" decoding=\"async\" width=\"400\" height=\"284\" src=\"https:\/\/jmc-caravanes.com\/wp-content\/uploads\/2026\/02\/swift-challenger-635-10-400x284.jpeg\" alt=\"\" class=\"wp-image-371\" srcset=\"https:\/\/jmc-caravanes.com\/wp-content\/uploads\/2026\/02\/swift-challenger-635-10.jpeg 479w, https:\/\/jmc-caravanes.com\/wp-content\/uploads\/2026\/02\/swift-challenger-635-10-400x284.jpeg 480w\" sizes=\"(max-width:479px) 479px, 100vw\" \/><span class=\"et_overlay\" data-icon=\"\" data-icon-tablet=\"\" data-icon-phone=\"\"><\/span><\/a><\/div><\/div><div class=\"et_pb_gallery_item et_pb_grid_item et_pb_gallery_item_13_10\"><div class=\"et_pb_gallery_image landscape\" data-per_page=\"1\"><a href=\"https:\/\/jmc-caravanes.com\/wp-content\/uploads\/2026\/02\/swift-challenger-635-11.jpeg\" title=\"swift challenger 635 (11)\"><img loading=\"lazy\" decoding=\"async\" width=\"400\" height=\"284\" src=\"https:\/\/jmc-caravanes.com\/wp-content\/uploads\/2026\/02\/swift-challenger-635-11-400x284.jpeg\" alt=\"\" class=\"wp-image-372\" srcset=\"https:\/\/jmc-caravanes.com\/wp-content\/uploads\/2026\/02\/swift-challenger-635-11.jpeg 479w, https:\/\/jmc-caravanes.com\/wp-content\/uploads\/2026\/02\/swift-challenger-635-11-400x284.jpeg 480w\" sizes=\"(max-width:479px) 479px, 100vw\" \/><span class=\"et_overlay\" data-icon=\"\" data-icon-tablet=\"\" data-icon-phone=\"\"><\/span><\/a><\/div><\/div><\/div><div class=\"et_pb_gallery_pagination\"><\/div><\/div>\n<\/div><\/div>\n\n<div class=\"et_pb_blurb_14 et_pb_blurb et_pb_bg_layout_light et_pb_blurb_position_top et_pb_module et_flex_module\"><div class=\"et_pb_blurb_content et_flex_module\"><div class=\"et_pb_main_blurb_image\"><span class=\"et_pb_image_wrap et_pb_only_image_mode_wrap\"><img loading=\"lazy\" decoding=\"async\" src=\"https:\/\/jmc-caravanes.com\/wp-content\/uploads\/2026\/02\/Logo-rond-1-100.jpg\" alt=\"Logo JMC caravane 2026\" width=\"318\" height=\"318\" srcset=\"https:\/\/jmc-caravanes.com\/wp-content\/uploads\/2026\/02\/Logo-rond-1-100.jpg 318w, https:\/\/jmc-caravanes.com\/wp-content\/uploads\/2026\/02\/Logo-rond-1-100-300x300.jpg 300w, https:\/\/jmc-caravanes.com\/wp-content\/uploads\/2026\/02\/Logo-rond-1-100-150x150.jpg 150w\" sizes=\"(max-width: 318px) 100vw, 318px\" class=\"et_animated wp-image-486\" title=\"Logo JMC caravane 2026\" \/><\/span><\/div><div class=\"et_pb_blurb_container\"><h4 class=\"et_pb_module_header\">ELLE ARRIVE BIENTOT<\/h4><div class=\"et_pb_blurb_description\"><p><span dir=\"auto\" style=\"vertical-align: inherit;\"><span dir=\"auto\" style=\"vertical-align: inherit;\"><span dir=\"auto\" style=\"vertical-align: inherit;\"><span dir=\"auto\" style=\"vertical-align: inherit;\"><span dir=\"auto\" style=\"vertical-align: inherit;\"><span dir=\"auto\" style=\"vertical-align: inherit;\"><span dir=\"auto\" style=\"vertical-align: inherit;\"><span dir=\"auto\" style=\"vertical-align: inherit;\"><span dir=\"auto\" style=\"vertical-align: inherit;\"><span dir=\"auto\" style=\"vertical-align: inherit;\"><span dir=\"auto\" style=\"vertical-align: inherit;\"><span dir=\"auto\" style=\"vertical-align: inherit;\"><span dir=\"auto\" style=\"vertical-align: inherit;\"><span dir=\"auto\" style=\"vertical-align: inherit;\">Ann\u00e9e 0000<\/span><\/span><\/span><\/span><\/span><\/span><\/span><\/span><\/span><\/span><\/span><\/span><\/span><\/span><span style=\"font-size: 14px;\"><span dir=\"auto\" style=\"vertical-align: inherit;\"><span dir=\"auto\" style=\"vertical-align: inherit;\">\u00a0 (caravane sur commande)<\/span><\/span><\/span><\/p>\n<div class=\"vehicle-spec\">\n<div class=\"vehicle-spec__icon\"><img loading=\"lazy\" decoding=\"async\" src=\"https:\/\/s3-eu-west-1.amazonaws.com\/files.autopromotor\/datasheetimages\/Berth.svg\" width=\"28\" height=\"28\" \/><span>\u00a0<\/span>\u00a0<span dir=\"auto\"><span dir=\"auto\" style=\"vertical-align: inherit;\"><span dir=\"auto\" style=\"vertical-align: inherit;\"><span dir=\"auto\" style=\"vertical-align: inherit;\"><span dir=\"auto\" style=\"vertical-align: inherit;\"><span dir=\"auto\" style=\"vertical-align: inherit;\"><span dir=\"auto\" style=\"vertical-align: inherit;\"><span dir=\"auto\" style=\"vertical-align: inherit;\"><span dir=\"auto\" style=\"vertical-align: inherit;\"><span dir=\"auto\" style=\"vertical-align: inherit;\"><span dir=\"auto\" style=\"vertical-align: inherit;\"><span dir=\"auto\" style=\"vertical-align: inherit;\"><span dir=\"auto\" style=\"vertical-align: inherit;\">Couchette :\u00a0\u00a0<\/span><\/span><\/span><\/span><\/span><\/span><\/span><\/span><\/span><\/span><\/span><\/span><\/span><\/div>\n<\/div>\n<div class=\"vehicle-spec\">\n<div class=\"vehicle-spec__icon\"><img decoding=\"async\" src=\"https:\/\/s3-eu-west-1.amazonaws.com\/files.autopromotor\/datasheetimages\/MTPLM.svg\" \/><span>\u00a0<\/span> \u00a0<span dir=\"auto\"><span dir=\"auto\" style=\"vertical-align: inherit;\"><span dir=\"auto\" style=\"vertical-align: inherit;\"><span dir=\"auto\" style=\"vertical-align: inherit;\"><span dir=\"auto\" style=\"vertical-align: inherit;\"><span dir=\"auto\" style=\"vertical-align: inherit;\"><span dir=\"auto\" style=\"vertical-align: inherit;\"><span dir=\"auto\" style=\"vertical-align: inherit;\"><span dir=\"auto\" style=\"vertical-align: inherit;\"><span dir=\"auto\" style=\"vertical-align: inherit;\"><span dir=\"auto\" style=\"vertical-align: inherit;\"><span dir=\"auto\" style=\"vertical-align: inherit;\"><span dir=\"auto\" style=\"vertical-align: inherit;\">PTAC :\u00a0 <\/span><\/span><\/span><\/span><\/span><\/span><\/span><\/span><\/span><\/span><\/span><\/span><span>\u00a0 \u00a0 \u00a0 \u00a0 \u00a0 \u00a0 \u00a0<\/span><\/span><span dir=\"auto\"><span dir=\"auto\" style=\"vertical-align: inherit;\"><span dir=\"auto\" style=\"vertical-align: inherit;\"><span dir=\"auto\" style=\"vertical-align: inherit;\"><span dir=\"auto\" style=\"vertical-align: inherit;\"><span dir=\"auto\" style=\"vertical-align: inherit;\"><span dir=\"auto\" style=\"vertical-align: inherit;\"><span dir=\"auto\" style=\"vertical-align: inherit;\"><span dir=\"auto\" style=\"vertical-align: inherit;\"><span dir=\"auto\" style=\"vertical-align: inherit;\"><span dir=\"auto\" style=\"vertical-align: inherit;\"><span dir=\"auto\" style=\"vertical-align: inherit;\"><span dir=\"auto\" style=\"vertical-align: inherit;\">\u00a0kg<\/span><\/span><\/span><\/span><\/span><\/span><\/span><\/span><\/span><\/span><\/span><\/span><\/span><\/div>\n<div class=\"vehicle-spec__icon\"><span dir=\"auto\"><img decoding=\"async\" src=\"https:\/\/s3-eu-west-1.amazonaws.com\/files.autopromotor\/datasheetimages\/Weight.svg\" \/><span> \u00a0<\/span><span dir=\"auto\" style=\"vertical-align: inherit;\"><span dir=\"auto\" style=\"vertical-align: inherit;\"><span dir=\"auto\" style=\"vertical-align: inherit;\"><span dir=\"auto\" style=\"vertical-align: inherit;\"><span dir=\"auto\" style=\"vertical-align: inherit;\"><span dir=\"auto\" style=\"vertical-align: inherit;\"><span dir=\"auto\" style=\"vertical-align: inherit;\"><span dir=\"auto\" style=\"vertical-align: inherit;\"><span dir=\"auto\" style=\"vertical-align: inherit;\"><span dir=\"auto\" style=\"vertical-align: inherit;\"><span dir=\"auto\" style=\"vertical-align: inherit;\"><span dir=\"auto\" style=\"vertical-align: inherit;\">Poids \u00e0 vide :\u00a0 \u00a0 \u00a0 \u00a0 \u00a0 \u00a0 \u00a0 <\/span><\/span><\/span><\/span><\/span><\/span><\/span><\/span><\/span><\/span><\/span><\/span><span dir=\"auto\" style=\"vertical-align: inherit;\"><span dir=\"auto\" style=\"vertical-align: inherit;\"><span dir=\"auto\" style=\"vertical-align: inherit;\"><span dir=\"auto\" style=\"vertical-align: inherit;\"><span dir=\"auto\" style=\"vertical-align: inherit;\"><span dir=\"auto\" style=\"vertical-align: inherit;\"><span dir=\"auto\" style=\"vertical-align: inherit;\"><span dir=\"auto\" style=\"vertical-align: inherit;\"><span dir=\"auto\" style=\"vertical-align: inherit;\"><span dir=\"auto\" style=\"vertical-align: inherit;\"><span dir=\"auto\" style=\"vertical-align: inherit;\"><span dir=\"auto\" style=\"vertical-align: inherit;\">\u00a0kg<\/span><\/span><\/span><\/span><\/span><\/span><\/span><\/span><\/span><\/span><\/span><\/span><span>\u00a0<\/span><span dir=\"auto\" style=\"vertical-align: inherit;\"><span dir=\"auto\" style=\"vertical-align: inherit;\"><span dir=\"auto\" style=\"vertical-align: inherit;\"><\/span><\/span><\/span><\/span><\/div>\n<\/div>\n<div class=\"vehicle-spec\">\n<div class=\"vehicle-spec__icon\"><img decoding=\"async\" src=\"https:\/\/s3-eu-west-1.amazonaws.com\/files.autopromotor\/datasheetimages\/CaravanLength.svg\" \/><span dir=\"auto\" style=\"vertical-align: inherit;\"><span dir=\"auto\" style=\"vertical-align: inherit;\"><span dir=\"auto\" style=\"vertical-align: inherit;\"><span dir=\"auto\" style=\"vertical-align: inherit;\"><span dir=\"auto\" style=\"vertical-align: inherit;\"><span dir=\"auto\" style=\"vertical-align: inherit;\"><span dir=\"auto\" style=\"vertical-align: inherit;\"><span dir=\"auto\" style=\"vertical-align: inherit;\"><span dir=\"auto\" style=\"vertical-align: inherit;\"><span dir=\"auto\" style=\"vertical-align: inherit;\"><span dir=\"auto\" style=\"vertical-align: inherit;\"><span dir=\"auto\" style=\"vertical-align: inherit;\">\u00a0 Longueur <\/span><\/span><\/span><\/span><\/span><\/span><\/span><\/span><\/span><\/span><\/span><\/span><span dir=\"auto\"><span dir=\"auto\" style=\"vertical-align: inherit;\"><span dir=\"auto\" style=\"vertical-align: inherit;\"><span dir=\"auto\" style=\"vertical-align: inherit;\"><span dir=\"auto\" style=\"vertical-align: inherit;\"><span dir=\"auto\" style=\"vertical-align: inherit;\"><span dir=\"auto\" style=\"vertical-align: inherit;\"><span dir=\"auto\" style=\"vertical-align: inherit;\"><span dir=\"auto\" style=\"vertical-align: inherit;\"><span dir=\"auto\" style=\"vertical-align: inherit;\"><span dir=\"auto\" style=\"vertical-align: inherit;\"><span dir=\"auto\" style=\"vertical-align: inherit;\"><span dir=\"auto\" style=\"vertical-align: inherit;\">: <\/span><\/span><\/span><\/span><\/span><\/span><\/span><\/span><\/span><\/span><\/span><\/span><span>\u00a0 \u00a0 \u00a0 \u00a0 \u00a0 \u00a0<\/span><\/span><span dir=\"auto\"><span dir=\"auto\" style=\"vertical-align: inherit;\"><span dir=\"auto\" style=\"vertical-align: inherit;\"><span dir=\"auto\" style=\"vertical-align: inherit;\"><span dir=\"auto\" style=\"vertical-align: inherit;\"><span dir=\"auto\" style=\"vertical-align: inherit;\"><span dir=\"auto\" style=\"vertical-align: inherit;\"><span dir=\"auto\" style=\"vertical-align: inherit;\"><span dir=\"auto\" style=\"vertical-align: inherit;\"><span dir=\"auto\" style=\"vertical-align: inherit;\"><span dir=\"auto\" style=\"vertical-align: inherit;\"><span dir=\"auto\" style=\"vertical-align: inherit;\"><span dir=\"auto\" style=\"vertical-align: inherit;\">\u00a0mm<\/span><\/span><\/span><\/span><\/span><\/span><\/span><\/span><\/span><\/span><\/span><\/span><\/span><\/div>\n<\/div>\n<div class=\"vehicle-spec\">\n<div class=\"vehicle-spec__icon\"><img decoding=\"async\" src=\"https:\/\/s3-eu-west-1.amazonaws.com\/files.autopromotor\/datasheetimages\/CaravanWidth.svg\" \/><span>\u00a0<\/span>\u00a0<span dir=\"auto\"><span dir=\"auto\" style=\"vertical-align: inherit;\"><span dir=\"auto\" style=\"vertical-align: inherit;\"><span dir=\"auto\" style=\"vertical-align: inherit;\"><span dir=\"auto\" style=\"vertical-align: inherit;\"><span dir=\"auto\" style=\"vertical-align: inherit;\"><span dir=\"auto\" style=\"vertical-align: inherit;\"><span dir=\"auto\" style=\"vertical-align: inherit;\"><span dir=\"auto\" style=\"vertical-align: inherit;\"><span dir=\"auto\" style=\"vertical-align: inherit;\"><span dir=\"auto\" style=\"vertical-align: inherit;\"><span dir=\"auto\" style=\"vertical-align: inherit;\"><span dir=\"auto\" style=\"vertical-align: inherit;\">Largeur :\u00a0 \u00a0 \u00a0 \u00a0 \u00a0 \u00a0 \u00a0 \u00a0 <\/span><\/span><\/span><\/span><\/span><\/span><\/span><\/span><\/span><\/span><\/span><\/span><\/span><span dir=\"auto\"><span dir=\"auto\" style=\"vertical-align: inherit;\"><span dir=\"auto\" style=\"vertical-align: inherit;\"><span dir=\"auto\" style=\"vertical-align: inherit;\"><span dir=\"auto\" style=\"vertical-align: inherit;\"><span dir=\"auto\" style=\"vertical-align: inherit;\"><span dir=\"auto\" style=\"vertical-align: inherit;\"><span dir=\"auto\" style=\"vertical-align: inherit;\"><span dir=\"auto\" style=\"vertical-align: inherit;\"><span dir=\"auto\" style=\"vertical-align: inherit;\"><span dir=\"auto\" style=\"vertical-align: inherit;\"><span dir=\"auto\" style=\"vertical-align: inherit;\"><span dir=\"auto\" style=\"vertical-align: inherit;\">\u00a0mm<\/span><\/span><\/span><\/span><\/span><\/span><\/span><\/span><\/span><\/span><\/span><\/span><\/span><\/div>\n<\/div>\n<div class=\"vehicle-spec\">\n<div class=\"vehicle-spec__icon\"><\/div>\n<\/div>\n<\/div><\/div>\n<div class=\"et_pb_image_14 et_pb_image et_flex_column_24_24 et_pb_module et_flex_module\"><span class=\"et_pb_image_wrap\"><img loading=\"lazy\" decoding=\"async\" src=\"https:\/\/jmc-caravanes.com\/wp-content\/uploads\/2026\/02\/Logo-rond-1-8.png\" alt=\"Logo JMC caravane 2026\" title=\"Logo JMC caravane 2026\" width=\"318\" height=\"318\" srcset=\"https:\/\/jmc-caravanes.com\/wp-content\/uploads\/2026\/02\/Logo-rond-1-8.png 318w, https:\/\/jmc-caravanes.com\/wp-content\/uploads\/2026\/02\/Logo-rond-1-8-300x300.png 300w, https:\/\/jmc-caravanes.com\/wp-content\/uploads\/2026\/02\/Logo-rond-1-8-150x150.png 150w\" sizes=\"(max-width: 318px) 100vw, 318px\" class=\"wp-image-487\" \/><\/span>\n<div class=\"et_pb_module et_pb_button_module_wrapper et_pb_button_14_wrapper\"><a class=\"et_pb_button_14 et_pb_button et_pb_bg_layout_light et_pb_module et_flex_module\" href=\"\">00000 \u20ac<\/a><\/div>\n<\/div>\n\n<div class=\"et_pb_gallery_14 et_pb_gallery et_pb_bg_layout_light et_pb_gallery_grid et_pb_module\" data-auto-rotate=\"off\" data-auto-rotate-speed=\"\"><div class=\"et_pb_gallery_items et_post_gallery clearfix et_grid_module\" data-per_page=\"1\"><div class=\"et_pb_gallery_item et_pb_grid_item et_pb_gallery_item_14_0\"><div class=\"et_pb_gallery_image landscape\" data-per_page=\"1\"><a href=\"https:\/\/jmc-caravanes.com\/wp-content\/uploads\/2026\/02\/JMCrectangle-8.png\" title=\"JMC caravane Logo\"><img loading=\"lazy\" decoding=\"async\" width=\"920\" height=\"251\" src=\"https:\/\/jmc-caravanes.com\/wp-content\/uploads\/2026\/02\/JMCrectangle-8.png\" alt=\"JMC caravane Logo\" class=\"wp-image-9\" srcset=\"https:\/\/jmc-caravanes.com\/wp-content\/uploads\/2026\/02\/JMCrectangle-8.png 479w, https:\/\/jmc-caravanes.com\/wp-content\/uploads\/2026\/02\/JMCrectangle-8.png 480w\" sizes=\"(max-width:479px) 479px, 100vw\" \/><span class=\"et_overlay\" data-icon=\"\" data-icon-tablet=\"\" data-icon-phone=\"\"><\/span><\/a><\/div><\/div><div class=\"et_pb_gallery_item et_pb_grid_item et_pb_gallery_item_14_1\"><div class=\"et_pb_gallery_image landscape\" data-per_page=\"1\"><a href=\"https:\/\/jmc-caravanes.com\/wp-content\/uploads\/2026\/02\/JMCrond-8.png\" title=\"jmc-caravane.com\"><img loading=\"lazy\" decoding=\"async\" width=\"400\" height=\"284\" src=\"https:\/\/jmc-caravanes.com\/wp-content\/uploads\/2026\/02\/JMCrond-8-400x284.png\" alt=\"jmc-caravane.com\" class=\"wp-image-10\" srcset=\"https:\/\/jmc-caravanes.com\/wp-content\/uploads\/2026\/02\/JMCrond-8.png 479w, https:\/\/jmc-caravanes.com\/wp-content\/uploads\/2026\/02\/JMCrond-8-400x284.png 480w\" sizes=\"(max-width:479px) 479px, 100vw\" \/><span class=\"et_overlay\" data-icon=\"\" data-icon-tablet=\"\" data-icon-phone=\"\"><\/span><\/a><\/div><\/div><div class=\"et_pb_gallery_item et_pb_grid_item et_pb_gallery_item_14_2\"><div class=\"et_pb_gallery_image landscape\" data-per_page=\"1\"><a href=\"https:\/\/jmc-caravanes.com\/wp-content\/uploads\/2026\/02\/cropped-JMCrond-8.png\" title=\"jmc-caravane.com\"><img loading=\"lazy\" decoding=\"async\" width=\"400\" height=\"284\" src=\"https:\/\/jmc-caravanes.com\/wp-content\/uploads\/2026\/02\/cropped-JMCrond-8-400x284.png\" alt=\"jmc-caravane.com\" class=\"wp-image-20\" srcset=\"https:\/\/jmc-caravanes.com\/wp-content\/uploads\/2026\/02\/cropped-JMCrond-8.png 479w, https:\/\/jmc-caravanes.com\/wp-content\/uploads\/2026\/02\/cropped-JMCrond-8-400x284.png 480w\" sizes=\"(max-width:479px) 479px, 100vw\" \/><span class=\"et_overlay\" data-icon=\"\" data-icon-tablet=\"\" data-icon-phone=\"\"><\/span><\/a><\/div><\/div><div class=\"et_pb_gallery_item et_pb_grid_item et_pb_gallery_item_14_3\"><div class=\"et_pb_gallery_image landscape\" data-per_page=\"1\"><a href=\"https:\/\/jmc-caravanes.com\/wp-content\/uploads\/2026\/02\/beautiful-dreamy-aesthetic-landscape-scaled.jpg\" title=\"Jmc Caravanes le voyage\"><img loading=\"lazy\" decoding=\"async\" width=\"400\" height=\"284\" src=\"https:\/\/jmc-caravanes.com\/wp-content\/uploads\/2026\/02\/beautiful-dreamy-aesthetic-landscape-400x284.jpg\" alt=\"Jmc Caravanes le voyage\" class=\"wp-image-34\" srcset=\"https:\/\/jmc-caravanes.com\/wp-content\/uploads\/2026\/02\/beautiful-dreamy-aesthetic-landscape-scaled.jpg 479w, https:\/\/jmc-caravanes.com\/wp-content\/uploads\/2026\/02\/beautiful-dreamy-aesthetic-landscape-400x284.jpg 480w\" sizes=\"(max-width:479px) 479px, 100vw\" \/><span class=\"et_overlay\" data-icon=\"\" data-icon-tablet=\"\" data-icon-phone=\"\"><\/span><\/a><\/div><\/div><div class=\"et_pb_gallery_item et_pb_grid_item et_pb_gallery_item_14_4\"><div class=\"et_pb_gallery_image landscape\" data-per_page=\"1\"><a href=\"https:\/\/jmc-caravanes.com\/wp-content\/uploads\/2026\/02\/Swift-Elegance.jpg\" title=\"Jmc Caravanes Swift Elegance\"><img loading=\"lazy\" decoding=\"async\" width=\"400\" height=\"284\" src=\"https:\/\/jmc-caravanes.com\/wp-content\/uploads\/2026\/02\/Swift-Elegance-400x284.jpg\" alt=\"Jmc Caravanes Swift Elegance\" class=\"wp-image-35\" srcset=\"https:\/\/jmc-caravanes.com\/wp-content\/uploads\/2026\/02\/Swift-Elegance.jpg 479w, https:\/\/jmc-caravanes.com\/wp-content\/uploads\/2026\/02\/Swift-Elegance-400x284.jpg 480w\" sizes=\"(max-width:479px) 479px, 100vw\" \/><span class=\"et_overlay\" data-icon=\"\" data-icon-tablet=\"\" data-icon-phone=\"\"><\/span><\/a><\/div><\/div><\/div><div class=\"et_pb_gallery_pagination\"><\/div><\/div>\n<\/div><\/div>\n<\/div>\n<\/div>\n\n<div class=\"et_pb_row_2 et_pb_row et_flex_row\">\n<div class=\"et_pb_column_4 et_pb_column et-last-child et_flex_column et_pb_css_mix_blend_mode_passthrough et_flex_column_24_24 et_flex_column_24_24_tablet et_flex_column_24_24_phone et_flex_column_24_24_phoneWide et_flex_column_24_24_tabletWide\">\n<div class=\"et_pb_module et_pb_button_module_wrapper et_pb_button_15_wrapper\"><a class=\"et_pb_button_15 et_pb_button et_pb_bg_layout_light et_pb_module et_flex_module\" href=\"mailto:contact@jmc-caravane.com\" data-icon=\"\ue076\">Contactez Moi<\/a><\/div>\n<\/div>\n<\/div>\n\n<div class=\"et_pb_row_3 et_pb_row et_flex_row\">\n<div class=\"et_pb_column_5 et_pb_column et-last-child et_flex_column et_pb_css_mix_blend_mode_passthrough et_flex_column_24_24 et_flex_column_24_24_tablet et_flex_column_24_24_phone et_flex_column_24_24_phoneWide et_flex_column_24_24_tabletWide\">\n<div class=\"et_pb_text_1 et_pb_text et_pb_bg_layout_light et_pb_module et_flex_module\"><div class=\"et_pb_text_inner\"><p>Vous voulez plus de photos ou des renseignements techniques, n'h\u00e9sitez pas \u00e0 me contacter<\/p>\n<\/div><\/div>\n<\/div>\n<\/div>\n\n<div class=\"et_pb_row_4 et_pb_row et_flex_row\">\n<div class=\"et_pb_column_6 et_pb_column et-last-child et_flex_column et_pb_css_mix_blend_mode_passthrough et_flex_column_24_24 et_flex_column_24_24_tablet et_flex_column_24_24_phone et_flex_column_24_24_phoneWide et_flex_column_24_24_tabletWide\">\n<div class=\"et_pb_text_2 et_pb_text et_pb_bg_layout_light et_pb_module et_flex_module\"><div class=\"et_pb_text_inner\"><p><strong>Pourquoi l'acheter chez nous \u00e0 Villeneuve-sur-Lot ?<\/strong><\/p>\n<p>Sp\u00e9cialistes Elddis, Swift, Bailey nous ma\u00eetrisons les sp\u00e9cificit\u00e9s techniques de ces marques pour vous assurer un entretien et un SAV irr\u00e9prochables.<\/p>\n<\/div><\/div>\n<\/div>\n<\/div>\n<\/div>","protected":false},"excerpt":{"rendered":"","protected":false},"author":1,"featured_media":0,"parent":0,"menu_order":0,"comment_status":"closed","ping_status":"closed","template":"","meta":{"footnotes":""},"class_list":["post-46","page","type-page","status-publish","hentry"],"_links":{"self":[{"href":"https:\/\/jmc-caravanes.com\/index.php\/wp-json\/wp\/v2\/pages\/46","targetHints":{"allow":["GET"]}}],"collection":[{"href":"https:\/\/jmc-caravanes.com\/index.php\/wp-json\/wp\/v2\/pages"}],"about":[{"href":"https:\/\/jmc-caravanes.com\/index.php\/wp-json\/wp\/v2\/types\/page"}],"author":[{"embeddable":true,"href":"https:\/\/jmc-caravanes.com\/index.php\/wp-json\/wp\/v2\/users\/1"}],"replies":[{"embeddable":true,"href":"https:\/\/jmc-caravanes.com\/index.php\/wp-json\/wp\/v2\/comments?post=46"}],"version-history":[{"count":101,"href":"https:\/\/jmc-caravanes.com\/index.php\/wp-json\/wp\/v2\/pages\/46\/revisions"}],"predecessor-version":[{"id":985,"href":"https:\/\/jmc-caravanes.com\/index.php\/wp-json\/wp\/v2\/pages\/46\/revisions\/985"}],"wp:attachment":[{"href":"https:\/\/jmc-caravanes.com\/index.php\/wp-json\/wp\/v2\/media?parent=46"}],"curies":[{"name":"wp","href":"https:\/\/api.w.org\/{rel}","templated":true}]}}