{"id":99,"date":"2026-02-20T13:56:27","date_gmt":"2026-02-20T12:56:27","guid":{"rendered":"https:\/\/jmc-caravanes.com\/?page_id=99"},"modified":"2026-03-19T12:09:26","modified_gmt":"2026-03-19T11:09:26","slug":"elddis-avante-550","status":"publish","type":"page","link":"https:\/\/jmc-caravanes.com\/index.php\/elddis-avante-550\/","title":{"rendered":"Elddis Avant\u00e9 550"},"content":{"rendered":"<div class=\"et_pb_section_0 et_pb_section et_section_regular et_flex_section\">\n<div class=\"et_pb_row_0 et_pb_row et_flex_row\">\n<div class=\"et_pb_column_0 et_pb_column et-last-child et_flex_column et_pb_css_mix_blend_mode_passthrough et_flex_column_24_24 et_flex_column_24_24_tablet et_flex_column_24_24_phone et_flex_column_24_24_phoneWide et_flex_column_24_24_tabletWide\">\n<div class=\"et_pb_text_0 et_pb_text et_pb_bg_layout_light et_pb_module et_flex_module\"><div class=\"et_pb_text_inner\"><p>ELDDIS AVANTE 550\u00a0<\/p>\n<\/div><\/div>\n<\/div>\n<\/div>\n\n<div class=\"et_pb_row_1 et_pb_row et_flex_row\">\n<div class=\"et_pb_column_1 et_pb_column et_flex_column et_pb_css_mix_blend_mode_passthrough et_flex_column_12_24 et_flex_column_12_24_tablet et_flex_column_24_24_phone et_flex_column_24_24_phoneWide et_flex_column_12_24_tabletWide\">\n<div class=\"et_pb_blurb_0 et_pb_blurb et_pb_bg_layout_light et_pb_blurb_position_top et_pb_module et_flex_module\"><div class=\"et_pb_blurb_content et_flex_module\"><div class=\"et_pb_main_blurb_image\"><span class=\"et_pb_image_wrap et_pb_only_image_mode_wrap\"><img loading=\"lazy\" decoding=\"async\" src=\"https:\/\/jmc-caravanes.com\/wp-content\/uploads\/2026\/02\/Plan-elddis-5501.jpg\" alt=\"Plan elddis 550 2024\" width=\"1239\" height=\"644\" srcset=\"https:\/\/jmc-caravanes.com\/wp-content\/uploads\/2026\/02\/Plan-elddis-5501.jpg 1239w, https:\/\/jmc-caravanes.com\/wp-content\/uploads\/2026\/02\/Plan-elddis-5501-980x509.jpg 980w, https:\/\/jmc-caravanes.com\/wp-content\/uploads\/2026\/02\/Plan-elddis-5501-480x249.jpg 480w\" sizes=\"(min-width: 0px) and (max-width: 480px) 480px, (min-width: 481px) and (max-width: 980px) 980px, (min-width: 981px) 1239px, 100vw\" class=\"wp-image-103\" title=\"Plan elddis 550 2024\" \/><\/span><\/div><div class=\"et_pb_blurb_container\"><h4 class=\"et_pb_module_header\">Elddis Avant\u00e9 550<\/h4><div class=\"et_pb_blurb_description\"><p><span>L'Avante 550 est un mod\u00e8le 4 couchages \u00e0 essieu simple tr\u00e8s pris\u00e9, dot\u00e9 d'un lit transversal fixe et escamotable transformant l'espace en un confortable canap\u00e9-lit et offrant un espace suppl\u00e9mentaire en journ\u00e9e. Son magnifique toit ouvrant panoramique Sky-Scape inonde de lumi\u00e8re naturelle le coin repas avant. L'Avante 554 dispose \u00e9galement d'une salle de bain\/dressing spacieuse et \u00e9l\u00e9gante avec douche s\u00e9par\u00e9e.<\/span><\/p>\n<\/div><\/div><\/div><\/div>\n\n<div class=\"et_pb_module et_pb_button_module_wrapper et_pb_button_0_wrapper\"><a class=\"et_pb_button_0 et_pb_button et_pb_bg_layout_light et_pb_module et_flex_module\" href=\"\" data-icon=\"\ue0ed\">36950 \u20ac<\/a><\/div>\n<\/div>\n\n<div class=\"et_pb_column_2 et_pb_column et-last-child et_flex_column et_pb_css_mix_blend_mode_passthrough et_flex_column_12_24 et_flex_column_12_24_tablet et_flex_column_24_24_phone et_flex_column_24_24_phoneWide et_flex_column_12_24_tabletWide\">\n<div class=\"et_pb_gallery_0 et_pb_gallery et_pb_bg_layout_light et_pb_gallery_grid et_pb_module\" data-auto-rotate=\"off\" data-auto-rotate-speed=\"\"><div class=\"et_pb_gallery_items et_post_gallery clearfix et_grid_module\" data-per_page=\"1\"><div class=\"et_pb_gallery_item et_pb_grid_item et_pb_gallery_item_0_0\"><div class=\"et_pb_gallery_image landscape\" data-per_page=\"1\"><a href=\"https:\/\/jmc-caravanes.com\/wp-content\/uploads\/2026\/02\/ELDDIS-AVANTE-550.jpg\" title=\"Jmc Caravanes Elddis 550\"><img loading=\"lazy\" decoding=\"async\" width=\"400\" height=\"284\" src=\"https:\/\/jmc-caravanes.com\/wp-content\/uploads\/2026\/02\/ELDDIS-AVANTE-550-400x284.jpg\" alt=\"Jmc Caravanes Elddis 550\" class=\"wp-image-56\" srcset=\"https:\/\/jmc-caravanes.com\/wp-content\/uploads\/2026\/02\/ELDDIS-AVANTE-550.jpg 479w, https:\/\/jmc-caravanes.com\/wp-content\/uploads\/2026\/02\/ELDDIS-AVANTE-550-400x284.jpg 480w\" sizes=\"(max-width:479px) 479px, 100vw\" \/><span class=\"et_overlay\" data-icon=\"\" data-icon-tablet=\"\" data-icon-phone=\"\"><\/span><\/a><\/div><\/div><div class=\"et_pb_gallery_item et_pb_grid_item et_pb_gallery_item_0_1\"><div class=\"et_pb_gallery_image landscape\" data-per_page=\"1\"><a href=\"https:\/\/jmc-caravanes.com\/wp-content\/uploads\/2026\/02\/ELDDIS-AVANTE-550_02.jpg\" title=\"Jmc Caravanes Elddis 550\"><img loading=\"lazy\" decoding=\"async\" width=\"400\" height=\"284\" src=\"https:\/\/jmc-caravanes.com\/wp-content\/uploads\/2026\/02\/ELDDIS-AVANTE-550_02-400x284.jpg\" alt=\"Jmc Caravanes Elddis 550\" class=\"wp-image-57\" srcset=\"https:\/\/jmc-caravanes.com\/wp-content\/uploads\/2026\/02\/ELDDIS-AVANTE-550_02.jpg 479w, https:\/\/jmc-caravanes.com\/wp-content\/uploads\/2026\/02\/ELDDIS-AVANTE-550_02-400x284.jpg 480w\" sizes=\"(max-width:479px) 479px, 100vw\" \/><span class=\"et_overlay\" data-icon=\"\" data-icon-tablet=\"\" data-icon-phone=\"\"><\/span><\/a><\/div><\/div><div class=\"et_pb_gallery_item et_pb_grid_item et_pb_gallery_item_0_2\"><div class=\"et_pb_gallery_image landscape\" data-per_page=\"1\"><a href=\"https:\/\/jmc-caravanes.com\/wp-content\/uploads\/2026\/02\/ELDDIS-AVANTE-550_03.jpg\" title=\"Jmc Caravanes Elddis 550\"><img loading=\"lazy\" decoding=\"async\" width=\"400\" height=\"284\" src=\"https:\/\/jmc-caravanes.com\/wp-content\/uploads\/2026\/02\/ELDDIS-AVANTE-550_03-400x284.jpg\" alt=\"Jmc Caravanes Elddis 550\" class=\"wp-image-58\" srcset=\"https:\/\/jmc-caravanes.com\/wp-content\/uploads\/2026\/02\/ELDDIS-AVANTE-550_03.jpg 479w, https:\/\/jmc-caravanes.com\/wp-content\/uploads\/2026\/02\/ELDDIS-AVANTE-550_03-400x284.jpg 480w\" sizes=\"(max-width:479px) 479px, 100vw\" \/><span class=\"et_overlay\" data-icon=\"\" data-icon-tablet=\"\" data-icon-phone=\"\"><\/span><\/a><\/div><\/div><div class=\"et_pb_gallery_item et_pb_grid_item et_pb_gallery_item_0_3\"><div class=\"et_pb_gallery_image landscape\" data-per_page=\"1\"><a href=\"https:\/\/jmc-caravanes.com\/wp-content\/uploads\/2026\/02\/ELDDIS-AVANTE-550_04.jpg\" title=\"Jmc Caravanes Elddis 550\"><img loading=\"lazy\" decoding=\"async\" width=\"400\" height=\"284\" src=\"https:\/\/jmc-caravanes.com\/wp-content\/uploads\/2026\/02\/ELDDIS-AVANTE-550_04-400x284.jpg\" alt=\"Jmc Caravanes Elddis 550\" class=\"wp-image-59\" srcset=\"https:\/\/jmc-caravanes.com\/wp-content\/uploads\/2026\/02\/ELDDIS-AVANTE-550_04.jpg 479w, https:\/\/jmc-caravanes.com\/wp-content\/uploads\/2026\/02\/ELDDIS-AVANTE-550_04-400x284.jpg 480w\" sizes=\"(max-width:479px) 479px, 100vw\" \/><span class=\"et_overlay\" data-icon=\"\" data-icon-tablet=\"\" data-icon-phone=\"\"><\/span><\/a><\/div><\/div><div class=\"et_pb_gallery_item et_pb_grid_item et_pb_gallery_item_0_4\"><div class=\"et_pb_gallery_image landscape\" data-per_page=\"1\"><a href=\"https:\/\/jmc-caravanes.com\/wp-content\/uploads\/2026\/02\/ELDDIS-AVANTE-550_05.jpg\" title=\"Jmc Caravanes Elddis 550\"><img loading=\"lazy\" decoding=\"async\" width=\"400\" height=\"284\" src=\"https:\/\/jmc-caravanes.com\/wp-content\/uploads\/2026\/02\/ELDDIS-AVANTE-550_05-400x284.jpg\" alt=\"Jmc Caravanes Elddis 550\" class=\"wp-image-60\" srcset=\"https:\/\/jmc-caravanes.com\/wp-content\/uploads\/2026\/02\/ELDDIS-AVANTE-550_05.jpg 479w, https:\/\/jmc-caravanes.com\/wp-content\/uploads\/2026\/02\/ELDDIS-AVANTE-550_05-400x284.jpg 480w\" sizes=\"(max-width:479px) 479px, 100vw\" \/><span class=\"et_overlay\" data-icon=\"\" data-icon-tablet=\"\" data-icon-phone=\"\"><\/span><\/a><\/div><\/div><div class=\"et_pb_gallery_item et_pb_grid_item et_pb_gallery_item_0_5\"><div class=\"et_pb_gallery_image landscape\" data-per_page=\"1\"><a href=\"https:\/\/jmc-caravanes.com\/wp-content\/uploads\/2026\/02\/ELDDIS-AVANTE-550_06.jpg\" title=\"Jmc Caravanes Elddis 550\"><img loading=\"lazy\" decoding=\"async\" width=\"400\" height=\"284\" src=\"https:\/\/jmc-caravanes.com\/wp-content\/uploads\/2026\/02\/ELDDIS-AVANTE-550_06-400x284.jpg\" alt=\"Jmc Caravanes Elddis 550\" class=\"wp-image-61\" srcset=\"https:\/\/jmc-caravanes.com\/wp-content\/uploads\/2026\/02\/ELDDIS-AVANTE-550_06.jpg 479w, https:\/\/jmc-caravanes.com\/wp-content\/uploads\/2026\/02\/ELDDIS-AVANTE-550_06-400x284.jpg 480w\" sizes=\"(max-width:479px) 479px, 100vw\" \/><span class=\"et_overlay\" data-icon=\"\" data-icon-tablet=\"\" data-icon-phone=\"\"><\/span><\/a><\/div><\/div><div class=\"et_pb_gallery_item et_pb_grid_item et_pb_gallery_item_0_6\"><div class=\"et_pb_gallery_image landscape\" data-per_page=\"1\"><a href=\"https:\/\/jmc-caravanes.com\/wp-content\/uploads\/2026\/02\/ELDDIS-AVANTE-550_07.jpg\" title=\"Jmc Caravanes Elddis 550\"><img loading=\"lazy\" decoding=\"async\" width=\"400\" height=\"284\" src=\"https:\/\/jmc-caravanes.com\/wp-content\/uploads\/2026\/02\/ELDDIS-AVANTE-550_07-400x284.jpg\" alt=\"Jmc Caravanes Elddis 550\" class=\"wp-image-62\" srcset=\"https:\/\/jmc-caravanes.com\/wp-content\/uploads\/2026\/02\/ELDDIS-AVANTE-550_07.jpg 479w, https:\/\/jmc-caravanes.com\/wp-content\/uploads\/2026\/02\/ELDDIS-AVANTE-550_07-400x284.jpg 480w\" sizes=\"(max-width:479px) 479px, 100vw\" \/><span class=\"et_overlay\" data-icon=\"\" data-icon-tablet=\"\" data-icon-phone=\"\"><\/span><\/a><\/div><\/div><div class=\"et_pb_gallery_item et_pb_grid_item et_pb_gallery_item_0_7\"><div class=\"et_pb_gallery_image landscape\" data-per_page=\"1\"><a href=\"https:\/\/jmc-caravanes.com\/wp-content\/uploads\/2026\/02\/ELDDIS-AVANTE-550_08.jpg\" title=\"Jmc Caravanes Elddis 550\"><img loading=\"lazy\" decoding=\"async\" width=\"400\" height=\"284\" src=\"https:\/\/jmc-caravanes.com\/wp-content\/uploads\/2026\/02\/ELDDIS-AVANTE-550_08-400x284.jpg\" alt=\"Jmc Caravanes Elddis 550\" class=\"wp-image-63\" srcset=\"https:\/\/jmc-caravanes.com\/wp-content\/uploads\/2026\/02\/ELDDIS-AVANTE-550_08.jpg 479w, https:\/\/jmc-caravanes.com\/wp-content\/uploads\/2026\/02\/ELDDIS-AVANTE-550_08-400x284.jpg 480w\" sizes=\"(max-width:479px) 479px, 100vw\" \/><span class=\"et_overlay\" data-icon=\"\" data-icon-tablet=\"\" data-icon-phone=\"\"><\/span><\/a><\/div><\/div><div class=\"et_pb_gallery_item et_pb_grid_item et_pb_gallery_item_0_8\"><div class=\"et_pb_gallery_image landscape\" data-per_page=\"1\"><a href=\"https:\/\/jmc-caravanes.com\/wp-content\/uploads\/2026\/02\/ELDDIS-AVANTE-550_09.jpg\" title=\"Jmc Caravanes Elddis 550\"><img loading=\"lazy\" decoding=\"async\" width=\"400\" height=\"284\" src=\"https:\/\/jmc-caravanes.com\/wp-content\/uploads\/2026\/02\/ELDDIS-AVANTE-550_09-400x284.jpg\" alt=\"Jmc Caravanes Elddis 550\" class=\"wp-image-64\" srcset=\"https:\/\/jmc-caravanes.com\/wp-content\/uploads\/2026\/02\/ELDDIS-AVANTE-550_09.jpg 479w, https:\/\/jmc-caravanes.com\/wp-content\/uploads\/2026\/02\/ELDDIS-AVANTE-550_09-400x284.jpg 480w\" sizes=\"(max-width:479px) 479px, 100vw\" \/><span class=\"et_overlay\" data-icon=\"\" data-icon-tablet=\"\" data-icon-phone=\"\"><\/span><\/a><\/div><\/div><div class=\"et_pb_gallery_item et_pb_grid_item et_pb_gallery_item_0_9\"><div class=\"et_pb_gallery_image landscape\" data-per_page=\"1\"><a href=\"https:\/\/jmc-caravanes.com\/wp-content\/uploads\/2026\/02\/SAM_5785-scaled.webp\" title=\"Jmc Caravanes Elddis 554\"><img loading=\"lazy\" decoding=\"async\" width=\"400\" height=\"284\" src=\"https:\/\/jmc-caravanes.com\/wp-content\/uploads\/2026\/02\/SAM_5785-400x284.webp\" alt=\"Jmc Caravanes Elddis 554\" class=\"wp-image-55\" srcset=\"https:\/\/jmc-caravanes.com\/wp-content\/uploads\/2026\/02\/SAM_5785-scaled.webp 479w, https:\/\/jmc-caravanes.com\/wp-content\/uploads\/2026\/02\/SAM_5785-400x284.webp 480w\" sizes=\"(max-width:479px) 479px, 100vw\" \/><span class=\"et_overlay\" data-icon=\"\" data-icon-tablet=\"\" data-icon-phone=\"\"><\/span><\/a><\/div><\/div><div class=\"et_pb_gallery_item et_pb_grid_item et_pb_gallery_item_0_10\"><div class=\"et_pb_gallery_image landscape\" data-per_page=\"1\"><a href=\"https:\/\/jmc-caravanes.com\/wp-content\/uploads\/2026\/02\/ELDDIS-AVANTE-550_10.jpg\" title=\"Jmc Caravanes Elddis 550\"><img loading=\"lazy\" decoding=\"async\" width=\"400\" height=\"284\" src=\"https:\/\/jmc-caravanes.com\/wp-content\/uploads\/2026\/02\/ELDDIS-AVANTE-550_10-400x284.jpg\" alt=\"Jmc Caravanes Elddis 550\" class=\"wp-image-65\" srcset=\"https:\/\/jmc-caravanes.com\/wp-content\/uploads\/2026\/02\/ELDDIS-AVANTE-550_10.jpg 479w, https:\/\/jmc-caravanes.com\/wp-content\/uploads\/2026\/02\/ELDDIS-AVANTE-550_10-400x284.jpg 480w\" sizes=\"(max-width:479px) 479px, 100vw\" \/><span class=\"et_overlay\" data-icon=\"\" data-icon-tablet=\"\" data-icon-phone=\"\"><\/span><\/a><\/div><\/div><div class=\"et_pb_gallery_item et_pb_grid_item et_pb_gallery_item_0_11\"><div class=\"et_pb_gallery_image landscape\" data-per_page=\"1\"><a href=\"https:\/\/jmc-caravanes.com\/wp-content\/uploads\/2026\/02\/ELDDIS-AVANTE-550_11.jpg\" title=\"Jmc Caravanes Elddis 550\"><img loading=\"lazy\" decoding=\"async\" width=\"400\" height=\"284\" src=\"https:\/\/jmc-caravanes.com\/wp-content\/uploads\/2026\/02\/ELDDIS-AVANTE-550_11-400x284.jpg\" alt=\"Jmc Caravanes Elddis 550\" class=\"wp-image-66\" srcset=\"https:\/\/jmc-caravanes.com\/wp-content\/uploads\/2026\/02\/ELDDIS-AVANTE-550_11.jpg 479w, https:\/\/jmc-caravanes.com\/wp-content\/uploads\/2026\/02\/ELDDIS-AVANTE-550_11-400x284.jpg 480w\" sizes=\"(max-width:479px) 479px, 100vw\" \/><span class=\"et_overlay\" data-icon=\"\" data-icon-tablet=\"\" data-icon-phone=\"\"><\/span><\/a><\/div><\/div><div class=\"et_pb_gallery_item et_pb_grid_item et_pb_gallery_item_0_12\"><div class=\"et_pb_gallery_image landscape\" data-per_page=\"1\"><a href=\"https:\/\/jmc-caravanes.com\/wp-content\/uploads\/2026\/02\/ELDDIS-AVANTE-550_12.jpg\" title=\"Jmc Caravanes Elddis 550\"><img loading=\"lazy\" decoding=\"async\" width=\"400\" height=\"284\" src=\"https:\/\/jmc-caravanes.com\/wp-content\/uploads\/2026\/02\/ELDDIS-AVANTE-550_12-400x284.jpg\" alt=\"Jmc Caravanes Elddis 550\" class=\"wp-image-67\" srcset=\"https:\/\/jmc-caravanes.com\/wp-content\/uploads\/2026\/02\/ELDDIS-AVANTE-550_12.jpg 479w, https:\/\/jmc-caravanes.com\/wp-content\/uploads\/2026\/02\/ELDDIS-AVANTE-550_12-400x284.jpg 480w\" sizes=\"(max-width:479px) 479px, 100vw\" \/><span class=\"et_overlay\" data-icon=\"\" data-icon-tablet=\"\" data-icon-phone=\"\"><\/span><\/a><\/div><\/div><div class=\"et_pb_gallery_item et_pb_grid_item et_pb_gallery_item_0_13\"><div class=\"et_pb_gallery_image landscape\" data-per_page=\"1\"><a href=\"https:\/\/jmc-caravanes.com\/wp-content\/uploads\/2026\/02\/ELDDIS-AVANTE-550_13.jpg\" title=\"Jmc Caravanes Elddis 550\"><img loading=\"lazy\" decoding=\"async\" width=\"400\" height=\"284\" src=\"https:\/\/jmc-caravanes.com\/wp-content\/uploads\/2026\/02\/ELDDIS-AVANTE-550_13-400x284.jpg\" alt=\"Jmc Caravanes Elddis 550\" class=\"wp-image-68\" srcset=\"https:\/\/jmc-caravanes.com\/wp-content\/uploads\/2026\/02\/ELDDIS-AVANTE-550_13.jpg 479w, https:\/\/jmc-caravanes.com\/wp-content\/uploads\/2026\/02\/ELDDIS-AVANTE-550_13-400x284.jpg 480w\" sizes=\"(max-width:479px) 479px, 100vw\" \/><span class=\"et_overlay\" data-icon=\"\" data-icon-tablet=\"\" data-icon-phone=\"\"><\/span><\/a><\/div><\/div><div class=\"et_pb_gallery_item et_pb_grid_item et_pb_gallery_item_0_14\"><div class=\"et_pb_gallery_image landscape\" data-per_page=\"1\"><a href=\"https:\/\/jmc-caravanes.com\/wp-content\/uploads\/2026\/02\/ELDDIS-AVANTE-550_14.jpg\" title=\"Jmc Caravanes Elddis 550\"><img loading=\"lazy\" decoding=\"async\" width=\"400\" height=\"284\" src=\"https:\/\/jmc-caravanes.com\/wp-content\/uploads\/2026\/02\/ELDDIS-AVANTE-550_14-400x284.jpg\" alt=\"Jmc Caravanes Elddis 550\" class=\"wp-image-69\" srcset=\"https:\/\/jmc-caravanes.com\/wp-content\/uploads\/2026\/02\/ELDDIS-AVANTE-550_14.jpg 479w, https:\/\/jmc-caravanes.com\/wp-content\/uploads\/2026\/02\/ELDDIS-AVANTE-550_14-400x284.jpg 480w\" sizes=\"(max-width:479px) 479px, 100vw\" \/><span class=\"et_overlay\" data-icon=\"\" data-icon-tablet=\"\" data-icon-phone=\"\"><\/span><\/a><\/div><\/div><div class=\"et_pb_gallery_item et_pb_grid_item et_pb_gallery_item_0_15\"><div class=\"et_pb_gallery_image landscape\" data-per_page=\"1\"><a href=\"https:\/\/jmc-caravanes.com\/wp-content\/uploads\/2026\/02\/ELDDIS-AVANTE-550_15.jpg\" title=\"Jmc Caravanes Elddis 550\"><img loading=\"lazy\" decoding=\"async\" width=\"400\" height=\"284\" src=\"https:\/\/jmc-caravanes.com\/wp-content\/uploads\/2026\/02\/ELDDIS-AVANTE-550_15-400x284.jpg\" alt=\"Jmc Caravanes Elddis 550\" class=\"wp-image-70\" srcset=\"https:\/\/jmc-caravanes.com\/wp-content\/uploads\/2026\/02\/ELDDIS-AVANTE-550_15.jpg 479w, https:\/\/jmc-caravanes.com\/wp-content\/uploads\/2026\/02\/ELDDIS-AVANTE-550_15-400x284.jpg 480w\" sizes=\"(max-width:479px) 479px, 100vw\" \/><span class=\"et_overlay\" data-icon=\"\" data-icon-tablet=\"\" data-icon-phone=\"\"><\/span><\/a><\/div><\/div><div class=\"et_pb_gallery_item et_pb_grid_item et_pb_gallery_item_0_16\"><div class=\"et_pb_gallery_image landscape\" data-per_page=\"1\"><a href=\"https:\/\/jmc-caravanes.com\/wp-content\/uploads\/2026\/02\/ELDDIS-AVANTE-550_16.jpg\" title=\"Jmc Caravanes Elddis 550\"><img loading=\"lazy\" decoding=\"async\" width=\"400\" height=\"284\" src=\"https:\/\/jmc-caravanes.com\/wp-content\/uploads\/2026\/02\/ELDDIS-AVANTE-550_16-400x284.jpg\" alt=\"Jmc Caravanes Elddis 550\" class=\"wp-image-71\" srcset=\"https:\/\/jmc-caravanes.com\/wp-content\/uploads\/2026\/02\/ELDDIS-AVANTE-550_16.jpg 479w, https:\/\/jmc-caravanes.com\/wp-content\/uploads\/2026\/02\/ELDDIS-AVANTE-550_16-400x284.jpg 480w\" sizes=\"(max-width:479px) 479px, 100vw\" \/><span class=\"et_overlay\" data-icon=\"\" data-icon-tablet=\"\" data-icon-phone=\"\"><\/span><\/a><\/div><\/div><div class=\"et_pb_gallery_item et_pb_grid_item et_pb_gallery_item_0_17\"><div class=\"et_pb_gallery_image landscape\" data-per_page=\"1\"><a href=\"https:\/\/jmc-caravanes.com\/wp-content\/uploads\/2026\/02\/ELDDIS-AVANTE-550_17.jpg\" title=\"Jmc Caravanes Elddis 550\"><img loading=\"lazy\" decoding=\"async\" width=\"400\" height=\"284\" src=\"https:\/\/jmc-caravanes.com\/wp-content\/uploads\/2026\/02\/ELDDIS-AVANTE-550_17-400x284.jpg\" alt=\"Jmc Caravanes Elddis 550\" class=\"wp-image-72\" srcset=\"https:\/\/jmc-caravanes.com\/wp-content\/uploads\/2026\/02\/ELDDIS-AVANTE-550_17.jpg 479w, https:\/\/jmc-caravanes.com\/wp-content\/uploads\/2026\/02\/ELDDIS-AVANTE-550_17-400x284.jpg 480w\" sizes=\"(max-width:479px) 479px, 100vw\" \/><span class=\"et_overlay\" data-icon=\"\" data-icon-tablet=\"\" data-icon-phone=\"\"><\/span><\/a><\/div><\/div><div class=\"et_pb_gallery_item et_pb_grid_item et_pb_gallery_item_0_18\"><div class=\"et_pb_gallery_image landscape\" data-per_page=\"1\"><a href=\"https:\/\/jmc-caravanes.com\/wp-content\/uploads\/2026\/02\/ELDDIS-AVANTE-550_18.jpg\" title=\"Jmc Caravanes Elddis 550\"><img loading=\"lazy\" decoding=\"async\" width=\"400\" height=\"284\" src=\"https:\/\/jmc-caravanes.com\/wp-content\/uploads\/2026\/02\/ELDDIS-AVANTE-550_18-400x284.jpg\" alt=\"Jmc Caravanes Elddis 550\" class=\"wp-image-73\" srcset=\"https:\/\/jmc-caravanes.com\/wp-content\/uploads\/2026\/02\/ELDDIS-AVANTE-550_18.jpg 479w, https:\/\/jmc-caravanes.com\/wp-content\/uploads\/2026\/02\/ELDDIS-AVANTE-550_18-400x284.jpg 480w\" sizes=\"(max-width:479px) 479px, 100vw\" \/><span class=\"et_overlay\" data-icon=\"\" data-icon-tablet=\"\" data-icon-phone=\"\"><\/span><\/a><\/div><\/div><div class=\"et_pb_gallery_item et_pb_grid_item et_pb_gallery_item_0_19\"><div class=\"et_pb_gallery_image landscape\" data-per_page=\"1\"><a href=\"https:\/\/jmc-caravanes.com\/wp-content\/uploads\/2026\/02\/ELDDIS-AVANTE-550_19.jpg\" title=\"Jmc Caravanes Elddis 550\"><img loading=\"lazy\" decoding=\"async\" width=\"400\" height=\"284\" src=\"https:\/\/jmc-caravanes.com\/wp-content\/uploads\/2026\/02\/ELDDIS-AVANTE-550_19-400x284.jpg\" alt=\"Jmc Caravanes Elddis 550\" class=\"wp-image-74\" srcset=\"https:\/\/jmc-caravanes.com\/wp-content\/uploads\/2026\/02\/ELDDIS-AVANTE-550_19.jpg 479w, https:\/\/jmc-caravanes.com\/wp-content\/uploads\/2026\/02\/ELDDIS-AVANTE-550_19-400x284.jpg 480w\" sizes=\"(max-width:479px) 479px, 100vw\" \/><span class=\"et_overlay\" data-icon=\"\" data-icon-tablet=\"\" data-icon-phone=\"\"><\/span><\/a><\/div><\/div><div class=\"et_pb_gallery_item et_pb_grid_item et_pb_gallery_item_0_20\"><div class=\"et_pb_gallery_image landscape\" data-per_page=\"1\"><a href=\"https:\/\/jmc-caravanes.com\/wp-content\/uploads\/2026\/02\/Plan-elddis-5501.jpg\" title=\"Plan elddis 550 2024\"><img loading=\"lazy\" decoding=\"async\" width=\"400\" height=\"284\" src=\"https:\/\/jmc-caravanes.com\/wp-content\/uploads\/2026\/02\/Plan-elddis-5501-400x284.jpg\" alt=\"Plan elddis 550 2024\" class=\"wp-image-103\" srcset=\"https:\/\/jmc-caravanes.com\/wp-content\/uploads\/2026\/02\/Plan-elddis-5501.jpg 479w, https:\/\/jmc-caravanes.com\/wp-content\/uploads\/2026\/02\/Plan-elddis-5501-400x284.jpg 480w\" sizes=\"(max-width:479px) 479px, 100vw\" \/><span class=\"et_overlay\" data-icon=\"\" data-icon-tablet=\"\" data-icon-phone=\"\"><\/span><\/a><\/div><\/div><\/div><div class=\"et_pb_gallery_pagination\"><\/div><\/div>\n\n<div class=\"et_pb_text_1 et_pb_text et_pb_bg_layout_light et_pb_module et_flex_module\"><div class=\"et_pb_text_inner\"><p><span style=\"font-size: 14px;\"><span dir=\"auto\" style=\"vertical-align: inherit;\"><span dir=\"auto\" style=\"vertical-align: inherit;\">Caravane 4 couchages avec lit transversal fixe, syst\u00e8me de d\u00e9placement motoris\u00e9 et housse de remorquage avant sp\u00e9cialis\u00e9\u00a0<\/span><\/span><\/span><span><\/span><\/p>\n<div class=\"vehicle-spec\">\n<div class=\"vehicle-spec__icon\"><img loading=\"lazy\" decoding=\"async\" src=\"https:\/\/s3-eu-west-1.amazonaws.com\/files.autopromotor\/datasheetimages\/Berth.svg\" width=\"28\" height=\"28\" \/> \u00a0<span dir=\"auto\"><span dir=\"auto\" style=\"vertical-align: inherit;\"><span dir=\"auto\" style=\"vertical-align: inherit;\">Couchette : <\/span><\/span><\/span><span dir=\"auto\"><span dir=\"auto\" style=\"vertical-align: inherit;\"><span dir=\"auto\" style=\"vertical-align: inherit;\">4<\/span><\/span><\/span><\/div>\n<\/div>\n<div class=\"vehicle-spec\">\n<div class=\"vehicle-spec__icon\"><img decoding=\"async\" src=\"https:\/\/s3-eu-west-1.amazonaws.com\/files.autopromotor\/datasheetimages\/MTPLM.svg\" \/> \u00a0<span dir=\"auto\"><span dir=\"auto\" style=\"vertical-align: inherit;\"><span dir=\"auto\" style=\"vertical-align: inherit;\">PTAC :\u00a0 <\/span><\/span><\/span><span dir=\"auto\"><span dir=\"auto\" style=\"vertical-align: inherit;\"><span dir=\"auto\" style=\"vertical-align: inherit;\">1500 kg<\/span><\/span><\/span><\/div>\n<div class=\"vehicle-spec__icon\"><span dir=\"auto\"><span dir=\"auto\" style=\"vertical-align: inherit;\"><span dir=\"auto\" style=\"vertical-align: inherit;\"><img decoding=\"async\" src=\"https:\/\/s3-eu-west-1.amazonaws.com\/files.autopromotor\/datasheetimages\/Weight.svg\" \/> \u00a0<span dir=\"auto\" style=\"vertical-align: inherit;\">Poids \u00e0 vide : <\/span><span dir=\"auto\" style=\"vertical-align: inherit;\">1359 kg<\/span><\/span><\/span><\/span><\/div>\n<\/div>\n<div class=\"vehicle-spec\">\n<div class=\"vehicle-spec__icon\"><img decoding=\"async\" src=\"https:\/\/s3-eu-west-1.amazonaws.com\/files.autopromotor\/datasheetimages\/CaravanLength.svg\" \/><span dir=\"auto\" style=\"vertical-align: inherit;\"><span dir=\"auto\" style=\"vertical-align: inherit;\">\u00a0 Longueur <\/span><\/span><span dir=\"auto\"><span dir=\"auto\" style=\"vertical-align: inherit;\"><span dir=\"auto\" style=\"vertical-align: inherit;\">: <\/span><\/span><\/span><span dir=\"auto\"><span dir=\"auto\" style=\"vertical-align: inherit;\"><span dir=\"auto\" style=\"vertical-align: inherit;\">7390 mm<\/span><\/span><\/span><\/div>\n<\/div>\n<div class=\"vehicle-spec\">\n<div class=\"vehicle-spec__icon\"><img decoding=\"async\" src=\"https:\/\/s3-eu-west-1.amazonaws.com\/files.autopromotor\/datasheetimages\/CaravanWidth.svg\" \/> \u00a0<span dir=\"auto\"><span dir=\"auto\" style=\"vertical-align: inherit;\"><span dir=\"auto\" style=\"vertical-align: inherit;\">Largeur : <\/span><\/span><\/span><span dir=\"auto\"><span dir=\"auto\" style=\"vertical-align: inherit;\"><span dir=\"auto\" style=\"vertical-align: inherit;\">2259 mm<\/span><\/span><\/span><\/div>\n<\/div>\n<div class=\"vehicle-spec\">\n<div class=\"vehicle-spec__icon\"><\/div>\n<\/div>\n<\/div><\/div>\n<\/div>\n<\/div>\n\n<div class=\"et_pb_row_2 et_pb_row et_flex_row\">\n<div class=\"et_pb_column_3 et_pb_column et-last-child et_flex_column et_pb_css_mix_blend_mode_passthrough et_flex_column_24_24 et_flex_column_24_24_tablet et_flex_column_24_24_phone et_flex_column_24_24_phoneWide et_flex_column_24_24_tabletWide\">\n<div class=\"et_pb_module et_pb_button_module_wrapper et_pb_button_1_wrapper\"><a class=\"et_pb_button_1 et_pb_button et_pb_bg_layout_light et_pb_module et_flex_module\" href=\"mailto:contact@jmc-caravane.com\" target=\"_blank\" data-icon=\"\ue076\">Contactez Moi ! <\/a><\/div>\n<\/div>\n<\/div>\n<\/div>","protected":false},"excerpt":{"rendered":"","protected":false},"author":1,"featured_media":0,"parent":0,"menu_order":0,"comment_status":"closed","ping_status":"closed","template":"","meta":{"footnotes":""},"class_list":["post-99","page","type-page","status-publish","hentry"],"_links":{"self":[{"href":"https:\/\/jmc-caravanes.com\/index.php\/wp-json\/wp\/v2\/pages\/99","targetHints":{"allow":["GET"]}}],"collection":[{"href":"https:\/\/jmc-caravanes.com\/index.php\/wp-json\/wp\/v2\/pages"}],"about":[{"href":"https:\/\/jmc-caravanes.com\/index.php\/wp-json\/wp\/v2\/types\/page"}],"author":[{"embeddable":true,"href":"https:\/\/jmc-caravanes.com\/index.php\/wp-json\/wp\/v2\/users\/1"}],"replies":[{"embeddable":true,"href":"https:\/\/jmc-caravanes.com\/index.php\/wp-json\/wp\/v2\/comments?post=99"}],"version-history":[{"count":15,"href":"https:\/\/jmc-caravanes.com\/index.php\/wp-json\/wp\/v2\/pages\/99\/revisions"}],"predecessor-version":[{"id":815,"href":"https:\/\/jmc-caravanes.com\/index.php\/wp-json\/wp\/v2\/pages\/99\/revisions\/815"}],"wp:attachment":[{"href":"https:\/\/jmc-caravanes.com\/index.php\/wp-json\/wp\/v2\/media?parent=99"}],"curies":[{"name":"wp","href":"https:\/\/api.w.org\/{rel}","templated":true}]}}